{"id":10216,"date":"2021-04-12T14:50:53","date_gmt":"2021-04-12T12:50:53","guid":{"rendered":"https:\/\/www.pedagogia.it\/stripes\/?page_id=10216"},"modified":"2025-08-27T11:56:11","modified_gmt":"2025-08-27T09:56:11","slug":"news-e-blog","status":"publish","type":"page","link":"https:\/\/www.pedagogia.it\/stripes\/news-e-blog\/","title":{"rendered":"News e Blog"},"content":{"rendered":"<div class=\"wpb-content-wrapper\"><div data-parent=\"true\" class=\"vc_row homepage-search vc_custom_1618301754761 row-container boomapps_vcrow\" style=\"border-top-width: 0px ;\" id=\"row-unique-0\"><div class=\"row-background background-element\">\n\t\t\t\t\t\t\t\t\t\t\t<div class=\"background-wrapper\">\n\t\t\t\t\t\t\t\t\t\t\t\t<div class=\"background-inner\" style=\"background-image: url(https:\/\/www.pedagogia.it\/stripes\/wp-content\/uploads\/sites\/7\/2021\/04\/pile-of-newspapers-on-a-white-table-scaled.jpg);background-repeat: no-repeat;background-position: center center;background-attachment: scroll;background-size: cover;\"><\/div>\n\t\t\t\t\t\t\t\t\t\t\t\t<div class=\"block-bg-overlay style-color-wvjs-bg\" style=\"opacity: 0.5;\"><\/div>\n\t\t\t\t\t\t\t\t\t\t\t<\/div>\n\t\t\t\t\t\t\t\t\t\t<\/div><div class=\"row quad-top-padding quad-bottom-padding single-h-padding limit-width row-parent\" data-height-ratio=\"49\"><div class=\"wpb_row row-inner\"><div class=\"wpb_column pos-middle pos-center align_center column_parent col-lg-12 boomapps_vccolumn half-internal-gutter\"><div class=\"uncol style-spec style-dark\"  ><div class=\"uncoltable\"><div class=\"uncell  boomapps_vccolumn\" ><div class=\"uncont no-block-padding col-custom-width\" style=\" max-width:900px;\" ><div class=\"vc_custom_heading_wrap \"><div class=\"heading-text el-text\" ><h1 class=\"h1\" ><span>News e Blog &#8211; Stripes si racconta<\/span><\/h1><\/div><div class=\"clear\"><\/div><\/div><div class=\"uncode_text_column text-lead\" ><p><strong>Qui potrete trovare la nostra rassegna stampa e le ultime novit\u00e0 raccontate direttamente dai nostri soci.<\/strong><\/p>\n<\/div><div class=\"vc_row row-internal row-container boomapps_vcrow\"><div class=\"row row-child\"><div class=\"wpb_row row-inner\"><div class=\"wpb_column pos-top pos-center align_center column_child col-lg-12 boomapps_vccolumn single-internal-gutter\"><div class=\"uncol style-light\" ><div class=\"uncoltable\"><div class=\"uncell  boomapps_vccolumn no-block-padding\" ><div class=\"uncont\" ><div class=\"vc_wp_search wpb_content_element uncode-live-search\"  data-id=\"1\"><div class=\"widget widget_search\"><form action=\"https:\/\/www.pedagogia.it\/stripes\/\" method=\"get\">\n\t<div class=\"search-container-inner\">\n\t\t<label for=\"s_form_1\" aria-label=\"Ricerca\"><input type=\"search\" class=\"search-field form-fluid form-xl\" placeholder=\"Cercare...\" value=\"\" name=\"s\" id=\"s_form_1\">\n\t\t<i class=\"fa fa-search3\" role=\"button\" tabindex=\"0\" aria-labelledby=\"s_form_1\"><\/i><\/label>\n\n\t\t\t<\/div>\n<\/form>\n<\/div><\/div><\/div><\/div><\/div><\/div><\/div><\/div><\/div><\/div><div class=\"empty-space empty-double\" ><span class=\"empty-space-inner\"><\/span><\/div>\n<\/div><\/div><\/div><\/div><\/div><script id=\"script-row-unique-0\" data-row=\"script-row-unique-0\" type=\"text\/javascript\" class=\"vc_controls\">UNCODE.initRow(document.getElementById(\"row-unique-0\"));<\/script><\/div><\/div><\/div><div data-parent=\"true\" class=\"vc_row has-bg need-focus style-color-gyho-bg row-container boomapps_vcrow\" id=\"row-unique-1\"><div class=\"row no-top-padding quad-bottom-padding single-h-padding limit-width row-parent\"><div class=\"wpb_row row-inner\"><div class=\"wpb_column pos-top pos-center align_left column_parent col-lg-12 boomapps_vccolumn single-internal-gutter\"><div class=\"uncol style-light shift_y_neg_triple shift_y_fixed\"  ><div class=\"uncoltable\"><div class=\"uncell  boomapps_vccolumn no-block-padding\" ><div class=\"uncont\" ><div class=\"vc_row row-internal row-container boomapps_vcrow\"><div class=\"row row-child\"><div class=\"wpb_row row-inner\"><div class=\"wpb_column pos-top pos-center align_center column_child col-lg-4 boomapps_vccolumn col-md-33 single-internal-gutter\"><div class=\"uncol style-light\" ><div class=\"uncoltable\"><div class=\"uncell  boomapps_vccolumn double-block-padding style-color-xsdn-bg unshadow-sm unradius-xs\" ><div class=\"uncont\" ><div class=\"icon-box icon-box-top\" ><div class=\"icon-box-icon fa-container\" ><span class=\"text-color-wvjs-color btn-disable-hover\"><i class=\"fa fa-adjustments fa-3x fa-fw\"><\/i><\/span><\/div><div class=\"icon-box-content\"><div class=\"icon-box-heading icon-box-fa-3x\"><h3 class=\"h4\">Progetti e Attivit\u00e0<\/h3><\/div><p class=\"text-top-reduced\">News dai progetti<\/p>\n<\/div><\/div><span class=\"btn-container\" ><a role=\"button\"  href=\"https:\/\/www.pedagogia.it\/stripes\/progetti-e-attivita\/\" class=\"custom-link btn btn-sm border-width-0 btn-color-134394 btn-icon-left\">Clicca qui<\/a><\/span><\/div><\/div><\/div><\/div><\/div><div class=\"wpb_column pos-top pos-center align_center column_child col-lg-4 boomapps_vccolumn col-md-33 single-internal-gutter\"><div class=\"uncol style-light\" ><div class=\"uncoltable\"><div class=\"uncell  boomapps_vccolumn double-block-padding style-color-xsdn-bg unshadow-sm unradius-xs\" ><div class=\"uncont\" ><div class=\"icon-box icon-box-top\" ><div class=\"icon-box-icon fa-container\" ><span class=\"text-color-wvjs-color btn-disable-hover\"><i class=\"fa fa-chat fa-3x fa-fw\"><\/i><\/span><\/div><div class=\"icon-box-content\"><div class=\"icon-box-heading icon-box-fa-3x\"><h3 class=\"h4\">Parlano di noi<\/h3><\/div><p class=\"text-top-reduced\">Stampa e Social<\/p>\n<\/div><\/div><span class=\"btn-container\" ><a role=\"button\"  href=\"https:\/\/www.pedagogia.it\/stripes\/parlano-di-noi\/\" class=\"custom-link btn btn-sm border-width-0 btn-color-134394 btn-icon-left\">Clicca qui<\/a><\/span><\/div><\/div><\/div><\/div><\/div><div class=\"wpb_column pos-top pos-center align_center column_child col-lg-4 boomapps_vccolumn col-md-33 single-internal-gutter\"><div class=\"uncol style-light\" ><div class=\"uncoltable\"><div class=\"uncell  boomapps_vccolumn double-block-padding style-color-xsdn-bg unshadow-sm unradius-xs\" ><div class=\"uncont\" ><div class=\"icon-box icon-box-top\" ><div class=\"icon-box-icon fa-container\" ><span class=\"text-color-wvjs-color btn-disable-hover\"><i class=\"fa fa-profile-male fa-3x fa-fw\"><\/i><\/span><\/div><div class=\"icon-box-content\"><div class=\"icon-box-heading icon-box-fa-3x\"><h3 class=\"h4\">Blog<\/h3><\/div><p class=\"text-top-reduced\">I nostri articoli<\/p>\n<\/div><\/div><span class=\"btn-container\" ><a role=\"button\"  href=\"https:\/\/www.pedagogia.it\/stripes\/blog\/\" class=\"custom-link btn btn-sm border-width-0 btn-color-134394 btn-icon-left\">Clicca qui<\/a><\/span><\/div><\/div><\/div><\/div><\/div><\/div><\/div><\/div><\/div><\/div><\/div><\/div><\/div><script id=\"script-row-unique-1\" data-row=\"script-row-unique-1\" type=\"text\/javascript\" class=\"vc_controls\">UNCODE.initRow(document.getElementById(\"row-unique-1\"));<\/script><\/div><\/div><\/div><div data-parent=\"true\" class=\"vc_row has-bg need-focus style-color-xsdn-bg row-container has-dividers boomapps_vcrow\" id=\"row-unique-2\"><div class=\"uncode-divider-wrap uncode-divider-wrap-top z_index_0\" style=\"height: 150px;\" data-height=\"150\" data-unit=\"px\"><svg version=\"1.1\" class=\"uncode-row-divider uncode-row-divider-step_3_4\" x=\"0px\" y=\"0px\" width=\"240px\" height=\"24px\" viewBox=\"0 0 240 24\" enable-background=\"new 0 0 240 24\" xml:space=\"preserve\" preserveAspectRatio=\"none\">\n\t\t<path fill=\"#ffffff\" d=\"M0,0v24h180V0H0z\"\/>\n\t\t<\/svg><\/div><div class=\"row no-top-padding no-bottom-padding single-h-padding limit-width row-parent\"><div class=\"wpb_row row-inner\"><div class=\"wpb_column pos-top pos-center align_left column_parent col-lg-12 boomapps_vccolumn single-internal-gutter\"><div class=\"uncol style-light\"  ><div class=\"uncoltable\"><div class=\"uncell  boomapps_vccolumn no-block-padding\" ><div class=\"uncont\" ><div class=\"divider-wrapper \"  >\n    <div class=\"unseparator divider divider-center-icon border-color-134394-color\">\n                <div class=\"divider-icon icon-inactive btn-color-134394\">\n            <i class=\"fa fa-globe3\"><\/i>\n        <\/div>\n            <\/div>\n<\/div>\n<\/div><\/div><\/div><\/div><\/div><script id=\"script-row-unique-2\" data-row=\"script-row-unique-2\" type=\"text\/javascript\" class=\"vc_controls\">UNCODE.initRow(document.getElementById(\"row-unique-2\"));<\/script><\/div><\/div><\/div><div data-parent=\"true\" class=\"vc_row vc_custom_1618578526143 row-container boomapps_vcrow\" style=\"border-top-width: 0px ;\" id=\"row-unique-3\"><div class=\"row unequal col-no-gutter no-top-padding no-bottom-padding no-h-padding full-width row-parent\"><div class=\"wpb_row row-inner\"><div class=\"wpb_column pos-top pos-center align_left column_parent col-lg-6 boomapps_vccolumn double-internal-gutter\"><div class=\"uncol style-light animate_when_almost_visible alpha-anim\"  data-delay=\"200\"><div class=\"uncoltable\"><div class=\"uncell  vc_custom_1536877301923 boomapps_vccolumn border-color-gyho-color double-block-padding\" style=\"border-style: solid;border-right-width: 1px ;\" ><div class=\"uncont\" ><div class=\"vc_custom_heading_wrap \"><div class=\"heading-text el-text\" ><h2 class=\"h2\" ><span>Ultime News<\/span><\/h2><\/div><div class=\"clear\"><\/div><\/div><div id=\"index-1\" class=\"isotope-system isotope-general-light grid-general-light\" >\n\t\t\t\n\t\t\t\t\t\t\t\t\t\t\t\t\t\t<div class=\"isotope-wrapper grid-wrapper single-gutter\" >\t\t\t\t\t\t\t\t\t\t\t\t<div class=\"isotope-container grid-container isotope-layout style-masonry isotope-pagination grid-pagination\" data-type=\"masonry\" data-layout=\"fitRows\" data-lg=\"480\" data-md=\"480\" data-sm=\"480\" data-vp-height=\"\">\t\t\t<div class=\"tmb enhanced-atc atc-typography-inherit tmb-iso-w6 tmb-iso-h4 tmb-light tmb-overlay-text-anim tmb-overlay-anim tmb-content-left tmb-image-anim  grid-cat-5 grid-cat-332 tmb-id-19929 tmb-img-ratio tmb-content-under tmb-media-first tmb-no-bg\" ><div class=\"t-inside no-anim\" ><div class=\"t-entry-visual\"><div class=\"t-entry-visual-tc\"><div class=\"t-entry-visual-cont\"><div class=\"dummy\" style=\"padding-top: 66.6%;\"><\/div><a role=\"button\" tabindex=\"-1\" href=\"https:\/\/www.pedagogia.it\/stripes\/nasce-stripescorporate\/\" class=\"pushed\" target=\"_self\" data-lb-index=\"0\"><div class=\"t-entry-visual-overlay\"><div class=\"t-entry-visual-overlay-in style-color-wayh-bg\" style=\"opacity: 0.5;\"><\/div><\/div><div class=\"t-overlay-wrap\"><div class=\"t-overlay-inner\">\n\t\t\t\t\t\t\t\t\t\t\t\t\t\t<div class=\"t-overlay-content\">\n\t\t\t\t\t\t\t\t\t\t\t\t\t\t\t<div class=\"t-overlay-text single-block-padding\"><div class=\"t-entry t-single-line\"><i class=\"fa fa-plus2 t-overlay-icon\"><\/i><\/div><\/div><\/div><\/div><\/div><img decoding=\"async\" class=\"wp-image-19931\" src=\"https:\/\/www.pedagogia.it\/stripes\/wp-content\/uploads\/sites\/7\/2023\/05\/StripesCorporate_progetti-per-le-aziende-scaled-uai-2560x1706.jpg\" width=\"2560\" height=\"1706\" alt=\"\" \/><\/a><\/div>\n\t\t\t\t\t<\/div>\n\t\t\t\t<\/div><div class=\"t-entry-text\">\n\t\t\t\t\t\t\t\t\t<div class=\"t-entry-text-tc single-block-padding\"><div class=\"t-entry\"><p class=\"t-entry-meta\"><span class=\"t-entry-date\">30 Maggio 2023<\/span><\/p><h3 class=\"t-entry-title h4 title-scale \"><a href=\"https:\/\/www.pedagogia.it\/stripes\/nasce-stripescorporate\/\" target=\"_self\">StripesCorporate &#8211; progetti per le aziende<\/a><\/h3><div class=\"t-entry-excerpt \"><\/div><\/div><\/div>\n\t\t\t\t\t\t\t<\/div><\/div><\/div><div class=\"tmb enhanced-atc atc-typography-inherit tmb-iso-w6 tmb-iso-h4 tmb-light tmb-overlay-text-anim tmb-overlay-anim tmb-content-left tmb-image-anim  grid-cat-1 grid-cat-332 tmb-id-19138 tmb-img-ratio tmb-content-under tmb-media-first tmb-no-bg\" ><div class=\"t-inside no-anim\" ><div class=\"t-entry-visual\"><div class=\"t-entry-visual-tc\"><div class=\"t-entry-visual-cont\"><div class=\"dummy\" style=\"padding-top: 66.6%;\"><\/div><a role=\"button\" tabindex=\"-1\" href=\"https:\/\/www.pedagogia.it\/stripes\/viva-vittoria\/\" class=\"pushed\" target=\"_self\" data-lb-index=\"1\"><div class=\"t-entry-visual-overlay\"><div class=\"t-entry-visual-overlay-in style-color-wayh-bg\" style=\"opacity: 0.5;\"><\/div><\/div><div class=\"t-overlay-wrap\"><div class=\"t-overlay-inner\">\n\t\t\t\t\t\t\t\t\t\t\t\t\t\t<div class=\"t-overlay-content\">\n\t\t\t\t\t\t\t\t\t\t\t\t\t\t\t<div class=\"t-overlay-text single-block-padding\"><div class=\"t-entry t-single-line\"><i class=\"fa fa-plus2 t-overlay-icon\"><\/i><\/div><\/div><\/div><\/div><\/div><img decoding=\"async\" class=\"wp-image-19151\" src=\"https:\/\/www.pedagogia.it\/stripes\/wp-content\/uploads\/sites\/7\/2023\/03\/WhatsApp-Image-2023-03-18-at-16.35.19-uai-425x283.jpeg\" width=\"425\" height=\"283\" alt=\"\" \/><\/a><\/div>\n\t\t\t\t\t<\/div>\n\t\t\t\t<\/div><div class=\"t-entry-text\">\n\t\t\t\t\t\t\t\t\t<div class=\"t-entry-text-tc single-block-padding\"><div class=\"t-entry\"><p class=\"t-entry-meta\"><span class=\"t-entry-date\">21 Marzo 2023<\/span><\/p><h3 class=\"t-entry-title h4 title-scale \"><a href=\"https:\/\/www.pedagogia.it\/stripes\/viva-vittoria\/\" target=\"_self\">VIVA VITTORIA<\/a><\/h3><div class=\"t-entry-excerpt \"><\/div><\/div><\/div>\n\t\t\t\t\t\t\t<\/div><\/div><\/div>\t\t<\/div>\t\n\t\n\n\t<\/div>\t\t\t\t<\/div>\n<\/div><\/div><\/div><\/div><\/div><div class=\"wpb_column pos-top pos-center align_left column_parent col-lg-3 boomapps_vccolumn double-internal-gutter\"><div class=\"uncol style-light animate_when_almost_visible alpha-anim\"  data-delay=\"200\"><div class=\"uncoltable\"><div class=\"uncell  vc_custom_1536877306643 boomapps_vccolumn border-color-gyho-color double-block-padding\" style=\"border-style: solid;border-right-width: 1px ;\" ><div class=\"uncont\" ><div class=\"vc_custom_heading_wrap \"><div class=\"heading-text el-text\" ><h2 class=\"h2\" ><span>Social News<\/span><\/h2><\/div><div class=\"clear\"><\/div><\/div>\n\t<div class=\"wpb_raw_code wpb_raw_html \" >\n\t\t<div class=\"wpb_wrapper\">\n\t\t\t<iframe src=\"https:\/\/www.facebook.com\/plugins\/page.php?href=https%3A%2F%2Fwww.facebook.com%2Fstripescoop&tabs=timeline&width=300&height=260&small_header=false&adapt_container_width=true&hide_cover=false&show_facepile=true&appId\" width=\"300\" height=\"260\" style=\"border:none;overflow:hidden\" scrolling=\"no\" frameborder=\"0\" allowfullscreen=\"true\" allow=\"autoplay; clipboard-write; encrypted-media; picture-in-picture; web-share\"><\/iframe>\n\t\t<\/div>\n\t<\/div>\n<\/div><\/div><\/div><\/div><\/div><div class=\"wpb_column pos-top pos-center align_left column_parent col-lg-3 boomapps_vccolumn single-internal-gutter\"><div class=\"uncol style-light\"  ><div class=\"uncoltable\"><div class=\"uncell  boomapps_vccolumn no-block-padding\" ><div class=\"uncont\" ><div class=\"vc_custom_heading_wrap \"><div class=\"heading-text el-text\" ><h2 class=\"h2\" ><span>Instagram<\/span><\/h2><\/div><div class=\"clear\"><\/div><\/div><div class=\"uncode_text_column\" >\n<script type=\"text\/javascript\">\n\tjQuery(function ($) {\n\t\t$().fancybox({\n\t\t\tselector: '#reload_enjoyinstagram_grid_1 .fancybox',\n\t\t\tpreventCaptionOverlap: false,\n\t\t\thash: false,\n\t\t\tanimationEffect: \"fade\",\n\t\t\ttransitionEffect: \"fade\",\n\t\t\tcloseExisting: true,\n\t\t\tkeyboard: true,\n\t\t\timage: {\n\t\t\t\tpreload: true\n\t\t\t},\n\t\t});\n\n\t\t\n\t\tfunction LoadEnjoyInstagramGrid() {\n\n\t\t\tvar step = ('random' === 'random') ? 'random' : 'random',\n\t\t\t\tmaxStep = ('random' === 'random') ? 3 : random;\n\n\t\t\tjQuery('#grid-1').gridrotator({\n\t\t\t\trows: 1,\n\t\t\t\tcolumns: 1,\n\t\t\t\tmargin: 0,\n\t\t\t\tstep: step,\n\t\t\t\tmaxStep: maxStep,\n\t\t\t\tanimType: 'random',\n\t\t\t\tanimSpeed: 500,\n\t\t\t\tinterval: 3000,\n\t\t\t\tonhover: false,\n\t\t\t\tpreventClick: false,\n\t\t\t\tw1024: {\n\t\t\t\t\trows: 1,\n\t\t\t\t\tcolumns: 1\t\t\t\t},\n\t\t\t\tw768: {\n\t\t\t\t\trows: 1,\n\t\t\t\t\tcolumns: 1\t\t\t\t},\n\t\t\t\tw600: {\n\t\t\t\t\trows: 1,\n\t\t\t\t\tcolumns: 1\t\t\t\t},\n\t\t\t\tw480: {\n\t\t\t\t\trows: 1,\n\t\t\t\t\tcolumns: 1\t\t\t\t},\n\t\t\t\tw320: {\n\t\t\t\t\trows: 1,\n\t\t\t\t\tcolumns: 1\t\t\t\t},\n\t\t\t\tw150: {\n\t\t\t\t\trows: 2,\n\t\t\t\t\tcolumns: 4\t\t\t\t}\n\t\t\t});\n\t\t}\n\n\t\tLoadEnjoyInstagramGrid();\n\t});\n<\/script>\n\n<div id=\"ei-grid-loading-1\">\n\t<img decoding=\"async\" src=\"https:\/\/www.pedagogia.it\/stripes\/wp-content\/plugins\/enjoy-instagram-instagram-responsive-images-gallery-and-carousel\/assets\/images\/loader1.gif\">\n\tLoading...<\/div>\n<div id=\"reload_enjoyinstagram_grid_1\">\n\t<div id=\"grid-1\" class=\"ri-grid ri-grid-size-2 ri-shadow\">\n\t\t<ul id=\"ei-grid-list-1\" hidden=\"true\">\n\t\t\t<li><a title=\"Tutti diversi e tutti speciali! \u2764\ufe0f\n\n#giornatadeicalzinispaiati #asilonido #facilitazionelinguistica #nido #bambini #adolescenti #rho #educazione #share #stripeacoop #followforfollowback #likesforlike\" target=\"_blank\"  data-author-image=\"\" data-likes-count=\"0\" data-type=\"image\" data-author-username=\"stripescoop.onlus\" data-link=\"https:\/\/www.instagram.com\/p\/CoPhvy2NL7m\/\" class=\"ei-media-type-image fancybox\" href=\"https:\/\/scontent-frt3-2.cdninstagram.com\/v\/t51.29350-15\/328872526_3380100092251418_671966872375273147_n.jpg?_nc_cat=106&ccb=1-7&_nc_sid=8ae9d6&_nc_ohc=HVyKRh2vVaAAX_3VQid&_nc_ht=scontent-frt3-2.cdninstagram.com&edm=ANo9K5cEAAAA&oh=00_AfAkqmKw-PtwwXOhOm6mwj10E5blmONj01ofbqQnnteNCg&oe=63E652DA\" data-media-id=\"133\" data-caption=\"Tutti diversi e tutti speciali! \u2764\ufe0f<br \/>\n<br \/>\n#giornatadeicalzinispaiati #asilonido #facilitazionelinguistica #nido #bambini #adolescenti #rho #educazione #share #stripeacoop #followforfollowback #likesforlike\"><img decoding=\"async\" src=\"https:\/\/scontent-frt3-2.cdninstagram.com\/v\/t51.29350-15\/328872526_3380100092251418_671966872375273147_n.jpg?_nc_cat=106&ccb=1-7&_nc_sid=8ae9d6&_nc_ohc=HVyKRh2vVaAAX_3VQid&_nc_ht=scontent-frt3-2.cdninstagram.com&edm=ANo9K5cEAAAA&oh=00_AfAkqmKw-PtwwXOhOm6mwj10E5blmONj01ofbqQnnteNCg&oe=63E652DA\"><\/a><\/li><li><a title=\"Tutti diversi e tutti speciali! \u2764\ufe0f\n\n#giornatadeicalzinispaiati #asilonido #facilitazionelinguistica #nido #bambini #adolescenti #rho #educazione #share #stripeacoop #followforfollowback #likesforlike\" target=\"_blank\"  data-author-image=\"\" data-likes-count=\"0\" data-type=\"image\" data-author-username=\"stripescoop.onlus\" data-link=\"https:\/\/www.instagram.com\/p\/CoPhniYNvzn\/\" class=\"ei-media-type-image fancybox\" href=\"https:\/\/scontent-frx5-1.cdninstagram.com\/v\/t51.29350-15\/328851023_718618189813233_6793979136446380210_n.jpg?_nc_cat=100&ccb=1-7&_nc_sid=8ae9d6&_nc_ohc=tdWzbcnUJQ4AX-MM_qh&_nc_ht=scontent-frx5-1.cdninstagram.com&edm=ANo9K5cEAAAA&oh=00_AfCKpinRae9FlWRnoxAmR1kyhn4ypaFk9Gs-DD8HlupJUw&oe=63E2E095\" data-media-id=\"132\" data-caption=\"Tutti diversi e tutti speciali! \u2764\ufe0f<br \/>\n<br \/>\n#giornatadeicalzinispaiati #asilonido #facilitazionelinguistica #nido #bambini #adolescenti #rho #educazione #share #stripeacoop #followforfollowback #likesforlike\"><img decoding=\"async\" src=\"https:\/\/scontent-frx5-1.cdninstagram.com\/v\/t51.29350-15\/328851023_718618189813233_6793979136446380210_n.jpg?_nc_cat=100&ccb=1-7&_nc_sid=8ae9d6&_nc_ohc=tdWzbcnUJQ4AX-MM_qh&_nc_ht=scontent-frx5-1.cdninstagram.com&edm=ANo9K5cEAAAA&oh=00_AfCKpinRae9FlWRnoxAmR1kyhn4ypaFk9Gs-DD8HlupJUw&oe=63E2E095\"><\/a><\/li><li><a title=\"Si celebra oggi \ud835\udfd0\ud835\udfd5 \ud835\udc20\ud835\udc1e\ud835\udc27\ud835\udc27\ud835\udc1a\ud835\udc22\ud835\udc28 \ud835\udfd0\ud835\udfce\ud835\udfd0\ud835\udfef \ud835\udc25\ud835\udc1a \ud835\udc06\ud835\udc22\ud835\udc28\ud835\udc2b\ud835\udc27\ud835\udc1a\ud835\udc2d\ud835\udc1a \ud835\udc1d\ud835\udc1e\ud835\udc25\ud835\udc25\ud835\udc1a \ud835\udc0c\ud835\udc1e\ud835\udc26\ud835\udc28\ud835\udc2b\ud835\udc22\ud835\udc1a, ricorrenza in cui l\u2019umanit\u00e0 si prende l\u2019impegno di riportare alla mente l\u2019orrore dei grandi genocidi e condannare ogni forma di violenza dell\u2019uomo sull\u2019uomo. \n\u201cColtivare la memoria, ricordare sempre  ci\u00f2 che \u00e8 accaduto perch\u00e9 non accada mai pi\u00f9. Chiunque si occupi di educazione deve avere chiaro il ruolo che la memoria ha nella costruzione delle giovani coscienze civili: fare cooperazione \u00e8 anche questo\u201d\nDafne Guida, Presidente Stripes Coop.\n#giornatadellamemoria\" target=\"_blank\"  data-author-image=\"\" data-likes-count=\"0\" data-type=\"image\" data-author-username=\"stripescoop.onlus\" data-link=\"https:\/\/www.instagram.com\/p\/Cn6a0McNpEX\/\" class=\"ei-media-type-image fancybox\" href=\"https:\/\/scontent-frx5-1.cdninstagram.com\/v\/t51.2885-15\/327301102_191434850240606_1121277729210614117_n.jpg?_nc_cat=111&ccb=1-7&_nc_sid=8ae9d6&_nc_ohc=FWUuEkqwAN0AX9IjrvY&_nc_ht=scontent-frx5-1.cdninstagram.com&edm=ANo9K5cEAAAA&oh=00_AfCUgCq-_iRl_I1At74XhHbk0hXdT8k6HIYvY6uHkQ3cDw&oe=63E66DD7\" data-media-id=\"131\" data-caption=\"Si celebra oggi \ud835\udfd0\ud835\udfd5 \ud835\udc20\ud835\udc1e\ud835\udc27\ud835\udc27\ud835\udc1a\ud835\udc22\ud835\udc28 \ud835\udfd0\ud835\udfce\ud835\udfd0\ud835\udfef \ud835\udc25\ud835\udc1a \ud835\udc06\ud835\udc22\ud835\udc28\ud835\udc2b\ud835\udc27\ud835\udc1a\ud835\udc2d\ud835\udc1a \ud835\udc1d\ud835\udc1e\ud835\udc25\ud835\udc25\ud835\udc1a \ud835\udc0c\ud835\udc1e\ud835\udc26\ud835\udc28\ud835\udc2b\ud835\udc22\ud835\udc1a, ricorrenza in cui l\u2019umanit\u00e0 si prende l\u2019impegno di riportare alla mente l\u2019orrore dei grandi genocidi e condannare ogni forma di violenza dell\u2019uomo sull\u2019uomo. <br \/>\n\u201cColtivare la memoria, ricordare sempre  ci\u00f2 che \u00e8 accaduto perch\u00e9 non accada mai pi\u00f9. Chiunque si occupi di educazione deve avere chiaro il ruolo che la memoria ha nella costruzione delle giovani coscienze civili: fare cooperazione \u00e8 anche questo\u201d<br \/>\nDafne Guida, Presidente Stripes Coop.<br \/>\n#giornatadellamemoria\"><img decoding=\"async\" src=\"https:\/\/scontent-frx5-1.cdninstagram.com\/v\/t51.2885-15\/327301102_191434850240606_1121277729210614117_n.jpg?_nc_cat=111&ccb=1-7&_nc_sid=8ae9d6&_nc_ohc=FWUuEkqwAN0AX9IjrvY&_nc_ht=scontent-frx5-1.cdninstagram.com&edm=ANo9K5cEAAAA&oh=00_AfCUgCq-_iRl_I1At74XhHbk0hXdT8k6HIYvY6uHkQ3cDw&oe=63E66DD7\"><\/a><\/li><li><a title=\"Le feste bei nostri servizi dedicati all\u2019infanzia \u2764\ufe0f\n\n#stripescoop #infanzia #asilonido #nido #natale #christmas #happychristmas #happynewyear #2023 #likesforlike #followforfollowback #share\" target=\"_blank\"  data-author-image=\"\" data-likes-count=\"0\" data-type=\"image\" data-author-username=\"stripescoop.onlus\" data-link=\"https:\/\/www.instagram.com\/p\/CnF4kPetdvz\/\" class=\"ei-media-type-image fancybox\" href=\"https:\/\/scontent-frt3-2.cdninstagram.com\/v\/t51.29350-15\/323313821_838638457242620_5505436989777084631_n.jpg?_nc_cat=101&ccb=1-7&_nc_sid=8ae9d6&_nc_ohc=HNMw6_rnn8sAX8g8-0n&_nc_ht=scontent-frt3-2.cdninstagram.com&edm=ANo9K5cEAAAA&oh=00_AfDJNabhM2o9FYkGwIwZ6Y0LnF802lbK0iWc0OEbyjAxpA&oe=63E67DFB\" data-media-id=\"130\" data-caption=\"Le feste bei nostri servizi dedicati all\u2019infanzia \u2764\ufe0f<br \/>\n<br \/>\n#stripescoop #infanzia #asilonido #nido #natale #christmas #happychristmas #happynewyear #2023 #likesforlike #followforfollowback #share\"><img decoding=\"async\" src=\"https:\/\/scontent-frt3-2.cdninstagram.com\/v\/t51.29350-15\/323313821_838638457242620_5505436989777084631_n.jpg?_nc_cat=101&ccb=1-7&_nc_sid=8ae9d6&_nc_ohc=HNMw6_rnn8sAX8g8-0n&_nc_ht=scontent-frt3-2.cdninstagram.com&edm=ANo9K5cEAAAA&oh=00_AfDJNabhM2o9FYkGwIwZ6Y0LnF802lbK0iWc0OEbyjAxpA&oe=63E67DFB\"><\/a><\/li><li><a title=\"Tantissimi cari auguri per un 2023 ricco di nuovi progetti e speranze! \u2764\ufe0f\n#happynewyear #2023 #stripescoop #cooperativasociale #likesforlike #followforfollowback #share\" target=\"_blank\"  data-author-image=\"\" data-likes-count=\"0\" data-type=\"video\" data-author-username=\"stripescoop.onlus\" data-link=\"https:\/\/www.instagram.com\/reel\/Cm3nCxHrTco\/\" class=\"ei-media-type-video fancybox\" href=\"https:\/\/video-frt3-2.cdninstagram.com\/o1\/v\/t16\/f1\/m82\/DA41D56E78DFA79D9AB0C1C706D64CA7_video_dashinit.mp4?efg=eyJ2ZW5jb2RlX3RhZyI6InZ0c192b2RfdXJsZ2VuLjcyMC5jbGlwcyJ9&_nc_ht=video-frt3-2.cdninstagram.com&_nc_cat=104&vs=563398342474358_2167860874&_nc_vs=HBksFQIYT2lnX3hwdl9yZWVsc19wZXJtYW5lbnRfcHJvZC9EQTQxRDU2RTc4REZBNzlEOUFCMEMxQzcwNkQ2NENBN192aWRlb19kYXNoaW5pdC5tcDQVAALIAQAVABgkR01NZlN4TjJ6anZNY21NRUFKOWdhVVJjS3pweWJxX0VBQUFGFQICyAEAKAAYABsBiAd1c2Vfb2lsATEVAAAmtPLnz63J6D8VAigCQzMsF0AiAAAAAAAAGBJkYXNoX2Jhc2VsaW5lXzFfdjERAHUAAA%3D%3D&ccb=9-4&oh=00_AfB9g1q5I4BCR60XXfVXFdxDiKi4XOVUS2vyCAlpLue87Q&oe=63E36AED&_nc_sid=ea0b6e&_nc_rid=f7f9d56b38\" data-media-id=\"129\" data-caption=\"Tantissimi cari auguri per un 2023 ricco di nuovi progetti e speranze! \u2764\ufe0f<br \/>\n#happynewyear #2023 #stripescoop #cooperativasociale #likesforlike #followforfollowback #share\"><img decoding=\"async\" src=\"https:\/\/video-frt3-2.cdninstagram.com\/o1\/v\/t16\/f1\/m82\/DA41D56E78DFA79D9AB0C1C706D64CA7_video_dashinit.mp4?efg=eyJ2ZW5jb2RlX3RhZyI6InZ0c192b2RfdXJsZ2VuLjcyMC5jbGlwcyJ9&_nc_ht=video-frt3-2.cdninstagram.com&_nc_cat=104&vs=563398342474358_2167860874&_nc_vs=HBksFQIYT2lnX3hwdl9yZWVsc19wZXJtYW5lbnRfcHJvZC9EQTQxRDU2RTc4REZBNzlEOUFCMEMxQzcwNkQ2NENBN192aWRlb19kYXNoaW5pdC5tcDQVAALIAQAVABgkR01NZlN4TjJ6anZNY21NRUFKOWdhVVJjS3pweWJxX0VBQUFGFQICyAEAKAAYABsBiAd1c2Vfb2lsATEVAAAmtPLnz63J6D8VAigCQzMsF0AiAAAAAAAAGBJkYXNoX2Jhc2VsaW5lXzFfdjERAHUAAA%3D%3D&ccb=9-4&oh=00_AfB9g1q5I4BCR60XXfVXFdxDiKi4XOVUS2vyCAlpLue87Q&oe=63E36AED&_nc_sid=ea0b6e&_nc_rid=f7f9d56b38\"><\/a><\/li><li><a title=\"Tantissimi cari auguri da tutta Stripes Coop! \u2764\ufe0f\ud83c\udf84\n#happychristmas #stripescoop #happyholidays #buonnatale #cooperativasociale #pedagogia #likeus #christmas #natale #followforfollowback\" target=\"_blank\"  data-author-image=\"\" data-likes-count=\"0\" data-type=\"image\" data-author-username=\"stripescoop.onlus\" data-link=\"https:\/\/www.instagram.com\/p\/Cmlr4HANJ5a\/\" class=\"ei-media-type-image fancybox\" href=\"https:\/\/scontent-frx5-1.cdninstagram.com\/v\/t51.29350-15\/322054615_130495206312808_1257403458441050773_n.jpg?_nc_cat=110&ccb=1-7&_nc_sid=8ae9d6&_nc_ohc=M-6Pc1oQ-IMAX8-zj9G&_nc_ht=scontent-frx5-1.cdninstagram.com&edm=ANo9K5cEAAAA&oh=00_AfD5ThrxKvRnobJuY4mby6vh2x1S_bKyMYsjF74-7AhpBA&oe=63E682B4\" data-media-id=\"128\" data-caption=\"Tantissimi cari auguri da tutta Stripes Coop! \u2764\ufe0f\ud83c\udf84<br \/>\n#happychristmas #stripescoop #happyholidays #buonnatale #cooperativasociale #pedagogia #likeus #christmas #natale #followforfollowback\"><img decoding=\"async\" src=\"https:\/\/scontent-frx5-1.cdninstagram.com\/v\/t51.29350-15\/322054615_130495206312808_1257403458441050773_n.jpg?_nc_cat=110&ccb=1-7&_nc_sid=8ae9d6&_nc_ohc=M-6Pc1oQ-IMAX8-zj9G&_nc_ht=scontent-frx5-1.cdninstagram.com&edm=ANo9K5cEAAAA&oh=00_AfD5ThrxKvRnobJuY4mby6vh2x1S_bKyMYsjF74-7AhpBA&oe=63E682B4\"><\/a><\/li><li><a title=\"\ud835\uddd5\ud835\uddf6\ud835\uddf9\ud835\uddee\ud835\uddfb\ud835\uddf0\ud835\uddf6\ud835\uddfc \ud835\udde6\ud835\uddfc\ud835\uddf0\ud835\uddf6\ud835\uddee\ud835\uddf9\ud835\uddf2 \ud835\udde6\ud835\ude01\ud835\uddff\ud835\uddf6\ud835\uddfd\ud835\uddf2\ud835\ude00 \ud835\uddd6\ud835\uddfc\ud835\uddfc\ud835\uddfd \ud835\udfee\ud835\udfec\ud835\udfee\ud835\udfed-\ud835\udfee\ud835\udfec\ud835\udfee\ud835\udfee\n\n\ud83d\udd34 - \ud835\udde1\ud835\ude02\ud835\uddfc\ud835\ude03\ud835\uddf6 \ud835\udddc\ud835\uddfb\ud835\uddf6\ud835\ude07\ud835\uddf6 - \ud83d\udd34\n\n&quot;\ud835\ude15\ud835\ude30\ud835\ude2f \ud835\ude31\ud835\ude36\ud835\ude30\ud835\ude2a \ud835\ude35\ud835\ude30\ud835\ude33\ud835\ude2f\ud835\ude22\ud835\ude33\ud835\ude26 \ud835\ude2a\ud835\ude2f\ud835\ude25\ud835\ude2a\ud835\ude26\ud835\ude35\ud835\ude33\ud835\ude30 \ud835\ude26 \ud835\ude24\ud835\ude22\ud835\ude2e\ud835\ude23\ud835\ude2a\ud835\ude22\ud835\ude33\ud835\ude26 \ud835\ude2d&#039;\ud835\ude2a\ud835\ude2f\ud835\ude2a\ud835\ude3b\ud835\ude2a\ud835\ude30, \ud835\ude2e\ud835\ude22 \ud835\ude31\ud835\ude36\ud835\ude30\ud835\ude2a \ud835\ude2a\ud835\ude2f\ud835\ude2a\ud835\ude3b\ud835\ude2a\ud835\ude22\ud835\ude33\ud835\ude26 \ud835\ude25\ud835\ude30\ud835\ude37\ud835\ude26 \ud835\ude34\ud835\ude26\ud835\ude2a \ud835\ude26 \ud835\ude24\ud835\ude22\ud835\ude2e\ud835\ude23\ud835\ude2a\ud835\ude22\ud835\ude33\ud835\ude26 \ud835\ude2a\ud835\ude2d \ud835\ude27\ud835\ude2a\ud835\ude2f\ud835\ude22\ud835\ude2d\ud835\ude26&quot;\n(\ud835\ude0a\ud835\ude2d\ud835\ude2a\ud835\ude37\ud835\ude26 \ud835\ude1a\ud835\ude35\ud835\ude22\ud835\ude31\ud835\ude2d\ud835\ude26\ud835\ude34 \ud835\ude13\ud835\ude26\ud835\ude38\ud835\ude2a\ud835\ude34)\n\nIeri sera si \u00e8 tenuto il #BilancioSociale della nostra cooperativa, un momento importante e di condivisione con tutti i nostri Soci ed Amici. Il titolo \ud835\udde1\ud835\ude02\ud835\uddfc\ud835\ude03\ud835\uddf6 \ud835\udddc\ud835\uddfb\ud835\uddf6\ud835\ude07\ud835\uddf6 , come espresso dalla Presidente Dafne Guida: &quot;\ud835\udc63\ud835\udc62\ud835\udc5c\ud835\udc59\ud835\udc52 \ud835\udc52\ud835\udc60\ud835\udc60\ud835\udc52\ud835\udc5f\ud835\udc52 \ud835\udc62\ud835\udc5b\ud835\udc4e \ud835\udc60\ud835\udc5d\ud835\udc56\ud835\udc5b\ud835\udc61\ud835\udc4e \ud835\udc4e \ud835\udc5f\ud835\udc56\ud835\udc5d\ud835\udc4e\ud835\udc5f\ud835\udc61\ud835\udc56\ud835\udc5f\ud835\udc52 \ud835\udc50\ud835\udc5c\ud835\udc5b \ud835\udc5d\ud835\udc5f\ud835\udc5c\ud835\udc60\ud835\udc5d\ud835\udc52\ud835\udc61\ud835\udc61\ud835\udc56\ud835\udc63\ud835\udc52 \ud835\udc50\ud835\udc5c\ud835\udc60\ud835\udc61\ud835\udc5f\ud835\udc62\ud835\udc61\ud835\udc61\ud835\udc56\ud835\udc63\ud835\udc52 \ud835\udc52 \ud835\udc54\ud835\udc52\ud835\udc5b\ud835\udc52\ud835\udc5f\ud835\udc4e\ud835\udc61\ud835\udc56\ud835\udc63\ud835\udc52, \ud835\udc4e \ud835\udc5f\ud835\udc56\ud835\udc5d\ud835\udc5f\ud835\udc52\ud835\udc5b\ud835\udc51\ud835\udc52\ud835\udc5f\ud835\udc52 \ud835\udc56\ud835\udc59 \ud835\udc53\ud835\udc56\ud835\udc59\ud835\udc5c \ud835\udc50\u210e\ud835\udc52 \ud835\udc50\ud835\udc56 \u210e\ud835\udc4e \ud835\udc4e\ud835\udc50\ud835\udc50\ud835\udc5c\ud835\udc5a\ud835\udc5d\ud835\udc4e\ud835\udc54\ud835\udc5b\ud835\udc4e\ud835\udc61\ud835\udc5c \ud835\udc53\ud835\udc56\ud835\udc5b\ud835\udc5c \ud835\udc4e\ud835\udc51 \ud835\udc5c\ud835\udc54\ud835\udc54\ud835\udc56 \ud835\udc56\ud835\udc5a\ud835\udc5d\ud835\udc5f\ud835\udc5c\ud835\udc5b\ud835\udc61\ud835\udc4e\ud835\udc61\ud835\udc5c \ud835\udc4e\ud835\udc59\ud835\udc59\u2019\ud835\udc56\ud835\udc5b\ud835\udc5b\ud835\udc5c\ud835\udc63\ud835\udc4e\ud835\udc67\ud835\udc56\ud835\udc5c\ud835\udc5b\ud835\udc52 \ud835\udc60\ud835\udc5c\ud835\udc50\ud835\udc56\ud835\udc4e\ud835\udc59\ud835\udc52 \ud835\udc52 \ud835\udc61\ud835\udc52\ud835\udc50\ud835\udc5b\ud835\udc5c\ud835\udc59\ud835\udc5c\ud835\udc54\ud835\udc56\ud835\udc50\ud835\udc4e, \ud835\udc4e \ud835\udc5f\ud835\udc56\ud835\udc4e\ud835\udc59\ud835\udc59\ud835\udc4e\ud835\udc50\ud835\udc50\ud835\udc56\ud835\udc4e\ud835\udc5f\ud835\udc52 \ud835\udc59\ud835\udc52 \ud835\udc5f\ud835\udc52\ud835\udc59\ud835\udc4e\ud835\udc67\ud835\udc56\ud835\udc5c\ud835\udc5b\ud835\udc56 \ud835\udc5e\ud835\udc62\ud835\udc4e\ud835\udc59\ud835\udc56\ud835\udc61\ud835\udc4e\ud835\udc61\ud835\udc56\ud835\udc63\ud835\udc52 \ud835\udc50\ud835\udc5c\ud835\udc5b \ud835\udc59\u2019\ud835\udc4e\ud835\udc60\ud835\udc60\ud835\udc5c\ud835\udc50\ud835\udc56\ud835\udc4e\ud835\udc67\ud835\udc56\ud835\udc5c\ud835\udc5b\ud835\udc56\ud835\udc60\ud835\udc5a\ud835\udc5c \ud835\udc59\ud835\udc5c\ud835\udc50\ud835\udc4e\ud835\udc59\ud835\udc52, \ud835\udc4e \ud835\udc50\ud835\udc5c\ud835\udc5b\ud835\udc60\ud835\udc5c\ud835\udc59\ud835\udc56\ud835\udc51\ud835\udc4e\ud835\udc5f\ud835\udc52 \ud835\udc56 \ud835\udc5f\ud835\udc4e\ud835\udc5d\ud835\udc5d\ud835\udc5c\ud835\udc5f\ud835\udc61\ud835\udc56 \ud835\udc50\ud835\udc5c\ud835\udc5b \ud835\udc59\ud835\udc52 \ud835\udc4e\ud835\udc5a\ud835\udc5a\ud835\udc56\ud835\udc5b\ud835\udc56\ud835\udc60\ud835\udc61\ud835\udc5f\ud835\udc4e\ud835\udc67\ud835\udc56\ud835\udc5c\ud835\udc5b\ud835\udc56 \ud835\udc5d\ud835\udc62\ud835\udc4f\ud835\udc4f\ud835\udc59\ud835\udc56\ud835\udc50\u210e\ud835\udc52 \ud835\udc5b\ud835\udc52\ud835\udc59\ud835\udc59\ud835\udc4e \ud835\udc59\ud835\udc5c\ud835\udc54\ud835\udc56\ud835\udc50\ud835\udc4e \ud835\udc51\ud835\udc56 \ud835\udc62\ud835\udc5b\ud835\udc4e \ud835\udc4e\ud835\udc59\ud835\udc59\ud835\udc52\ud835\udc4e\ud835\udc5b\ud835\udc67\ud835\udc4e \ud835\udc53\ud835\udc5c\ud835\udc5f\ud835\udc61\ud835\udc52 \ud835\udc52 \ud835\udc5c\ud835\udc5f\ud835\udc56\ud835\udc52\ud835\udc5b\ud835\udc61\ud835\udc4e\ud835\udc61\ud835\udc4e \ud835\udc4e\ud835\udc59 \ud835\udc50\ud835\udc4e\ud835\udc5a\ud835\udc4f\ud835\udc56\ud835\udc4e\ud835\udc5a\ud835\udc52\ud835\udc5b\ud835\udc61\ud835\udc5c.&quot;\n\n\ud835\uddda\ud835\uddff\ud835\uddee\ud835\ude07\ud835\uddf6\ud835\uddf2 \ud835\uddee \ud835\ude01\ud835\ude02\ud835\ude01\ud835\ude01\ud835\uddf6 \ud835\uddf6 \ud835\udde6\ud835\uddfc\ud835\uddf0\ud835\uddf6, \ud835\uddfd\ud835\uddf2\ud835\uddff\ud835\uddf0\ud835\uddf5\ud835\uddf2\u0300 \ud835\uddf2\u0300 \ud835\ude00\ud835\uddfc\ud835\uddf9\ud835\uddfc \ud835\uddf6\ud835\uddfb\ud835\ude00\ud835\uddf6\ud835\uddf2\ud835\uddfa\ud835\uddf2 \ud835\uddf0\ud835\uddf5\ud835\uddf2 \ud835\uddfd\ud835\uddfc\ud835\ude00\ud835\ude00\ud835\uddf6\ud835\uddee\ud835\uddfa\ud835\uddfc \ud835\uddf0\ud835\uddfc\ud835\uddfb\ud835\ude01\ud835\uddf6\ud835\uddfb\ud835\ude02\ud835\uddee\ud835\uddff\ud835\uddf2 \ud835\uddee \ud835\uddf0\ud835\uddff\ud835\uddf2\ud835\ude00\ud835\uddf0\ud835\uddf2\ud835\uddff\ud835\uddf2.\u2764\ufe0f\n\n#stripescoop #cooperativasociale #noprofit #bilanciosociale #2021 #2022 #cooperativismo #likeus #share #followforfollowback\" target=\"_blank\"  data-author-image=\"\" data-likes-count=\"0\" data-type=\"image\" data-author-username=\"stripescoop.onlus\" data-link=\"https:\/\/www.instagram.com\/p\/Cmgr-u6tTdE\/\" class=\"ei-media-type-image fancybox\" href=\"https:\/\/scontent-frt3-2.cdninstagram.com\/v\/t51.29350-15\/321069107_849293806280439_5912897412383858428_n.jpg?_nc_cat=104&ccb=1-7&_nc_sid=8ae9d6&_nc_ohc=wXdcH0DSMMkAX_HoVJQ&_nc_ht=scontent-frt3-2.cdninstagram.com&edm=ANo9K5cEAAAA&oh=00_AfDoBtL3Vr8JwZ8J-7Mb7ADBgWNnHvTMpx7vCxy9vkhjfA&oe=63E694BE\" data-media-id=\"127\" data-caption=\"\ud835\uddd5\ud835\uddf6\ud835\uddf9\ud835\uddee\ud835\uddfb\ud835\uddf0\ud835\uddf6\ud835\uddfc \ud835\udde6\ud835\uddfc\ud835\uddf0\ud835\uddf6\ud835\uddee\ud835\uddf9\ud835\uddf2 \ud835\udde6\ud835\ude01\ud835\uddff\ud835\uddf6\ud835\uddfd\ud835\uddf2\ud835\ude00 \ud835\uddd6\ud835\uddfc\ud835\uddfc\ud835\uddfd \ud835\udfee\ud835\udfec\ud835\udfee\ud835\udfed-\ud835\udfee\ud835\udfec\ud835\udfee\ud835\udfee<br \/>\n<br \/>\n\ud83d\udd34 - \ud835\udde1\ud835\ude02\ud835\uddfc\ud835\ude03\ud835\uddf6 \ud835\udddc\ud835\uddfb\ud835\uddf6\ud835\ude07\ud835\uddf6 - \ud83d\udd34<br \/>\n<br \/>\n&quot;\ud835\ude15\ud835\ude30\ud835\ude2f \ud835\ude31\ud835\ude36\ud835\ude30\ud835\ude2a \ud835\ude35\ud835\ude30\ud835\ude33\ud835\ude2f\ud835\ude22\ud835\ude33\ud835\ude26 \ud835\ude2a\ud835\ude2f\ud835\ude25\ud835\ude2a\ud835\ude26\ud835\ude35\ud835\ude33\ud835\ude30 \ud835\ude26 \ud835\ude24\ud835\ude22\ud835\ude2e\ud835\ude23\ud835\ude2a\ud835\ude22\ud835\ude33\ud835\ude26 \ud835\ude2d&#039;\ud835\ude2a\ud835\ude2f\ud835\ude2a\ud835\ude3b\ud835\ude2a\ud835\ude30, \ud835\ude2e\ud835\ude22 \ud835\ude31\ud835\ude36\ud835\ude30\ud835\ude2a \ud835\ude2a\ud835\ude2f\ud835\ude2a\ud835\ude3b\ud835\ude2a\ud835\ude22\ud835\ude33\ud835\ude26 \ud835\ude25\ud835\ude30\ud835\ude37\ud835\ude26 \ud835\ude34\ud835\ude26\ud835\ude2a \ud835\ude26 \ud835\ude24\ud835\ude22\ud835\ude2e\ud835\ude23\ud835\ude2a\ud835\ude22\ud835\ude33\ud835\ude26 \ud835\ude2a\ud835\ude2d \ud835\ude27\ud835\ude2a\ud835\ude2f\ud835\ude22\ud835\ude2d\ud835\ude26&quot;<br \/>\n(\ud835\ude0a\ud835\ude2d\ud835\ude2a\ud835\ude37\ud835\ude26 \ud835\ude1a\ud835\ude35\ud835\ude22\ud835\ude31\ud835\ude2d\ud835\ude26\ud835\ude34 \ud835\ude13\ud835\ude26\ud835\ude38\ud835\ude2a\ud835\ude34)<br \/>\n<br \/>\nIeri sera si \u00e8 tenuto il #BilancioSociale della nostra cooperativa, un momento importante e di condivisione con tutti i nostri Soci ed Amici. Il titolo \ud835\udde1\ud835\ude02\ud835\uddfc\ud835\ude03\ud835\uddf6 \ud835\udddc\ud835\uddfb\ud835\uddf6\ud835\ude07\ud835\uddf6 , come espresso dalla Presidente Dafne Guida: &quot;\ud835\udc63\ud835\udc62\ud835\udc5c\ud835\udc59\ud835\udc52 \ud835\udc52\ud835\udc60\ud835\udc60\ud835\udc52\ud835\udc5f\ud835\udc52 \ud835\udc62\ud835\udc5b\ud835\udc4e \ud835\udc60\ud835\udc5d\ud835\udc56\ud835\udc5b\ud835\udc61\ud835\udc4e \ud835\udc4e \ud835\udc5f\ud835\udc56\ud835\udc5d\ud835\udc4e\ud835\udc5f\ud835\udc61\ud835\udc56\ud835\udc5f\ud835\udc52 \ud835\udc50\ud835\udc5c\ud835\udc5b \ud835\udc5d\ud835\udc5f\ud835\udc5c\ud835\udc60\ud835\udc5d\ud835\udc52\ud835\udc61\ud835\udc61\ud835\udc56\ud835\udc63\ud835\udc52 \ud835\udc50\ud835\udc5c\ud835\udc60\ud835\udc61\ud835\udc5f\ud835\udc62\ud835\udc61\ud835\udc61\ud835\udc56\ud835\udc63\ud835\udc52 \ud835\udc52 \ud835\udc54\ud835\udc52\ud835\udc5b\ud835\udc52\ud835\udc5f\ud835\udc4e\ud835\udc61\ud835\udc56\ud835\udc63\ud835\udc52, \ud835\udc4e \ud835\udc5f\ud835\udc56\ud835\udc5d\ud835\udc5f\ud835\udc52\ud835\udc5b\ud835\udc51\ud835\udc52\ud835\udc5f\ud835\udc52 \ud835\udc56\ud835\udc59 \ud835\udc53\ud835\udc56\ud835\udc59\ud835\udc5c \ud835\udc50\u210e\ud835\udc52 \ud835\udc50\ud835\udc56 \u210e\ud835\udc4e \ud835\udc4e\ud835\udc50\ud835\udc50\ud835\udc5c\ud835\udc5a\ud835\udc5d\ud835\udc4e\ud835\udc54\ud835\udc5b\ud835\udc4e\ud835\udc61\ud835\udc5c \ud835\udc53\ud835\udc56\ud835\udc5b\ud835\udc5c \ud835\udc4e\ud835\udc51 \ud835\udc5c\ud835\udc54\ud835\udc54\ud835\udc56 \ud835\udc56\ud835\udc5a\ud835\udc5d\ud835\udc5f\ud835\udc5c\ud835\udc5b\ud835\udc61\ud835\udc4e\ud835\udc61\ud835\udc5c \ud835\udc4e\ud835\udc59\ud835\udc59\u2019\ud835\udc56\ud835\udc5b\ud835\udc5b\ud835\udc5c\ud835\udc63\ud835\udc4e\ud835\udc67\ud835\udc56\ud835\udc5c\ud835\udc5b\ud835\udc52 \ud835\udc60\ud835\udc5c\ud835\udc50\ud835\udc56\ud835\udc4e\ud835\udc59\ud835\udc52 \ud835\udc52 \ud835\udc61\ud835\udc52\ud835\udc50\ud835\udc5b\ud835\udc5c\ud835\udc59\ud835\udc5c\ud835\udc54\ud835\udc56\ud835\udc50\ud835\udc4e, \ud835\udc4e \ud835\udc5f\ud835\udc56\ud835\udc4e\ud835\udc59\ud835\udc59\ud835\udc4e\ud835\udc50\ud835\udc50\ud835\udc56\ud835\udc4e\ud835\udc5f\ud835\udc52 \ud835\udc59\ud835\udc52 \ud835\udc5f\ud835\udc52\ud835\udc59\ud835\udc4e\ud835\udc67\ud835\udc56\ud835\udc5c\ud835\udc5b\ud835\udc56 \ud835\udc5e\ud835\udc62\ud835\udc4e\ud835\udc59\ud835\udc56\ud835\udc61\ud835\udc4e\ud835\udc61\ud835\udc56\ud835\udc63\ud835\udc52 \ud835\udc50\ud835\udc5c\ud835\udc5b \ud835\udc59\u2019\ud835\udc4e\ud835\udc60\ud835\udc60\ud835\udc5c\ud835\udc50\ud835\udc56\ud835\udc4e\ud835\udc67\ud835\udc56\ud835\udc5c\ud835\udc5b\ud835\udc56\ud835\udc60\ud835\udc5a\ud835\udc5c \ud835\udc59\ud835\udc5c\ud835\udc50\ud835\udc4e\ud835\udc59\ud835\udc52, \ud835\udc4e \ud835\udc50\ud835\udc5c\ud835\udc5b\ud835\udc60\ud835\udc5c\ud835\udc59\ud835\udc56\ud835\udc51\ud835\udc4e\ud835\udc5f\ud835\udc52 \ud835\udc56 \ud835\udc5f\ud835\udc4e\ud835\udc5d\ud835\udc5d\ud835\udc5c\ud835\udc5f\ud835\udc61\ud835\udc56 \ud835\udc50\ud835\udc5c\ud835\udc5b \ud835\udc59\ud835\udc52 \ud835\udc4e\ud835\udc5a\ud835\udc5a\ud835\udc56\ud835\udc5b\ud835\udc56\ud835\udc60\ud835\udc61\ud835\udc5f\ud835\udc4e\ud835\udc67\ud835\udc56\ud835\udc5c\ud835\udc5b\ud835\udc56 \ud835\udc5d\ud835\udc62\ud835\udc4f\ud835\udc4f\ud835\udc59\ud835\udc56\ud835\udc50\u210e\ud835\udc52 \ud835\udc5b\ud835\udc52\ud835\udc59\ud835\udc59\ud835\udc4e \ud835\udc59\ud835\udc5c\ud835\udc54\ud835\udc56\ud835\udc50\ud835\udc4e \ud835\udc51\ud835\udc56 \ud835\udc62\ud835\udc5b\ud835\udc4e \ud835\udc4e\ud835\udc59\ud835\udc59\ud835\udc52\ud835\udc4e\ud835\udc5b\ud835\udc67\ud835\udc4e \ud835\udc53\ud835\udc5c\ud835\udc5f\ud835\udc61\ud835\udc52 \ud835\udc52 \ud835\udc5c\ud835\udc5f\ud835\udc56\ud835\udc52\ud835\udc5b\ud835\udc61\ud835\udc4e\ud835\udc61\ud835\udc4e \ud835\udc4e\ud835\udc59 \ud835\udc50\ud835\udc4e\ud835\udc5a\ud835\udc4f\ud835\udc56\ud835\udc4e\ud835\udc5a\ud835\udc52\ud835\udc5b\ud835\udc61\ud835\udc5c.&quot;<br \/>\n<br \/>\n\ud835\uddda\ud835\uddff\ud835\uddee\ud835\ude07\ud835\uddf6\ud835\uddf2 \ud835\uddee \ud835\ude01\ud835\ude02\ud835\ude01\ud835\ude01\ud835\uddf6 \ud835\uddf6 \ud835\udde6\ud835\uddfc\ud835\uddf0\ud835\uddf6, \ud835\uddfd\ud835\uddf2\ud835\uddff\ud835\uddf0\ud835\uddf5\ud835\uddf2\u0300 \ud835\uddf2\u0300 \ud835\ude00\ud835\uddfc\ud835\uddf9\ud835\uddfc \ud835\uddf6\ud835\uddfb\ud835\ude00\ud835\uddf6\ud835\uddf2\ud835\uddfa\ud835\uddf2 \ud835\uddf0\ud835\uddf5\ud835\uddf2 \ud835\uddfd\ud835\uddfc\ud835\ude00\ud835\ude00\ud835\uddf6\ud835\uddee\ud835\uddfa\ud835\uddfc \ud835\uddf0\ud835\uddfc\ud835\uddfb\ud835\ude01\ud835\uddf6\ud835\uddfb\ud835\ude02\ud835\uddee\ud835\uddff\ud835\uddf2 \ud835\uddee \ud835\uddf0\ud835\uddff\ud835\uddf2\ud835\ude00\ud835\uddf0\ud835\uddf2\ud835\uddff\ud835\uddf2.\u2764\ufe0f<br \/>\n<br \/>\n#stripescoop #cooperativasociale #noprofit #bilanciosociale #2021 #2022 #cooperativismo #likeus #share #followforfollowback\"><img decoding=\"async\" src=\"https:\/\/scontent-frt3-2.cdninstagram.com\/v\/t51.29350-15\/321069107_849293806280439_5912897412383858428_n.jpg?_nc_cat=104&ccb=1-7&_nc_sid=8ae9d6&_nc_ohc=wXdcH0DSMMkAX_HoVJQ&_nc_ht=scontent-frt3-2.cdninstagram.com&edm=ANo9K5cEAAAA&oh=00_AfDoBtL3Vr8JwZ8J-7Mb7ADBgWNnHvTMpx7vCxy9vkhjfA&oe=63E694BE\"><\/a><\/li><li><a title=\"\u2744\ufe0fCAMPUS INVERNALE A TEATRO! \u2744\ufe0f\nChe bella occasione per i nostri bambini!! Qui un po\u2019 di info: \n\n\ud83c\udfadPer bambini dai 6 ai 10 anni\n\ud83e\udd41Con esperti di teatro, musicisti e operatori digitali!\n\u26c4\ufe0fDal 2 al 5 gennaio, dentro al #teatrolabolla \n\ud83c\udf84Per info e iscrizioni contattare Antonia al 3442924334\n\n#stripescoop #campusinvernale #teatro #itheatre #winter #chrsitmas #holidays #vacanzaconibambini #education #likeus #share #followforfollowback\" target=\"_blank\"  data-author-image=\"\" data-likes-count=\"0\" data-type=\"image\" data-author-username=\"stripescoop.onlus\" data-link=\"https:\/\/www.instagram.com\/p\/CmNHSllNpj7\/\" class=\"ei-media-type-image fancybox\" href=\"https:\/\/scontent-frt3-2.cdninstagram.com\/v\/t51.29350-15\/320439340_851961542676832_4224933605457285054_n.jpg?_nc_cat=107&ccb=1-7&_nc_sid=8ae9d6&_nc_ohc=pUdy_pkGqqYAX80RdXp&_nc_oc=AQlRbT56vXlEwOUv7851VR3zkhK4qgEmdMC7dhjqtWBnEoT7wlKAWrEJoGg7N_VSDxk&_nc_ht=scontent-frt3-2.cdninstagram.com&edm=ANo9K5cEAAAA&oh=00_AfAzOewFjy7Xfb1l2_NhFDE_9p8qLm1NJaTv2B0MDQLFGA&oe=63E6963F\" data-media-id=\"126\" data-caption=\"\u2744\ufe0fCAMPUS INVERNALE A TEATRO! \u2744\ufe0f<br \/>\nChe bella occasione per i nostri bambini!! Qui un po\u2019 di info: <br \/>\n<br \/>\n\ud83c\udfadPer bambini dai 6 ai 10 anni<br \/>\n\ud83e\udd41Con esperti di teatro, musicisti e operatori digitali!<br \/>\n\u26c4\ufe0fDal 2 al 5 gennaio, dentro al #teatrolabolla <br \/>\n\ud83c\udf84Per info e iscrizioni contattare Antonia al 3442924334<br \/>\n<br \/>\n#stripescoop #campusinvernale #teatro #itheatre #winter #chrsitmas #holidays #vacanzaconibambini #education #likeus #share #followforfollowback\"><img decoding=\"async\" src=\"https:\/\/scontent-frt3-2.cdninstagram.com\/v\/t51.29350-15\/320439340_851961542676832_4224933605457285054_n.jpg?_nc_cat=107&ccb=1-7&_nc_sid=8ae9d6&_nc_ohc=pUdy_pkGqqYAX80RdXp&_nc_oc=AQlRbT56vXlEwOUv7851VR3zkhK4qgEmdMC7dhjqtWBnEoT7wlKAWrEJoGg7N_VSDxk&_nc_ht=scontent-frt3-2.cdninstagram.com&edm=ANo9K5cEAAAA&oh=00_AfAzOewFjy7Xfb1l2_NhFDE_9p8qLm1NJaTv2B0MDQLFGA&oe=63E6963F\"><\/a><\/li><li><a title=\"Questa sera alle ore 17.00 sulla nostra pagina FB presenteremo in diretta il Progetto:\n\u201cPARIPASSO, per crescere insieme\u201d finanziato da Impresa Sociale #ConIBambini con il Bando \u201c Comincio da Zero\u201d \u00e8 un progetto nazionale con capofila #stripescoop. Si sviluppa a livello nazionale in 4 regioni, nelle aree di #Desio, #Bari, #Castelvolturno, #Roma e nella #Valtrompia. Una grande opportunit\u00e0 per la nostra cooperativa!\nVi aspettiamo in diretta alle 17:00 su #facebook!\" target=\"_blank\"  data-author-image=\"\" data-likes-count=\"0\" data-type=\"video\" data-author-username=\"stripescoop.onlus\" data-link=\"https:\/\/www.instagram.com\/reel\/Cli7DjXPUGI\/\" class=\"ei-media-type-video fancybox\" href=\"https:\/\/video-frt3-2.cdninstagram.com\/o1\/v\/t16\/f1\/m82\/4C4C6B9F0D0255E764662ECD725B2E82_video_dashinit.mp4?efg=eyJ2ZW5jb2RlX3RhZyI6InZ0c192b2RfdXJsZ2VuLjcyMC5jbGlwcyJ9&_nc_ht=video-frt3-2.cdninstagram.com&_nc_cat=109&vs=2650091405133206_122567918&_nc_vs=HBksFQIYT2lnX3hwdl9yZWVsc19wZXJtYW5lbnRfcHJvZC80QzRDNkI5RjBEMDI1NUU3NjQ2NjJFQ0Q3MjVCMkU4Ml92aWRlb19kYXNoaW5pdC5tcDQVAALIAQAVABgkR0hXSDdoSVpYQXpqeVFJRUFPLUphLVgyYkx4dGJxX0VBQUFGFQICyAEAKAAYABsBiAd1c2Vfb2lsATEVAAAm0Pe%2Fyf6q8EAVAigCQzMsF0ANmZmZmZmaGBJkYXNoX2Jhc2VsaW5lXzFfdjERAHUAAA%3D%3D&ccb=9-4&oh=00_AfBvNrxUitEG5Z1kbhtxrhjVVHso0h8KGR5fvz7GDki-5Q&oe=63E38BCC&_nc_sid=ea0b6e&_nc_rid=54a9d9923f\" data-media-id=\"125\" data-caption=\"Questa sera alle ore 17.00 sulla nostra pagina FB presenteremo in diretta il Progetto:<br \/>\n\u201cPARIPASSO, per crescere insieme\u201d finanziato da Impresa Sociale #ConIBambini con il Bando \u201c Comincio da Zero\u201d \u00e8 un progetto nazionale con capofila #stripescoop. Si sviluppa a livello nazionale in 4 regioni, nelle aree di #Desio, #Bari, #Castelvolturno, #Roma e nella #Valtrompia. Una grande opportunit\u00e0 per la nostra cooperativa!<br \/>\nVi aspettiamo in diretta alle 17:00 su #facebook!\"><img decoding=\"async\" src=\"https:\/\/video-frt3-2.cdninstagram.com\/o1\/v\/t16\/f1\/m82\/4C4C6B9F0D0255E764662ECD725B2E82_video_dashinit.mp4?efg=eyJ2ZW5jb2RlX3RhZyI6InZ0c192b2RfdXJsZ2VuLjcyMC5jbGlwcyJ9&_nc_ht=video-frt3-2.cdninstagram.com&_nc_cat=109&vs=2650091405133206_122567918&_nc_vs=HBksFQIYT2lnX3hwdl9yZWVsc19wZXJtYW5lbnRfcHJvZC80QzRDNkI5RjBEMDI1NUU3NjQ2NjJFQ0Q3MjVCMkU4Ml92aWRlb19kYXNoaW5pdC5tcDQVAALIAQAVABgkR0hXSDdoSVpYQXpqeVFJRUFPLUphLVgyYkx4dGJxX0VBQUFGFQICyAEAKAAYABsBiAd1c2Vfb2lsATEVAAAm0Pe%2Fyf6q8EAVAigCQzMsF0ANmZmZmZmaGBJkYXNoX2Jhc2VsaW5lXzFfdjERAHUAAA%3D%3D&ccb=9-4&oh=00_AfBvNrxUitEG5Z1kbhtxrhjVVHso0h8KGR5fvz7GDki-5Q&oe=63E38BCC&_nc_sid=ea0b6e&_nc_rid=54a9d9923f\"><\/a><\/li><li><a title=\"#Natale \n\nI PICCOLI RoBoT AIUTANTI DI BABBO NATALE! \ud83d\ude0d\nTi aspettiamo per una giornata di laboratori allo #StripesDigitusLab in compagnia di #robot che imparerai a costruire e programmare per prepararci insieme alla giornata pi\u00f9 fantastica e magica dell\u2019anno!\n\n\ud83c\udf84Quando: Venerd\u00ec 23 Dicembre 2022 dalle 8.30 alle 17.30\n\n\ud83c\udf84Per bambini e bambine 6-13 anni\n\n\ud83c\udf84Per info e iscrizioni: digituslab@pedagogia.it \n\n#stripescoop #campusnatalizio #christmas #merrychristmas #roboticaeducativa #robotica #nataleconibambini #bambini #likeus #followus #share\" target=\"_blank\"  data-author-image=\"\" data-likes-count=\"0\" data-type=\"image\" data-author-username=\"stripescoop.onlus\" data-link=\"https:\/\/www.instagram.com\/p\/ClQ80W2tzrS\/\" class=\"ei-media-type-image fancybox\" href=\"https:\/\/scontent-frt3-2.cdninstagram.com\/v\/t51.29350-15\/316917378_1436636396742080_666083161084717100_n.jpg?_nc_cat=101&ccb=1-7&_nc_sid=8ae9d6&_nc_ohc=wfyy7DQ7NqUAX82J7u2&_nc_ht=scontent-frt3-2.cdninstagram.com&edm=ANo9K5cEAAAA&oh=00_AfA3DfDD978zl5Ttk2OHFhe8XuFITn0-JZ_OB1KgZ77jCw&oe=63E6E6F1\" data-media-id=\"124\" data-caption=\"#Natale <br \/>\n<br \/>\nI PICCOLI RoBoT AIUTANTI DI BABBO NATALE! \ud83d\ude0d<br \/>\nTi aspettiamo per una giornata di laboratori allo #StripesDigitusLab in compagnia di #robot che imparerai a costruire e programmare per prepararci insieme alla giornata pi\u00f9 fantastica e magica dell\u2019anno!<br \/>\n<br \/>\n\ud83c\udf84Quando: Venerd\u00ec 23 Dicembre 2022 dalle 8.30 alle 17.30<br \/>\n<br \/>\n\ud83c\udf84Per bambini e bambine 6-13 anni<br \/>\n<br \/>\n\ud83c\udf84Per info e iscrizioni: digituslab@pedagogia.it <br \/>\n<br \/>\n#stripescoop #campusnatalizio #christmas #merrychristmas #roboticaeducativa #robotica #nataleconibambini #bambini #likeus #followus #share\"><img decoding=\"async\" src=\"https:\/\/scontent-frt3-2.cdninstagram.com\/v\/t51.29350-15\/316917378_1436636396742080_666083161084717100_n.jpg?_nc_cat=101&ccb=1-7&_nc_sid=8ae9d6&_nc_ohc=wfyy7DQ7NqUAX82J7u2&_nc_ht=scontent-frt3-2.cdninstagram.com&edm=ANo9K5cEAAAA&oh=00_AfA3DfDD978zl5Ttk2OHFhe8XuFITn0-JZ_OB1KgZ77jCw&oe=63E6E6F1\"><\/a><\/li><li><a title=\"#Bollate\n\nSabato 26 novembre torna lo spazio Sogni Lib(e)ri con una proposta ricca e davvero interessante.\n\nDalle 10 alle 13 vi aspettiamo nel foyer per la presentazione di \u201cImmagina di\u2026\u201d, un libro che \u00e8 pi\u00f9 di un libro. Non potevamo quindi non cogliere l\u2019occasione nel nostro Pi\u00f9 di un Lab \ud83d\ude09\n\n\u201cImmagina di\u2026\u201d \u00e8 un quaderno operativo edito da #Pedagogika e #StripesCoop, fatto di racconti, approfondimenti, proposte operative e immagini, per lasciare spazio a parole e visioni dai servizi 0-6. \n\n\u00c8 quindi innanzitutto la storia di un percorso di cura e lavoro, ma anche uno strumento operativo dedicato ai professionisti del mondo educativo, pedagogico, sociale\u2026ma non solo!\n\nNon \u00e8 facile raccontarlo tutto in un post, quindi vi aspettiamo il 26, con una mattina di presentazione in cui potrete anche assaggiare le potenzialit\u00e0 di questo strumento! \n\nLa partecipazione \u00e8 #gratuita, ma l\u2019iscrizione \u00e8 obbligatoria. Trovate tutte le info nel volantino! \n\nVi aspettiamo \ud83e\udd17\n\n#stripescoop #libri #book #booklover #love #immagin #arte #illustrator #illustrazione #educazione #infanzia #dream #likeus #followus #share\" target=\"_blank\"  data-author-image=\"\" data-likes-count=\"0\" data-type=\"image\" data-author-username=\"stripescoop.onlus\" data-link=\"https:\/\/www.instagram.com\/p\/ClOv7uetCSn\/\" class=\"ei-media-type-image fancybox\" href=\"https:\/\/scontent-frx5-1.cdninstagram.com\/v\/t51.29350-15\/316365356_1186253435644511_311547514236632697_n.jpg?_nc_cat=100&ccb=1-7&_nc_sid=8ae9d6&_nc_ohc=Woas7GKCzJkAX9Uf6qR&_nc_ht=scontent-frx5-1.cdninstagram.com&edm=ANo9K5cEAAAA&oh=00_AfAebsbDDj391ulu-kxoTIhR194yn6eD1mr_YeVLyTsH2A&oe=63E6BEE0\" data-media-id=\"123\" data-caption=\"#Bollate<br \/>\n<br \/>\nSabato 26 novembre torna lo spazio Sogni Lib(e)ri con una proposta ricca e davvero interessante.<br \/>\n<br \/>\nDalle 10 alle 13 vi aspettiamo nel foyer per la presentazione di \u201cImmagina di\u2026\u201d, un libro che \u00e8 pi\u00f9 di un libro. Non potevamo quindi non cogliere l\u2019occasione nel nostro Pi\u00f9 di un Lab \ud83d\ude09<br \/>\n<br \/>\n\u201cImmagina di\u2026\u201d \u00e8 un quaderno operativo edito da #Pedagogika e #StripesCoop, fatto di racconti, approfondimenti, proposte operative e immagini, per lasciare spazio a parole e visioni dai servizi 0-6. <br \/>\n<br \/>\n\u00c8 quindi innanzitutto la storia di un percorso di cura e lavoro, ma anche uno strumento operativo dedicato ai professionisti del mondo educativo, pedagogico, sociale\u2026ma non solo!<br \/>\n<br \/>\nNon \u00e8 facile raccontarlo tutto in un post, quindi vi aspettiamo il 26, con una mattina di presentazione in cui potrete anche assaggiare le potenzialit\u00e0 di questo strumento! <br \/>\n<br \/>\nLa partecipazione \u00e8 #gratuita, ma l\u2019iscrizione \u00e8 obbligatoria. Trovate tutte le info nel volantino! <br \/>\n<br \/>\nVi aspettiamo \ud83e\udd17<br \/>\n<br \/>\n#stripescoop #libri #book #booklover #love #immagin #arte #illustrator #illustrazione #educazione #infanzia #dream #likeus #followus #share\"><img decoding=\"async\" src=\"https:\/\/scontent-frx5-1.cdninstagram.com\/v\/t51.29350-15\/316365356_1186253435644511_311547514236632697_n.jpg?_nc_cat=100&ccb=1-7&_nc_sid=8ae9d6&_nc_ohc=Woas7GKCzJkAX9Uf6qR&_nc_ht=scontent-frx5-1.cdninstagram.com&edm=ANo9K5cEAAAA&oh=00_AfAebsbDDj391ulu-kxoTIhR194yn6eD1mr_YeVLyTsH2A&oe=63E6BEE0\"><\/a><\/li><li><a title=\"\ud83d\udd38\ud835\uddd9\ud835\uddf2\ud835\ude00\ud835\ude01\ud835\uddf6\ud835\ude03\ud835\uddee\ud835\uddf9 \u201c\ud835\udddc\ud835\uddf9 \ud835\uddf1\ud835\uddf6\ud835\uddff\ud835\uddf6\ud835\ude01\ud835\ude01\ud835\uddfc \ud835\uddf1\ud835\uddf6 \ud835\uddf2\ud835\ude00\ud835\ude00\ud835\uddf2\ud835\uddff\ud835\uddf2 \ud835\uddef\ud835\uddee\ud835\uddfa\ud835\uddef\ud835\uddf6\ud835\uddfb\ud835\uddf6\u201d\ud83d\udd38\n\nIl 19, 20 e 22 novembre torna con l sua XII edizione il Festival organizzato in occasione della #GiornataMondialeDeiDirittiDeiBambini e delle bambine \u2764\ufe0f\n\nSiamo a #Legnano con tantissime proposte di confronto, riflessione, formazione ma anche divertimento per bambini e ragazzi con numerosi LAB #gratuiti! \n\n\ud83e\udd29 Vi siete gi\u00e0 iscritti al convegno di apertura\u2753 E ai salotti pedagogici\u2753 \n\n\ud83d\udcf2Basta una semplice registrazione sul nostro sito: https:\/\/www.pedagogia.it\/stripes\/festival-il-diritto-di-essere-bambini-2022\/\n\n#stripescoop #bicocca #universit\u00e0 #educazione #convegno #gratis #bambini #laboratoriperbambini #weekend #weekendconibambini #likeus #followus #share\" target=\"_blank\"  data-author-image=\"\" data-likes-count=\"0\" data-type=\"video\" data-author-username=\"stripescoop.onlus\" data-link=\"https:\/\/www.instagram.com\/reel\/ClI3tgqJOPs\/\" class=\"ei-media-type-video fancybox\" href=\"https:\/\/video-frt3-2.cdninstagram.com\/o1\/v\/t16\/f1\/m82\/8947C16EA0696BD47CAE8569A0D05FB9_video_dashinit.mp4?efg=eyJ2ZW5jb2RlX3RhZyI6InZ0c192b2RfdXJsZ2VuLjcyMC5jbGlwcyJ9&_nc_ht=video-frt3-2.cdninstagram.com&_nc_cat=106&vs=500541458680666_3565247859&_nc_vs=HBksFQIYT2lnX3hwdl9yZWVsc19wZXJtYW5lbnRfcHJvZC84OTQ3QzE2RUEwNjk2QkQ0N0NBRTg1NjlBMEQwNUZCOV92aWRlb19kYXNoaW5pdC5tcDQVAALIAQAVABgkR0R5TzBSTEVkb2NEWjlZREFFTFVXM1ZqYVBzbmJxX0VBQUFGFQICyAEAKAAYABsBiAd1c2Vfb2lsATEVAAAm%2Fo7Q34vw5z8VAigCQzMsF0BKCHKwIMScGBJkYXNoX2Jhc2VsaW5lXzFfdjERAHUAAA%3D%3D&ccb=9-4&oh=00_AfDoN79Ud-O8g-JU3-YOJUF90Qu58TV7lEsHX6o_SPjqzA&oe=63E33C8D&_nc_sid=ea0b6e&_nc_rid=e91efd2a01\" data-media-id=\"122\" data-caption=\"\ud83d\udd38\ud835\uddd9\ud835\uddf2\ud835\ude00\ud835\ude01\ud835\uddf6\ud835\ude03\ud835\uddee\ud835\uddf9 \u201c\ud835\udddc\ud835\uddf9 \ud835\uddf1\ud835\uddf6\ud835\uddff\ud835\uddf6\ud835\ude01\ud835\ude01\ud835\uddfc \ud835\uddf1\ud835\uddf6 \ud835\uddf2\ud835\ude00\ud835\ude00\ud835\uddf2\ud835\uddff\ud835\uddf2 \ud835\uddef\ud835\uddee\ud835\uddfa\ud835\uddef\ud835\uddf6\ud835\uddfb\ud835\uddf6\u201d\ud83d\udd38<br \/>\n<br \/>\nIl 19, 20 e 22 novembre torna con l sua XII edizione il Festival organizzato in occasione della #GiornataMondialeDeiDirittiDeiBambini e delle bambine \u2764\ufe0f<br \/>\n<br \/>\nSiamo a #Legnano con tantissime proposte di confronto, riflessione, formazione ma anche divertimento per bambini e ragazzi con numerosi LAB #gratuiti! <br \/>\n<br \/>\n\ud83e\udd29 Vi siete gi\u00e0 iscritti al convegno di apertura\u2753 E ai salotti pedagogici\u2753 <br \/>\n<br \/>\n\ud83d\udcf2Basta una semplice registrazione sul nostro sito: https:\/\/www.pedagogia.it\/stripes\/festival-il-diritto-di-essere-bambini-2022\/<br \/>\n<br \/>\n#stripescoop #bicocca #universit\u00e0 #educazione #convegno #gratis #bambini #laboratoriperbambini #weekend #weekendconibambini #likeus #followus #share\"><img decoding=\"async\" src=\"https:\/\/video-frt3-2.cdninstagram.com\/o1\/v\/t16\/f1\/m82\/8947C16EA0696BD47CAE8569A0D05FB9_video_dashinit.mp4?efg=eyJ2ZW5jb2RlX3RhZyI6InZ0c192b2RfdXJsZ2VuLjcyMC5jbGlwcyJ9&_nc_ht=video-frt3-2.cdninstagram.com&_nc_cat=106&vs=500541458680666_3565247859&_nc_vs=HBksFQIYT2lnX3hwdl9yZWVsc19wZXJtYW5lbnRfcHJvZC84OTQ3QzE2RUEwNjk2QkQ0N0NBRTg1NjlBMEQwNUZCOV92aWRlb19kYXNoaW5pdC5tcDQVAALIAQAVABgkR0R5TzBSTEVkb2NEWjlZREFFTFVXM1ZqYVBzbmJxX0VBQUFGFQICyAEAKAAYABsBiAd1c2Vfb2lsATEVAAAm%2Fo7Q34vw5z8VAigCQzMsF0BKCHKwIMScGBJkYXNoX2Jhc2VsaW5lXzFfdjERAHUAAA%3D%3D&ccb=9-4&oh=00_AfDoN79Ud-O8g-JU3-YOJUF90Qu58TV7lEsHX6o_SPjqzA&oe=63E33C8D&_nc_sid=ea0b6e&_nc_rid=e91efd2a01\"><\/a><\/li><li><a title=\"\ud83d\udd38\ud835\uddd9\ud835\uddf2\ud835\ude00\ud835\ude01\ud835\uddf6\ud835\ude03\ud835\uddee\ud835\uddf9 \u201c\ud835\udddc\ud835\uddf9 \ud835\uddf1\ud835\uddf6\ud835\uddff\ud835\uddf6\ud835\ude01\ud835\ude01\ud835\uddfc \ud835\uddf1\ud835\uddf6 \ud835\uddf2\ud835\ude00\ud835\ude00\ud835\uddf2\ud835\uddff\ud835\uddf2 \ud835\uddef\ud835\uddee\ud835\uddfa\ud835\uddef\ud835\uddf6\ud835\uddfb\ud835\uddf6\u201d\ud83d\udd38\nIl 19, 20 e 22 novembre torna con l sua XII edizione il Festival organizzato in occasione della #GiornataMondialeDeiDirittiDeiBambini e delle bambine \u2764\ufe0f\nSaremo a #Legnano con tantissime proposte di confronto, riflessione, formazione ma anche divertimento per bambini e ragazzi con numerosi LAB #gratuiti! \n\ud83e\udd29 Vi siete gi\u00e0 iscritti al convegno di apertura\u2753 E ai salotti pedagogici\u2753 \n\ud83d\udcf2Basta una semplice registrazione sul nostro sito: www.stripes.it \n\n#stripescoop #convegno #dirittideibambini #bambini #gratis #formazione #pedagogia #universit\u00e0 #bicocca #universit\u00e0bicocca #milano #children #arte #robotica #likeus #followus #share\" target=\"_blank\"  data-author-image=\"\" data-likes-count=\"0\" data-type=\"image\" data-author-username=\"stripescoop.onlus\" data-link=\"https:\/\/www.instagram.com\/p\/ClBJ0CYINRk\/\" class=\"ei-media-type-image fancybox\" href=\"https:\/\/scontent-frx5-1.cdninstagram.com\/v\/t51.29350-15\/315559131_1075821616441924_6512346882235934075_n.jpg?_nc_cat=109&ccb=1-7&_nc_sid=8ae9d6&_nc_ohc=8NfBYjUc8VkAX-dHOP2&_nc_ht=scontent-frx5-1.cdninstagram.com&edm=ANo9K5cEAAAA&oh=00_AfCwPMrlkp6fFFR5Nep745qghWHOoQ1VNtHDOkrpNdoXmA&oe=63E66554\" data-media-id=\"121\" data-caption=\"\ud83d\udd38\ud835\uddd9\ud835\uddf2\ud835\ude00\ud835\ude01\ud835\uddf6\ud835\ude03\ud835\uddee\ud835\uddf9 \u201c\ud835\udddc\ud835\uddf9 \ud835\uddf1\ud835\uddf6\ud835\uddff\ud835\uddf6\ud835\ude01\ud835\ude01\ud835\uddfc \ud835\uddf1\ud835\uddf6 \ud835\uddf2\ud835\ude00\ud835\ude00\ud835\uddf2\ud835\uddff\ud835\uddf2 \ud835\uddef\ud835\uddee\ud835\uddfa\ud835\uddef\ud835\uddf6\ud835\uddfb\ud835\uddf6\u201d\ud83d\udd38<br \/>\nIl 19, 20 e 22 novembre torna con l sua XII edizione il Festival organizzato in occasione della #GiornataMondialeDeiDirittiDeiBambini e delle bambine \u2764\ufe0f<br \/>\nSaremo a #Legnano con tantissime proposte di confronto, riflessione, formazione ma anche divertimento per bambini e ragazzi con numerosi LAB #gratuiti! <br \/>\n\ud83e\udd29 Vi siete gi\u00e0 iscritti al convegno di apertura\u2753 E ai salotti pedagogici\u2753 <br \/>\n\ud83d\udcf2Basta una semplice registrazione sul nostro sito: www.stripes.it <br \/>\n<br \/>\n#stripescoop #convegno #dirittideibambini #bambini #gratis #formazione #pedagogia #universit\u00e0 #bicocca #universit\u00e0bicocca #milano #children #arte #robotica #likeus #followus #share\"><img decoding=\"async\" src=\"https:\/\/scontent-frx5-1.cdninstagram.com\/v\/t51.29350-15\/315559131_1075821616441924_6512346882235934075_n.jpg?_nc_cat=109&ccb=1-7&_nc_sid=8ae9d6&_nc_ohc=8NfBYjUc8VkAX-dHOP2&_nc_ht=scontent-frx5-1.cdninstagram.com&edm=ANo9K5cEAAAA&oh=00_AfCwPMrlkp6fFFR5Nep745qghWHOoQ1VNtHDOkrpNdoXmA&oe=63E66554\"><\/a><\/li><li><a title=\"Prima giornata di laboratori #gratuiti alla @milanodigitalweek!! Ci saremo ancora domani! #arexpo #stripescoop #mdw2022 #milanodigitalweek\" target=\"_blank\"  data-author-image=\"\" data-likes-count=\"0\" data-type=\"video\" data-author-username=\"stripescoop.onlus\" data-link=\"https:\/\/www.instagram.com\/reel\/Ck3_FJXr6k_\/\" class=\"ei-media-type-video fancybox\" href=\"https:\/\/video-frt3-2.cdninstagram.com\/o1\/v\/t16\/f1\/m82\/AA4BBE6C20E958240667A0C3FE4884B2_video_dashinit.mp4?efg=eyJ2ZW5jb2RlX3RhZyI6InZ0c192b2RfdXJsZ2VuLjQ4MC5jbGlwcyJ9&_nc_ht=video-frt3-2.cdninstagram.com&_nc_cat=111&vs=473038614683661_3665320879&_nc_vs=HBksFQIYT2lnX3hwdl9yZWVsc19wZXJtYW5lbnRfcHJvZC9BQTRCQkU2QzIwRTk1ODI0MDY2N0EwQzNGRTQ4ODRCMl92aWRlb19kYXNoaW5pdC5tcDQVAALIAQAVABgkR0xhM3pCTE9CUkpremRRQUFHM3BlYUF6dUFVSGJxX0VBQUFGFQICyAEAKAAYABsBiAd1c2Vfb2lsATEVAAAm%2BtDUn9aCw0AVAigCQzMsF0BSfocrAgxKGBJkYXNoX2Jhc2VsaW5lXzFfdjERAHUAAA%3D%3D&ccb=9-4&oh=00_AfCVM6Fi6NzZ29jSk3Y2niUWhJzsiIjVan3XHGMC9RyqnQ&oe=63E39B89&_nc_sid=ea0b6e&_nc_rid=830d37a555\" data-media-id=\"120\" data-caption=\"Prima giornata di laboratori #gratuiti alla @milanodigitalweek!! Ci saremo ancora domani! #arexpo #stripescoop #mdw2022 #milanodigitalweek\"><img decoding=\"async\" src=\"https:\/\/video-frt3-2.cdninstagram.com\/o1\/v\/t16\/f1\/m82\/AA4BBE6C20E958240667A0C3FE4884B2_video_dashinit.mp4?efg=eyJ2ZW5jb2RlX3RhZyI6InZ0c192b2RfdXJsZ2VuLjQ4MC5jbGlwcyJ9&_nc_ht=video-frt3-2.cdninstagram.com&_nc_cat=111&vs=473038614683661_3665320879&_nc_vs=HBksFQIYT2lnX3hwdl9yZWVsc19wZXJtYW5lbnRfcHJvZC9BQTRCQkU2QzIwRTk1ODI0MDY2N0EwQzNGRTQ4ODRCMl92aWRlb19kYXNoaW5pdC5tcDQVAALIAQAVABgkR0xhM3pCTE9CUkpremRRQUFHM3BlYUF6dUFVSGJxX0VBQUFGFQICyAEAKAAYABsBiAd1c2Vfb2lsATEVAAAm%2BtDUn9aCw0AVAigCQzMsF0BSfocrAgxKGBJkYXNoX2Jhc2VsaW5lXzFfdjERAHUAAA%3D%3D&ccb=9-4&oh=00_AfCVM6Fi6NzZ29jSk3Y2niUWhJzsiIjVan3XHGMC9RyqnQ&oe=63E39B89&_nc_sid=ea0b6e&_nc_rid=830d37a555\"><\/a><\/li><li><a title=\"#GivingTuesday \n\u201cIl dono \u00e8 un atto d\u2019amore e quando riguarda i bambini va fatto con il cuore\u201d \u2764\ufe0f\n\nVota la nostra foto per sostenere i servizi e i progetti educativi di #Stripescoop\ud83e\udd70\nVai su www.givingtuesday.it e vota la foto \u201cGuardare con il cuore\u201d \n\n#grazie #volontariato #dona #donaora #vota #cuore #heart #likeus #share #followus #bambini #children\" target=\"_blank\"  data-author-image=\"\" data-likes-count=\"0\" data-type=\"video\" data-author-username=\"stripescoop.onlus\" data-link=\"https:\/\/www.instagram.com\/reel\/Ckvi3m6pVZ2\/\" class=\"ei-media-type-video fancybox\" href=\"https:\/\/video-frt3-2.cdninstagram.com\/o1\/v\/t16\/f1\/m82\/A34D23FE5A7E7CC0918465AD7BB8EAA2_video_dashinit.mp4?efg=eyJ2ZW5jb2RlX3RhZyI6InZ0c192b2RfdXJsZ2VuLjcyMC5jbGlwcyJ9&_nc_ht=video-frt3-2.cdninstagram.com&_nc_cat=111&vs=495143675892349_785642647&_nc_vs=HBksFQIYT2lnX3hwdl9yZWVsc19wZXJtYW5lbnRfcHJvZC9BMzREMjNGRTVBN0U3Q0MwOTE4NDY1QUQ3QkI4RUFBMl92aWRlb19kYXNoaW5pdC5tcDQVAALIAQAVABgkR1B5ZHd4TEVYcjNVMnBRQUFIOEExX0R6XzcwdGJxX0VBQUFGFQICyAEAKAAYABsBiAd1c2Vfb2lsATEVAAAm4JDLitbR7T8VAigCQzMsF0BGBDlYEGJOGBJkYXNoX2Jhc2VsaW5lXzFfdjERAHUAAA%3D%3D&ccb=9-4&oh=00_AfAFW0S6_4gkiWofZBRFVQlkq-QY2CGMRX7qj-qsj59Inw&oe=63E36791&_nc_sid=ea0b6e&_nc_rid=c73e31ab8f\" data-media-id=\"119\" data-caption=\"#GivingTuesday <br \/>\n\u201cIl dono \u00e8 un atto d\u2019amore e quando riguarda i bambini va fatto con il cuore\u201d \u2764\ufe0f<br \/>\n<br \/>\nVota la nostra foto per sostenere i servizi e i progetti educativi di #Stripescoop\ud83e\udd70<br \/>\nVai su www.givingtuesday.it e vota la foto \u201cGuardare con il cuore\u201d <br \/>\n<br \/>\n#grazie #volontariato #dona #donaora #vota #cuore #heart #likeus #share #followus #bambini #children\"><img decoding=\"async\" src=\"https:\/\/video-frt3-2.cdninstagram.com\/o1\/v\/t16\/f1\/m82\/A34D23FE5A7E7CC0918465AD7BB8EAA2_video_dashinit.mp4?efg=eyJ2ZW5jb2RlX3RhZyI6InZ0c192b2RfdXJsZ2VuLjcyMC5jbGlwcyJ9&_nc_ht=video-frt3-2.cdninstagram.com&_nc_cat=111&vs=495143675892349_785642647&_nc_vs=HBksFQIYT2lnX3hwdl9yZWVsc19wZXJtYW5lbnRfcHJvZC9BMzREMjNGRTVBN0U3Q0MwOTE4NDY1QUQ3QkI4RUFBMl92aWRlb19kYXNoaW5pdC5tcDQVAALIAQAVABgkR1B5ZHd4TEVYcjNVMnBRQUFIOEExX0R6XzcwdGJxX0VBQUFGFQICyAEAKAAYABsBiAd1c2Vfb2lsATEVAAAm4JDLitbR7T8VAigCQzMsF0BGBDlYEGJOGBJkYXNoX2Jhc2VsaW5lXzFfdjERAHUAAA%3D%3D&ccb=9-4&oh=00_AfAFW0S6_4gkiWofZBRFVQlkq-QY2CGMRX7qj-qsj59Inw&oe=63E36791&_nc_sid=ea0b6e&_nc_rid=c73e31ab8f\"><\/a><\/li><li><a title=\"#MilanoDigitalWeek \ud83d\ude0e\ud83e\udd16\n\nAnche quest\u2019anno lo #StripesDigitusLab partecipa alla @milanodigitalweek dall\u201911 al 14 novembre!\n\nTanti gli eventi in programma per parlare, giocare e formarsi su temi educativi attuali ed innovativi! Ci saranno ospiti e sorprese da non perdere!\n\nIniziamo con il primo evento! \n\n\ud83d\udd39\ud83e\udd16Tra corpo e Steam contro la povert\u00e0 educativa \ud83e\udd16\ud83d\udd39\n\n\ud83d\uddd3Quando: 11 novembre  2022 alle 17:30\n\ud83d\udccd Dove: ci vediamo online!\n\ud83d\ude0e Relatori: Irene Villa, project Manager di @missionbambini ; Giovanni Ghidini, psicomotricista esperto di @laureus_italia e Sara Di Bruno, project Manager di Stripes coop. sociale Onlus\n\nUn #webinar pensato per far emergere la stretta connessione tra il mondo digitale e quello motorio. Sar\u00e0 una bella occasione per parlare del progetto Stringhe, selezionato da @conibambini nell\u2019ambito del fondo per il contrasto della povert\u00e0 educativa minorile e che vede come Capofila Mission Bambini. Insieme a Stripes, Laureus e tanti altri partner stanno portando la robotica educativa e la psicomotricit\u00e0 in alcune scuole di #Milano, #Napoli e #Catania attraverso una metodologia integrata di queste discipline. \n\n\ud83d\udcf2Registrati qui: https:\/\/www.pedagogia.it\/digituslab\/milano-digital-week\/\n\n#stripescoop #bambini #robotica #roboticaeducativa #mindmilano #milano #arexpo #steam #stem #coding #insegnanti #scuola #sport #psicomotricit\u00e0 #laureus #missionbambini #conibambini #likeus #share\" target=\"_blank\"  data-author-image=\"\" data-likes-count=\"0\" data-type=\"image\" data-author-username=\"stripescoop.onlus\" data-link=\"https:\/\/www.instagram.com\/p\/Ckia_LOt0ij\/\" class=\"ei-media-type-image fancybox\" href=\"https:\/\/scontent-frx5-1.cdninstagram.com\/v\/t51.29350-15\/313903527_670012721363829_1604598038135826880_n.jpg?_nc_cat=105&ccb=1-7&_nc_sid=8ae9d6&_nc_ohc=pmefJ8tN0rkAX-1DQ7Y&_nc_ht=scontent-frx5-1.cdninstagram.com&edm=ANo9K5cEAAAA&oh=00_AfDfV_Gv2Dr821o9nbAgscuVTX8P_kYUfKwswgpN8z_E_Q&oe=63E61DEA\" data-media-id=\"113\" data-caption=\"#MilanoDigitalWeek \ud83d\ude0e\ud83e\udd16<br \/>\n<br \/>\nAnche quest\u2019anno lo #StripesDigitusLab partecipa alla @milanodigitalweek dall\u201911 al 14 novembre!<br \/>\n<br \/>\nTanti gli eventi in programma per parlare, giocare e formarsi su temi educativi attuali ed innovativi! Ci saranno ospiti e sorprese da non perdere!<br \/>\n<br \/>\nIniziamo con il primo evento! <br \/>\n<br \/>\n\ud83d\udd39\ud83e\udd16Tra corpo e Steam contro la povert\u00e0 educativa \ud83e\udd16\ud83d\udd39<br \/>\n<br \/>\n\ud83d\uddd3Quando: 11 novembre  2022 alle 17:30<br \/>\n\ud83d\udccd Dove: ci vediamo online!<br \/>\n\ud83d\ude0e Relatori: Irene Villa, project Manager di @missionbambini ; Giovanni Ghidini, psicomotricista esperto di @laureus_italia e Sara Di Bruno, project Manager di Stripes coop. sociale Onlus<br \/>\n<br \/>\nUn #webinar pensato per far emergere la stretta connessione tra il mondo digitale e quello motorio. Sar\u00e0 una bella occasione per parlare del progetto Stringhe, selezionato da @conibambini nell\u2019ambito del fondo per il contrasto della povert\u00e0 educativa minorile e che vede come Capofila Mission Bambini. Insieme a Stripes, Laureus e tanti altri partner stanno portando la robotica educativa e la psicomotricit\u00e0 in alcune scuole di #Milano, #Napoli e #Catania attraverso una metodologia integrata di queste discipline. <br \/>\n<br \/>\n\ud83d\udcf2Registrati qui: https:\/\/www.pedagogia.it\/digituslab\/milano-digital-week\/<br \/>\n<br \/>\n#stripescoop #bambini #robotica #roboticaeducativa #mindmilano #milano #arexpo #steam #stem #coding #insegnanti #scuola #sport #psicomotricit\u00e0 #laureus #missionbambini #conibambini #likeus #share\"><img decoding=\"async\" src=\"https:\/\/scontent-frx5-1.cdninstagram.com\/v\/t51.29350-15\/313903527_670012721363829_1604598038135826880_n.jpg?_nc_cat=105&ccb=1-7&_nc_sid=8ae9d6&_nc_ohc=pmefJ8tN0rkAX-1DQ7Y&_nc_ht=scontent-frx5-1.cdninstagram.com&edm=ANo9K5cEAAAA&oh=00_AfDfV_Gv2Dr821o9nbAgscuVTX8P_kYUfKwswgpN8z_E_Q&oe=63E61DEA\"><\/a><\/li><li><a title=\"#GivingTuesday \ud83d\ude0d\n\n#StripesCoop partecipa al contest &quot;Scatta la generosit\u00e0&quot; organizzato da GivingTuesday Italy e Fondazione AIFR e dedicato alle scuole e alle organizzazioni non profit per raccontare il dono e la generosit\u00e0.\n\nL\u2019obiettivo \u00e8 quello di valorizzare l\u2019impegno, la cura e la solidariet\u00e0 attraverso la fotografia per celebrare la bellezza del dono e ispirare sempre pi\u00f9 persone a fare uno scatto verso azioni solidali.\n\nVotare \u00e8 semplice, basta seguire queste istruzioni:\n\ud83d\udd38Clicca sul link: https:\/\/givingtuesday.it\/progetti\/guardare-con-il-cuore\/\n\ud83d\udd38Clicca su VOTA\n\ud83d\udd38Inserisci il tuo indirizzo e-mail e clicca ancora su vota\n\ud83d\udd38vai nella tua casella di posta, dopo qualche minuto ( a volte ci mette pi\u00f9 tempo) ti arriver\u00e0 una mail da Giving Tuesday per confermare il voto. Aprila e clicca su CONFERMA. ( se non arriva la mail, controlla lo Spam o la posta indesiderata)\n\ud83d\udd39Grazie!!!! Hai votato per noi! \u2764\ufe0f\n\n\u2764\ufe0f Se anche tu vuoi supportarci, VOTA LA FOTO che trovi nel link e se ti fa piacere condividi e DIFFONDI questo post!\n\n\u2764\ufe0f \ud835\uddda\ud835\ude02\ud835\uddee\ud835\uddff\ud835\uddf1\ud835\uddee \ud835\uddf0\ud835\uddfc\ud835\uddfb \ud835\uddf6\ud835\uddf9 \ud835\uddd6\ud835\ude02\ud835\uddfc\ud835\uddff\ud835\uddf2 \ud835\uddee\ud835\uddfb\ud835\uddf0\ud835\uddf5\ud835\uddf2 \ud835\ude01\ud835\ude02! \u2764\ufe0f\n\n***************\nUn #Grazie particolare ai nostri bambini della scuola dell&#039;infanzia Don Luzzini di Cerro Maggiore\n\n#stripescoop #donazione #votapernoi #vota #contest #fotografia #photo #contestfotografico #raccoltafondi #fundraising #helpus #likeus #share #followus #children #cooperativasociale #educazione #pedagogia\" target=\"_blank\"  data-author-image=\"\" data-likes-count=\"0\" data-type=\"image\" data-author-username=\"stripescoop.onlus\" data-link=\"https:\/\/www.instagram.com\/p\/CkfkhyhtXLm\/\" class=\"ei-media-type-image fancybox\" href=\"https:\/\/scontent-frt3-2.cdninstagram.com\/v\/t51.29350-15\/314398302_122598380620636_4723899977530999911_n.jpg?_nc_cat=102&ccb=1-7&_nc_sid=8ae9d6&_nc_ohc=jt2V0dvSxhoAX-N8xFP&_nc_ht=scontent-frt3-2.cdninstagram.com&edm=ANo9K5cEAAAA&oh=00_AfDPjdzv2SLI2WrNmL-qAP9vu5PpvNxf1if6QHBBBdNn2A&oe=63E754F8\" data-media-id=\"114\" data-caption=\"#GivingTuesday \ud83d\ude0d<br \/>\n<br \/>\n#StripesCoop partecipa al contest &quot;Scatta la generosit\u00e0&quot; organizzato da GivingTuesday Italy e Fondazione AIFR e dedicato alle scuole e alle organizzazioni non profit per raccontare il dono e la generosit\u00e0.<br \/>\n<br \/>\nL\u2019obiettivo \u00e8 quello di valorizzare l\u2019impegno, la cura e la solidariet\u00e0 attraverso la fotografia per celebrare la bellezza del dono e ispirare sempre pi\u00f9 persone a fare uno scatto verso azioni solidali.<br \/>\n<br \/>\nVotare \u00e8 semplice, basta seguire queste istruzioni:<br \/>\n\ud83d\udd38Clicca sul link: https:\/\/givingtuesday.it\/progetti\/guardare-con-il-cuore\/<br \/>\n\ud83d\udd38Clicca su VOTA<br \/>\n\ud83d\udd38Inserisci il tuo indirizzo e-mail e clicca ancora su vota<br \/>\n\ud83d\udd38vai nella tua casella di posta, dopo qualche minuto ( a volte ci mette pi\u00f9 tempo) ti arriver\u00e0 una mail da Giving Tuesday per confermare il voto. Aprila e clicca su CONFERMA. ( se non arriva la mail, controlla lo Spam o la posta indesiderata)<br \/>\n\ud83d\udd39Grazie!!!! Hai votato per noi! \u2764\ufe0f<br \/>\n<br \/>\n\u2764\ufe0f Se anche tu vuoi supportarci, VOTA LA FOTO che trovi nel link e se ti fa piacere condividi e DIFFONDI questo post!<br \/>\n<br \/>\n\u2764\ufe0f \ud835\uddda\ud835\ude02\ud835\uddee\ud835\uddff\ud835\uddf1\ud835\uddee \ud835\uddf0\ud835\uddfc\ud835\uddfb \ud835\uddf6\ud835\uddf9 \ud835\uddd6\ud835\ude02\ud835\uddfc\ud835\uddff\ud835\uddf2 \ud835\uddee\ud835\uddfb\ud835\uddf0\ud835\uddf5\ud835\uddf2 \ud835\ude01\ud835\ude02! \u2764\ufe0f<br \/>\n<br \/>\n***************<br \/>\nUn #Grazie particolare ai nostri bambini della scuola dell&#039;infanzia Don Luzzini di Cerro Maggiore<br \/>\n<br \/>\n#stripescoop #donazione #votapernoi #vota #contest #fotografia #photo #contestfotografico #raccoltafondi #fundraising #helpus #likeus #share #followus #children #cooperativasociale #educazione #pedagogia\"><img decoding=\"async\" src=\"https:\/\/scontent-frt3-2.cdninstagram.com\/v\/t51.29350-15\/314398302_122598380620636_4723899977530999911_n.jpg?_nc_cat=102&ccb=1-7&_nc_sid=8ae9d6&_nc_ohc=jt2V0dvSxhoAX-N8xFP&_nc_ht=scontent-frt3-2.cdninstagram.com&edm=ANo9K5cEAAAA&oh=00_AfDPjdzv2SLI2WrNmL-qAP9vu5PpvNxf1if6QHBBBdNn2A&oe=63E754F8\"><\/a><\/li><li><a title=\"La #FormazioneStripes riparte alla grande!!! \ud83d\ude0e \nNel mese di novembre ci saranno ben tre corsi! \ud83d\ude0d\nEcco il terzo (avete gi\u00e0 visto gli altri due??):\n\ud83d\udd39\ud835\uddd7\ud835\udddc\ud835\udde0\ud835\udde0\ud835\udddc \ud835\uddd7\ud835\udddc \ud835\udde1\ud835\udde2!\n\ud835\uddda\ud835\uddf2\ud835\uddfb\ud835\uddf6\ud835\ude01\ud835\uddfc\ud835\uddff\ud835\uddf6 \ud835\uddf2 \ud835\uddef\ud835\uddee\ud835\uddfa\ud835\uddef\ud835\uddf6\ud835\uddfb\ud835\uddf6 \ud835\uddee\ud835\uddf9\ud835\uddf9\ud835\uddf2 \ud835\uddfd\ud835\uddff\ud835\uddf2\ud835\ude00\ud835\uddf2 \ud835\uddf0\ud835\uddfc\ud835\uddfb \ud835\uddf9\ud835\uddf2 \ud835\uddff\ud835\uddf2\ud835\uddf4\ud835\uddfc\ud835\uddf9\ud835\uddf2\ud83d\udd39\n\n\ud83d\uddd3\ud835\udde4\ud835\udde8\ud835\uddd4\ud835\udde1\ud835\uddd7\ud835\udde2: MERCOLEDI\u2019 16 NOVEMBRE 2022, ORE 18.00-19.30\n\ud83d\udccd\ud835\uddd7\ud835\udde2\ud835\udde9\ud835\uddd8: Online, ci vediamo su Zoom!\n \ud83e\udd13\ud835\uddd6\ud835\udde2\ud835\udde6\ud835\uddd4 \ud835\uddd9\ud835\uddd4\ud835\udde5\ud835\uddd8\ud835\udde0\ud835\udde2:\n\ud835\udc37\ud835\udc56\ud835\udc5f\ud835\udc52 \ud835\udc51\ud835\udc56 \ud835\udc60\ud835\udc56\u0300 \ud835\udc5c \ud835\udc51\ud835\udc56\ud835\udc5f\ud835\udc52 \ud835\udc51\ud835\udc56 \ud835\udc5b\ud835\udc5c? \ud835\udc44\ud835\udc62\ud835\udc4e\ud835\udc59\ud835\udc56 \ud835\udc60\ud835\udc5c\ud835\udc5b\ud835\udc5c \ud835\udc56 \ud835\udc4f\ud835\udc56\ud835\udc60\ud835\udc5c\ud835\udc54\ud835\udc5b\ud835\udc56 \ud835\udc51\ud835\udc52\ud835\udc56 \ud835\udc4f\ud835\udc4e\ud835\udc5a\ud835\udc4f\ud835\udc56\ud835\udc5b\ud835\udc56?\n\ud835\udc36\ud835\udc5c\ud835\udc5a\ud835\udc52 \ud835\udc52 \ud835\udc5d\ud835\udc52\ud835\udc5f\ud835\udc50\u210e\ud835\udc52\u0300 \ud835\udc59\ud835\udc52 \ud835\udc5f\ud835\udc52\ud835\udc54\ud835\udc5c\ud835\udc59\ud835\udc52 \ud835\udc51\ud835\udc4e\ud835\udc61\ud835\udc52 \ud835\udc51\ud835\udc4e\ud835\udc56 \ud835\udc54\ud835\udc52\ud835\udc5b\ud835\udc56\ud835\udc61\ud835\udc5c\ud835\udc5f\ud835\udc56 \ud835\udc60\ud835\udc5c\ud835\udc51\ud835\udc51\ud835\udc56\ud835\udc60\ud835\udc53\ud835\udc4e\ud835\udc5b\ud835\udc5c \ud835\udc56 \ud835\udc4f\ud835\udc56\ud835\udc60\ud835\udc5c\ud835\udc54\ud835\udc5b\ud835\udc56 \ud835\udc51\ud835\udc52\ud835\udc56 \ud835\udc59\ud835\udc5c\ud835\udc5f\ud835\udc5c \ud835\udc5d\ud835\udc56\ud835\udc50\ud835\udc50\ud835\udc5c\ud835\udc59\ud835\udc56?\n\nNon \u00e8 mai troppo presto per porsi queste domande. Insieme scopriremo modi, tempi e caratteristiche dell\u2019educazione alle regole per avere genitori pi\u00f9 consapevoli e bambini pi\u00f9 felici.\n\ud83d\udc49\ud835\uddd7\ud835\uddd8\ud835\udde6\ud835\udde7\ud835\udddc\ud835\udde1\ud835\uddd4\ud835\udde7\ud835\uddd4\ud835\udde5\ud835\udddc: Il corso si rivolge ai genitori di bambini 0-6 anni \n\ud83d\udc69\u200d\ud83e\uddb0\ud835\uddd7\ud835\udde2\ud835\uddd6\ud835\uddd8\ud835\udde1\ud835\udde7\ud835\uddd8: Fabia Genoni, pedagogista Stripes Coop\n \ud83d\udcf2\ud835\udddc\ud835\udde1\ud835\uddd9\ud835\udde2: Per info e iscrizioni puoi scrivere a formazione@pedagogia.it\n#StayTuned tra poco arriver\u00e0 post con il calendario della formazione 2022\/2023\n\ud83d\udc49Clicca qui per raggiungere il sito: https:\/\/www.pedagogia.it\/stripes\/dimmi-di-no\/\n\n***************\nIMPORTANTE:\nPer i genitori e le famiglie dei seguenti servizi 0\/6 gestiti da Stripes Coop il #webinar sar\u00e0 gratuito:\n\nComune di Torre d\u2019Isola - Asilo Nido \u201cTipi Vispi\u201d\nComune di Magherno - Polo Infanzia 2-6 \u201cMaria Bambina\u201d\nComune di Pavia - Spazio ZEROSEI Pavia\nComune di Torrevecchia Pia - Asilo Nido \u201cIl Chicco di riso\u201d\nComune di Settimo Milanese \n- Asilo Nido Comunale LA CINCIALLEGRA \u2013 Seguro\nAsili Nido Comunali IL COLIBRI\u2019 e IL PETTIROSSO \u2013 Settimo Milanese\nAsilo Nido Comunale LA RONDINE \u2013 Vighignolo\nCentro Prima Infanzia CIPI\nComune di Bovisio Masciago - Asilo Nido comunale\nCentro per la Famiglia BIOBAB - Asilo Nido \u201cBlubaobab\u201d\n \nIMPORTANTE! I genitori e le famiglie interessate possono rivolgersi alla coordinatrice del servizio che frequentano i loro bambini.\" target=\"_blank\"  data-author-image=\"\" data-likes-count=\"0\" data-type=\"image\" data-author-username=\"stripescoop.onlus\" data-link=\"https:\/\/www.instagram.com\/p\/Ckc3loQN7nc\/\" class=\"ei-media-type-image fancybox\" href=\"https:\/\/scontent-frt3-2.cdninstagram.com\/v\/t39.30808-6\/311453364_8849154271765079_8492859383891198326_n.jpg?_nc_cat=107&ccb=1-7&_nc_sid=8ae9d6&_nc_ohc=Ctn9dlGoWEcAX9u49Ug&_nc_ht=scontent-frt3-2.cdninstagram.com&edm=ANo9K5cEAAAA&oh=00_AfCIaYzqPzmYgnsyqmbvLI_9xg9E-T95cmGkge-RnwC2zQ&oe=63E6B843\" data-media-id=\"115\" data-caption=\"La #FormazioneStripes riparte alla grande!!! \ud83d\ude0e <br \/>\nNel mese di novembre ci saranno ben tre corsi! \ud83d\ude0d<br \/>\nEcco il terzo (avete gi\u00e0 visto gli altri due??):<br \/>\n\ud83d\udd39\ud835\uddd7\ud835\udddc\ud835\udde0\ud835\udde0\ud835\udddc \ud835\uddd7\ud835\udddc \ud835\udde1\ud835\udde2!<br \/>\n\ud835\uddda\ud835\uddf2\ud835\uddfb\ud835\uddf6\ud835\ude01\ud835\uddfc\ud835\uddff\ud835\uddf6 \ud835\uddf2 \ud835\uddef\ud835\uddee\ud835\uddfa\ud835\uddef\ud835\uddf6\ud835\uddfb\ud835\uddf6 \ud835\uddee\ud835\uddf9\ud835\uddf9\ud835\uddf2 \ud835\uddfd\ud835\uddff\ud835\uddf2\ud835\ude00\ud835\uddf2 \ud835\uddf0\ud835\uddfc\ud835\uddfb \ud835\uddf9\ud835\uddf2 \ud835\uddff\ud835\uddf2\ud835\uddf4\ud835\uddfc\ud835\uddf9\ud835\uddf2\ud83d\udd39<br \/>\n<br \/>\n\ud83d\uddd3\ud835\udde4\ud835\udde8\ud835\uddd4\ud835\udde1\ud835\uddd7\ud835\udde2: MERCOLEDI\u2019 16 NOVEMBRE 2022, ORE 18.00-19.30<br \/>\n\ud83d\udccd\ud835\uddd7\ud835\udde2\ud835\udde9\ud835\uddd8: Online, ci vediamo su Zoom!<br \/>\n \ud83e\udd13\ud835\uddd6\ud835\udde2\ud835\udde6\ud835\uddd4 \ud835\uddd9\ud835\uddd4\ud835\udde5\ud835\uddd8\ud835\udde0\ud835\udde2:<br \/>\n\ud835\udc37\ud835\udc56\ud835\udc5f\ud835\udc52 \ud835\udc51\ud835\udc56 \ud835\udc60\ud835\udc56\u0300 \ud835\udc5c \ud835\udc51\ud835\udc56\ud835\udc5f\ud835\udc52 \ud835\udc51\ud835\udc56 \ud835\udc5b\ud835\udc5c? \ud835\udc44\ud835\udc62\ud835\udc4e\ud835\udc59\ud835\udc56 \ud835\udc60\ud835\udc5c\ud835\udc5b\ud835\udc5c \ud835\udc56 \ud835\udc4f\ud835\udc56\ud835\udc60\ud835\udc5c\ud835\udc54\ud835\udc5b\ud835\udc56 \ud835\udc51\ud835\udc52\ud835\udc56 \ud835\udc4f\ud835\udc4e\ud835\udc5a\ud835\udc4f\ud835\udc56\ud835\udc5b\ud835\udc56?<br \/>\n\ud835\udc36\ud835\udc5c\ud835\udc5a\ud835\udc52 \ud835\udc52 \ud835\udc5d\ud835\udc52\ud835\udc5f\ud835\udc50\u210e\ud835\udc52\u0300 \ud835\udc59\ud835\udc52 \ud835\udc5f\ud835\udc52\ud835\udc54\ud835\udc5c\ud835\udc59\ud835\udc52 \ud835\udc51\ud835\udc4e\ud835\udc61\ud835\udc52 \ud835\udc51\ud835\udc4e\ud835\udc56 \ud835\udc54\ud835\udc52\ud835\udc5b\ud835\udc56\ud835\udc61\ud835\udc5c\ud835\udc5f\ud835\udc56 \ud835\udc60\ud835\udc5c\ud835\udc51\ud835\udc51\ud835\udc56\ud835\udc60\ud835\udc53\ud835\udc4e\ud835\udc5b\ud835\udc5c \ud835\udc56 \ud835\udc4f\ud835\udc56\ud835\udc60\ud835\udc5c\ud835\udc54\ud835\udc5b\ud835\udc56 \ud835\udc51\ud835\udc52\ud835\udc56 \ud835\udc59\ud835\udc5c\ud835\udc5f\ud835\udc5c \ud835\udc5d\ud835\udc56\ud835\udc50\ud835\udc50\ud835\udc5c\ud835\udc59\ud835\udc56?<br \/>\n<br \/>\nNon \u00e8 mai troppo presto per porsi queste domande. Insieme scopriremo modi, tempi e caratteristiche dell\u2019educazione alle regole per avere genitori pi\u00f9 consapevoli e bambini pi\u00f9 felici.<br \/>\n\ud83d\udc49\ud835\uddd7\ud835\uddd8\ud835\udde6\ud835\udde7\ud835\udddc\ud835\udde1\ud835\uddd4\ud835\udde7\ud835\uddd4\ud835\udde5\ud835\udddc: Il corso si rivolge ai genitori di bambini 0-6 anni <br \/>\n\ud83d\udc69\u200d\ud83e\uddb0\ud835\uddd7\ud835\udde2\ud835\uddd6\ud835\uddd8\ud835\udde1\ud835\udde7\ud835\uddd8: Fabia Genoni, pedagogista Stripes Coop<br \/>\n \ud83d\udcf2\ud835\udddc\ud835\udde1\ud835\uddd9\ud835\udde2: Per info e iscrizioni puoi scrivere a formazione@pedagogia.it<br \/>\n#StayTuned tra poco arriver\u00e0 post con il calendario della formazione 2022\/2023<br \/>\n\ud83d\udc49Clicca qui per raggiungere il sito: https:\/\/www.pedagogia.it\/stripes\/dimmi-di-no\/<br \/>\n<br \/>\n***************<br \/>\nIMPORTANTE:<br \/>\nPer i genitori e le famiglie dei seguenti servizi 0\/6 gestiti da Stripes Coop il #webinar sar\u00e0 gratuito:<br \/>\n<br \/>\nComune di Torre d\u2019Isola - Asilo Nido \u201cTipi Vispi\u201d<br \/>\nComune di Magherno - Polo Infanzia 2-6 \u201cMaria Bambina\u201d<br \/>\nComune di Pavia - Spazio ZEROSEI Pavia<br \/>\nComune di Torrevecchia Pia - Asilo Nido \u201cIl Chicco di riso\u201d<br \/>\nComune di Settimo Milanese <br \/>\n- Asilo Nido Comunale LA CINCIALLEGRA \u2013 Seguro<br \/>\nAsili Nido Comunali IL COLIBRI\u2019 e IL PETTIROSSO \u2013 Settimo Milanese<br \/>\nAsilo Nido Comunale LA RONDINE \u2013 Vighignolo<br \/>\nCentro Prima Infanzia CIPI<br \/>\nComune di Bovisio Masciago - Asilo Nido comunale<br \/>\nCentro per la Famiglia BIOBAB - Asilo Nido \u201cBlubaobab\u201d<br \/>\n <br \/>\nIMPORTANTE! I genitori e le famiglie interessate possono rivolgersi alla coordinatrice del servizio che frequentano i loro bambini.\"><img decoding=\"async\" src=\"https:\/\/scontent-frt3-2.cdninstagram.com\/v\/t39.30808-6\/311453364_8849154271765079_8492859383891198326_n.jpg?_nc_cat=107&ccb=1-7&_nc_sid=8ae9d6&_nc_ohc=Ctn9dlGoWEcAX9u49Ug&_nc_ht=scontent-frt3-2.cdninstagram.com&edm=ANo9K5cEAAAA&oh=00_AfCIaYzqPzmYgnsyqmbvLI_9xg9E-T95cmGkge-RnwC2zQ&oe=63E6B843\"><\/a><\/li><li><a title=\"\ud83c\udf2c\ud83d\udcda A Novembre apre Sogni Lib(e)ri, uno spazio immaginato come un&#039;Officina Letteraria in cui sperimentare con libri e parole, costruire storie, assemblare pensieri e giocare con gli spazi tra le righe. Sar\u00e0 la nostra libreria, da arricchire nel tempo di contenuti diversi.\n\nLa prima proposta \u00e8 Educare al Pensiero Ecologico, un percorso formativo per docenti, educatori, appassionati di futuro e albi illustrati. Insieme a Rosa Tiziana Bruno, autrice del libro Educare al pensiero ecologico. Letture, scritture e passeggiate per un mondo sostenibile, Topipittori, 2020.\n\nMai come oggi avvertiamo la necessit\u00e0 di creare un habitat sostenibile e nuove forme di relazioni fra uomo e natura. Perch\u00e9 questa urgenza diventi realt\u00e0, \u00e8 necessaria un&#039;educazione al pensiero ecologico che tocchi anche, e soprattutto, bambini e ragazzi. Ci\u00f2 che serve \u00e8 un nuovo paradigma educativo che coinvolga scuole e famiglie, basato sulla combinazione fra principi etici e sviluppo cognitivo. Un paradigma che trovi nel territorio uno spazio di conoscenza e sperimentazione e nel paesaggio un orizzonte di bellezza possibile. Il percorso formativo sar\u00e0 condotto da Rosa Tiziana Bruno*, sociologa e autrice per ragazzi, con una proposta per sviluppare la cosiddetta Ecosaggezza, ovvero l\u2019intima consapevolezza della connessione che ci lega a tutti i viventi.\n\nTre appuntamenti gratuiti:\n\n\ud83c\udf31PER UN&#039;INFANZIA DI ECOSAGGEZZA - Proposte e riflessioni per docenti ed educatori servizi 0-6 e scuola primaria\n\nLuned\u00ec 7\/11\/22, 17:00-19:00, online\n\n---\n\n\ud83e\udeb4CRESCERE IN ECOSAGGEZZA E FELICITA&#039; - Proposte e riflessioni per docenti ed educatori alla scuola secondaria di I e II grado\n\nLuned\u00ec 14\/11\/2022, 17:00-19:00, online\n\n---\n\n\ud83c\udf33PER PREPARARSI ALL&#039;INCONTRO CON LA NATURA E IL PAESAGGIO - Per prepararsi all&#039;incontro con la Natura e il paesaggio Workshop pratico per tutt*\n\nSabato 19\/11\/2022, ore 10:00-13:00 in presenza a LaBolla -pi\u00f9 di un luogo\n\n\ud83d\udcdd Per iscrizioni: bit.ly\/3s1BBgY\n\n#labollateatro #labollapiudiunluogo #stripescoop #teatro #formazione #educatori #insegnanti #scuola #ecologia #outdooreducation #likeus #followus #share\" target=\"_blank\"  data-author-image=\"\" data-likes-count=\"0\" data-type=\"image\" data-author-username=\"stripescoop.onlus\" data-link=\"https:\/\/www.instagram.com\/p\/CkQsdzmNrT2\/\" class=\"ei-media-type-image fancybox\" href=\"https:\/\/scontent-frt3-2.cdninstagram.com\/v\/t51.29350-15\/313205785_923492568630729_6746244731955778273_n.jpg?_nc_cat=104&ccb=1-7&_nc_sid=8ae9d6&_nc_ohc=HXEukwr36ocAX8_CygH&_nc_ht=scontent-frt3-2.cdninstagram.com&edm=ANo9K5cEAAAA&oh=00_AfBUACQZH5f00xNgYVwIzahRow2QZHgd0_S5Qn73fWI8Gw&oe=63E76B99\" data-media-id=\"116\" data-caption=\"\ud83c\udf2c\ud83d\udcda A Novembre apre Sogni Lib(e)ri, uno spazio immaginato come un&#039;Officina Letteraria in cui sperimentare con libri e parole, costruire storie, assemblare pensieri e giocare con gli spazi tra le righe. Sar\u00e0 la nostra libreria, da arricchire nel tempo di contenuti diversi.<br \/>\n<br \/>\nLa prima proposta \u00e8 Educare al Pensiero Ecologico, un percorso formativo per docenti, educatori, appassionati di futuro e albi illustrati. Insieme a Rosa Tiziana Bruno, autrice del libro Educare al pensiero ecologico. Letture, scritture e passeggiate per un mondo sostenibile, Topipittori, 2020.<br \/>\n<br \/>\nMai come oggi avvertiamo la necessit\u00e0 di creare un habitat sostenibile e nuove forme di relazioni fra uomo e natura. Perch\u00e9 questa urgenza diventi realt\u00e0, \u00e8 necessaria un&#039;educazione al pensiero ecologico che tocchi anche, e soprattutto, bambini e ragazzi. Ci\u00f2 che serve \u00e8 un nuovo paradigma educativo che coinvolga scuole e famiglie, basato sulla combinazione fra principi etici e sviluppo cognitivo. Un paradigma che trovi nel territorio uno spazio di conoscenza e sperimentazione e nel paesaggio un orizzonte di bellezza possibile. Il percorso formativo sar\u00e0 condotto da Rosa Tiziana Bruno*, sociologa e autrice per ragazzi, con una proposta per sviluppare la cosiddetta Ecosaggezza, ovvero l\u2019intima consapevolezza della connessione che ci lega a tutti i viventi.<br \/>\n<br \/>\nTre appuntamenti gratuiti:<br \/>\n<br \/>\n\ud83c\udf31PER UN&#039;INFANZIA DI ECOSAGGEZZA - Proposte e riflessioni per docenti ed educatori servizi 0-6 e scuola primaria<br \/>\n<br \/>\nLuned\u00ec 7\/11\/22, 17:00-19:00, online<br \/>\n<br \/>\n---<br \/>\n<br \/>\n\ud83e\udeb4CRESCERE IN ECOSAGGEZZA E FELICITA&#039; - Proposte e riflessioni per docenti ed educatori alla scuola secondaria di I e II grado<br \/>\n<br \/>\nLuned\u00ec 14\/11\/2022, 17:00-19:00, online<br \/>\n<br \/>\n---<br \/>\n<br \/>\n\ud83c\udf33PER PREPARARSI ALL&#039;INCONTRO CON LA NATURA E IL PAESAGGIO - Per prepararsi all&#039;incontro con la Natura e il paesaggio Workshop pratico per tutt*<br \/>\n<br \/>\nSabato 19\/11\/2022, ore 10:00-13:00 in presenza a LaBolla -pi\u00f9 di un luogo<br \/>\n<br \/>\n\ud83d\udcdd Per iscrizioni: bit.ly\/3s1BBgY<br \/>\n<br \/>\n#labollateatro #labollapiudiunluogo #stripescoop #teatro #formazione #educatori #insegnanti #scuola #ecologia #outdooreducation #likeus #followus #share\"><img decoding=\"async\" src=\"https:\/\/scontent-frt3-2.cdninstagram.com\/v\/t51.29350-15\/313205785_923492568630729_6746244731955778273_n.jpg?_nc_cat=104&ccb=1-7&_nc_sid=8ae9d6&_nc_ohc=HXEukwr36ocAX8_CygH&_nc_ht=scontent-frt3-2.cdninstagram.com&edm=ANo9K5cEAAAA&oh=00_AfBUACQZH5f00xNgYVwIzahRow2QZHgd0_S5Qn73fWI8Gw&oe=63E76B99\"><\/a><\/li><li><a title=\"La #FormazioneStripes riparte alla grande!!! \ud83d\ude0e \nNel mese di novembre ci saranno ben tre corsi! \ud83d\ude0d\nEcco il secondo:\n\ud83d\udd39\ud835\uddd6\ud835\udde5\ud835\uddd8\ud835\uddd4\ud835\udde5\ud835\uddd8, \ud835\uddd6\ud835\udde2\ud835\udddf\ud835\udddf\ud835\uddd4\ud835\uddd5\ud835\udde2\ud835\udde5\ud835\uddd4\ud835\udde5\ud835\uddd8 \ud835\uddd8 \ud835\uddd6\ud835\udde2\ud835\udde1\ud835\uddd7\ud835\udddc\ud835\udde9\ud835\udddc\ud835\uddd7\ud835\uddd8\ud835\udde5\ud835\uddd8\n\ud835\udde6\ud835\uddf0\ud835\uddfc\ud835\uddfd\ud835\uddff\ud835\uddf6\ud835\uddff\ud835\uddf2 \ud835\uddda\ud835\uddfc\ud835\uddfc\ud835\uddf4\ud835\uddf9\ud835\uddf2 \ud835\uddd7\ud835\uddff\ud835\uddf6\ud835\ude03\ud835\uddf2 \ud835\uddf2 \ud835\uddf6 \ud835\ude00\ud835\ude02\ud835\uddfc\ud835\uddf6 \ud835\ude00\ud835\ude01\ud835\uddff\ud835\ude02\ud835\uddfa\ud835\uddf2\ud835\uddfb\ud835\ude01\ud835\uddf6 \ud835\uddf0\ud835\uddfc\ud835\uddfa\ud835\uddf2 \ud835\uddee\ud835\uddf9\ud835\uddf9\ud835\uddf2\ud835\uddee\ud835\ude01\ud835\uddf6 \ud835\uddfd\ud835\uddf2\ud835\uddff \ud835\uddf6\ud835\uddf9 \ud835\uddf0\ud835\uddfc\ud835\uddfc\ud835\uddff\ud835\uddf1\ud835\uddf6\ud835\uddfb\ud835\uddee\ud835\uddfa\ud835\uddf2\ud835\uddfb\ud835\ude01\ud835\uddfc \ud835\uddf1\ud835\uddf2\ud835\uddf6 \ud835\ude00\ud835\uddf2\ud835\uddff\ud835\ude03\ud835\uddf6\ud835\ude07\ud835\uddf6 \ud835\uddf2\ud835\uddf1\ud835\ude02\ud835\uddf0\ud835\uddee\ud835\ude01\ud835\uddf6\ud835\ude03\ud835\uddf6\ud83d\udd39\n\ud83d\uddd3\ud835\udde4\ud835\udde8\ud835\uddd4\ud835\udde1\ud835\uddd7\ud835\udde2: MERCOLEDI\u2019 9 NOVEMBRE 2022, DALLE  10.00 ALLE 13.00, ONLINE\nMERCOLEDI\u2019 16 NOVEMBRE 2022, DALLE  10.00 ALLE 13.00, ONLINE\nMERCOLEDI\u2019 30 NOVEMBRE 2022, DALLE  10.00 ALLE 13.00, in presenza presso @stripesdigituslab\n \ud83d\udccd\ud835\uddd7\ud835\udde2\ud835\udde9\ud835\uddd8: online e in presenza!\n \ud83e\udd13\ud835\uddd6\ud835\udde2\ud835\udde6\ud835\uddd4 \ud835\uddd9\ud835\uddd4\ud835\udde5\ud835\uddd8\ud835\udde0\ud835\udde2:\nIn questo corso scopriremo le potenzialit\u00e0 di Google Drive e di alcuni strumenti del Workspace utili per creare contenuti e lavorare in team e accessibili dal proprio account Google.\n\ud83d\udc49\ud835\uddd7\ud835\uddd8\ud835\udde6\ud835\udde7\ud835\udddc\ud835\udde1\ud835\uddd4\ud835\udde7\ud835\uddd4\ud835\udde5\ud835\udddc: Il corso si rivolge ai coordinatori e agli educatori dei servizi educativi\n\ud83d\udc69\u200d\ud83e\uddb0\ud835\uddd7\ud835\udde2\ud835\uddd6\ud835\uddd8\ud835\udde1\ud835\udde7\ud835\uddd8: Alessandro Galli, programmatore e sviluppatore con l\u2019affiancamento del personale specializzato dello Stripes Digitus Lab.\n \ud83d\udcf2\ud835\udddc\ud835\udde1\ud835\uddd9\ud835\udde2: Per info e iscrizioni puoi scrivere a formazione@pedagogia.it\n#StayTuned tra poco arriver\u00e0 post con il calendario della formazione 2022\/2023\n\ud83d\udc49Clicca qui per raggiungere il sito: https:\/\/www.pedagogia.it\/stripes\/creare-collaborare-e-condividere\/\" target=\"_blank\"  data-author-image=\"\" data-likes-count=\"0\" data-type=\"image\" data-author-username=\"stripescoop.onlus\" data-link=\"https:\/\/www.instagram.com\/p\/CkP4vpgNuSl\/\" class=\"ei-media-type-image fancybox\" href=\"https:\/\/scontent-frt3-2.cdninstagram.com\/v\/t51.2885-15\/313101014_643837597445949_5494785186375115964_n.jpg?_nc_cat=104&ccb=1-7&_nc_sid=8ae9d6&_nc_ohc=o1BCDHs-wxcAX-8Xm3t&_nc_ht=scontent-frt3-2.cdninstagram.com&edm=ANo9K5cEAAAA&oh=00_AfBTZTlBqc72dgkaxaNU8tPhfMB-kQhCptAsLTh8kptO7Q&oe=63E62271\" data-media-id=\"117\" data-caption=\"La #FormazioneStripes riparte alla grande!!! \ud83d\ude0e <br \/>\nNel mese di novembre ci saranno ben tre corsi! \ud83d\ude0d<br \/>\nEcco il secondo:<br \/>\n\ud83d\udd39\ud835\uddd6\ud835\udde5\ud835\uddd8\ud835\uddd4\ud835\udde5\ud835\uddd8, \ud835\uddd6\ud835\udde2\ud835\udddf\ud835\udddf\ud835\uddd4\ud835\uddd5\ud835\udde2\ud835\udde5\ud835\uddd4\ud835\udde5\ud835\uddd8 \ud835\uddd8 \ud835\uddd6\ud835\udde2\ud835\udde1\ud835\uddd7\ud835\udddc\ud835\udde9\ud835\udddc\ud835\uddd7\ud835\uddd8\ud835\udde5\ud835\uddd8<br \/>\n\ud835\udde6\ud835\uddf0\ud835\uddfc\ud835\uddfd\ud835\uddff\ud835\uddf6\ud835\uddff\ud835\uddf2 \ud835\uddda\ud835\uddfc\ud835\uddfc\ud835\uddf4\ud835\uddf9\ud835\uddf2 \ud835\uddd7\ud835\uddff\ud835\uddf6\ud835\ude03\ud835\uddf2 \ud835\uddf2 \ud835\uddf6 \ud835\ude00\ud835\ude02\ud835\uddfc\ud835\uddf6 \ud835\ude00\ud835\ude01\ud835\uddff\ud835\ude02\ud835\uddfa\ud835\uddf2\ud835\uddfb\ud835\ude01\ud835\uddf6 \ud835\uddf0\ud835\uddfc\ud835\uddfa\ud835\uddf2 \ud835\uddee\ud835\uddf9\ud835\uddf9\ud835\uddf2\ud835\uddee\ud835\ude01\ud835\uddf6 \ud835\uddfd\ud835\uddf2\ud835\uddff \ud835\uddf6\ud835\uddf9 \ud835\uddf0\ud835\uddfc\ud835\uddfc\ud835\uddff\ud835\uddf1\ud835\uddf6\ud835\uddfb\ud835\uddee\ud835\uddfa\ud835\uddf2\ud835\uddfb\ud835\ude01\ud835\uddfc \ud835\uddf1\ud835\uddf2\ud835\uddf6 \ud835\ude00\ud835\uddf2\ud835\uddff\ud835\ude03\ud835\uddf6\ud835\ude07\ud835\uddf6 \ud835\uddf2\ud835\uddf1\ud835\ude02\ud835\uddf0\ud835\uddee\ud835\ude01\ud835\uddf6\ud835\ude03\ud835\uddf6\ud83d\udd39<br \/>\n\ud83d\uddd3\ud835\udde4\ud835\udde8\ud835\uddd4\ud835\udde1\ud835\uddd7\ud835\udde2: MERCOLEDI\u2019 9 NOVEMBRE 2022, DALLE  10.00 ALLE 13.00, ONLINE<br \/>\nMERCOLEDI\u2019 16 NOVEMBRE 2022, DALLE  10.00 ALLE 13.00, ONLINE<br \/>\nMERCOLEDI\u2019 30 NOVEMBRE 2022, DALLE  10.00 ALLE 13.00, in presenza presso @stripesdigituslab<br \/>\n \ud83d\udccd\ud835\uddd7\ud835\udde2\ud835\udde9\ud835\uddd8: online e in presenza!<br \/>\n \ud83e\udd13\ud835\uddd6\ud835\udde2\ud835\udde6\ud835\uddd4 \ud835\uddd9\ud835\uddd4\ud835\udde5\ud835\uddd8\ud835\udde0\ud835\udde2:<br \/>\nIn questo corso scopriremo le potenzialit\u00e0 di Google Drive e di alcuni strumenti del Workspace utili per creare contenuti e lavorare in team e accessibili dal proprio account Google.<br \/>\n\ud83d\udc49\ud835\uddd7\ud835\uddd8\ud835\udde6\ud835\udde7\ud835\udddc\ud835\udde1\ud835\uddd4\ud835\udde7\ud835\uddd4\ud835\udde5\ud835\udddc: Il corso si rivolge ai coordinatori e agli educatori dei servizi educativi<br \/>\n\ud83d\udc69\u200d\ud83e\uddb0\ud835\uddd7\ud835\udde2\ud835\uddd6\ud835\uddd8\ud835\udde1\ud835\udde7\ud835\uddd8: Alessandro Galli, programmatore e sviluppatore con l\u2019affiancamento del personale specializzato dello Stripes Digitus Lab.<br \/>\n \ud83d\udcf2\ud835\udddc\ud835\udde1\ud835\uddd9\ud835\udde2: Per info e iscrizioni puoi scrivere a formazione@pedagogia.it<br \/>\n#StayTuned tra poco arriver\u00e0 post con il calendario della formazione 2022\/2023<br \/>\n\ud83d\udc49Clicca qui per raggiungere il sito: https:\/\/www.pedagogia.it\/stripes\/creare-collaborare-e-condividere\/\"><img decoding=\"async\" src=\"https:\/\/scontent-frt3-2.cdninstagram.com\/v\/t51.2885-15\/313101014_643837597445949_5494785186375115964_n.jpg?_nc_cat=104&ccb=1-7&_nc_sid=8ae9d6&_nc_ohc=o1BCDHs-wxcAX-8Xm3t&_nc_ht=scontent-frt3-2.cdninstagram.com&edm=ANo9K5cEAAAA&oh=00_AfBTZTlBqc72dgkaxaNU8tPhfMB-kQhCptAsLTh8kptO7Q&oe=63E62271\"><\/a><\/li><li><a title=\"\ud835\udfee\ud835\udff5 \ud835\udde2\ud835\udde7\ud835\udde7\ud835\udde2\ud835\uddd5\ud835\udde5\ud835\uddd8 - \ud835\uddd6\ud835\uddd4\ud835\udde6\ud835\uddd6\ud835\udddc\ud835\udde1\ud835\uddd4 \ud835\uddd6\ud835\uddd4\ud835\udddc\ud835\uddd8\ud835\udddf\ud835\udddf\ud835\uddd4 (\ud835\udde3\ud835\udde9)\n\n\ud83d\udd38\ud835\udfed\ud835\udff2:\ud835\udfec\ud835\udfec-\ud835\udfed\ud835\udff4:\ud835\udfec\ud835\udfec \ud835\uddd6\ud835\udde5\ud835\uddd8\ud835\uddd4 \ud835\udddf\ud835\uddd4 \ud835\udde7\ud835\udde8\ud835\uddd4 \ud835\udded\ud835\udde8\ud835\uddd6\ud835\uddd6\ud835\uddd4 \ud835\uddd8 \ud835\udde0\ud835\uddd8\ud835\udde5\ud835\uddd8\ud835\udde1\ud835\uddd7\ud835\uddd4 \ud835\udddc\ud835\udde1 \ud835\uddd6\ud835\uddd4\ud835\udde6\ud835\uddd6\ud835\udddc\ud835\udde1\ud835\uddd4 per bambini e adulti dai 3 anni \n\ud83d\udd38\ud835\uddd6\ud835\uddfc\ud835\ude00\ud835\ude01\ud835\uddfc:18 euro (inclusi laboratorio+merenda)\n\ud83d\udd38\ud835\uddd6\ud835\uddfc\ud835\ude00\ud835\uddee \ud835\uddf3\ud835\uddee\ud835\uddff\ud835\uddf2\ud835\uddfa\ud835\uddfc:\nLa stagione autunnale dona tra i suoi frutti le zucche. Buone da mangiare, belle da vedere e divertenti da trasformare. Ogni bambino sceglie la sua zucca da decorare per creare spaventose lanterne di halloween. Alla fine del laboratorio durante l&#039;esposizione di tutte le zucche si condivide una buonissima merenda preparata con prodotti della Cascina. \n\n\ud83d\udd38\ud835\udddc\ud835\udde1\ud835\uddd9\ud835\udde2 \ud835\uddd8 \ud835\udddc\ud835\udde6\ud835\uddd6\ud835\udde5\ud835\udddc\ud835\udded\ud835\udddc\ud835\udde2\ud835\udde1\ud835\uddd8 (\ud835\uddfc\ud835\uddef\ud835\uddef\ud835\uddf9\ud835\uddf6\ud835\uddf4\ud835\uddee\ud835\ude01\ud835\uddfc\ud835\uddff\ud835\uddf6\ud835\uddee): asia.aliberti@pedagogia.it\n\n#bambiniinoasi @fFondazione Patrimonio Ca&#039; Granda @patrimoniocagranda\" target=\"_blank\"  data-author-image=\"\" data-likes-count=\"0\" data-type=\"image\" data-author-username=\"stripescoop.onlus\" data-link=\"https:\/\/www.instagram.com\/p\/CkGzCVUN6Xc\/\" class=\"ei-media-type-image fancybox\" href=\"https:\/\/scontent-frt3-2.cdninstagram.com\/v\/t51.2885-15\/312649978_1171056150185788_6291644460108418030_n.jpg?_nc_cat=104&ccb=1-7&_nc_sid=8ae9d6&_nc_ohc=jrR6VMy4rk0AX9mVhdC&_nc_ht=scontent-frt3-2.cdninstagram.com&edm=ANo9K5cEAAAA&oh=00_AfAdQFXUgTfP7ZEc35PaIxbCet1Qh-QhtA-MTsasLYnBTw&oe=63E6FFEB\" data-media-id=\"118\" data-caption=\"\ud835\udfee\ud835\udff5 \ud835\udde2\ud835\udde7\ud835\udde7\ud835\udde2\ud835\uddd5\ud835\udde5\ud835\uddd8 - \ud835\uddd6\ud835\uddd4\ud835\udde6\ud835\uddd6\ud835\udddc\ud835\udde1\ud835\uddd4 \ud835\uddd6\ud835\uddd4\ud835\udddc\ud835\uddd8\ud835\udddf\ud835\udddf\ud835\uddd4 (\ud835\udde3\ud835\udde9)<br \/>\n<br \/>\n\ud83d\udd38\ud835\udfed\ud835\udff2:\ud835\udfec\ud835\udfec-\ud835\udfed\ud835\udff4:\ud835\udfec\ud835\udfec \ud835\uddd6\ud835\udde5\ud835\uddd8\ud835\uddd4 \ud835\udddf\ud835\uddd4 \ud835\udde7\ud835\udde8\ud835\uddd4 \ud835\udded\ud835\udde8\ud835\uddd6\ud835\uddd6\ud835\uddd4 \ud835\uddd8 \ud835\udde0\ud835\uddd8\ud835\udde5\ud835\uddd8\ud835\udde1\ud835\uddd7\ud835\uddd4 \ud835\udddc\ud835\udde1 \ud835\uddd6\ud835\uddd4\ud835\udde6\ud835\uddd6\ud835\udddc\ud835\udde1\ud835\uddd4 per bambini e adulti dai 3 anni <br \/>\n\ud83d\udd38\ud835\uddd6\ud835\uddfc\ud835\ude00\ud835\ude01\ud835\uddfc:18 euro (inclusi laboratorio+merenda)<br \/>\n\ud83d\udd38\ud835\uddd6\ud835\uddfc\ud835\ude00\ud835\uddee \ud835\uddf3\ud835\uddee\ud835\uddff\ud835\uddf2\ud835\uddfa\ud835\uddfc:<br \/>\nLa stagione autunnale dona tra i suoi frutti le zucche. Buone da mangiare, belle da vedere e divertenti da trasformare. Ogni bambino sceglie la sua zucca da decorare per creare spaventose lanterne di halloween. Alla fine del laboratorio durante l&#039;esposizione di tutte le zucche si condivide una buonissima merenda preparata con prodotti della Cascina. <br \/>\n<br \/>\n\ud83d\udd38\ud835\udddc\ud835\udde1\ud835\uddd9\ud835\udde2 \ud835\uddd8 \ud835\udddc\ud835\udde6\ud835\uddd6\ud835\udde5\ud835\udddc\ud835\udded\ud835\udddc\ud835\udde2\ud835\udde1\ud835\uddd8 (\ud835\uddfc\ud835\uddef\ud835\uddef\ud835\uddf9\ud835\uddf6\ud835\uddf4\ud835\uddee\ud835\ude01\ud835\uddfc\ud835\uddff\ud835\uddf6\ud835\uddee): asia.aliberti@pedagogia.it<br \/>\n<br \/>\n#bambiniinoasi @fFondazione Patrimonio Ca&#039; Granda @patrimoniocagranda\"><img decoding=\"async\" src=\"https:\/\/scontent-frt3-2.cdninstagram.com\/v\/t51.2885-15\/312649978_1171056150185788_6291644460108418030_n.jpg?_nc_cat=104&ccb=1-7&_nc_sid=8ae9d6&_nc_ohc=jrR6VMy4rk0AX9mVhdC&_nc_ht=scontent-frt3-2.cdninstagram.com&edm=ANo9K5cEAAAA&oh=00_AfAdQFXUgTfP7ZEc35PaIxbCet1Qh-QhtA-MTsasLYnBTw&oe=63E6FFEB\"><\/a><\/li><li><a title=\"La #FormazioneStripes riparte alla grande!!! \ud83d\ude0e \nNel mese di novembre ci saranno ben tre corsi! \ud83d\ude0d\nEcco il primo:\n\ud83d\udd39\ud835\uddd6\ud835\udddb\ud835\uddd8 \ud835\uddd4\ud835\udde5\ud835\uddd6\ud835\udddb\ud835\uddd8\ud835\udde7\ud835\udddc\ud835\udde3\ud835\udde2 \ud835\udde6\ud835\uddd8\ud835\udddc?\n\ud835\udde6\ud835\uddf0\ud835\uddfc\ud835\uddfd\ud835\uddf2\ud835\uddff\ud835\ude01\ud835\uddee \ud835\uddf2 \ud835\ude02\ud835\ude00\ud835\uddfc \ud835\uddf1\ud835\uddf2\ud835\uddf6 \ud835\udde0\ud835\uddfc\ud835\uddf1\ud835\uddf2\ud835\uddf9\ud835\uddf9\ud835\uddf6 \ud835\uddfd\ud835\ude00\ud835\uddf6\ud835\uddf0\ud835\uddfc\ud835\uddf9\ud835\uddfc\ud835\uddf4\ud835\uddf6\ud835\uddf0\ud835\uddf6 \ud835\uddf1\ud835\uddf2\ud835\uddf9 \ud835\uddf3\ud835\uddf2\ud835\uddfa\ud835\uddfa\ud835\uddf6\ud835\uddfb\ud835\uddf6\ud835\uddf9\ud835\uddf2 \ud835\uddf2 \ud835\uddf1\ud835\uddf2\ud835\uddf9 \ud835\uddfa\ud835\uddee\ud835\ude00\ud835\uddf0\ud835\uddf5\ud835\uddf6\ud835\uddf9\ud835\uddf2 \ud835\uddf6\ud835\uddfb \ud835\uddf2\ud835\uddf1\ud835\ude02\ud835\uddf0\ud835\uddee\ud835\ude07\ud835\uddf6\ud835\uddfc\ud835\uddfb\ud835\uddf2\ud83d\udd39\n\ud83d\uddd3\ud835\udde4\ud835\udde8\ud835\uddd4\ud835\udde1\ud835\uddd7\ud835\udde2: 12 NOVEMBRE 2022 \u2013 10.00- 13.00 e 26 NOVEMBRE 2022 \u2013 10.00- 13.00\n \ud83d\udccd\ud835\uddd7\ud835\udde2\ud835\udde9\ud835\uddd8: Presso il Polo Infanzia 0-6 &quot;Lo Scrigno&quot; di Vanzago (MI)\n \ud83e\udd13\ud835\uddd6\ud835\udde2\ud835\udde6\ud835\uddd4 \ud835\uddd9\ud835\uddd4\ud835\udde5\ud835\uddd8\ud835\udde0\ud835\udde2:\n\ud835\udc47\ud835\udc56 \ud835\udc60\ud835\udc52\ud835\udc5b\ud835\udc61\ud835\udc56 \ud835\udc37\ud835\udc52\ud835\udc5a\ud835\udc52\ud835\udc61\ud835\udc5f\ud835\udc4e, \ud835\udc38\ud835\udc5f\ud835\udc4e, \ud835\udc34\ud835\udc5f\ud835\udc61\ud835\udc52\ud835\udc5a\ud835\udc56\ud835\udc51\ud835\udc52 \ud835\udc5c\ud835\udc5d\ud835\udc5d\ud835\udc62\ud835\udc5f\ud835\udc52 \ud835\udc4d\ud835\udc52\ud835\udc62\ud835\udc60, \ud835\udc34\ud835\udc5d\ud835\udc5c\ud835\udc59\ud835\udc59\ud835\udc5c \ud835\udc5c \ud835\udc38\ud835\udc5f\ud835\udc5a\ud835\udc52\ud835\udc60?\n\ud835\udc44\ud835\udc62\ud835\udc4e\ud835\udc59\ud835\udc56 \ud835\udc60\ud835\udc5c\ud835\udc5b\ud835\udc5c \ud835\udc54\ud835\udc59\ud835\udc56 \ud835\udc51\ud835\udc52\ud835\udc56 \ud835\udc52 \ud835\udc59\ud835\udc52 \ud835\udc51\ud835\udc52\ud835\udc52 \ud835\udc50\u210e\ud835\udc52 \ud835\udc54\ud835\udc62\ud835\udc56\ud835\udc51\ud835\udc4e\ud835\udc5b\ud835\udc5c \ud835\udc59\ud835\udc4e \ud835\udc61\ud835\udc62\ud835\udc4e \ud835\udc5d\ud835\udc52\ud835\udc5f\ud835\udc60\ud835\udc5c\ud835\udc5b\ud835\udc4e\ud835\udc59\ud835\udc56\ud835\udc61\ud835\udc4e\u0300 \ud835\udc52 \ud835\udc5d\ud835\udc5f\ud835\udc52\ud835\udc60\ud835\udc56\ud835\udc52\ud835\udc51\ud835\udc5c\ud835\udc5b\ud835\udc5c \ud835\udc59\ud835\udc4e \ud835\udc61\ud835\udc62\ud835\udc4e \ud835\udc60\ud835\udc50\ud835\udc52\ud835\udc5b\ud835\udc4e \ud835\udc52\ud835\udc51\ud835\udc62\ud835\udc50\ud835\udc4e\ud835\udc61\ud835\udc56\ud835\udc63\ud835\udc4e?\nQuesto corso si configura come un percorso formativo\/teatrale alla scoperta dell\u2019archetipo, il tuo modello di riferimento, in modo da migliorare la propria autoconsapevolezza, scoprire le risorse interiori e ad attingere alle caratteristiche preziose del femminile e del maschile che ognuno ha dentro di s\u00e8, cercando di liberarci da stereotipi e pregiudizi. \n\ud83d\udc49\ud835\uddd7\ud835\uddd8\ud835\udde6\ud835\udde7\ud835\udddc\ud835\udde1\ud835\uddd4\ud835\udde7\ud835\uddd4\ud835\udde5\ud835\udddc: Il corso si rivolge a educatori, insegnanti, coordinatori ed operatori dei servizi educativi nella fascia 0\/10 anni.\n\ud83d\udc69\u200d\ud83e\uddb0\ud835\uddd7\ud835\udde2\ud835\uddd6\ud835\uddd8\ud835\udde1\ud835\udde7\ud835\uddd8: Dott.ssa Rosa Alba Bellante, pedagogista e drammaterapeuta\n \ud83d\udcf2\ud835\udddc\ud835\udde1\ud835\uddd9\ud835\udde2: Per le iscrizioni entro il 31 ottobre 2022 \u00e8 previsto uno \ud835\ude00\ud835\uddf0\ud835\uddfc\ud835\uddfb\ud835\ude01\ud835\uddfc \ud835\uddf1\ud835\uddf2\ud835\uddf9 \ud835\udfed\ud835\udfec% \ud835\ude00\ud835\ude02\ud835\uddf9\ud835\uddf9\ud835\uddee \ud835\ude00\ud835\uddf6\ud835\uddfb\ud835\uddf4\ud835\uddfc\ud835\uddf9\ud835\uddee \ud835\uddfd\ud835\uddf2\ud835\uddff\ud835\ude00\ud835\uddfc\ud835\uddfb\ud835\uddee \ud835\uddf2 \ud835\ude02\ud835\uddfb\ud835\uddfc \ud835\ude00\ud835\uddf0\ud835\uddfc\ud835\uddfb\ud835\ude01\ud835\uddfc \ud835\uddf1\ud835\uddf2\ud835\uddf9 \ud835\udfed\ud835\udff1% \ud835\ude00\ud835\ude02 \ud835\ude02\ud835\uddfb \ud835\uddf4\ud835\uddff\ud835\ude02\ud835\uddfd\ud835\uddfd\ud835\uddfc di 5 persone appartenenti allo stesso ente. Per info e iscrizioni puoi scrivere a formazione@pedagogia.it\n#StayTuned tra poco arriver\u00e0 post con il calendario della formazione 2022\/2023\n\ud83d\udc49Clicca qui per raggiungere il sito: https:\/\/www.pedagogia.it\/stripes\/che-archetipo-sei\/\" target=\"_blank\"  data-author-image=\"\" data-likes-count=\"0\" data-type=\"image\" data-author-username=\"stripescoop.onlus\" data-link=\"https:\/\/www.instagram.com\/p\/Cj8KsZHICa9\/\" class=\"ei-media-type-image fancybox\" href=\"https:\/\/scontent-frx5-1.cdninstagram.com\/v\/t51.2885-15\/311984223_431187872300661_4224663715328065420_n.jpg?_nc_cat=109&ccb=1-7&_nc_sid=8ae9d6&_nc_ohc=o_zNJav_P00AX9tOmJo&_nc_ht=scontent-frx5-1.cdninstagram.com&edm=ANo9K5cEAAAA&oh=00_AfAXGwOSVwZAxs_gg_G8v8Lx5wVrTSEjgk2l4gfY4w0XHA&oe=63E6D1F7\" data-media-id=\"112\" data-caption=\"La #FormazioneStripes riparte alla grande!!! \ud83d\ude0e <br \/>\nNel mese di novembre ci saranno ben tre corsi! \ud83d\ude0d<br \/>\nEcco il primo:<br \/>\n\ud83d\udd39\ud835\uddd6\ud835\udddb\ud835\uddd8 \ud835\uddd4\ud835\udde5\ud835\uddd6\ud835\udddb\ud835\uddd8\ud835\udde7\ud835\udddc\ud835\udde3\ud835\udde2 \ud835\udde6\ud835\uddd8\ud835\udddc?<br \/>\n\ud835\udde6\ud835\uddf0\ud835\uddfc\ud835\uddfd\ud835\uddf2\ud835\uddff\ud835\ude01\ud835\uddee \ud835\uddf2 \ud835\ude02\ud835\ude00\ud835\uddfc \ud835\uddf1\ud835\uddf2\ud835\uddf6 \ud835\udde0\ud835\uddfc\ud835\uddf1\ud835\uddf2\ud835\uddf9\ud835\uddf9\ud835\uddf6 \ud835\uddfd\ud835\ude00\ud835\uddf6\ud835\uddf0\ud835\uddfc\ud835\uddf9\ud835\uddfc\ud835\uddf4\ud835\uddf6\ud835\uddf0\ud835\uddf6 \ud835\uddf1\ud835\uddf2\ud835\uddf9 \ud835\uddf3\ud835\uddf2\ud835\uddfa\ud835\uddfa\ud835\uddf6\ud835\uddfb\ud835\uddf6\ud835\uddf9\ud835\uddf2 \ud835\uddf2 \ud835\uddf1\ud835\uddf2\ud835\uddf9 \ud835\uddfa\ud835\uddee\ud835\ude00\ud835\uddf0\ud835\uddf5\ud835\uddf6\ud835\uddf9\ud835\uddf2 \ud835\uddf6\ud835\uddfb \ud835\uddf2\ud835\uddf1\ud835\ude02\ud835\uddf0\ud835\uddee\ud835\ude07\ud835\uddf6\ud835\uddfc\ud835\uddfb\ud835\uddf2\ud83d\udd39<br \/>\n\ud83d\uddd3\ud835\udde4\ud835\udde8\ud835\uddd4\ud835\udde1\ud835\uddd7\ud835\udde2: 12 NOVEMBRE 2022 \u2013 10.00- 13.00 e 26 NOVEMBRE 2022 \u2013 10.00- 13.00<br \/>\n \ud83d\udccd\ud835\uddd7\ud835\udde2\ud835\udde9\ud835\uddd8: Presso il Polo Infanzia 0-6 &quot;Lo Scrigno&quot; di Vanzago (MI)<br \/>\n \ud83e\udd13\ud835\uddd6\ud835\udde2\ud835\udde6\ud835\uddd4 \ud835\uddd9\ud835\uddd4\ud835\udde5\ud835\uddd8\ud835\udde0\ud835\udde2:<br \/>\n\ud835\udc47\ud835\udc56 \ud835\udc60\ud835\udc52\ud835\udc5b\ud835\udc61\ud835\udc56 \ud835\udc37\ud835\udc52\ud835\udc5a\ud835\udc52\ud835\udc61\ud835\udc5f\ud835\udc4e, \ud835\udc38\ud835\udc5f\ud835\udc4e, \ud835\udc34\ud835\udc5f\ud835\udc61\ud835\udc52\ud835\udc5a\ud835\udc56\ud835\udc51\ud835\udc52 \ud835\udc5c\ud835\udc5d\ud835\udc5d\ud835\udc62\ud835\udc5f\ud835\udc52 \ud835\udc4d\ud835\udc52\ud835\udc62\ud835\udc60, \ud835\udc34\ud835\udc5d\ud835\udc5c\ud835\udc59\ud835\udc59\ud835\udc5c \ud835\udc5c \ud835\udc38\ud835\udc5f\ud835\udc5a\ud835\udc52\ud835\udc60?<br \/>\n\ud835\udc44\ud835\udc62\ud835\udc4e\ud835\udc59\ud835\udc56 \ud835\udc60\ud835\udc5c\ud835\udc5b\ud835\udc5c \ud835\udc54\ud835\udc59\ud835\udc56 \ud835\udc51\ud835\udc52\ud835\udc56 \ud835\udc52 \ud835\udc59\ud835\udc52 \ud835\udc51\ud835\udc52\ud835\udc52 \ud835\udc50\u210e\ud835\udc52 \ud835\udc54\ud835\udc62\ud835\udc56\ud835\udc51\ud835\udc4e\ud835\udc5b\ud835\udc5c \ud835\udc59\ud835\udc4e \ud835\udc61\ud835\udc62\ud835\udc4e \ud835\udc5d\ud835\udc52\ud835\udc5f\ud835\udc60\ud835\udc5c\ud835\udc5b\ud835\udc4e\ud835\udc59\ud835\udc56\ud835\udc61\ud835\udc4e\u0300 \ud835\udc52 \ud835\udc5d\ud835\udc5f\ud835\udc52\ud835\udc60\ud835\udc56\ud835\udc52\ud835\udc51\ud835\udc5c\ud835\udc5b\ud835\udc5c \ud835\udc59\ud835\udc4e \ud835\udc61\ud835\udc62\ud835\udc4e \ud835\udc60\ud835\udc50\ud835\udc52\ud835\udc5b\ud835\udc4e \ud835\udc52\ud835\udc51\ud835\udc62\ud835\udc50\ud835\udc4e\ud835\udc61\ud835\udc56\ud835\udc63\ud835\udc4e?<br \/>\nQuesto corso si configura come un percorso formativo\/teatrale alla scoperta dell\u2019archetipo, il tuo modello di riferimento, in modo da migliorare la propria autoconsapevolezza, scoprire le risorse interiori e ad attingere alle caratteristiche preziose del femminile e del maschile che ognuno ha dentro di s\u00e8, cercando di liberarci da stereotipi e pregiudizi. <br \/>\n\ud83d\udc49\ud835\uddd7\ud835\uddd8\ud835\udde6\ud835\udde7\ud835\udddc\ud835\udde1\ud835\uddd4\ud835\udde7\ud835\uddd4\ud835\udde5\ud835\udddc: Il corso si rivolge a educatori, insegnanti, coordinatori ed operatori dei servizi educativi nella fascia 0\/10 anni.<br \/>\n\ud83d\udc69\u200d\ud83e\uddb0\ud835\uddd7\ud835\udde2\ud835\uddd6\ud835\uddd8\ud835\udde1\ud835\udde7\ud835\uddd8: Dott.ssa Rosa Alba Bellante, pedagogista e drammaterapeuta<br \/>\n \ud83d\udcf2\ud835\udddc\ud835\udde1\ud835\uddd9\ud835\udde2: Per le iscrizioni entro il 31 ottobre 2022 \u00e8 previsto uno \ud835\ude00\ud835\uddf0\ud835\uddfc\ud835\uddfb\ud835\ude01\ud835\uddfc \ud835\uddf1\ud835\uddf2\ud835\uddf9 \ud835\udfed\ud835\udfec% \ud835\ude00\ud835\ude02\ud835\uddf9\ud835\uddf9\ud835\uddee \ud835\ude00\ud835\uddf6\ud835\uddfb\ud835\uddf4\ud835\uddfc\ud835\uddf9\ud835\uddee \ud835\uddfd\ud835\uddf2\ud835\uddff\ud835\ude00\ud835\uddfc\ud835\uddfb\ud835\uddee \ud835\uddf2 \ud835\ude02\ud835\uddfb\ud835\uddfc \ud835\ude00\ud835\uddf0\ud835\uddfc\ud835\uddfb\ud835\ude01\ud835\uddfc \ud835\uddf1\ud835\uddf2\ud835\uddf9 \ud835\udfed\ud835\udff1% \ud835\ude00\ud835\ude02 \ud835\ude02\ud835\uddfb \ud835\uddf4\ud835\uddff\ud835\ude02\ud835\uddfd\ud835\uddfd\ud835\uddfc di 5 persone appartenenti allo stesso ente. Per info e iscrizioni puoi scrivere a formazione@pedagogia.it<br \/>\n#StayTuned tra poco arriver\u00e0 post con il calendario della formazione 2022\/2023<br \/>\n\ud83d\udc49Clicca qui per raggiungere il sito: https:\/\/www.pedagogia.it\/stripes\/che-archetipo-sei\/\"><img decoding=\"async\" src=\"https:\/\/scontent-frx5-1.cdninstagram.com\/v\/t51.2885-15\/311984223_431187872300661_4224663715328065420_n.jpg?_nc_cat=109&ccb=1-7&_nc_sid=8ae9d6&_nc_ohc=o_zNJav_P00AX9tOmJo&_nc_ht=scontent-frx5-1.cdninstagram.com&edm=ANo9K5cEAAAA&oh=00_AfAXGwOSVwZAxs_gg_G8v8Lx5wVrTSEjgk2l4gfY4w0XHA&oe=63E6D1F7\"><\/a><\/li><li><a title=\"\ud83d\udcdaQuest&#039;anno alcune nostre scuole parteciperanno al progetto #ioleggoperch\u00e9, la pi\u00f9 grande iniziativa nazionale di promozione della lettura. \n\n\ud83d\udcdaGrazie all\u2019energia, all\u2019impegno e alla passione di insegnanti, librai, studenti ed editori, e del pubblico che ha contribuito al successo di #ioleggoperch\u00e9, finora sono stati donati alle scuole oltre un milione di libri, che oggi arricchiscono il patrimonio librario delle biblioteche scolastiche di tutta Italia. \n\n\u2764I libri acquistati dai genitori diventeranno patrimonio librario della scuola e ne usufruiranno gli alunni di oggi e quelli di domani.\n\n\ud83d\udcdaQui puoi trovare il progetto: https:\/\/www.ioleggoperche.it\/progetto\n\n#ioleggoperch\u00e9 \n#ripartiamodailibri \n#stripescoop #cooperativasociale #scuola #bambini #leggere #lovebooks #bookslover #school #children #likeus #followus\" target=\"_blank\"  data-author-image=\"\" data-likes-count=\"0\" data-type=\"image\" data-author-username=\"stripescoop.onlus\" data-link=\"https:\/\/www.instagram.com\/p\/Cj8JFg1Kx34\/\" class=\"ei-media-type-image fancybox\" href=\"https:\/\/scontent-frt3-2.cdninstagram.com\/v\/t51.2885-15\/311989520_553066193181231_8663528610375671303_n.jpg?_nc_cat=108&ccb=1-7&_nc_sid=8ae9d6&_nc_ohc=TdJL6kxSkpIAX9odX5b&_nc_ht=scontent-frt3-2.cdninstagram.com&edm=ANo9K5cEAAAA&oh=00_AfAD1OB9PqDsyCVEHN7Auf7_DBi6ankzIRs_nETsGzmvyA&oe=63E63A25\" data-media-id=\"111\" data-caption=\"\ud83d\udcdaQuest&#039;anno alcune nostre scuole parteciperanno al progetto #ioleggoperch\u00e9, la pi\u00f9 grande iniziativa nazionale di promozione della lettura. <br \/>\n<br \/>\n\ud83d\udcdaGrazie all\u2019energia, all\u2019impegno e alla passione di insegnanti, librai, studenti ed editori, e del pubblico che ha contribuito al successo di #ioleggoperch\u00e9, finora sono stati donati alle scuole oltre un milione di libri, che oggi arricchiscono il patrimonio librario delle biblioteche scolastiche di tutta Italia. <br \/>\n<br \/>\n\u2764I libri acquistati dai genitori diventeranno patrimonio librario della scuola e ne usufruiranno gli alunni di oggi e quelli di domani.<br \/>\n<br \/>\n\ud83d\udcdaQui puoi trovare il progetto: https:\/\/www.ioleggoperche.it\/progetto<br \/>\n<br \/>\n#ioleggoperch\u00e9 <br \/>\n#ripartiamodailibri <br \/>\n#stripescoop #cooperativasociale #scuola #bambini #leggere #lovebooks #bookslover #school #children #likeus #followus\"><img decoding=\"async\" src=\"https:\/\/scontent-frt3-2.cdninstagram.com\/v\/t51.2885-15\/311989520_553066193181231_8663528610375671303_n.jpg?_nc_cat=108&ccb=1-7&_nc_sid=8ae9d6&_nc_ohc=TdJL6kxSkpIAX9odX5b&_nc_ht=scontent-frt3-2.cdninstagram.com&edm=ANo9K5cEAAAA&oh=00_AfAD1OB9PqDsyCVEHN7Auf7_DBi6ankzIRs_nETsGzmvyA&oe=63E63A25\"><\/a><\/li><li><a title=\"Oggi eravamo alla #Fieradelleducazioneallasostenibilit\u00e0ambientale insieme a @fondazione_triulza \ud83d\udc9a\n\n#stripesdigituslab #fla #regionelombardia #fondazionelombardia #ambiente #green #sostenibilit\u00e0 #sostenibilit\u00e0ambientale #scuola #scuolagreen #fondazionetriulza #likeus #followus\" target=\"_blank\"  data-author-image=\"\" data-likes-count=\"0\" data-type=\"video\" data-author-username=\"stripescoop.onlus\" data-link=\"https:\/\/www.instagram.com\/reel\/Cj5kpUlrfE9\/\" class=\"ei-media-type-video fancybox\" href=\"https:\/\/video-frx5-1.cdninstagram.com\/v\/t50.33967-16\/312275112_135961539191197_7062508588391319002_n.mp4?_nc_cat=103&vs=518560786386120_1546985551&_nc_vs=HBksFQAYJEdLanduQktkSVQ4RHFIc0FBTnJGTlhJa0VnTmlicV9FQUFBRhUAAsgBABUAGCRHQ3FyblJKUTQzZS10dVlEQUdGQzR6SVNmajRkYnFfRUFBQUYVAgLIAQAoABgAGwGIB3VzZV9vaWwBMRUAACa0j7W%2FtuXqPxUCKAJDMywXQDQQ5WBBiTcYEmRhc2hfYmFzZWxpbmVfMV92MREAdQAA&ccb=1-7&_nc_sid=59939d&efg=eyJ2ZW5jb2RlX3RhZyI6InZ0c192b2RfdXJsZ2VuLjU3Ni5jbGlwcyJ9&_nc_ohc=bxLBh_cX7gQAX8le634&_nc_ht=video-frx5-1.cdninstagram.com&edm=ANo9K5cEAAAA&oh=00_AfD9n3bkRJYzcjedgitIuF_8yHSg_-9Gt4rYJWl1FeApNg&oe=63E27B7C&_nc_rid=d436950e71\" data-media-id=\"110\" data-caption=\"Oggi eravamo alla #Fieradelleducazioneallasostenibilit\u00e0ambientale insieme a @fondazione_triulza \ud83d\udc9a<br \/>\n<br \/>\n#stripesdigituslab #fla #regionelombardia #fondazionelombardia #ambiente #green #sostenibilit\u00e0 #sostenibilit\u00e0ambientale #scuola #scuolagreen #fondazionetriulza #likeus #followus\"><img decoding=\"async\" src=\"https:\/\/video-frx5-1.cdninstagram.com\/v\/t50.33967-16\/312275112_135961539191197_7062508588391319002_n.mp4?_nc_cat=103&vs=518560786386120_1546985551&_nc_vs=HBksFQAYJEdLanduQktkSVQ4RHFIc0FBTnJGTlhJa0VnTmlicV9FQUFBRhUAAsgBABUAGCRHQ3FyblJKUTQzZS10dVlEQUdGQzR6SVNmajRkYnFfRUFBQUYVAgLIAQAoABgAGwGIB3VzZV9vaWwBMRUAACa0j7W%2FtuXqPxUCKAJDMywXQDQQ5WBBiTcYEmRhc2hfYmFzZWxpbmVfMV92MREAdQAA&ccb=1-7&_nc_sid=59939d&efg=eyJ2ZW5jb2RlX3RhZyI6InZ0c192b2RfdXJsZ2VuLjU3Ni5jbGlwcyJ9&_nc_ohc=bxLBh_cX7gQAX8le634&_nc_ht=video-frx5-1.cdninstagram.com&edm=ANo9K5cEAAAA&oh=00_AfD9n3bkRJYzcjedgitIuF_8yHSg_-9Gt4rYJWl1FeApNg&oe=63E27B7C&_nc_rid=d436950e71\"><\/a><\/li><li><a title=\"\ud83c\udf19 Nelle notti della Bolla scendiamo Sottocoperta \u2b50\ufe0f \nUno spazio misterioso dedicato ai pi\u00f9 piccoli con giochi, letture, immaginazione e molto altro\u2026\nCome funziona? \n\nSottocoperta \u00e8 aperto ad ogni spettacolo della rassegna teatrale: vieni a goderti lo spettacolo \u00e8 lascia i tuoi bimbi con noi! \n\nPrimo appuntamento gioved\u00ec 20 ottobre! \nDalle 20:45 fino a fine spettacolo\nPer bambini e bambine dai 4 ai 13 anni\nCosto: 5\u20ac\n\nPer informazioni: Rossella 3338299876\n\nPer prenotazioni https:\/\/www.pedagogia.it\/stripes\/sotto-coperta\/ (entro mercoled\u00ec 19 ottobre)\n\nVi aspettiamo \ud83e\udd17\u2728\n\n#labolla #labollateatro #teatro #stripescoop #bambini #genitori #love #family #cooperativasociale #likeus #followus #instatheatre #theatre #spettacolo #bollate #milano\" target=\"_blank\"  data-author-image=\"\" data-likes-count=\"0\" data-type=\"image\" data-author-username=\"stripescoop.onlus\" data-link=\"https:\/\/www.instagram.com\/p\/Cj2kz9atx5K\/\" class=\"ei-media-type-image fancybox\" href=\"https:\/\/scontent-frt3-2.cdninstagram.com\/v\/t51.29350-15\/311769026_181877207728576_6463186739682279953_n.jpg?_nc_cat=104&ccb=1-7&_nc_sid=8ae9d6&_nc_ohc=d2jBdfoJyeUAX8k1mYU&_nc_ht=scontent-frt3-2.cdninstagram.com&edm=ANo9K5cEAAAA&oh=00_AfCbMc8Tog0NaUHP3K5b6Iny6zVb9j3o5iP20ko0ZnI6gg&oe=63E5FFD6\" data-media-id=\"109\" data-caption=\"\ud83c\udf19 Nelle notti della Bolla scendiamo Sottocoperta \u2b50\ufe0f <br \/>\nUno spazio misterioso dedicato ai pi\u00f9 piccoli con giochi, letture, immaginazione e molto altro\u2026<br \/>\nCome funziona? <br \/>\n<br \/>\nSottocoperta \u00e8 aperto ad ogni spettacolo della rassegna teatrale: vieni a goderti lo spettacolo \u00e8 lascia i tuoi bimbi con noi! <br \/>\n<br \/>\nPrimo appuntamento gioved\u00ec 20 ottobre! <br \/>\nDalle 20:45 fino a fine spettacolo<br \/>\nPer bambini e bambine dai 4 ai 13 anni<br \/>\nCosto: 5\u20ac<br \/>\n<br \/>\nPer informazioni: Rossella 3338299876<br \/>\n<br \/>\nPer prenotazioni https:\/\/www.pedagogia.it\/stripes\/sotto-coperta\/ (entro mercoled\u00ec 19 ottobre)<br \/>\n<br \/>\nVi aspettiamo \ud83e\udd17\u2728<br \/>\n<br \/>\n#labolla #labollateatro #teatro #stripescoop #bambini #genitori #love #family #cooperativasociale #likeus #followus #instatheatre #theatre #spettacolo #bollate #milano\"><img decoding=\"async\" src=\"https:\/\/scontent-frt3-2.cdninstagram.com\/v\/t51.29350-15\/311769026_181877207728576_6463186739682279953_n.jpg?_nc_cat=104&ccb=1-7&_nc_sid=8ae9d6&_nc_ohc=d2jBdfoJyeUAX8k1mYU&_nc_ht=scontent-frt3-2.cdninstagram.com&edm=ANo9K5cEAAAA&oh=00_AfCbMc8Tog0NaUHP3K5b6Iny6zVb9j3o5iP20ko0ZnI6gg&oe=63E5FFD6\"><\/a><\/li><li><a title=\"\ud835\udfee\ud835\udfee \ud835\udde2\ud835\udde7\ud835\udde7\ud835\udde2\ud835\uddd5\ud835\udde5\ud835\uddd8 - \ud835\uddd6\ud835\uddd4\ud835\udde6\ud835\uddd6\ud835\udddc\ud835\udde1\ud835\uddd4 \ud835\udde6\ud835\uddd8\ud835\udddf\ud835\udde9\ud835\uddd4 \n\ud83d\udd381\ud835\udff2:\ud835\udfec\ud835\udfec-\ud835\udfed\ud835\udff3,:\ud835\udfec \ud835\udde0\ud835\uddd8\ud835\udde5\ud835\uddd4\ud835\udde9\ud835\udddc\ud835\uddda\ud835\udddf\ud835\udddc\ud835\uddd8 \ud835\uddd7&#039;\ud835\uddd4\ud835\udde8\ud835\udde7\ud835\udde8\ud835\udde1\ud835\udde1\ud835\udde2 per bambini da 3 a 10 anni\n\ud83d\udd38\ud835\uddd6\ud835\uddfc\ud835\ude00\ud835\ude01\ud835\uddfc: 15 euro \n\ud83d\udd38\ud835\uddd6\ud835\uddfc\ud835\ude00\ud835\uddee \ud835\uddf3\ud835\uddee\ud835\uddff\ud835\uddf2\ud835\uddfa\ud835\uddfc:\nLa natura si trasforma velocemente, l&#039;autunno regala una vasta gamma di colori e profumi e forme diverse. Una passeggiata per i sentieri della cascina per conoscere e raccogliere foglie, semi, frutti: piccoli tesori con i quali i bambini insieme alle loro famiglie realizzeranno un libro, un erbario personale e unico.\n\ud83d\udd38\ud835\udddc\ud835\uddfb\ud835\uddf3\ud835\uddfc \ud835\uddf2 \ud835\udddc\ud835\ude00\ud835\uddf0\ud835\uddff\ud835\uddf6\ud835\ude07\ud835\uddf6\ud835\uddfc\ud835\uddfb\ud835\uddf6: asia.aliberti@pedagogia.it\n\n#bambiniinoasi #cagranda Fondazione Patrimonio Ca&#039; Granda @patrimoniocagranda\" target=\"_blank\"  data-author-image=\"\" data-likes-count=\"0\" data-type=\"image\" data-author-username=\"stripescoop.onlus\" data-link=\"https:\/\/www.instagram.com\/p\/Cj0y2aQLroC\/\" class=\"ei-media-type-image fancybox\" href=\"https:\/\/scontent-frt3-2.cdninstagram.com\/v\/t51.2885-15\/311843606_824556415627937_7992638622446092367_n.jpg?_nc_cat=108&ccb=1-7&_nc_sid=8ae9d6&_nc_ohc=-I0tJ1pKK4QAX9Qp6hX&_nc_ht=scontent-frt3-2.cdninstagram.com&edm=ANo9K5cEAAAA&oh=00_AfBV80b3bTE6-ZTfDqJQZYufS9U6mpEJLI57CnuTJbG7MQ&oe=63E773D0\" data-media-id=\"108\" data-caption=\"\ud835\udfee\ud835\udfee \ud835\udde2\ud835\udde7\ud835\udde7\ud835\udde2\ud835\uddd5\ud835\udde5\ud835\uddd8 - \ud835\uddd6\ud835\uddd4\ud835\udde6\ud835\uddd6\ud835\udddc\ud835\udde1\ud835\uddd4 \ud835\udde6\ud835\uddd8\ud835\udddf\ud835\udde9\ud835\uddd4 <br \/>\n\ud83d\udd381\ud835\udff2:\ud835\udfec\ud835\udfec-\ud835\udfed\ud835\udff3,:\ud835\udfec \ud835\udde0\ud835\uddd8\ud835\udde5\ud835\uddd4\ud835\udde9\ud835\udddc\ud835\uddda\ud835\udddf\ud835\udddc\ud835\uddd8 \ud835\uddd7&#039;\ud835\uddd4\ud835\udde8\ud835\udde7\ud835\udde8\ud835\udde1\ud835\udde1\ud835\udde2 per bambini da 3 a 10 anni<br \/>\n\ud83d\udd38\ud835\uddd6\ud835\uddfc\ud835\ude00\ud835\ude01\ud835\uddfc: 15 euro <br \/>\n\ud83d\udd38\ud835\uddd6\ud835\uddfc\ud835\ude00\ud835\uddee \ud835\uddf3\ud835\uddee\ud835\uddff\ud835\uddf2\ud835\uddfa\ud835\uddfc:<br \/>\nLa natura si trasforma velocemente, l&#039;autunno regala una vasta gamma di colori e profumi e forme diverse. Una passeggiata per i sentieri della cascina per conoscere e raccogliere foglie, semi, frutti: piccoli tesori con i quali i bambini insieme alle loro famiglie realizzeranno un libro, un erbario personale e unico.<br \/>\n\ud83d\udd38\ud835\udddc\ud835\uddfb\ud835\uddf3\ud835\uddfc \ud835\uddf2 \ud835\udddc\ud835\ude00\ud835\uddf0\ud835\uddff\ud835\uddf6\ud835\ude07\ud835\uddf6\ud835\uddfc\ud835\uddfb\ud835\uddf6: asia.aliberti@pedagogia.it<br \/>\n<br \/>\n#bambiniinoasi #cagranda Fondazione Patrimonio Ca&#039; Granda @patrimoniocagranda\"><img decoding=\"async\" src=\"https:\/\/scontent-frt3-2.cdninstagram.com\/v\/t51.2885-15\/311843606_824556415627937_7992638622446092367_n.jpg?_nc_cat=108&ccb=1-7&_nc_sid=8ae9d6&_nc_ohc=-I0tJ1pKK4QAX9Qp6hX&_nc_ht=scontent-frt3-2.cdninstagram.com&edm=ANo9K5cEAAAA&oh=00_AfBV80b3bTE6-ZTfDqJQZYufS9U6mpEJLI57CnuTJbG7MQ&oe=63E773D0\"><\/a><\/li><li><a title=\"Sabato allo #StripesDigitusLab con #meetandcode! \ud83d\ude0d\" target=\"_blank\"  data-author-image=\"\" data-likes-count=\"0\" data-type=\"video\" data-author-username=\"stripescoop.onlus\" data-link=\"https:\/\/www.instagram.com\/reel\/CjvaLCxPcWu\/\" class=\"ei-media-type-video fancybox\" href=\"https:\/\/video-frx5-1.cdninstagram.com\/v\/t50.33967-16\/311633047_1716279905410131_6766466496788609906_n.mp4?_nc_cat=105&vs=836669877466137_484312150&_nc_vs=HBksFQAYJEdKY2treEpUM0JpTzhoZ0dBSEs3cXJWdFVlZGRicV9FQUFBRhUAAsgBABUAGCRHTjFWbHhMZUN3aHNzb1FBQU5vN0FQZk9UUmNYYnFfRUFBQUYVAgLIAQAoABgAGwGIB3VzZV9vaWwBMRUAACamnM7P1v7yPxUCKAJDMywXQFBAAAAAAAAYEmRhc2hfYmFzZWxpbmVfMV92MREAdQAA&ccb=1-7&_nc_sid=59939d&efg=eyJ2ZW5jb2RlX3RhZyI6InZ0c192b2RfdXJsZ2VuLjcyMC5jbGlwcyJ9&_nc_ohc=95TcjfGY7JYAX9bIjhk&_nc_ht=video-frx5-1.cdninstagram.com&edm=ANo9K5cEAAAA&oh=00_AfAsEm6hHqw89-uXJwM6OMxf4m5t0Wok5ODY1tfo1yIsFw&oe=63E26E56&_nc_rid=8bf2a6abc6\" data-media-id=\"107\" data-caption=\"Sabato allo #StripesDigitusLab con #meetandcode! \ud83d\ude0d\"><img decoding=\"async\" src=\"https:\/\/video-frx5-1.cdninstagram.com\/v\/t50.33967-16\/311633047_1716279905410131_6766466496788609906_n.mp4?_nc_cat=105&vs=836669877466137_484312150&_nc_vs=HBksFQAYJEdKY2treEpUM0JpTzhoZ0dBSEs3cXJWdFVlZGRicV9FQUFBRhUAAsgBABUAGCRHTjFWbHhMZUN3aHNzb1FBQU5vN0FQZk9UUmNYYnFfRUFBQUYVAgLIAQAoABgAGwGIB3VzZV9vaWwBMRUAACamnM7P1v7yPxUCKAJDMywXQFBAAAAAAAAYEmRhc2hfYmFzZWxpbmVfMV92MREAdQAA&ccb=1-7&_nc_sid=59939d&efg=eyJ2ZW5jb2RlX3RhZyI6InZ0c192b2RfdXJsZ2VuLjcyMC5jbGlwcyJ9&_nc_ohc=95TcjfGY7JYAX9bIjhk&_nc_ht=video-frx5-1.cdninstagram.com&edm=ANo9K5cEAAAA&oh=00_AfAsEm6hHqw89-uXJwM6OMxf4m5t0Wok5ODY1tfo1yIsFw&oe=63E26E56&_nc_rid=8bf2a6abc6\"><\/a><\/li><li><a title=\"In occasione della #giornatamondialedellasalutementale al @spazio_mast di #Rho c\u2019\u00e8 stato l\u2019evento Cur-arti: due giornate dedicate ai diversi linguaggi dell\u2019arte come strumento di cura per tutti. \nNel #reel alcuni scatti dal laboratorio di lettering \u201cParole in bellezza\u201d ispirato ad #AldaMerini.\n@comunedirho\" target=\"_blank\"  data-author-image=\"\" data-likes-count=\"0\" data-type=\"video\" data-author-username=\"stripescoop.onlus\" data-link=\"https:\/\/www.instagram.com\/reel\/CjphjZgsOf1\/\" class=\"ei-media-type-video fancybox\" href=\"https:\/\/video-frt3-2.cdninstagram.com\/v\/t50.33967-16\/311682985_175508158390101_4813189963310164519_n.mp4?_nc_cat=106&vs=669954951007967_220033017&_nc_vs=HBksFQAYJEdLbm5reEpWbjJfdG41OEFBQ2Zxa3ktRjRzdENicV9FQUFBRhUAAsgBABUAGCRHTEFPbEJKUTZmYmJ6czhCQVA4TFkxb05vN3NFYnFfRUFBQUYVAgLIAQAoABgAGwGIB3VzZV9vaWwBMRUAACbI59WqurTvPxUCKAJDMywXQEQAAAAAAAAYEmRhc2hfYmFzZWxpbmVfMV92MREAdQAA&ccb=1-7&_nc_sid=59939d&efg=eyJ2ZW5jb2RlX3RhZyI6InZ0c192b2RfdXJsZ2VuLjcyMC5jbGlwcyJ9&_nc_ohc=b3E7W-HRBRsAX8Gs2k3&_nc_ht=video-frt3-2.cdninstagram.com&edm=ANo9K5cEAAAA&oh=00_AfCB53m1_Kw2efNXQASfnk8Ib44v9o00Se-vahzk-uTgZA&oe=63E264D8&_nc_rid=8b77c88c5c\" data-media-id=\"106\" data-caption=\"In occasione della #giornatamondialedellasalutementale al @spazio_mast di #Rho c\u2019\u00e8 stato l\u2019evento Cur-arti: due giornate dedicate ai diversi linguaggi dell\u2019arte come strumento di cura per tutti. <br \/>\nNel #reel alcuni scatti dal laboratorio di lettering \u201cParole in bellezza\u201d ispirato ad #AldaMerini.<br \/>\n@comunedirho\"><img decoding=\"async\" src=\"https:\/\/video-frt3-2.cdninstagram.com\/v\/t50.33967-16\/311682985_175508158390101_4813189963310164519_n.mp4?_nc_cat=106&vs=669954951007967_220033017&_nc_vs=HBksFQAYJEdLbm5reEpWbjJfdG41OEFBQ2Zxa3ktRjRzdENicV9FQUFBRhUAAsgBABUAGCRHTEFPbEJKUTZmYmJ6czhCQVA4TFkxb05vN3NFYnFfRUFBQUYVAgLIAQAoABgAGwGIB3VzZV9vaWwBMRUAACbI59WqurTvPxUCKAJDMywXQEQAAAAAAAAYEmRhc2hfYmFzZWxpbmVfMV92MREAdQAA&ccb=1-7&_nc_sid=59939d&efg=eyJ2ZW5jb2RlX3RhZyI6InZ0c192b2RfdXJsZ2VuLjcyMC5jbGlwcyJ9&_nc_ohc=b3E7W-HRBRsAX8Gs2k3&_nc_ht=video-frt3-2.cdninstagram.com&edm=ANo9K5cEAAAA&oh=00_AfCB53m1_Kw2efNXQASfnk8Ib44v9o00Se-vahzk-uTgZA&oe=63E264D8&_nc_rid=8b77c88c5c\"><\/a><\/li><li><a title=\"\ud835\udfed\ud835\udff1 \ud835\udde2\ud835\udde7\ud835\udde7\ud835\udde2\ud835\uddd5\ud835\udde5\ud835\uddd8 - \ud835\uddd6\ud835\uddd4\ud835\udde6\ud835\uddd6\ud835\udddc\ud835\udde1\ud835\uddd4 \ud835\uddda\ud835\uddd4\ud835\uddda\ud835\uddda\ud835\udddc\ud835\udde2\ud835\udddf\ud835\udddc \n\n\ud83d\udd3815:30-17:30 \ud835\ude4f\ud835\ude3c\ud835\ude44 \ud835\ude3e\ud835\ude43\ud835\ude44 \ud835\ude3e\ud835\ude43\ud835\ude50\ud835\ude3c\ud835\ude49 \ud835\ude5a \ud835\ude48\ud835\ude40\ud835\ude4d\ud835\ude40\ud835\ude49\ud835\ude3f\ud835\ude3c \ud835\ude44\ud835\ude49 \ud835\ude3e\ud835\ude3c\ud835\ude4e\ud835\ude3e\ud835\ude44\ud835\ude49\ud835\ude3c per bambini e adulti dai 12 a 99 anni!\n\ud83d\udd38COSTO 25 euro (inclusi lezione+merenda)\n\ud83d\udd38Cosa faremo:\n\nUna lezione di \ud835\udde7\ud835\uddee\ud835\uddf6 \ud835\uddd6\ud835\uddf5\ud835\uddf6 immersi nel verde, con merenda in \ud835\uddd6\ud835\uddee\ud835\ude00\ud835\uddf0\ud835\uddf6\ud835\uddfb\ud835\uddee \ud835\uddda\ud835\uddee\ud835\uddf4\ud835\uddf4\ud835\uddf6\ud835\uddfc\ud835\uddf9\ud835\uddf6. Un&#039;occasione per scoprire questa antica disciplina cinese e scoprire i suoi numerosi benefici per il corpo, la mente e lo spirito. Un&#039;ora fatta di movimenti uniformi e circolari, respiro lento e controllato, in piena connessione e armonia con se stessi e con la natura circostante. E per concludere un momento di condivisione e una ricca merenda con i prodotti della cascina. \n\n\ud83d\udd38Per info e prenotazioni: asia.aliberti@pedagogia.it\n\n#bambiniinoasi #cagranda @patrimoniocagranda\" target=\"_blank\"  data-author-image=\"\" data-likes-count=\"0\" data-type=\"image\" data-author-username=\"stripescoop.onlus\" data-link=\"https:\/\/www.instagram.com\/p\/Cjiu4dWNyR9\/\" class=\"ei-media-type-image fancybox\" href=\"https:\/\/scontent-frx5-1.cdninstagram.com\/v\/t51.2885-15\/310579964_804884994125940_7123569002949120672_n.jpg?_nc_cat=105&ccb=1-7&_nc_sid=8ae9d6&_nc_ohc=wlik1YBQAEoAX_KYsuP&_nc_ht=scontent-frx5-1.cdninstagram.com&edm=ANo9K5cEAAAA&oh=00_AfDDQjUSNB4_kcPYI8vcFbYRxfIW0dov1YdZ_OQ3DagJsA&oe=63E78ADC\" data-media-id=\"105\" data-caption=\"\ud835\udfed\ud835\udff1 \ud835\udde2\ud835\udde7\ud835\udde7\ud835\udde2\ud835\uddd5\ud835\udde5\ud835\uddd8 - \ud835\uddd6\ud835\uddd4\ud835\udde6\ud835\uddd6\ud835\udddc\ud835\udde1\ud835\uddd4 \ud835\uddda\ud835\uddd4\ud835\uddda\ud835\uddda\ud835\udddc\ud835\udde2\ud835\udddf\ud835\udddc <br \/>\n<br \/>\n\ud83d\udd3815:30-17:30 \ud835\ude4f\ud835\ude3c\ud835\ude44 \ud835\ude3e\ud835\ude43\ud835\ude44 \ud835\ude3e\ud835\ude43\ud835\ude50\ud835\ude3c\ud835\ude49 \ud835\ude5a \ud835\ude48\ud835\ude40\ud835\ude4d\ud835\ude40\ud835\ude49\ud835\ude3f\ud835\ude3c \ud835\ude44\ud835\ude49 \ud835\ude3e\ud835\ude3c\ud835\ude4e\ud835\ude3e\ud835\ude44\ud835\ude49\ud835\ude3c per bambini e adulti dai 12 a 99 anni!<br \/>\n\ud83d\udd38COSTO 25 euro (inclusi lezione+merenda)<br \/>\n\ud83d\udd38Cosa faremo:<br \/>\n<br \/>\nUna lezione di \ud835\udde7\ud835\uddee\ud835\uddf6 \ud835\uddd6\ud835\uddf5\ud835\uddf6 immersi nel verde, con merenda in \ud835\uddd6\ud835\uddee\ud835\ude00\ud835\uddf0\ud835\uddf6\ud835\uddfb\ud835\uddee \ud835\uddda\ud835\uddee\ud835\uddf4\ud835\uddf4\ud835\uddf6\ud835\uddfc\ud835\uddf9\ud835\uddf6. Un&#039;occasione per scoprire questa antica disciplina cinese e scoprire i suoi numerosi benefici per il corpo, la mente e lo spirito. Un&#039;ora fatta di movimenti uniformi e circolari, respiro lento e controllato, in piena connessione e armonia con se stessi e con la natura circostante. E per concludere un momento di condivisione e una ricca merenda con i prodotti della cascina. <br \/>\n<br \/>\n\ud83d\udd38Per info e prenotazioni: asia.aliberti@pedagogia.it<br \/>\n<br \/>\n#bambiniinoasi #cagranda @patrimoniocagranda\"><img decoding=\"async\" src=\"https:\/\/scontent-frx5-1.cdninstagram.com\/v\/t51.2885-15\/310579964_804884994125940_7123569002949120672_n.jpg?_nc_cat=105&ccb=1-7&_nc_sid=8ae9d6&_nc_ohc=wlik1YBQAEoAX_KYsuP&_nc_ht=scontent-frx5-1.cdninstagram.com&edm=ANo9K5cEAAAA&oh=00_AfDDQjUSNB4_kcPYI8vcFbYRxfIW0dov1YdZ_OQ3DagJsA&oe=63E78ADC\"><\/a><\/li><li><a title=\"#FestivalSviluppoSostenibile #StiamoAgendo\n- Oltre Vaia, Cubetto e la citt\u00e0 delle idee -\nLaboratorio di robotica educativa per bambini e bambine dai 4 agli 8 anni, ispirato alla storia della Start up VAIA\nEcco qualche scatto di sabato! Quanto ci siamo divertiti con Cubetto!! \ud83d\ude0d\n#stripescoop #stripesdigituslab #vaia #bambini #roboticaeducativa #cubetto #robot #montessori #weekendconipiccoli #weekendconibambini #likeus #followus #cooperativasociale\" target=\"_blank\"  data-author-image=\"\" data-likes-count=\"0\" data-type=\"video\" data-author-username=\"stripescoop.onlus\" data-link=\"https:\/\/www.instagram.com\/reel\/CjiH_5Trxkc\/\" class=\"ei-media-type-video fancybox\" href=\"https:\/\/video-frt3-2.cdninstagram.com\/v\/t50.33967-16\/311175146_119042950953561_7476900384340249877_n.mp4?_nc_cat=107&vs=1087871802117238_447774341&_nc_vs=HBksFQAYJEdPb25qQkpaX3MzWVJHd0FBQlVObFFWSlNjTm5icV9FQUFBRhUAAsgBABUAGCRHSm0xZlJKUHIwcmJsRG9DQU5qa2R3R3VIMm9qYnFfRUFBQUYVAgLIAQAoABgAGwGIB3VzZV9vaWwBMRUAACaI9P2T7qnPQBUCKAJDMywXQEaAAAAAAAAYEmRhc2hfYmFzZWxpbmVfMV92MREAdQAA&ccb=1-7&_nc_sid=59939d&efg=eyJ2ZW5jb2RlX3RhZyI6InZ0c192b2RfdXJsZ2VuLjcyMC5jbGlwcyJ9&_nc_ohc=XXYt9g1TwYYAX8lSQMV&_nc_oc=AQniq7gEC5tbfhLBAUBt-L7TMYGBEbSba-Uz0XU_geMIYsCb3DlVOh5qlUjpY7pImrk&_nc_ht=video-frt3-2.cdninstagram.com&edm=ANo9K5cEAAAA&oh=00_AfA-BNI_Xkbn_DxGDjr3bUWgXSipiQ-8Ehd0WN20wKxZgQ&oe=63E25E80&_nc_rid=9135aba093\" data-media-id=\"104\" data-caption=\"#FestivalSviluppoSostenibile #StiamoAgendo<br \/>\n- Oltre Vaia, Cubetto e la citt\u00e0 delle idee -<br \/>\nLaboratorio di robotica educativa per bambini e bambine dai 4 agli 8 anni, ispirato alla storia della Start up VAIA<br \/>\nEcco qualche scatto di sabato! Quanto ci siamo divertiti con Cubetto!! \ud83d\ude0d<br \/>\n#stripescoop #stripesdigituslab #vaia #bambini #roboticaeducativa #cubetto #robot #montessori #weekendconipiccoli #weekendconibambini #likeus #followus #cooperativasociale\"><img decoding=\"async\" src=\"https:\/\/video-frt3-2.cdninstagram.com\/v\/t50.33967-16\/311175146_119042950953561_7476900384340249877_n.mp4?_nc_cat=107&vs=1087871802117238_447774341&_nc_vs=HBksFQAYJEdPb25qQkpaX3MzWVJHd0FBQlVObFFWSlNjTm5icV9FQUFBRhUAAsgBABUAGCRHSm0xZlJKUHIwcmJsRG9DQU5qa2R3R3VIMm9qYnFfRUFBQUYVAgLIAQAoABgAGwGIB3VzZV9vaWwBMRUAACaI9P2T7qnPQBUCKAJDMywXQEaAAAAAAAAYEmRhc2hfYmFzZWxpbmVfMV92MREAdQAA&ccb=1-7&_nc_sid=59939d&efg=eyJ2ZW5jb2RlX3RhZyI6InZ0c192b2RfdXJsZ2VuLjcyMC5jbGlwcyJ9&_nc_ohc=XXYt9g1TwYYAX8lSQMV&_nc_oc=AQniq7gEC5tbfhLBAUBt-L7TMYGBEbSba-Uz0XU_geMIYsCb3DlVOh5qlUjpY7pImrk&_nc_ht=video-frt3-2.cdninstagram.com&edm=ANo9K5cEAAAA&oh=00_AfA-BNI_Xkbn_DxGDjr3bUWgXSipiQ-8Ehd0WN20wKxZgQ&oe=63E25E80&_nc_rid=9135aba093\"><\/a><\/li><li><a title=\"#donnavitalibert\u00e0 \u2764\ufe0f\n\u201c\ud835\udde8\ud835\uddfb \ud835\ude02\ud835\uddff\ud835\uddf9\ud835\uddfc \ud835\uddf1\ud835\uddf6 \ud835\ude00\ud835\uddfd\ud835\uddf2\ud835\uddff\ud835\uddee\ud835\uddfb\ud835\ude07\ud835\uddee \ud835\uddf2 \ud835\uddf1\ud835\uddf6 \ud835\uddfd\ud835\uddff\ud835\uddfc\ud835\ude01\ud835\uddf2\ud835\ude00\ud835\ude01\ud835\uddee \ud835\uddf0\ud835\uddfc\ud835\uddfa\ud835\uddf2 \ud835\uddfe\ud835\ude02\ud835\uddf2\ud835\uddf9\ud835\uddf9\ud835\uddfc \ud835\uddf1\ud835\uddf6 \ud835\ude01\ud835\ude02\ud835\ude01\ud835\ude01\ud835\uddf2 \ud835\uddf9\ud835\uddf2 \ud835\uddf1\ud835\uddfc\ud835\uddfb\ud835\uddfb\ud835\uddf2 \ud835\uddf0\ud835\uddf5\ud835\uddf2 \ud835\uddf0\ud835\uddfc\ud835\uddfb\ud835\ude01\ud835\uddf6\ud835\uddfb\ud835\ude02\ud835\uddee\ud835\uddfb\ud835\uddfc \ud835\uddee \ud835\uddf9\ud835\uddfc\ud835\ude01\ud835\ude01\ud835\uddee\ud835\uddff\ud835\uddf2 \ud835\uddfc\ud835\uddf4\ud835\uddfb\ud835\uddf6 \ud835\uddf4\ud835\uddf6\ud835\uddfc\ud835\uddff\ud835\uddfb\ud835\uddfc\u201d.\nVeli, libri e sciarpe rosse. Musica, bambini e parole. Gesti semplici, oggetti quotidiani e colori hanno contraddistinto le scene montate attraverso i contributi realizzati dalle Socie e dai Soci della nostra cooperativa, composta per oltre il 95% da donne lavoratrici.\n\u201c\ud835\ude13\ud835\ude26 \ud835\ude37\ud835\ude2a\ud835\ude30\ud835\ude2d\ud835\ude26\ud835\ude2f\ud835\ude3b\ud835\ude26 \ud835\ude26 \ud835\ude28\ud835\ude2d\ud835\ude2a \ud835\ude22\ud835\ude35\ud835\ude35\ud835\ude2a \ud835\ude25\ud835\ude2a \ud835\ude33\ud835\ude26\ud835\ude31\ud835\ude33\ud835\ude26\ud835\ude34\ud835\ude34\ud835\ude2a\ud835\ude30\ud835\ude2f\ud835\ude26 \ud835\ude25\ud835\ude26\ud835\ude2d\ud835\ude2d\ud835\ude26 \ud835\ude36\ud835\ude2d\ud835\ude35\ud835\ude2a\ud835\ude2e\ud835\ude26 \ud835\ude34\ud835\ude26\ud835\ude35\ud835\ude35\ud835\ude2a\ud835\ude2e\ud835\ude22\ud835\ude2f\ud835\ude26, \ud835\ude24\ud835\ude29\ud835\ude26 \ud835\ude29\ud835\ude22\ud835\ude2f\ud835\ude2f\ud835\ude30 \ud835\ude2a\ud835\ude2f\ud835\ude30\ud835\ude2d\ud835\ude35\ud835\ude33\ud835\ude26 \ud835\ude24\ud835\ude30\ud835\ude2a\ud835\ude2f\ud835\ude37\ud835\ude30\ud835\ude2d\ud835\ude35\ud835\ude30 \ud835\ude36\ud835\ude2f\ud835\ude22 \ud835\ude24\ud835\ude2a\ud835\ude35\ud835\ude35\ud835\ude22\ud835\ude25\ud835\ude2a\ud835\ude2f\ud835\ude22 \ud835\ude2a\ud835\ude35\ud835\ude22\ud835\ude2d\ud835\ude2a\ud835\ude22\ud835\ude2f\ud835\ude22, \ud835\ude2f\ud835\ude30\ud835\ude2f \ud835\ude31\ud835\ude30\ud835\ude34\ud835\ude34\ud835\ude30\ud835\ude2f\ud835\ude30 \ud835\ude2d\ud835\ude22\ud835\ude34\ud835\ude24\ud835\ude2a\ud835\ude22\ud835\ude33\ud835\ude24\ud835\ude2a \ud835\ude2a\ud835\ude2f\ud835\ude25\ud835\ude2a\ud835\ude27\ud835\ude27\ud835\ude26\ud835\ude33\ud835\ude26\ud835\ude2f\ud835\ude35\ud835\ude2a \u2013 Dichiara Dafne Guida, Presidente della Cooperativa Stripes \u2013 \ud835\ude13\ud835\ude22 \ud835\ude2f\ud835\ude30\ud835\ude34\ud835\ude35\ud835\ude33\ud835\ude22 \ud835\ude0a\ud835\ude30\ud835\ude30\ud835\ude31\ud835\ude26\ud835\ude33\ud835\ude22\ud835\ude35\ud835\ude2a\ud835\ude37\ud835\ude22 \ud835\ude26\u0300 \ud835\ude26\ud835\ude34\ud835\ude35\ud835\ude33\ud835\ude26\ud835\ude2e\ud835\ude22\ud835\ude2e\ud835\ude26\ud835\ude2f\ud835\ude35\ud835\ude26 \ud835\ude34\ud835\ude26\ud835\ude2f\ud835\ude34\ud835\ude2a\ud835\ude23\ud835\ude2a\ud835\ude2d\ud835\ude26 \ud835\ude22\ud835\ude2a \ud835\ude35\ud835\ude26\ud835\ude2e\ud835\ude2a \ud835\ude25\ud835\ude26\ud835\ude2d\ud835\ude2d\ud835\ude26 \ud835\ude25\ud835\ude2a\ud835\ude34\ud835\ude36\ud835\ude28\ud835\ude36\ud835\ude22\ud835\ude28\ud835\ude2d\ud835\ude2a\ud835\ude22\ud835\ude2f\ud835\ude3b\ud835\ude26 \ud835\ude25\ud835\ude2a \ud835\ude30\ud835\ude28\ud835\ude2f\ud835\ude2a \ud835\ude35\ud835\ude2a\ud835\ude31\ud835\ude30 \ud835\ude26 \ud835\ude25\ud835\ude26\ud835\ude2d\ud835\ude2d\ud835\ude22 \ud835\ude37\ud835\ude2a\ud835\ude30\ud835\ude2d\ud835\ude26\ud835\ude2f\ud835\ude3b\ud835\ude22 \ud835\ude25\ud835\ude2a \ud835\ude28\ud835\ude26\ud835\ude2f\ud835\ude26\ud835\ude33\ud835\ude26 \ud835\ude26 \ud835\ude31\ud835\ude26\ud835\ude33 \ud835\ude35\ud835\ude22\ud835\ude2d\ud835\ude26 \ud835\ude33\ud835\ude22\ud835\ude28\ud835\ude2a\ud835\ude30\ud835\ude2f\ud835\ude26 \ud835\ude34\ud835\ude2a \ud835\ude36\ud835\ude2f\ud835\ude2a\ud835\ude34\ud835\ude24\ud835\ude26 \ud835\ude32\ud835\ude36\ud835\ude2a\ud835\ude2f\ud835\ude25\ud835\ude2a \ud835\ude22\ud835\ude2d \ud835\ude28\ud835\ude33\ud835\ude2a\ud835\ude25\ud835\ude30 \ud835\ude25\ud835\ude2a \ud835\ude31\ud835\ude33\ud835\ude30\ud835\ude35\ud835\ude26\ud835\ude34\ud835\ude35\ud835\ude22 \ud835\ude25\ud835\ude2a \ud835\ude32\ud835\ude36\ud835\ude26\ud835\ude34\ud835\ude35\ud835\ude26 \ud835\ude25\ud835\ude30\ud835\ude2f\ud835\ude2f\ud835\ude26 \ud835\ude26 \ud835\ude25\ud835\ude2a \ud835\ude32\ud835\ude36\ud835\ude26\ud835\ude34\ud835\ude35\ud835\ude2a \ud835\ude36\ud835\ude30\ud835\ude2e\ud835\ude2a\ud835\ude2f\ud835\ude2a, \ud835\ude31\ud835\ude26\ud835\ude33\ud835\ude24\ud835\ude29\ud835\ude26\u0301 \ud835\ude2f\ud835\ude30\ud835\ude2f \ud835\ude26\u0300 \ud835\ude31\ud835\ude2a\ud835\ude36\u0300 \ud835\ude31\ud835\ude30\ud835\ude34\ud835\ude34\ud835\ude2a\ud835\ude23\ud835\ude2a\ud835\ude2d\ud835\ude26 \ud835\ude27\ud835\ude22\ud835\ude33 \ud835\ude27\ud835\ude2a\ud835\ude2f\ud835\ude35\ud835\ude22 \ud835\ude25\ud835\ude2a \ud835\ude2f\ud835\ude36\ud835\ude2d\ud835\ude2d\ud835\ude22\u201d.\nVi invitiamo tutti a sostenere le donne iraniane anche semplicemente con una delle parole slogan di questa protesta \u201c\ud835\uddd7\ud835\uddfc\ud835\uddfb\ud835\uddfb\ud835\uddee, \ud835\ude03\ud835\uddf6\ud835\ude01\ud835\uddee, \ud835\uddf9\ud835\uddf6\ud835\uddef\ud835\uddf2\ud835\uddff\ud835\uddee\u0300\u201d. E\u2019 possibile condividere i propri scatti qui nei commenti; le foto raccolte verranno utilizzate per continuare a dimostrare la vicinanza verso tutte le persone che stanno lottando per i propri diritti e quelli di tutte le donne del mondo.\n************\nIl video \u00e8 stato accompagnato dalla canzone \u201cDedica\u201d di Chiara Boi in arte Chibo , cantautrice milanese che ha studiato canto moderno presso il CPM di Franco Mussida. Appassionata di musica e teatro, si esibisce come cantastorie presso Dramatr\u00e0, \u00e8 nota per aver creato il progetto CANTO I MURI e per le collaborazioni artistiche con Elio e le storie tese.\n\n#stripescoop #iran #rivoluzioneiraniana #donne #libert\u00e0 #vita #free #freedom #woman #women #popolo #2022 #italia #milano #likeus #followus #share\" target=\"_blank\"  data-author-image=\"\" data-likes-count=\"0\" data-type=\"video\" data-author-username=\"stripescoop.onlus\" data-link=\"https:\/\/www.instagram.com\/tv\/CjaDfE3rUo4\/\" class=\"ei-media-type-video fancybox\" href=\"https:\/\/video-frx5-1.cdninstagram.com\/v\/t50.16885-16\/10000000_5452842481419493_7271735205512457424_n.mp4?_nc_cat=105&vs=430986179070570_1377916075&_nc_vs=HBksFQAYJEdJQ1dtQURsQkItVFZGOFRBTkNzUldHa1pPcGtidlZCQUFBRhUAAsgBABUAGCRHQ3BVZ1JMSUdQUlpuOGNDQUlVVkt3NzZGd3hSYnZWQkFBQUYVAgLIAQAoABgAGwGIB3VzZV9vaWwBMRUAACbQr7rInYTrPxUCKAJDMywXQGHFR64UeuEYEmRhc2hfYmFzZWxpbmVfMV92MREAdewHAA%3D%3D&ccb=1-7&_nc_sid=59939d&efg=eyJ2ZW5jb2RlX3RhZyI6InZ0c192b2RfdXJsZ2VuLjEyODAuaWd0diJ9&_nc_ohc=HrKKKxh9mGIAX-fWVIx&_nc_ht=video-frx5-1.cdninstagram.com&edm=ANo9K5cEAAAA&oh=00_AfAbp4IiMVvr9vZuwUGmzf_Qr4KdKFA664et2DSUwWfJxw&oe=63E25C26&_nc_rid=602bf5594c\" data-media-id=\"103\" data-caption=\"#donnavitalibert\u00e0 \u2764\ufe0f<br \/>\n\u201c\ud835\udde8\ud835\uddfb \ud835\ude02\ud835\uddff\ud835\uddf9\ud835\uddfc \ud835\uddf1\ud835\uddf6 \ud835\ude00\ud835\uddfd\ud835\uddf2\ud835\uddff\ud835\uddee\ud835\uddfb\ud835\ude07\ud835\uddee \ud835\uddf2 \ud835\uddf1\ud835\uddf6 \ud835\uddfd\ud835\uddff\ud835\uddfc\ud835\ude01\ud835\uddf2\ud835\ude00\ud835\ude01\ud835\uddee \ud835\uddf0\ud835\uddfc\ud835\uddfa\ud835\uddf2 \ud835\uddfe\ud835\ude02\ud835\uddf2\ud835\uddf9\ud835\uddf9\ud835\uddfc \ud835\uddf1\ud835\uddf6 \ud835\ude01\ud835\ude02\ud835\ude01\ud835\ude01\ud835\uddf2 \ud835\uddf9\ud835\uddf2 \ud835\uddf1\ud835\uddfc\ud835\uddfb\ud835\uddfb\ud835\uddf2 \ud835\uddf0\ud835\uddf5\ud835\uddf2 \ud835\uddf0\ud835\uddfc\ud835\uddfb\ud835\ude01\ud835\uddf6\ud835\uddfb\ud835\ude02\ud835\uddee\ud835\uddfb\ud835\uddfc \ud835\uddee \ud835\uddf9\ud835\uddfc\ud835\ude01\ud835\ude01\ud835\uddee\ud835\uddff\ud835\uddf2 \ud835\uddfc\ud835\uddf4\ud835\uddfb\ud835\uddf6 \ud835\uddf4\ud835\uddf6\ud835\uddfc\ud835\uddff\ud835\uddfb\ud835\uddfc\u201d.<br \/>\nVeli, libri e sciarpe rosse. Musica, bambini e parole. Gesti semplici, oggetti quotidiani e colori hanno contraddistinto le scene montate attraverso i contributi realizzati dalle Socie e dai Soci della nostra cooperativa, composta per oltre il 95% da donne lavoratrici.<br \/>\n\u201c\ud835\ude13\ud835\ude26 \ud835\ude37\ud835\ude2a\ud835\ude30\ud835\ude2d\ud835\ude26\ud835\ude2f\ud835\ude3b\ud835\ude26 \ud835\ude26 \ud835\ude28\ud835\ude2d\ud835\ude2a \ud835\ude22\ud835\ude35\ud835\ude35\ud835\ude2a \ud835\ude25\ud835\ude2a \ud835\ude33\ud835\ude26\ud835\ude31\ud835\ude33\ud835\ude26\ud835\ude34\ud835\ude34\ud835\ude2a\ud835\ude30\ud835\ude2f\ud835\ude26 \ud835\ude25\ud835\ude26\ud835\ude2d\ud835\ude2d\ud835\ude26 \ud835\ude36\ud835\ude2d\ud835\ude35\ud835\ude2a\ud835\ude2e\ud835\ude26 \ud835\ude34\ud835\ude26\ud835\ude35\ud835\ude35\ud835\ude2a\ud835\ude2e\ud835\ude22\ud835\ude2f\ud835\ude26, \ud835\ude24\ud835\ude29\ud835\ude26 \ud835\ude29\ud835\ude22\ud835\ude2f\ud835\ude2f\ud835\ude30 \ud835\ude2a\ud835\ude2f\ud835\ude30\ud835\ude2d\ud835\ude35\ud835\ude33\ud835\ude26 \ud835\ude24\ud835\ude30\ud835\ude2a\ud835\ude2f\ud835\ude37\ud835\ude30\ud835\ude2d\ud835\ude35\ud835\ude30 \ud835\ude36\ud835\ude2f\ud835\ude22 \ud835\ude24\ud835\ude2a\ud835\ude35\ud835\ude35\ud835\ude22\ud835\ude25\ud835\ude2a\ud835\ude2f\ud835\ude22 \ud835\ude2a\ud835\ude35\ud835\ude22\ud835\ude2d\ud835\ude2a\ud835\ude22\ud835\ude2f\ud835\ude22, \ud835\ude2f\ud835\ude30\ud835\ude2f \ud835\ude31\ud835\ude30\ud835\ude34\ud835\ude34\ud835\ude30\ud835\ude2f\ud835\ude30 \ud835\ude2d\ud835\ude22\ud835\ude34\ud835\ude24\ud835\ude2a\ud835\ude22\ud835\ude33\ud835\ude24\ud835\ude2a \ud835\ude2a\ud835\ude2f\ud835\ude25\ud835\ude2a\ud835\ude27\ud835\ude27\ud835\ude26\ud835\ude33\ud835\ude26\ud835\ude2f\ud835\ude35\ud835\ude2a \u2013 Dichiara Dafne Guida, Presidente della Cooperativa Stripes \u2013 \ud835\ude13\ud835\ude22 \ud835\ude2f\ud835\ude30\ud835\ude34\ud835\ude35\ud835\ude33\ud835\ude22 \ud835\ude0a\ud835\ude30\ud835\ude30\ud835\ude31\ud835\ude26\ud835\ude33\ud835\ude22\ud835\ude35\ud835\ude2a\ud835\ude37\ud835\ude22 \ud835\ude26\u0300 \ud835\ude26\ud835\ude34\ud835\ude35\ud835\ude33\ud835\ude26\ud835\ude2e\ud835\ude22\ud835\ude2e\ud835\ude26\ud835\ude2f\ud835\ude35\ud835\ude26 \ud835\ude34\ud835\ude26\ud835\ude2f\ud835\ude34\ud835\ude2a\ud835\ude23\ud835\ude2a\ud835\ude2d\ud835\ude26 \ud835\ude22\ud835\ude2a \ud835\ude35\ud835\ude26\ud835\ude2e\ud835\ude2a \ud835\ude25\ud835\ude26\ud835\ude2d\ud835\ude2d\ud835\ude26 \ud835\ude25\ud835\ude2a\ud835\ude34\ud835\ude36\ud835\ude28\ud835\ude36\ud835\ude22\ud835\ude28\ud835\ude2d\ud835\ude2a\ud835\ude22\ud835\ude2f\ud835\ude3b\ud835\ude26 \ud835\ude25\ud835\ude2a \ud835\ude30\ud835\ude28\ud835\ude2f\ud835\ude2a \ud835\ude35\ud835\ude2a\ud835\ude31\ud835\ude30 \ud835\ude26 \ud835\ude25\ud835\ude26\ud835\ude2d\ud835\ude2d\ud835\ude22 \ud835\ude37\ud835\ude2a\ud835\ude30\ud835\ude2d\ud835\ude26\ud835\ude2f\ud835\ude3b\ud835\ude22 \ud835\ude25\ud835\ude2a \ud835\ude28\ud835\ude26\ud835\ude2f\ud835\ude26\ud835\ude33\ud835\ude26 \ud835\ude26 \ud835\ude31\ud835\ude26\ud835\ude33 \ud835\ude35\ud835\ude22\ud835\ude2d\ud835\ude26 \ud835\ude33\ud835\ude22\ud835\ude28\ud835\ude2a\ud835\ude30\ud835\ude2f\ud835\ude26 \ud835\ude34\ud835\ude2a \ud835\ude36\ud835\ude2f\ud835\ude2a\ud835\ude34\ud835\ude24\ud835\ude26 \ud835\ude32\ud835\ude36\ud835\ude2a\ud835\ude2f\ud835\ude25\ud835\ude2a \ud835\ude22\ud835\ude2d \ud835\ude28\ud835\ude33\ud835\ude2a\ud835\ude25\ud835\ude30 \ud835\ude25\ud835\ude2a \ud835\ude31\ud835\ude33\ud835\ude30\ud835\ude35\ud835\ude26\ud835\ude34\ud835\ude35\ud835\ude22 \ud835\ude25\ud835\ude2a \ud835\ude32\ud835\ude36\ud835\ude26\ud835\ude34\ud835\ude35\ud835\ude26 \ud835\ude25\ud835\ude30\ud835\ude2f\ud835\ude2f\ud835\ude26 \ud835\ude26 \ud835\ude25\ud835\ude2a \ud835\ude32\ud835\ude36\ud835\ude26\ud835\ude34\ud835\ude35\ud835\ude2a \ud835\ude36\ud835\ude30\ud835\ude2e\ud835\ude2a\ud835\ude2f\ud835\ude2a, \ud835\ude31\ud835\ude26\ud835\ude33\ud835\ude24\ud835\ude29\ud835\ude26\u0301 \ud835\ude2f\ud835\ude30\ud835\ude2f \ud835\ude26\u0300 \ud835\ude31\ud835\ude2a\ud835\ude36\u0300 \ud835\ude31\ud835\ude30\ud835\ude34\ud835\ude34\ud835\ude2a\ud835\ude23\ud835\ude2a\ud835\ude2d\ud835\ude26 \ud835\ude27\ud835\ude22\ud835\ude33 \ud835\ude27\ud835\ude2a\ud835\ude2f\ud835\ude35\ud835\ude22 \ud835\ude25\ud835\ude2a \ud835\ude2f\ud835\ude36\ud835\ude2d\ud835\ude2d\ud835\ude22\u201d.<br \/>\nVi invitiamo tutti a sostenere le donne iraniane anche semplicemente con una delle parole slogan di questa protesta \u201c\ud835\uddd7\ud835\uddfc\ud835\uddfb\ud835\uddfb\ud835\uddee, \ud835\ude03\ud835\uddf6\ud835\ude01\ud835\uddee, \ud835\uddf9\ud835\uddf6\ud835\uddef\ud835\uddf2\ud835\uddff\ud835\uddee\u0300\u201d. E\u2019 possibile condividere i propri scatti qui nei commenti; le foto raccolte verranno utilizzate per continuare a dimostrare la vicinanza verso tutte le persone che stanno lottando per i propri diritti e quelli di tutte le donne del mondo.<br \/>\n************<br \/>\nIl video \u00e8 stato accompagnato dalla canzone \u201cDedica\u201d di Chiara Boi in arte Chibo , cantautrice milanese che ha studiato canto moderno presso il CPM di Franco Mussida. Appassionata di musica e teatro, si esibisce come cantastorie presso Dramatr\u00e0, \u00e8 nota per aver creato il progetto CANTO I MURI e per le collaborazioni artistiche con Elio e le storie tese.<br \/>\n<br \/>\n#stripescoop #iran #rivoluzioneiraniana #donne #libert\u00e0 #vita #free #freedom #woman #women #popolo #2022 #italia #milano #likeus #followus #share\"><img decoding=\"async\" src=\"https:\/\/video-frx5-1.cdninstagram.com\/v\/t50.16885-16\/10000000_5452842481419493_7271735205512457424_n.mp4?_nc_cat=105&vs=430986179070570_1377916075&_nc_vs=HBksFQAYJEdJQ1dtQURsQkItVFZGOFRBTkNzUldHa1pPcGtidlZCQUFBRhUAAsgBABUAGCRHQ3BVZ1JMSUdQUlpuOGNDQUlVVkt3NzZGd3hSYnZWQkFBQUYVAgLIAQAoABgAGwGIB3VzZV9vaWwBMRUAACbQr7rInYTrPxUCKAJDMywXQGHFR64UeuEYEmRhc2hfYmFzZWxpbmVfMV92MREAdewHAA%3D%3D&ccb=1-7&_nc_sid=59939d&efg=eyJ2ZW5jb2RlX3RhZyI6InZ0c192b2RfdXJsZ2VuLjEyODAuaWd0diJ9&_nc_ohc=HrKKKxh9mGIAX-fWVIx&_nc_ht=video-frx5-1.cdninstagram.com&edm=ANo9K5cEAAAA&oh=00_AfAbp4IiMVvr9vZuwUGmzf_Qr4KdKFA664et2DSUwWfJxw&oe=63E25C26&_nc_rid=602bf5594c\"><\/a><\/li><li><a title=\"Per info Scrivi a: digituslab@pedagogia.it\" target=\"_blank\"  data-author-image=\"\" data-likes-count=\"0\" data-type=\"video\" data-author-username=\"stripescoop.onlus\" data-link=\"https:\/\/www.instagram.com\/reel\/CjQKfP6sbxB\/\" class=\"ei-media-type-video fancybox\" href=\"https:\/\/video-frx5-1.cdninstagram.com\/v\/t50.33967-16\/310860394_1463867457453925_250611960332884019_n.mp4?_nc_cat=109&vs=794527504934888_288351477&_nc_vs=HBksFQAYJEdHcGFoeEpsdjh3ellUTUZBRE1ZR3doQVdub0RicV9FQUFBRhUAAsgBABUAGCRHRkxCZ0JKWkhVNHlLRklDQUJuSWVaSmxlYXBiYnFfRUFBQUYVAgLIAQAoABgAGwGIB3VzZV9vaWwBMRUAACaU2fWLzIjGPxUCKAJDMywXQDgiDEm6XjUYEmRhc2hfYmFzZWxpbmVfMV92MREAdQAA&ccb=1-7&_nc_sid=59939d&efg=eyJ2ZW5jb2RlX3RhZyI6InZ0c192b2RfdXJsZ2VuLjcyMC5jbGlwcyJ9&_nc_ohc=24ZDsLHRGoUAX8ZP6xT&_nc_ht=video-frx5-1.cdninstagram.com&edm=ANo9K5cEAAAA&oh=00_AfC8ccgNmn2a6GtVrVLojR201csc9Q8rljzPYTaUu1kIgw&oe=63E2698E&_nc_rid=f66884e880\" data-media-id=\"102\" data-caption=\"Per info Scrivi a: digituslab@pedagogia.it\"><img decoding=\"async\" src=\"https:\/\/video-frx5-1.cdninstagram.com\/v\/t50.33967-16\/310860394_1463867457453925_250611960332884019_n.mp4?_nc_cat=109&vs=794527504934888_288351477&_nc_vs=HBksFQAYJEdHcGFoeEpsdjh3ellUTUZBRE1ZR3doQVdub0RicV9FQUFBRhUAAsgBABUAGCRHRkxCZ0JKWkhVNHlLRklDQUJuSWVaSmxlYXBiYnFfRUFBQUYVAgLIAQAoABgAGwGIB3VzZV9vaWwBMRUAACaU2fWLzIjGPxUCKAJDMywXQDgiDEm6XjUYEmRhc2hfYmFzZWxpbmVfMV92MREAdQAA&ccb=1-7&_nc_sid=59939d&efg=eyJ2ZW5jb2RlX3RhZyI6InZ0c192b2RfdXJsZ2VuLjcyMC5jbGlwcyJ9&_nc_ohc=24ZDsLHRGoUAX8ZP6xT&_nc_ht=video-frx5-1.cdninstagram.com&edm=ANo9K5cEAAAA&oh=00_AfC8ccgNmn2a6GtVrVLojR201csc9Q8rljzPYTaUu1kIgw&oe=63E2698E&_nc_rid=f66884e880\"><\/a><\/li><li><a title=\"Torna \ud835\udc68\ud835\udc93\ud835\udc84\ud835\udc90\ud835\udc8f\ud835\udc82\ud835\udc95\ud835\udc8a \ud835\udc87\ud835\udc90\ud835\udc93 \ud835\udc72\ud835\udc8a\ud835\udc85\ud835\udc94 con una proposta per tutta la famiglia: \ud835\udc8a\ud835\udc8d \ud835\udfd0 \ud835\udc90\ud835\udc95\ud835\udc95\ud835\udc90\ud835\udc83\ud835\udc93\ud835\udc86, \ud835\udc85\ud835\udc82\ud835\udc8d\ud835\udc8d\ud835\udc86 \ud835\udfcf\ud835\udfd2:\ud835\udfce\ud835\udfce \ud835\udc97\ud835\udc8a \ud835\udc82\ud835\udc94\ud835\udc91\ud835\udc86\ud835\udc95\ud835\udc95\ud835\udc82 \ud835\udc69\ud835\udc90\ud835\udc90\ud835\udc8c\ud835\udc8d\ud835\udc82\ud835\udc8f\ud835\udc85, \ud835\udc96\ud835\udc8f\ud835\udc82 \ud835\udc6c\ud835\udc84\ud835\udc90\ud835\udc69\ud835\udc8a\ud835\udc83\ud835\udc8d\ud835\udc8a\ud835\udc90\ud835\udc95\ud835\udc86\ud835\udc84\ud835\udc82 \ud835\udc8f\ud835\udc86\ud835\udc8d \ud835\udc83\ud835\udc90\ud835\udc94\ud835\udc84\ud835\udc90.\n\ud83d\udcda Lasciatevi ispirare da libri e albi illustrati, per poi girovagare nel giardino di #VillaArconati con la nostra mappa \ud835\udc82\ud835\udc8d\ud835\udc8d\ud835\udc82 \ud835\udc93\ud835\udc8a\ud835\udc84\ud835\udc86\ud835\udc93\ud835\udc84\ud835\udc82 \ud835\udc85\ud835\udc8a \ud835\udc8d\ud835\udc96\ud835\udc90\ud835\udc88\ud835\udc89\ud835\udc8a \ud835\udc8e\ud835\udc82\ud835\udc88\ud835\udc8a\ud835\udc84\ud835\udc8a \ud835\udc85\ud835\udc90\ud835\udc97\ud835\udc86 \ud835\udc8a\ud835\udc8e\ud835\udc8e\ud835\udc86\ud835\udc93\ud835\udc88\ud835\udc86\ud835\udc93\ud835\udc94\ud835\udc8a \ud835\udc8f\ud835\udc86\ud835\udc8d\ud835\udc8d\ud835\udc82 \ud835\udc8d\ud835\udc86\ud835\udc95\ud835\udc95\ud835\udc96\ud835\udc93\ud835\udc82 \ud835\udc86 \ud835\udc8f\ud835\udc86\ud835\udc8d\ud835\udc8d\ud835\udc82 \ud835\udc83\ud835\udc86\ud835\udc8d\ud835\udc8d\ud835\udc86\ud835\udc9b\ud835\udc9b\ud835\udc82\u2026 guidati da qualche suggestione curiosa per la lettura e non solo. \nUn&#039;esperienza dal ritmo lento della #natura e del #bosco autunnale, per liberare insieme l&#039;immaginazione tra una pagina e l&#039;altra!\n\ud835\udc77\ud835\udc86\ud835\udc93 \ud835\udc70\ud835\udc8f\ud835\udc87\ud835\udc90 \ud835\udc86 \ud835\udc70\ud835\udc94\ud835\udc84\ud835\udc93\ud835\udc8a\ud835\udc9b\ud835\udc8a\ud835\udc90\ud835\udc8f\ud835\udc8a vai al \ud835\udc73\ud835\udc70\ud835\udc75\ud835\udc72 \ud83d\udc49 https:\/\/bit.ly\/Book-land_laboratorio_per_bambini\n\n#epicland #villedidelizia #villedideliziabrianza #villedidelizialombarde #bollate #lombardia #weekendtime #weekendconipiccoli #weekendconibambini #children #stripescoop #pic #regionelombardia #likeus #followus\" target=\"_blank\"  data-author-image=\"\" data-likes-count=\"0\" data-type=\"image\" data-author-username=\"stripescoop.onlus\" data-link=\"https:\/\/www.instagram.com\/p\/CjBXkYbNE9F\/\" class=\"ei-media-type-image fancybox\" href=\"https:\/\/scontent-frt3-2.cdninstagram.com\/v\/t51.29350-15\/308724820_899495724361890_4773631962384903367_n.jpg?_nc_cat=101&ccb=1-7&_nc_sid=8ae9d6&_nc_ohc=ZHlWWgVD48kAX_S0G6i&_nc_ht=scontent-frt3-2.cdninstagram.com&edm=ANo9K5cEAAAA&oh=00_AfBuwS49ofL2tJULSZgSz0OVGkWbyEqRjCkBD9bdkKFuqQ&oe=63E72BA2\" data-media-id=\"101\" data-caption=\"Torna \ud835\udc68\ud835\udc93\ud835\udc84\ud835\udc90\ud835\udc8f\ud835\udc82\ud835\udc95\ud835\udc8a \ud835\udc87\ud835\udc90\ud835\udc93 \ud835\udc72\ud835\udc8a\ud835\udc85\ud835\udc94 con una proposta per tutta la famiglia: \ud835\udc8a\ud835\udc8d \ud835\udfd0 \ud835\udc90\ud835\udc95\ud835\udc95\ud835\udc90\ud835\udc83\ud835\udc93\ud835\udc86, \ud835\udc85\ud835\udc82\ud835\udc8d\ud835\udc8d\ud835\udc86 \ud835\udfcf\ud835\udfd2:\ud835\udfce\ud835\udfce \ud835\udc97\ud835\udc8a \ud835\udc82\ud835\udc94\ud835\udc91\ud835\udc86\ud835\udc95\ud835\udc95\ud835\udc82 \ud835\udc69\ud835\udc90\ud835\udc90\ud835\udc8c\ud835\udc8d\ud835\udc82\ud835\udc8f\ud835\udc85, \ud835\udc96\ud835\udc8f\ud835\udc82 \ud835\udc6c\ud835\udc84\ud835\udc90\ud835\udc69\ud835\udc8a\ud835\udc83\ud835\udc8d\ud835\udc8a\ud835\udc90\ud835\udc95\ud835\udc86\ud835\udc84\ud835\udc82 \ud835\udc8f\ud835\udc86\ud835\udc8d \ud835\udc83\ud835\udc90\ud835\udc94\ud835\udc84\ud835\udc90.<br \/>\n\ud83d\udcda Lasciatevi ispirare da libri e albi illustrati, per poi girovagare nel giardino di #VillaArconati con la nostra mappa \ud835\udc82\ud835\udc8d\ud835\udc8d\ud835\udc82 \ud835\udc93\ud835\udc8a\ud835\udc84\ud835\udc86\ud835\udc93\ud835\udc84\ud835\udc82 \ud835\udc85\ud835\udc8a \ud835\udc8d\ud835\udc96\ud835\udc90\ud835\udc88\ud835\udc89\ud835\udc8a \ud835\udc8e\ud835\udc82\ud835\udc88\ud835\udc8a\ud835\udc84\ud835\udc8a \ud835\udc85\ud835\udc90\ud835\udc97\ud835\udc86 \ud835\udc8a\ud835\udc8e\ud835\udc8e\ud835\udc86\ud835\udc93\ud835\udc88\ud835\udc86\ud835\udc93\ud835\udc94\ud835\udc8a \ud835\udc8f\ud835\udc86\ud835\udc8d\ud835\udc8d\ud835\udc82 \ud835\udc8d\ud835\udc86\ud835\udc95\ud835\udc95\ud835\udc96\ud835\udc93\ud835\udc82 \ud835\udc86 \ud835\udc8f\ud835\udc86\ud835\udc8d\ud835\udc8d\ud835\udc82 \ud835\udc83\ud835\udc86\ud835\udc8d\ud835\udc8d\ud835\udc86\ud835\udc9b\ud835\udc9b\ud835\udc82\u2026 guidati da qualche suggestione curiosa per la lettura e non solo. <br \/>\nUn&#039;esperienza dal ritmo lento della #natura e del #bosco autunnale, per liberare insieme l&#039;immaginazione tra una pagina e l&#039;altra!<br \/>\n\ud835\udc77\ud835\udc86\ud835\udc93 \ud835\udc70\ud835\udc8f\ud835\udc87\ud835\udc90 \ud835\udc86 \ud835\udc70\ud835\udc94\ud835\udc84\ud835\udc93\ud835\udc8a\ud835\udc9b\ud835\udc8a\ud835\udc90\ud835\udc8f\ud835\udc8a vai al \ud835\udc73\ud835\udc70\ud835\udc75\ud835\udc72 \ud83d\udc49 https:\/\/bit.ly\/Book-land_laboratorio_per_bambini<br \/>\n<br \/>\n#epicland #villedidelizia #villedideliziabrianza #villedidelizialombarde #bollate #lombardia #weekendtime #weekendconipiccoli #weekendconibambini #children #stripescoop #pic #regionelombardia #likeus #followus\"><img decoding=\"async\" src=\"https:\/\/scontent-frt3-2.cdninstagram.com\/v\/t51.29350-15\/308724820_899495724361890_4773631962384903367_n.jpg?_nc_cat=101&ccb=1-7&_nc_sid=8ae9d6&_nc_ohc=ZHlWWgVD48kAX_S0G6i&_nc_ht=scontent-frt3-2.cdninstagram.com&edm=ANo9K5cEAAAA&oh=00_AfBuwS49ofL2tJULSZgSz0OVGkWbyEqRjCkBD9bdkKFuqQ&oe=63E72BA2\"><\/a><\/li><li><a title=\"Siamo felicissimi di partecipare, Mercoled\u00ec 19 ottobre, alla Fiera di Educazione alla Sostenibilit\u00e0 Ambientale!\n\ud83d\udccc Piazza Citt\u00e0 di Lombardia 1, Milano\nInsieme a @fondazione_triulza abbiamo organizzato il laboratorio &quot;Robot \u2013 i nostri alleati per la sostenibilit\u00e0. Una nuova mobilit\u00e0 smart e green&quot; per le classi dalla terza elementare alla terza media.\n\ud83e\udd16 Vieni a conoscere il piccolo robot Ozobot per inventare nuove soluzioni di mobilit\u00e0 intelligente, sicura, sociale e green.\nPer informazioni e prenotazioni: https:\/\/bit.ly\/3SBoxKG\n\ud83c\udf31 La Fiera si svolge nell\u2019ambito del 3\u00b0 Forum Regionale per lo Sviluppo Sostenibile, organizzato da Regione Lombardia, ed \u00e8 organizzata dalla DG Ambiente e Clima di Regione Lombardia con FLA - Fondazione Lombardia per l&#039;Ambiente e Arpa Lombardia.\n#svilupposostenibile #ambiente #green #roboticaeducativa #robot #programmazione #likeus #followus #stripescoop #stripesdigituslab\" target=\"_blank\"  data-author-image=\"\" data-likes-count=\"0\" data-type=\"image\" data-author-username=\"stripescoop.onlus\" data-link=\"https:\/\/www.instagram.com\/p\/Ci9uGp0Nhbu\/\" class=\"ei-media-type-image fancybox\" href=\"https:\/\/scontent-frt3-2.cdninstagram.com\/v\/t51.29350-15\/308664000_758753855233760_1921123465336099405_n.jpg?_nc_cat=101&ccb=1-7&_nc_sid=8ae9d6&_nc_ohc=iK1Z-4WR-IMAX8x0rlx&_nc_ht=scontent-frt3-2.cdninstagram.com&edm=ANo9K5cEAAAA&oh=00_AfCiFHCZAVdMsSLb-9LGdCC2-iU0fKJSE_a3j0ecrTPORg&oe=63E6FA86\" data-media-id=\"100\" data-caption=\"Siamo felicissimi di partecipare, Mercoled\u00ec 19 ottobre, alla Fiera di Educazione alla Sostenibilit\u00e0 Ambientale!<br \/>\n\ud83d\udccc Piazza Citt\u00e0 di Lombardia 1, Milano<br \/>\nInsieme a @fondazione_triulza abbiamo organizzato il laboratorio &quot;Robot \u2013 i nostri alleati per la sostenibilit\u00e0. Una nuova mobilit\u00e0 smart e green&quot; per le classi dalla terza elementare alla terza media.<br \/>\n\ud83e\udd16 Vieni a conoscere il piccolo robot Ozobot per inventare nuove soluzioni di mobilit\u00e0 intelligente, sicura, sociale e green.<br \/>\nPer informazioni e prenotazioni: https:\/\/bit.ly\/3SBoxKG<br \/>\n\ud83c\udf31 La Fiera si svolge nell\u2019ambito del 3\u00b0 Forum Regionale per lo Sviluppo Sostenibile, organizzato da Regione Lombardia, ed \u00e8 organizzata dalla DG Ambiente e Clima di Regione Lombardia con FLA - Fondazione Lombardia per l&#039;Ambiente e Arpa Lombardia.<br \/>\n#svilupposostenibile #ambiente #green #roboticaeducativa #robot #programmazione #likeus #followus #stripescoop #stripesdigituslab\"><img decoding=\"async\" src=\"https:\/\/scontent-frt3-2.cdninstagram.com\/v\/t51.29350-15\/308664000_758753855233760_1921123465336099405_n.jpg?_nc_cat=101&ccb=1-7&_nc_sid=8ae9d6&_nc_ohc=iK1Z-4WR-IMAX8x0rlx&_nc_ht=scontent-frt3-2.cdninstagram.com&edm=ANo9K5cEAAAA&oh=00_AfCiFHCZAVdMsSLb-9LGdCC2-iU0fKJSE_a3j0ecrTPORg&oe=63E6FA86\"><\/a><\/li><li><a title=\"#FestivalSviluppoSostenibile #StiamoAgendo\n\n- Oltre Vaia, Cubetto e la citt\u00e0 delle idee -\nLaboratorio di robotica educativa per bambini e bambine dai 4 agli 8 anni, ispirato alla storia della Start up @therealvaia \n\n\ud83d\udcc5 Quando? Sabato 8 Ottobre h16.00-17.30\n\ud83d\udccc Dove? Ti aspettiamo allo Stripes Digitus Lab\n\ud83d\udc23 Dedicato a bambine e bambini dai 4 agli 8 anni\n\u270f\ufe0f Per acquistare il tuo ticket: https:\/\/bit.ly\/OltreVaia\n\n@asvis_italia \nASviS - Alleanza Italiana per lo Sviluppo Sostenibile\n\n#Agenda2030 #GlobalGoals #forpeopleforplanet #stripescoop #stripesdigituslab #mindmilano #expo2015 #roboticaeducacional #roboticaeducativa #cubetto #likeus #followus #children #weekend #weekendconipiccoli #weekendconibambini #milano #bollate\" target=\"_blank\"  data-author-image=\"\" data-likes-count=\"0\" data-type=\"image\" data-author-username=\"stripescoop.onlus\" data-link=\"https:\/\/www.instagram.com\/p\/Ci4YW6jtffR\/\" class=\"ei-media-type-image fancybox\" href=\"https:\/\/scontent-frx5-1.cdninstagram.com\/v\/t51.29350-15\/308346060_455489043227515_1151165186648964531_n.jpg?_nc_cat=100&ccb=1-7&_nc_sid=8ae9d6&_nc_ohc=0g-qRJ617j8AX85JjdE&_nc_ht=scontent-frx5-1.cdninstagram.com&edm=ANo9K5cEAAAA&oh=00_AfAyGQcsLXa4zfyCiN9IVFes_8X4qMI-gInNr-nXLMhXCQ&oe=63E25592\" data-media-id=\"99\" data-caption=\"#FestivalSviluppoSostenibile #StiamoAgendo<br \/>\n<br \/>\n- Oltre Vaia, Cubetto e la citt\u00e0 delle idee -<br \/>\nLaboratorio di robotica educativa per bambini e bambine dai 4 agli 8 anni, ispirato alla storia della Start up @therealvaia <br \/>\n<br \/>\n\ud83d\udcc5 Quando? Sabato 8 Ottobre h16.00-17.30<br \/>\n\ud83d\udccc Dove? Ti aspettiamo allo Stripes Digitus Lab<br \/>\n\ud83d\udc23 Dedicato a bambine e bambini dai 4 agli 8 anni<br \/>\n\u270f\ufe0f Per acquistare il tuo ticket: https:\/\/bit.ly\/OltreVaia<br \/>\n<br \/>\n@asvis_italia <br \/>\nASviS - Alleanza Italiana per lo Sviluppo Sostenibile<br \/>\n<br \/>\n#Agenda2030 #GlobalGoals #forpeopleforplanet #stripescoop #stripesdigituslab #mindmilano #expo2015 #roboticaeducacional #roboticaeducativa #cubetto #likeus #followus #children #weekend #weekendconipiccoli #weekendconibambini #milano #bollate\"><img decoding=\"async\" src=\"https:\/\/scontent-frx5-1.cdninstagram.com\/v\/t51.29350-15\/308346060_455489043227515_1151165186648964531_n.jpg?_nc_cat=100&ccb=1-7&_nc_sid=8ae9d6&_nc_ohc=0g-qRJ617j8AX85JjdE&_nc_ht=scontent-frx5-1.cdninstagram.com&edm=ANo9K5cEAAAA&oh=00_AfAyGQcsLXa4zfyCiN9IVFes_8X4qMI-gInNr-nXLMhXCQ&oe=63E25592\"><\/a><\/li><li><a title=\"\ud83d\udd38\ud835\udde6\ud835\udde2\ud835\udde6 \ud835\uddd4\ud835\udde0\ud835\uddd5\ud835\udddc\ud835\uddd8\ud835\udde1\ud835\udde7\ud835\uddd4\ud835\udde0\ud835\uddd8\ud835\udde1\ud835\udde7\ud835\udde2\ud83d\udd38\n\ud835\uddd8\ud835\uddfa\ud835\uddfc\ud835\ude07\ud835\uddf6\ud835\uddfc\ud835\uddfb\ud835\uddf6 \ud835\uddf2 \ud835\uddf1\ud835\uddf6\ud835\uddee\ud835\uddf9\ud835\uddfc\ud835\uddf4\ud835\uddf5\ud835\uddf6 \ud835\uddf0\ud835\uddfc\ud835\uddfb\ud835\uddf1\ud835\uddf6\ud835\ude03\ud835\uddf6\ud835\ude00\ud835\uddf6 \ud835\uddfd\ud835\uddf2\ud835\uddff \ud835\uddee\ud835\uddf3\ud835\uddf3\ud835\uddff\ud835\uddfc\ud835\uddfb\ud835\ude01\ud835\uddee\ud835\uddff\ud835\uddf2 \ud835\uddf6 \ud835\uddfd\ud835\uddff\ud835\uddf6\ud835\uddfa\ud835\uddf6 \ud835\uddfa\ud835\uddfc\ud835\uddfa\ud835\uddf2\ud835\uddfb\ud835\ude01\ud835\uddf6 \ud835\uddee\ud835\uddf9 \ud835\uddfb\ud835\uddf6\ud835\uddf1\ud835\uddfc\n\ud83d\udd39\ud835\udde4\ud835\udde8\ud835\uddd4\ud835\udde1\ud835\uddd7\ud835\udde2: MERCOLEDI\u2019 31 AGOSTO 2022 dalle 18.00 alle ore 20.00\n\ud83d\udd39\ud835\uddd7\ud835\udde2\ud835\udde9\ud835\uddd8: Ci vediamo online su Zoom!\n\ud835\ude13\u2019\ud835\ude22\ud835\ude2e\ud835\ude23\ud835\ude2a\ud835\ude26\ud835\ude2f\ud835\ude35\ud835\ude22\ud835\ude2e\ud835\ude26\ud835\ude2f\ud835\ude35\ud835\ude30 \ud835\ude26\u0301 \ud835\ude36\ud835\ude2f \ud835\ude2e\ud835\ude30\ud835\ude2e\ud835\ude26\ud835\ude2f\ud835\ude35\ud835\ude30 \ud835\ude31\ud835\ude22\ud835\ude33\ud835\ude35\ud835\ude2a\ud835\ude24\ud835\ude30\ud835\ude2d\ud835\ude22\ud835\ude33\ud835\ude2e\ud835\ude26\ud835\ude2f\ud835\ude35\ud835\ude26 \ud835\ude25\ud835\ude26\ud835\ude2d\ud835\ude2a\ud835\ude24\ud835\ude22\ud835\ude35\ud835\ude30, \ud835\ude36\ud835\ude2f \ud835\ude2e\ud835\ude30\ud835\ude2e\ud835\ude26\ud835\ude2f\ud835\ude35\ud835\ude30 \ud835\ude25\ud835\ude2a \ud835\ude35\ud835\ude33\ud835\ude22\ud835\ude2f\ud835\ude34\ud835\ude2a\ud835\ude3b\ud835\ude2a\ud835\ude30\ud835\ude2f\ud835\ude26 \ud835\ude24\ud835\ude29\ud835\ude26 \ud835\ude31\ud835\ude30\ud835\ude33\ud835\ude35\ud835\ude22 \ud835\ude35\ud835\ude22\ud835\ude2f\ud835\ude35\ud835\ude30 \ud835\ude2a\ud835\ude2d \ud835\ude23\ud835\ude22\ud835\ude2e\ud835\ude23\ud835\ude2a\ud835\ude2f\ud835\ude30 \ud835\ude32\ud835\ude36\ud835\ude22\ud835\ude2f\ud835\ude35\ud835\ude30 \ud835\ude2d\ud835\ude22 \ud835\ude27\ud835\ude22\ud835\ude2e\ud835\ude2a\ud835\ude28\ud835\ude2d\ud835\ude2a\ud835\ude22 \ud835\ude22 \ud835\ude33\ud835\ude2a\ud835\ude30\ud835\ude33\ud835\ude28\ud835\ude22\ud835\ude2f\ud835\ude2a\ud835\ude3b\ud835\ude3b\ud835\ude22\ud835\ude33\ud835\ude26 \ud835\ude2a\ud835\ude2d \ud835\ude2d\ud835\ude30\ud835\ude33\ud835\ude30 \ud835\ude33\ud835\ude22\ud835\ude31\ud835\ude31\ud835\ude30\ud835\ude33\ud835\ude35\ud835\ude30 \ud835\ude24\ud835\ude33\ud835\ude26\ud835\ude22\ud835\ude2f\ud835\ude25\ud835\ude30 \ud835\ude35\ud835\ude26\ud835\ude2e\ud835\ude31\ud835\ude2a, \ud835\ude33\ud835\ude2a\ud835\ude35\ud835\ude2e\ud835\ude2a \ud835\ude26 \ud835\ude2e\ud835\ude30\ud835\ude25\ud835\ude2a \ud835\ude25\ud835\ude2a\ud835\ude37\ud835\ude26\ud835\ude33\ud835\ude34\ud835\ude2a \ud835\ude25\ud835\ude2a \ud835\ude34\ud835\ude35\ud835\ude22\ud835\ude33\ud835\ude26 \ud835\ude2a\ud835\ude2f\ud835\ude34\ud835\ude2a\ud835\ude26\ud835\ude2e\ud835\ude26. \ud835\ude17\ud835\ude26\ud835\ude33\ud835\ude35\ud835\ude22\ud835\ude2f\ud835\ude35\ud835\ude30, \ud835\ude22\ud835\ude27\ud835\ude27\ud835\ude2a\ud835\ude2f\ud835\ude24\ud835\ude29\ud835\ude26\u0301 \ud835\ude32\ud835\ude36\ud835\ude26\ud835\ude34\ud835\ude35\ud835\ude22 \ud835\ude33\ud835\ude2a\ud835\ude30\ud835\ude33\ud835\ude28\ud835\ude22\ud835\ude2f\ud835\ude2a\ud835\ude3b\ud835\ude3b\ud835\ude22\ud835\ude3b\ud835\ude2a\ud835\ude30\ud835\ude2f\ud835\ude26 \ud835\ude26\ud835\ude2e\ud835\ude30\ud835\ude35\ud835\ude2a\ud835\ude37\ud835\ude22 \ud835\ude26 \ud835\ude28\ud835\ude26\ud835\ude34\ud835\ude35\ud835\ude2a\ud835\ude30\ud835\ude2f\ud835\ude22\ud835\ude2d\ud835\ude26 \ud835\ude2f\ud835\ude30\ud835\ude2f \ud835\ude34\ud835\ude2a\ud835\ude22 \ud835\ude34\ud835\ude35\ud835\ude33\ud835\ude26\ud835\ude34\ud835\ude34\ud835\ude22\ud835\ude2f\ud835\ude35\ud835\ude26 \ud835\ude2e\ud835\ude22 \ud835\ude37\ud835\ude2a\ud835\ude34\ud835\ude34\ud835\ude36\ud835\ude35\ud835\ude22 \ud835\ude24\ud835\ude30\ud835\ude2f \ud835\ude34\ud835\ude26\ud835\ude33\ud835\ude26\ud835\ude2f\ud835\ude2a\ud835\ude35\ud835\ude22\u0300 \ud835\ude25\ud835\ude22 \ud835\ude35\ud835\ude36\ud835\ude35\ud835\ude35\ud835\ude2a, \ud835\ude26\u0301 \ud835\ude2e\ud835\ude30\ud835\ude2d\ud835\ude35\ud835\ude30 \ud835\ude2a\ud835\ude2e\ud835\ude31\ud835\ude30\ud835\ude33\ud835\ude35\ud835\ude22\ud835\ude2f\ud835\ude35\ud835\ude26 \ud835\ude24\ud835\ude29\ud835\ude26 \ud835\ude2a\ud835\ude2d \ud835\ude34\ud835\ude26\ud835\ude2f\ud835\ude34\ud835\ude30 \ud835\ude25\ud835\ude26\ud835\ude2d\ud835\ude2d\u2019\ud835\ude22\ud835\ude2e\ud835\ude23\ud835\ude2a\ud835\ude26\ud835\ude2f\ud835\ude35\ud835\ude22\ud835\ude2e\ud835\ude26\ud835\ude2f\ud835\ude35\ud835\ude30, \ud835\ude2d\u2019\ud835\ude30\ud835\ude33\ud835\ude28\ud835\ude22\ud835\ude2f\ud835\ude2a\ud835\ude3b\ud835\ude3b\ud835\ude22\ud835\ude3b\ud835\ude2a\ud835\ude30\ud835\ude2f\ud835\ude26, \ud835\ude2d\ud835\ude26 \ud835\ude31\ud835\ude33\ud835\ude22\ud835\ude35\ud835\ude2a\ud835\ude24\ud835\ude29\ud835\ude26 \ud835\ude24\ud835\ude29\ud835\ude26 \ud835\ude34\ud835\ude2a \ud835\ude31\ud835\ude30\ud835\ude34\ud835\ude34\ud835\ude30\ud835\ude2f\ud835\ude30 \ud835\ude22\ud835\ude35\ud835\ude35\ud835\ude36\ud835\ude22\ud835\ude33\ud835\ude26 \ud835\ude31\ud835\ude33\ud835\ude2a\ud835\ude2e\ud835\ude22, \ud835\ude25\ud835\ude36\ud835\ude33\ud835\ude22\ud835\ude2f\ud835\ude35\ud835\ude26 \ud835\ude26 \ud835\ude25\ud835\ude30\ud835\ude31\ud835\ude30 \ud835\ude32\ud835\ude36\ud835\ude26\ud835\ude34\ud835\ude35\ud835\ude30 \ud835\ude31\ud835\ude26\ud835\ude33\ud835\ude2a\ud835\ude30\ud835\ude25\ud835\ude30, \ud835\ude34\ud835\ude2a\ud835\ude22\ud835\ude2f\ud835\ude30 \ud835\ude24\ud835\ude30\ud835\ude2f\ud835\ude30\ud835\ude34\ud835\ude24\ud835\ude2a\ud835\ude36\ud835\ude35\ud835\ude2a \ud835\ude22 \ud835\ude27\ud835\ude30\ud835\ude2f\ud835\ude25\ud835\ude30 \ud835\ude31\ud835\ude33\ud835\ude2a\ud835\ude2e\ud835\ude22 \ud835\ude25\ud835\ude2a \ud835\ude35\ud835\ude36\ud835\ude35\ud835\ude35\ud835\ude30 \ud835\ude25\ud835\ude22\ud835\ude2a \ud835\ude28\ud835\ude26\ud835\ude2f\ud835\ude2a\ud835\ude35\ud835\ude30\ud835\ude33\ud835\ude2a \ud835\ude26 \ud835\ude31\ud835\ude30\ud835\ude2a \ud835\ude25\ud835\ude22\ud835\ude2d \ud835\ude23\ud835\ude22\ud835\ude2e\ud835\ude23\ud835\ude2a\ud835\ude2f\ud835\ude30.\nParliamone! \ud83d\ude0d\n\ud83d\udd39Qui trovi tutte le info per iscriverti!: https:\/\/www.pedagogia.it\/stripes\/sos-ambientamento\/?fbclid=IwAR0B_DUt9fltQrRNJOn-sAFTG8UfKdTolW40xD1WKyjvVAZyXd8ahaRER4M\" target=\"_blank\"  data-author-image=\"\" data-likes-count=\"0\" data-type=\"image\" data-author-username=\"stripescoop.onlus\" data-link=\"https:\/\/www.instagram.com\/p\/ChUBlJVtK_5\/\" class=\"ei-media-type-image fancybox\" href=\"https:\/\/scontent-frt3-2.cdninstagram.com\/v\/t51.2885-15\/299726301_586374556263123_6081781139133432431_n.jpg?_nc_cat=101&ccb=1-7&_nc_sid=8ae9d6&_nc_ohc=YQkJCsNsjX4AX__WhNu&_nc_ht=scontent-frt3-2.cdninstagram.com&edm=ANo9K5cEAAAA&oh=00_AfBve6uEYSHEAW2AzfTk9UW4EEUnVuhSSMyEZaAEIQMKHQ&oe=63D87754\" data-media-id=\"98\" data-caption=\"\ud83d\udd38\ud835\udde6\ud835\udde2\ud835\udde6 \ud835\uddd4\ud835\udde0\ud835\uddd5\ud835\udddc\ud835\uddd8\ud835\udde1\ud835\udde7\ud835\uddd4\ud835\udde0\ud835\uddd8\ud835\udde1\ud835\udde7\ud835\udde2\ud83d\udd38<br \/>\n\ud835\uddd8\ud835\uddfa\ud835\uddfc\ud835\ude07\ud835\uddf6\ud835\uddfc\ud835\uddfb\ud835\uddf6 \ud835\uddf2 \ud835\uddf1\ud835\uddf6\ud835\uddee\ud835\uddf9\ud835\uddfc\ud835\uddf4\ud835\uddf5\ud835\uddf6 \ud835\uddf0\ud835\uddfc\ud835\uddfb\ud835\uddf1\ud835\uddf6\ud835\ude03\ud835\uddf6\ud835\ude00\ud835\uddf6 \ud835\uddfd\ud835\uddf2\ud835\uddff \ud835\uddee\ud835\uddf3\ud835\uddf3\ud835\uddff\ud835\uddfc\ud835\uddfb\ud835\ude01\ud835\uddee\ud835\uddff\ud835\uddf2 \ud835\uddf6 \ud835\uddfd\ud835\uddff\ud835\uddf6\ud835\uddfa\ud835\uddf6 \ud835\uddfa\ud835\uddfc\ud835\uddfa\ud835\uddf2\ud835\uddfb\ud835\ude01\ud835\uddf6 \ud835\uddee\ud835\uddf9 \ud835\uddfb\ud835\uddf6\ud835\uddf1\ud835\uddfc<br \/>\n\ud83d\udd39\ud835\udde4\ud835\udde8\ud835\uddd4\ud835\udde1\ud835\uddd7\ud835\udde2: MERCOLEDI\u2019 31 AGOSTO 2022 dalle 18.00 alle ore 20.00<br \/>\n\ud83d\udd39\ud835\uddd7\ud835\udde2\ud835\udde9\ud835\uddd8: Ci vediamo online su Zoom!<br \/>\n\ud835\ude13\u2019\ud835\ude22\ud835\ude2e\ud835\ude23\ud835\ude2a\ud835\ude26\ud835\ude2f\ud835\ude35\ud835\ude22\ud835\ude2e\ud835\ude26\ud835\ude2f\ud835\ude35\ud835\ude30 \ud835\ude26\u0301 \ud835\ude36\ud835\ude2f \ud835\ude2e\ud835\ude30\ud835\ude2e\ud835\ude26\ud835\ude2f\ud835\ude35\ud835\ude30 \ud835\ude31\ud835\ude22\ud835\ude33\ud835\ude35\ud835\ude2a\ud835\ude24\ud835\ude30\ud835\ude2d\ud835\ude22\ud835\ude33\ud835\ude2e\ud835\ude26\ud835\ude2f\ud835\ude35\ud835\ude26 \ud835\ude25\ud835\ude26\ud835\ude2d\ud835\ude2a\ud835\ude24\ud835\ude22\ud835\ude35\ud835\ude30, \ud835\ude36\ud835\ude2f \ud835\ude2e\ud835\ude30\ud835\ude2e\ud835\ude26\ud835\ude2f\ud835\ude35\ud835\ude30 \ud835\ude25\ud835\ude2a \ud835\ude35\ud835\ude33\ud835\ude22\ud835\ude2f\ud835\ude34\ud835\ude2a\ud835\ude3b\ud835\ude2a\ud835\ude30\ud835\ude2f\ud835\ude26 \ud835\ude24\ud835\ude29\ud835\ude26 \ud835\ude31\ud835\ude30\ud835\ude33\ud835\ude35\ud835\ude22 \ud835\ude35\ud835\ude22\ud835\ude2f\ud835\ude35\ud835\ude30 \ud835\ude2a\ud835\ude2d \ud835\ude23\ud835\ude22\ud835\ude2e\ud835\ude23\ud835\ude2a\ud835\ude2f\ud835\ude30 \ud835\ude32\ud835\ude36\ud835\ude22\ud835\ude2f\ud835\ude35\ud835\ude30 \ud835\ude2d\ud835\ude22 \ud835\ude27\ud835\ude22\ud835\ude2e\ud835\ude2a\ud835\ude28\ud835\ude2d\ud835\ude2a\ud835\ude22 \ud835\ude22 \ud835\ude33\ud835\ude2a\ud835\ude30\ud835\ude33\ud835\ude28\ud835\ude22\ud835\ude2f\ud835\ude2a\ud835\ude3b\ud835\ude3b\ud835\ude22\ud835\ude33\ud835\ude26 \ud835\ude2a\ud835\ude2d \ud835\ude2d\ud835\ude30\ud835\ude33\ud835\ude30 \ud835\ude33\ud835\ude22\ud835\ude31\ud835\ude31\ud835\ude30\ud835\ude33\ud835\ude35\ud835\ude30 \ud835\ude24\ud835\ude33\ud835\ude26\ud835\ude22\ud835\ude2f\ud835\ude25\ud835\ude30 \ud835\ude35\ud835\ude26\ud835\ude2e\ud835\ude31\ud835\ude2a, \ud835\ude33\ud835\ude2a\ud835\ude35\ud835\ude2e\ud835\ude2a \ud835\ude26 \ud835\ude2e\ud835\ude30\ud835\ude25\ud835\ude2a \ud835\ude25\ud835\ude2a\ud835\ude37\ud835\ude26\ud835\ude33\ud835\ude34\ud835\ude2a \ud835\ude25\ud835\ude2a \ud835\ude34\ud835\ude35\ud835\ude22\ud835\ude33\ud835\ude26 \ud835\ude2a\ud835\ude2f\ud835\ude34\ud835\ude2a\ud835\ude26\ud835\ude2e\ud835\ude26. \ud835\ude17\ud835\ude26\ud835\ude33\ud835\ude35\ud835\ude22\ud835\ude2f\ud835\ude35\ud835\ude30, \ud835\ude22\ud835\ude27\ud835\ude27\ud835\ude2a\ud835\ude2f\ud835\ude24\ud835\ude29\ud835\ude26\u0301 \ud835\ude32\ud835\ude36\ud835\ude26\ud835\ude34\ud835\ude35\ud835\ude22 \ud835\ude33\ud835\ude2a\ud835\ude30\ud835\ude33\ud835\ude28\ud835\ude22\ud835\ude2f\ud835\ude2a\ud835\ude3b\ud835\ude3b\ud835\ude22\ud835\ude3b\ud835\ude2a\ud835\ude30\ud835\ude2f\ud835\ude26 \ud835\ude26\ud835\ude2e\ud835\ude30\ud835\ude35\ud835\ude2a\ud835\ude37\ud835\ude22 \ud835\ude26 \ud835\ude28\ud835\ude26\ud835\ude34\ud835\ude35\ud835\ude2a\ud835\ude30\ud835\ude2f\ud835\ude22\ud835\ude2d\ud835\ude26 \ud835\ude2f\ud835\ude30\ud835\ude2f \ud835\ude34\ud835\ude2a\ud835\ude22 \ud835\ude34\ud835\ude35\ud835\ude33\ud835\ude26\ud835\ude34\ud835\ude34\ud835\ude22\ud835\ude2f\ud835\ude35\ud835\ude26 \ud835\ude2e\ud835\ude22 \ud835\ude37\ud835\ude2a\ud835\ude34\ud835\ude34\ud835\ude36\ud835\ude35\ud835\ude22 \ud835\ude24\ud835\ude30\ud835\ude2f \ud835\ude34\ud835\ude26\ud835\ude33\ud835\ude26\ud835\ude2f\ud835\ude2a\ud835\ude35\ud835\ude22\u0300 \ud835\ude25\ud835\ude22 \ud835\ude35\ud835\ude36\ud835\ude35\ud835\ude35\ud835\ude2a, \ud835\ude26\u0301 \ud835\ude2e\ud835\ude30\ud835\ude2d\ud835\ude35\ud835\ude30 \ud835\ude2a\ud835\ude2e\ud835\ude31\ud835\ude30\ud835\ude33\ud835\ude35\ud835\ude22\ud835\ude2f\ud835\ude35\ud835\ude26 \ud835\ude24\ud835\ude29\ud835\ude26 \ud835\ude2a\ud835\ude2d \ud835\ude34\ud835\ude26\ud835\ude2f\ud835\ude34\ud835\ude30 \ud835\ude25\ud835\ude26\ud835\ude2d\ud835\ude2d\u2019\ud835\ude22\ud835\ude2e\ud835\ude23\ud835\ude2a\ud835\ude26\ud835\ude2f\ud835\ude35\ud835\ude22\ud835\ude2e\ud835\ude26\ud835\ude2f\ud835\ude35\ud835\ude30, \ud835\ude2d\u2019\ud835\ude30\ud835\ude33\ud835\ude28\ud835\ude22\ud835\ude2f\ud835\ude2a\ud835\ude3b\ud835\ude3b\ud835\ude22\ud835\ude3b\ud835\ude2a\ud835\ude30\ud835\ude2f\ud835\ude26, \ud835\ude2d\ud835\ude26 \ud835\ude31\ud835\ude33\ud835\ude22\ud835\ude35\ud835\ude2a\ud835\ude24\ud835\ude29\ud835\ude26 \ud835\ude24\ud835\ude29\ud835\ude26 \ud835\ude34\ud835\ude2a \ud835\ude31\ud835\ude30\ud835\ude34\ud835\ude34\ud835\ude30\ud835\ude2f\ud835\ude30 \ud835\ude22\ud835\ude35\ud835\ude35\ud835\ude36\ud835\ude22\ud835\ude33\ud835\ude26 \ud835\ude31\ud835\ude33\ud835\ude2a\ud835\ude2e\ud835\ude22, \ud835\ude25\ud835\ude36\ud835\ude33\ud835\ude22\ud835\ude2f\ud835\ude35\ud835\ude26 \ud835\ude26 \ud835\ude25\ud835\ude30\ud835\ude31\ud835\ude30 \ud835\ude32\ud835\ude36\ud835\ude26\ud835\ude34\ud835\ude35\ud835\ude30 \ud835\ude31\ud835\ude26\ud835\ude33\ud835\ude2a\ud835\ude30\ud835\ude25\ud835\ude30, \ud835\ude34\ud835\ude2a\ud835\ude22\ud835\ude2f\ud835\ude30 \ud835\ude24\ud835\ude30\ud835\ude2f\ud835\ude30\ud835\ude34\ud835\ude24\ud835\ude2a\ud835\ude36\ud835\ude35\ud835\ude2a \ud835\ude22 \ud835\ude27\ud835\ude30\ud835\ude2f\ud835\ude25\ud835\ude30 \ud835\ude31\ud835\ude33\ud835\ude2a\ud835\ude2e\ud835\ude22 \ud835\ude25\ud835\ude2a \ud835\ude35\ud835\ude36\ud835\ude35\ud835\ude35\ud835\ude30 \ud835\ude25\ud835\ude22\ud835\ude2a \ud835\ude28\ud835\ude26\ud835\ude2f\ud835\ude2a\ud835\ude35\ud835\ude30\ud835\ude33\ud835\ude2a \ud835\ude26 \ud835\ude31\ud835\ude30\ud835\ude2a \ud835\ude25\ud835\ude22\ud835\ude2d \ud835\ude23\ud835\ude22\ud835\ude2e\ud835\ude23\ud835\ude2a\ud835\ude2f\ud835\ude30.<br \/>\nParliamone! \ud83d\ude0d<br \/>\n\ud83d\udd39Qui trovi tutte le info per iscriverti!: https:\/\/www.pedagogia.it\/stripes\/sos-ambientamento\/?fbclid=IwAR0B_DUt9fltQrRNJOn-sAFTG8UfKdTolW40xD1WKyjvVAZyXd8ahaRER4M\"><img decoding=\"async\" src=\"https:\/\/scontent-frt3-2.cdninstagram.com\/v\/t51.2885-15\/299726301_586374556263123_6081781139133432431_n.jpg?_nc_cat=101&ccb=1-7&_nc_sid=8ae9d6&_nc_ohc=YQkJCsNsjX4AX__WhNu&_nc_ht=scontent-frt3-2.cdninstagram.com&edm=ANo9K5cEAAAA&oh=00_AfBve6uEYSHEAW2AzfTk9UW4EEUnVuhSSMyEZaAEIQMKHQ&oe=63D87754\"><\/a><\/li><li><a title=\"Iscriviti al Campus estivo di coding e robotica educativa dello Stripes Digitus Lab! \n#steam #coding #robotica #stripescoop\" target=\"_blank\"  data-author-image=\"\" data-likes-count=\"0\" data-type=\"video\" data-author-username=\"stripescoop.onlus\" data-link=\"https:\/\/www.instagram.com\/reel\/Cf4NWwOtik9\/\" class=\"ei-media-type-video fancybox\" href=\"https:\/\/video-frx5-1.cdninstagram.com\/v\/t50.33967-16\/293084678_707471947016605_7476959052444341893_n.mp4?_nc_cat=110&vs=786223512790430_3680883945&_nc_vs=HBksFQAYJEdBWWVlQkdkS1JjbWNZTUNBSVVXRnNHa2ZzTm5icV9FQUFBRhUAAsgBABUAGCRHQXFKZFJGSW5QR3ZEb3dDQVA3QnFwdFFZeVZKYnFfRUFBQUYVAgLIAQAoABgAGwGIB3VzZV9vaWwBMRUAACbMsZ2Et5PmPxUCKAJDMywXQEy0OVgQYk4YEmRhc2hfYmFzZWxpbmVfMV92MREAdQAA&ccb=1-7&_nc_sid=59939d&efg=eyJ2ZW5jb2RlX3RhZyI6InZ0c192b2RfdXJsZ2VuLjcyMC5jbGlwcyJ9&_nc_ohc=ruUK7HGwXxkAX82UFGO&_nc_ht=video-frx5-1.cdninstagram.com&edm=ANo9K5cEAAAA&oh=00_AfCU2ZthRlJOJxGecvXnha68uPIwEalf-rynqK2BMuQtCw&oe=63B93C4C&_nc_rid=a01ee01cc6\" data-media-id=\"97\" data-caption=\"Iscriviti al Campus estivo di coding e robotica educativa dello Stripes Digitus Lab! <br \/>\n#steam #coding #robotica #stripescoop\"><img decoding=\"async\" src=\"https:\/\/video-frx5-1.cdninstagram.com\/v\/t50.33967-16\/293084678_707471947016605_7476959052444341893_n.mp4?_nc_cat=110&vs=786223512790430_3680883945&_nc_vs=HBksFQAYJEdBWWVlQkdkS1JjbWNZTUNBSVVXRnNHa2ZzTm5icV9FQUFBRhUAAsgBABUAGCRHQXFKZFJGSW5QR3ZEb3dDQVA3QnFwdFFZeVZKYnFfRUFBQUYVAgLIAQAoABgAGwGIB3VzZV9vaWwBMRUAACbMsZ2Et5PmPxUCKAJDMywXQEy0OVgQYk4YEmRhc2hfYmFzZWxpbmVfMV92MREAdQAA&ccb=1-7&_nc_sid=59939d&efg=eyJ2ZW5jb2RlX3RhZyI6InZ0c192b2RfdXJsZ2VuLjcyMC5jbGlwcyJ9&_nc_ohc=ruUK7HGwXxkAX82UFGO&_nc_ht=video-frx5-1.cdninstagram.com&edm=ANo9K5cEAAAA&oh=00_AfCU2ZthRlJOJxGecvXnha68uPIwEalf-rynqK2BMuQtCw&oe=63B93C4C&_nc_rid=a01ee01cc6\"><\/a><\/li><li><a title=\"Ci vediamo il 10 luglio nei giardini di Villa Arconati!\" target=\"_blank\"  data-author-image=\"\" data-likes-count=\"0\" data-type=\"video\" data-author-username=\"stripescoop.onlus\" data-link=\"https:\/\/www.instagram.com\/reel\/CftE1GfPUEN\/\" class=\"ei-media-type-video fancybox\" href=\"https:\/\/video-frt3-2.cdninstagram.com\/v\/t50.33967-16\/291866401_3299165420370244_6245889524221721593_n.mp4?_nc_cat=103&vs=551626499744548_2574334950&_nc_vs=HBksFQAYJEdDR0haUkZFdWUtT2tyZ0xBUG03a1IxdTI2MVdicV9FQUFBRhUAAsgBABUAGCRHSkptYXhFd1RWOEtrNTBCQUN1NXVpMzFUbTVSYnFfRUFBQUYVAgLIAQAoABgAGwGIB3VzZV9vaWwBMRUAACbMy7f3uODqPxUCKAJDMywXQDgUeuFHrhQYEmRhc2hfYmFzZWxpbmVfMV92MREAdQAA&ccb=1-7&_nc_sid=59939d&efg=eyJ2ZW5jb2RlX3RhZyI6InZ0c192b2RfdXJsZ2VuLjcyMC5jbGlwcyJ9&_nc_ohc=GXXFLO6lSq4AX9W3cFd&_nc_ht=video-frt3-2.cdninstagram.com&edm=ANo9K5cEAAAA&oh=00_AfC9XFf8GyVgjTGUKTP0P9Q9DyEaUPpX8T-xnsVw6GX-yQ&oe=63B20470&_nc_rid=8fbcbea70e\" data-media-id=\"96\" data-caption=\"Ci vediamo il 10 luglio nei giardini di Villa Arconati!\"><img decoding=\"async\" src=\"https:\/\/video-frt3-2.cdninstagram.com\/v\/t50.33967-16\/291866401_3299165420370244_6245889524221721593_n.mp4?_nc_cat=103&vs=551626499744548_2574334950&_nc_vs=HBksFQAYJEdDR0haUkZFdWUtT2tyZ0xBUG03a1IxdTI2MVdicV9FQUFBRhUAAsgBABUAGCRHSkptYXhFd1RWOEtrNTBCQUN1NXVpMzFUbTVSYnFfRUFBQUYVAgLIAQAoABgAGwGIB3VzZV9vaWwBMRUAACbMy7f3uODqPxUCKAJDMywXQDgUeuFHrhQYEmRhc2hfYmFzZWxpbmVfMV92MREAdQAA&ccb=1-7&_nc_sid=59939d&efg=eyJ2ZW5jb2RlX3RhZyI6InZ0c192b2RfdXJsZ2VuLjcyMC5jbGlwcyJ9&_nc_ohc=GXXFLO6lSq4AX9W3cFd&_nc_ht=video-frt3-2.cdninstagram.com&edm=ANo9K5cEAAAA&oh=00_AfC9XFf8GyVgjTGUKTP0P9Q9DyEaUPpX8T-xnsVw6GX-yQ&oe=63B20470&_nc_rid=8fbcbea70e\"><\/a><\/li><li><a title=\"\ud835\udc06\ud835\udc22\ud835\udc2b\ud835\udc28\ud835\udc2f\ud835\udc1a\ud835\udc20\ud835\udc1a\ud835\udc27\ud835\udc1d\ud835\udc28 \ud835\udc2d\ud835\udc2b\ud835\udc1a \ud835\udc1f\ud835\udc28\ud835\udc27\ud835\udc2d\ud835\udc1a\ud835\udc27\ud835\udc1e, \ud835\udc1b\ud835\udc28\ud835\udc25\ud835\udc25\ud835\udc1e \ud835\udc1e \ud835\udc2b\ud835\udc2e\ud835\udc2c\ud835\udc1c\ud835\udc1e\ud835\udc25\ud835\udc25\ud835\udc22 \ud83d\uddd3\ufe0f \ud835\udd3b\ud835\udd60\ud835\udd5e\ud835\udd56\ud835\udd5f\ud835\udd5a\ud835\udd54\ud835\udd52 \ud835\udfd9\ud835\udfd8 \ud835\udd43\ud835\udd66\ud835\udd58\ud835\udd5d\ud835\udd5a\ud835\udd60, \ud835\udd60\ud835\udd63\ud835\udd56 \ud835\udfd9\ud835\udfd9.\ud835\udfd8\ud835\udfd8 \ud83d\udccd Nel Giardino di Villa Arconati, a Bollate\n\n\ud83d\udca7 \ud835\ude1c\ud835\ude2f\ud835\ude22 \ud835\ude2e\ud835\ude22\ud835\ude35\ud835\ude35\ud835\ude2a\ud835\ude2f\ud835\ude22 \ud835\ude25\ud835\ude2a \ud835\ude28\ud835\ude2a\ud835\ude30\ud835\ude24\ud835\ude30, \ud835\ude24\ud835\ude33\ud835\ude26\ud835\ude22\ud835\ude35\ud835\ude2a\ud835\ude37\ud835\ude2a\ud835\ude35\u00e0, \ud835\ude26 \ud835\ude24\ud835\ude30\ud835\ude2f\ud835\ude25\ud835\ude2a\ud835\ude37\ud835\ude2a\ud835\ude34\ud835\ude2a\ud835\ude30\ud835\ude2f\ud835\ude26 \ud835\ude25\ud835\ude2a \ud835\ude2a\ud835\ude25\ud835\ude26\ud835\ude26 \ud835\ude34\ud835\ude36\ud835\ude2d \ud835\ude35\ud835\ude26\ud835\ude2e\ud835\ude22 \ud835\ude25\ud835\ude26\ud835\ude2d\ud835\ude2d\u2019\ud835\ude22\ud835\ude24\ud835\ude32\ud835\ude36\ud835\ude22 con Stripes coop. sociale Onlus. \ud83d\udca7 2 \ud835\ude2a\ud835\ude2f\ud835\ude24\ud835\ude30\ud835\ude2f\ud835\ude35\ud835\ude33\ud835\ude2a \ud835\ude25\ud835\ude2a\ud835\ude37\ud835\ude2a\ud835\ude34\ud835\ude2a \ud835\ude31\ud835\ude26\ud835\ude33 \ud835\ude27\ud835\ude22\ud835\ude34\ud835\ude24\ud835\ude2a\ud835\ude22 \ud835\ude25&#039;\ud835\ude26\ud835\ude35\u00e0 \ud835\ude25\ud835\ude22\ud835\ude2d\ud835\ude2d\ud835\ude26 \ud835\ude30\ud835\ude33\ud835\ude26 11.\n\u231b \ud835\ude0b\ud835\ude36\ud835\ude33\ud835\ude22\ud835\ude35\ud835\ude22: 1 \ud835\ude30\ud835\ude33\ud835\ude22 \ud835\ude26 \ud835\ude2e\ud835\ude26\ud835\ude3b\ud835\ude3b\ud835\ude22\n\n\ud835\udde3\ud835\udde5\ud835\uddd8\ud835\udde1\ud835\udde2\ud835\udde7\ud835\uddd4\ud835\udded\ud835\udddc\ud835\udde2\ud835\udde1\ud835\uddd8 \ud835\udde2\ud835\uddd5\ud835\uddd5\ud835\udddf\ud835\udddc\ud835\uddda\ud835\uddd4\ud835\udde7\ud835\udde2\ud835\udde5\ud835\udddc\ud835\uddd4 \ud835\udde7\ud835\udde5\ud835\uddd4\ud835\udde0\ud835\udddc\ud835\udde7\ud835\uddd8 \ud835\udddf\ud835\udddc\ud835\udde1\ud835\uddde: https:\/\/www.eventbrite.it\/e\/registrazione-arconati-for-kids-377748003447 \n\n\u2139\ufe0f \ud835\ude44\ud835\ude63\ud835\ude5b\ud835\ude64: 3338299876 rossella.monina@pedagogia.it\n\n\ud835\uddd4\ud835\uddff\ud835\uddf0\ud835\uddfc\ud835\uddfb\ud835\uddee\ud835\ude01\ud835\uddf6 \ud835\uddf3\ud835\uddfc\ud835\uddff \ud835\uddde\ud835\uddf6\ud835\uddf1\ud835\ude00 \u00e8 una proposta \u201cfor kids\u201d in parallelo all\u2019appuntamento \u201c\ud835\udddf\ud835\uddee \ud835\ude03\ud835\uddf6\ud835\ude01\ud835\uddee \ud835\ude00\ud835\uddfc\ud835\ude01\ud835\ude01\u2019\ud835\uddee\ud835\uddf0\ud835\uddfe\ud835\ude02\ud835\uddee\u201d organizzato da Villa Arconati-FAR e Universit\u00e0 degli Studi di Milano.\n\n#villaarconati #bollate #stripescoop #bambini #weekend #weekendvibes #weekendconipiccoli #weekendconibambini #likeus #followforfollowback #likeforlikes #instaevent #event #eventi #milano #epicland #pic\" target=\"_blank\"  data-author-image=\"\" data-likes-count=\"0\" data-type=\"image\" data-author-username=\"stripescoop.onlus\" data-link=\"https:\/\/www.instagram.com\/p\/CfpDmV_tosT\/\" class=\"ei-media-type-image fancybox\" href=\"https:\/\/scontent-frt3-2.cdninstagram.com\/v\/t51.29350-15\/292161538_388446393154337_526098287893423368_n.jpg?_nc_cat=103&ccb=1-7&_nc_sid=8ae9d6&_nc_ohc=RvOF0_HOq4wAX-GO47I&_nc_ht=scontent-frt3-2.cdninstagram.com&edm=ANo9K5cEAAAA&oh=00_AfDxKQQjtu5Y7zwAaNu8tlbkHJaNEmFfKG_JFhl8IDKZcg&oe=63AC8677\" data-media-id=\"95\" data-caption=\"\ud835\udc06\ud835\udc22\ud835\udc2b\ud835\udc28\ud835\udc2f\ud835\udc1a\ud835\udc20\ud835\udc1a\ud835\udc27\ud835\udc1d\ud835\udc28 \ud835\udc2d\ud835\udc2b\ud835\udc1a \ud835\udc1f\ud835\udc28\ud835\udc27\ud835\udc2d\ud835\udc1a\ud835\udc27\ud835\udc1e, \ud835\udc1b\ud835\udc28\ud835\udc25\ud835\udc25\ud835\udc1e \ud835\udc1e \ud835\udc2b\ud835\udc2e\ud835\udc2c\ud835\udc1c\ud835\udc1e\ud835\udc25\ud835\udc25\ud835\udc22 \ud83d\uddd3\ufe0f \ud835\udd3b\ud835\udd60\ud835\udd5e\ud835\udd56\ud835\udd5f\ud835\udd5a\ud835\udd54\ud835\udd52 \ud835\udfd9\ud835\udfd8 \ud835\udd43\ud835\udd66\ud835\udd58\ud835\udd5d\ud835\udd5a\ud835\udd60, \ud835\udd60\ud835\udd63\ud835\udd56 \ud835\udfd9\ud835\udfd9.\ud835\udfd8\ud835\udfd8 \ud83d\udccd Nel Giardino di Villa Arconati, a Bollate<br \/>\n<br \/>\n\ud83d\udca7 \ud835\ude1c\ud835\ude2f\ud835\ude22 \ud835\ude2e\ud835\ude22\ud835\ude35\ud835\ude35\ud835\ude2a\ud835\ude2f\ud835\ude22 \ud835\ude25\ud835\ude2a \ud835\ude28\ud835\ude2a\ud835\ude30\ud835\ude24\ud835\ude30, \ud835\ude24\ud835\ude33\ud835\ude26\ud835\ude22\ud835\ude35\ud835\ude2a\ud835\ude37\ud835\ude2a\ud835\ude35\u00e0, \ud835\ude26 \ud835\ude24\ud835\ude30\ud835\ude2f\ud835\ude25\ud835\ude2a\ud835\ude37\ud835\ude2a\ud835\ude34\ud835\ude2a\ud835\ude30\ud835\ude2f\ud835\ude26 \ud835\ude25\ud835\ude2a \ud835\ude2a\ud835\ude25\ud835\ude26\ud835\ude26 \ud835\ude34\ud835\ude36\ud835\ude2d \ud835\ude35\ud835\ude26\ud835\ude2e\ud835\ude22 \ud835\ude25\ud835\ude26\ud835\ude2d\ud835\ude2d\u2019\ud835\ude22\ud835\ude24\ud835\ude32\ud835\ude36\ud835\ude22 con Stripes coop. sociale Onlus. \ud83d\udca7 2 \ud835\ude2a\ud835\ude2f\ud835\ude24\ud835\ude30\ud835\ude2f\ud835\ude35\ud835\ude33\ud835\ude2a \ud835\ude25\ud835\ude2a\ud835\ude37\ud835\ude2a\ud835\ude34\ud835\ude2a \ud835\ude31\ud835\ude26\ud835\ude33 \ud835\ude27\ud835\ude22\ud835\ude34\ud835\ude24\ud835\ude2a\ud835\ude22 \ud835\ude25&#039;\ud835\ude26\ud835\ude35\u00e0 \ud835\ude25\ud835\ude22\ud835\ude2d\ud835\ude2d\ud835\ude26 \ud835\ude30\ud835\ude33\ud835\ude26 11.<br \/>\n\u231b \ud835\ude0b\ud835\ude36\ud835\ude33\ud835\ude22\ud835\ude35\ud835\ude22: 1 \ud835\ude30\ud835\ude33\ud835\ude22 \ud835\ude26 \ud835\ude2e\ud835\ude26\ud835\ude3b\ud835\ude3b\ud835\ude22<br \/>\n<br \/>\n\ud835\udde3\ud835\udde5\ud835\uddd8\ud835\udde1\ud835\udde2\ud835\udde7\ud835\uddd4\ud835\udded\ud835\udddc\ud835\udde2\ud835\udde1\ud835\uddd8 \ud835\udde2\ud835\uddd5\ud835\uddd5\ud835\udddf\ud835\udddc\ud835\uddda\ud835\uddd4\ud835\udde7\ud835\udde2\ud835\udde5\ud835\udddc\ud835\uddd4 \ud835\udde7\ud835\udde5\ud835\uddd4\ud835\udde0\ud835\udddc\ud835\udde7\ud835\uddd8 \ud835\udddf\ud835\udddc\ud835\udde1\ud835\uddde: https:\/\/www.eventbrite.it\/e\/registrazione-arconati-for-kids-377748003447 <br \/>\n<br \/>\n\u2139\ufe0f \ud835\ude44\ud835\ude63\ud835\ude5b\ud835\ude64: 3338299876 rossella.monina@pedagogia.it<br \/>\n<br \/>\n\ud835\uddd4\ud835\uddff\ud835\uddf0\ud835\uddfc\ud835\uddfb\ud835\uddee\ud835\ude01\ud835\uddf6 \ud835\uddf3\ud835\uddfc\ud835\uddff \ud835\uddde\ud835\uddf6\ud835\uddf1\ud835\ude00 \u00e8 una proposta \u201cfor kids\u201d in parallelo all\u2019appuntamento \u201c\ud835\udddf\ud835\uddee \ud835\ude03\ud835\uddf6\ud835\ude01\ud835\uddee \ud835\ude00\ud835\uddfc\ud835\ude01\ud835\ude01\u2019\ud835\uddee\ud835\uddf0\ud835\uddfe\ud835\ude02\ud835\uddee\u201d organizzato da Villa Arconati-FAR e Universit\u00e0 degli Studi di Milano.<br \/>\n<br \/>\n#villaarconati #bollate #stripescoop #bambini #weekend #weekendvibes #weekendconipiccoli #weekendconibambini #likeus #followforfollowback #likeforlikes #instaevent #event #eventi #milano #epicland #pic\"><img decoding=\"async\" src=\"https:\/\/scontent-frt3-2.cdninstagram.com\/v\/t51.29350-15\/292161538_388446393154337_526098287893423368_n.jpg?_nc_cat=103&ccb=1-7&_nc_sid=8ae9d6&_nc_ohc=RvOF0_HOq4wAX-GO47I&_nc_ht=scontent-frt3-2.cdninstagram.com&edm=ANo9K5cEAAAA&oh=00_AfDxKQQjtu5Y7zwAaNu8tlbkHJaNEmFfKG_JFhl8IDKZcg&oe=63AC8677\"><\/a><\/li><li><a title=\"#volontariato\" target=\"_blank\"  data-author-image=\"\" data-likes-count=\"0\" data-type=\"video\" data-author-username=\"stripescoop.onlus\" data-link=\"https:\/\/www.instagram.com\/reel\/Cd7_mxrOtOW\/\" class=\"ei-media-type-video fancybox\" href=\"https:\/\/video-frx5-1.cdninstagram.com\/v\/t50.33967-16\/283323829_5144399072263775_4402134974872488779_n.mp4?_nc_cat=100&vs=1705984716414258_210842002&_nc_vs=HBksFQAYJEdMVXQ0eEJmLWtpLXpVWVNBRXNMbWFadmhoYzlicV9FQUFBRhUAAsgBABUAGCRHTGZFeEJET0VQVW9IcEVDQUZSaHNwNGMxTzA2YnFfRUFBQUYVAgLIAQAoABgAGwGIB3VzZV9vaWwBMRUAACa4sbfb3KPQPxUCKAJDMywXQC2vGp%2B%2BdskYEmRhc2hfYmFzZWxpbmVfMV92MREAdQAA&ccb=1-7&_nc_sid=59939d&efg=eyJ2ZW5jb2RlX3RhZyI6InZ0c192b2RfdXJsZ2VuLjcyMC5jbGlwcyJ9&_nc_ohc=GbvlQ1uwhe4AX_Zw1YV&_nc_ht=video-frx5-1.cdninstagram.com&edm=ANo9K5cEAAAA&oh=00_AfCQH5l-dS4yeQ-nnFi39Ew_pSYtYQntHmb-gNuH1F0d-A&oe=63A63090&_nc_rid=dbf8026409\" data-media-id=\"90\" data-caption=\"#volontariato\"><img decoding=\"async\" src=\"https:\/\/video-frx5-1.cdninstagram.com\/v\/t50.33967-16\/283323829_5144399072263775_4402134974872488779_n.mp4?_nc_cat=100&vs=1705984716414258_210842002&_nc_vs=HBksFQAYJEdMVXQ0eEJmLWtpLXpVWVNBRXNMbWFadmhoYzlicV9FQUFBRhUAAsgBABUAGCRHTGZFeEJET0VQVW9IcEVDQUZSaHNwNGMxTzA2YnFfRUFBQUYVAgLIAQAoABgAGwGIB3VzZV9vaWwBMRUAACa4sbfb3KPQPxUCKAJDMywXQC2vGp%2B%2BdskYEmRhc2hfYmFzZWxpbmVfMV92MREAdQAA&ccb=1-7&_nc_sid=59939d&efg=eyJ2ZW5jb2RlX3RhZyI6InZ0c192b2RfdXJsZ2VuLjcyMC5jbGlwcyJ9&_nc_ohc=GbvlQ1uwhe4AX_Zw1YV&_nc_ht=video-frx5-1.cdninstagram.com&edm=ANo9K5cEAAAA&oh=00_AfCQH5l-dS4yeQ-nnFi39Ew_pSYtYQntHmb-gNuH1F0d-A&oe=63A63090&_nc_rid=dbf8026409\"><\/a><\/li>\t\t<\/ul>\n\t<\/div>\n<\/div>\n\n\n<\/div><\/div><\/div><\/div><\/div><\/div><script id=\"script-row-unique-3\" data-row=\"script-row-unique-3\" type=\"text\/javascript\" class=\"vc_controls\">UNCODE.initRow(document.getElementById(\"row-unique-3\"));<\/script><\/div><\/div><\/div>\n<\/div>","protected":false},"excerpt":{"rendered":"La cooperativa Stripes ha detto s\u00ec a Viva Vittoria, opera relazionale condivisa per sensibilizzare contro la violenza sulle donne Viva [...]","protected":false},"author":225,"featured_media":0,"parent":0,"menu_order":0,"comment_status":"closed","ping_status":"closed","template":"","meta":{"give_campaign_id":0,"om_disable_all_campaigns":false,"_monsterinsights_skip_tracking":false,"_monsterinsights_sitenote_active":false,"_monsterinsights_sitenote_note":"","_monsterinsights_sitenote_category":0,"footnotes":""},"tags":[],"class_list":["post-10216","page","type-page","status-publish","hentry"],"aioseo_notices":[],"yoast_head":"<!-- This site is optimized with the Yoast SEO plugin v27.2 - https:\/\/yoast.com\/product\/yoast-seo-wordpress\/ -->\n<title>News e Blog - Stripes Cooperativa Sociale ONLUS<\/title>\n<meta name=\"description\" content=\"Qui potrete trovare la nostra rassegna stampa e le ultime novit\u00e0 raccontate direttamente dai nostri soci. Articoli, interviste e Social News.\" \/>\n<meta name=\"robots\" content=\"index, follow, max-snippet:-1, max-image-preview:large, max-video-preview:-1\" \/>\n<link rel=\"canonical\" href=\"https:\/\/www.pedagogia.it\/stripes\/news-e-blog\/\" \/>\n<meta property=\"og:locale\" content=\"it_IT\" \/>\n<meta property=\"og:type\" content=\"article\" \/>\n<meta property=\"og:title\" content=\"News e Blog - Stripes Cooperativa Sociale ONLUS\" \/>\n<meta property=\"og:description\" content=\"Qui potrete trovare la nostra rassegna stampa e le ultime novit\u00e0 raccontate direttamente dai nostri soci. Articoli, interviste e Social News.\" \/>\n<meta property=\"og:url\" content=\"https:\/\/www.pedagogia.it\/stripes\/news-e-blog\/\" \/>\n<meta property=\"og:site_name\" content=\"Stripes Cooperativa Sociale ONLUS\" \/>\n<meta property=\"article:modified_time\" content=\"2025-08-27T09:56:11+00:00\" \/>\n<meta name=\"twitter:card\" content=\"summary_large_image\" \/>\n<meta name=\"twitter:label1\" content=\"Tempo di lettura stimato\" \/>\n\t<meta name=\"twitter:data1\" content=\"2 minuti\" \/>\n<script type=\"application\/ld+json\" class=\"yoast-schema-graph\">{\"@context\":\"https:\/\/schema.org\",\"@graph\":[{\"@type\":\"WebPage\",\"@id\":\"https:\/\/www.pedagogia.it\/stripes\/news-e-blog\/\",\"url\":\"https:\/\/www.pedagogia.it\/stripes\/news-e-blog\/\",\"name\":\"News e Blog - Stripes Cooperativa Sociale ONLUS\",\"isPartOf\":{\"@id\":\"https:\/\/www.pedagogia.it\/stripes\/#website\"},\"datePublished\":\"2021-04-12T12:50:53+00:00\",\"dateModified\":\"2025-08-27T09:56:11+00:00\",\"description\":\"Qui potrete trovare la nostra rassegna stampa e le ultime novit\u00e0 raccontate direttamente dai nostri soci. Articoli, interviste e Social News.\",\"breadcrumb\":{\"@id\":\"https:\/\/www.pedagogia.it\/stripes\/news-e-blog\/#breadcrumb\"},\"inLanguage\":\"it-IT\",\"potentialAction\":[{\"@type\":\"ReadAction\",\"target\":[\"https:\/\/www.pedagogia.it\/stripes\/news-e-blog\/\"]}]},{\"@type\":\"BreadcrumbList\",\"@id\":\"https:\/\/www.pedagogia.it\/stripes\/news-e-blog\/#breadcrumb\",\"itemListElement\":[{\"@type\":\"ListItem\",\"position\":1,\"name\":\"Home\",\"item\":\"https:\/\/www.pedagogia.it\/stripes\/\"},{\"@type\":\"ListItem\",\"position\":2,\"name\":\"News e Blog\"}]},{\"@type\":\"WebSite\",\"@id\":\"https:\/\/www.pedagogia.it\/stripes\/#website\",\"url\":\"https:\/\/www.pedagogia.it\/stripes\/\",\"name\":\"Stripes Cooperativa Sociale ONLUS\",\"description\":\"\",\"potentialAction\":[{\"@type\":\"SearchAction\",\"target\":{\"@type\":\"EntryPoint\",\"urlTemplate\":\"https:\/\/www.pedagogia.it\/stripes\/?s={search_term_string}\"},\"query-input\":{\"@type\":\"PropertyValueSpecification\",\"valueRequired\":true,\"valueName\":\"search_term_string\"}}],\"inLanguage\":\"it-IT\"}]}<\/script>\n<!-- \/ Yoast SEO plugin. -->","yoast_head_json":{"title":"News e Blog - Stripes Cooperativa Sociale ONLUS","description":"Qui potrete trovare la nostra rassegna stampa e le ultime novit\u00e0 raccontate direttamente dai nostri soci. Articoli, interviste e Social News.","robots":{"index":"index","follow":"follow","max-snippet":"max-snippet:-1","max-image-preview":"max-image-preview:large","max-video-preview":"max-video-preview:-1"},"canonical":"https:\/\/www.pedagogia.it\/stripes\/news-e-blog\/","og_locale":"it_IT","og_type":"article","og_title":"News e Blog - Stripes Cooperativa Sociale ONLUS","og_description":"Qui potrete trovare la nostra rassegna stampa e le ultime novit\u00e0 raccontate direttamente dai nostri soci. Articoli, interviste e Social News.","og_url":"https:\/\/www.pedagogia.it\/stripes\/news-e-blog\/","og_site_name":"Stripes Cooperativa Sociale ONLUS","article_modified_time":"2025-08-27T09:56:11+00:00","twitter_card":"summary_large_image","twitter_misc":{"Tempo di lettura stimato":"2 minuti"},"schema":{"@context":"https:\/\/schema.org","@graph":[{"@type":"WebPage","@id":"https:\/\/www.pedagogia.it\/stripes\/news-e-blog\/","url":"https:\/\/www.pedagogia.it\/stripes\/news-e-blog\/","name":"News e Blog - Stripes Cooperativa Sociale ONLUS","isPartOf":{"@id":"https:\/\/www.pedagogia.it\/stripes\/#website"},"datePublished":"2021-04-12T12:50:53+00:00","dateModified":"2025-08-27T09:56:11+00:00","description":"Qui potrete trovare la nostra rassegna stampa e le ultime novit\u00e0 raccontate direttamente dai nostri soci. Articoli, interviste e Social News.","breadcrumb":{"@id":"https:\/\/www.pedagogia.it\/stripes\/news-e-blog\/#breadcrumb"},"inLanguage":"it-IT","potentialAction":[{"@type":"ReadAction","target":["https:\/\/www.pedagogia.it\/stripes\/news-e-blog\/"]}]},{"@type":"BreadcrumbList","@id":"https:\/\/www.pedagogia.it\/stripes\/news-e-blog\/#breadcrumb","itemListElement":[{"@type":"ListItem","position":1,"name":"Home","item":"https:\/\/www.pedagogia.it\/stripes\/"},{"@type":"ListItem","position":2,"name":"News e Blog"}]},{"@type":"WebSite","@id":"https:\/\/www.pedagogia.it\/stripes\/#website","url":"https:\/\/www.pedagogia.it\/stripes\/","name":"Stripes Cooperativa Sociale ONLUS","description":"","potentialAction":[{"@type":"SearchAction","target":{"@type":"EntryPoint","urlTemplate":"https:\/\/www.pedagogia.it\/stripes\/?s={search_term_string}"},"query-input":{"@type":"PropertyValueSpecification","valueRequired":true,"valueName":"search_term_string"}}],"inLanguage":"it-IT"}]}},"campaignId":"","_links":{"self":[{"href":"https:\/\/www.pedagogia.it\/stripes\/wp-json\/wp\/v2\/pages\/10216","targetHints":{"allow":["GET"]}}],"collection":[{"href":"https:\/\/www.pedagogia.it\/stripes\/wp-json\/wp\/v2\/pages"}],"about":[{"href":"https:\/\/www.pedagogia.it\/stripes\/wp-json\/wp\/v2\/types\/page"}],"author":[{"embeddable":true,"href":"https:\/\/www.pedagogia.it\/stripes\/wp-json\/wp\/v2\/users\/225"}],"replies":[{"embeddable":true,"href":"https:\/\/www.pedagogia.it\/stripes\/wp-json\/wp\/v2\/comments?post=10216"}],"version-history":[{"count":1,"href":"https:\/\/www.pedagogia.it\/stripes\/wp-json\/wp\/v2\/pages\/10216\/revisions"}],"predecessor-version":[{"id":24846,"href":"https:\/\/www.pedagogia.it\/stripes\/wp-json\/wp\/v2\/pages\/10216\/revisions\/24846"}],"wp:attachment":[{"href":"https:\/\/www.pedagogia.it\/stripes\/wp-json\/wp\/v2\/media?parent=10216"}],"wp:term":[{"taxonomy":"post_tag","embeddable":true,"href":"https:\/\/www.pedagogia.it\/stripes\/wp-json\/wp\/v2\/tags?post=10216"}],"curies":[{"name":"wp","href":"https:\/\/api.w.org\/{rel}","templated":true}]}}