{"id":10893,"date":"2020-05-25T12:20:30","date_gmt":"2020-05-25T10:20:30","guid":{"rendered":"https:\/\/www.pedagogia.it\/stripes\/centri-estivi-2\/"},"modified":"2021-06-11T10:32:36","modified_gmt":"2021-06-11T08:32:36","slug":"centri-estivi-2020","status":"publish","type":"page","link":"https:\/\/www.pedagogia.it\/stripes\/centri-estivi-2020\/","title":{"rendered":"Centri Estivi 2020"},"content":{"rendered":"<div class=\"wpb-content-wrapper\"><div data-parent=\"true\" class=\"vc_row has-bg need-focus style-color-uydo-bg row-container boomapps_vcrow\" id=\"row-unique-0\"><div class=\"row limit-width row-parent\"><div class=\"wpb_row row-inner\"><div class=\"wpb_column pos-top pos-center align_left column_parent col-lg-12 boomapps_vccolumn single-internal-gutter\"><div class=\"uncol style-light\"  ><div class=\"uncoltable\"><div class=\"uncell  boomapps_vccolumn no-block-padding\" ><div class=\"uncont\" ><div class=\"vc_wp_custommenu wpb_content_element\"  data-id=\"1\"><div class=\"widget widget_nav_menu\"><div class=\"menu-menu-cre-2020-container\"><ul id=\"menu-menu-cre-2020\" class=\"menu\"><li id=\"menu-item-7726\" class=\"menu-item menu-item-type-post_type menu-item-object-post menu-item-7726\"><a href=\"https:\/\/www.pedagogia.it\/stripes\/centro-estivo-cascina-battivacco\/\">Centro Estivo Cascina Battivacco 2020<\/a><\/li>\n<li id=\"menu-item-7763\" class=\"menu-item menu-item-type-post_type menu-item-object-post menu-item-7763\"><a href=\"https:\/\/www.pedagogia.it\/stripes\/centro-estivo-vanzago-2020-2\/\">Centro Estivo Vanzago 2020<\/a><\/li>\n<li id=\"menu-item-7782\" class=\"menu-item menu-item-type-post_type menu-item-object-post menu-item-7782\"><a href=\"https:\/\/www.pedagogia.it\/stripes\/centro-estivo-legnano-2020\/\">Centro Estivo Legnano 2020<\/a><\/li>\n<li id=\"menu-item-7795\" class=\"menu-item menu-item-type-post_type menu-item-object-post menu-item-7795\"><a href=\"https:\/\/www.pedagogia.it\/stripes\/campus-estivo-segrate-2020\/\">Campus Estivo Segrate 2020<\/a><\/li>\n<li id=\"menu-item-7855\" class=\"menu-item menu-item-type-post_type menu-item-object-post menu-item-7855\"><a href=\"https:\/\/www.pedagogia.it\/stripes\/centro-estivo-cerro-maggiore\/\">Centro Estivo Cerro Maggiore 2020<\/a><\/li>\n<li id=\"menu-item-7859\" class=\"menu-item menu-item-type-post_type menu-item-object-post menu-item-7859\"><a href=\"https:\/\/www.pedagogia.it\/stripes\/centro-estivo-gaggiano-2020\/\">Centro Estivo Gaggiano 2020<\/a><\/li>\n<li id=\"menu-item-7882\" class=\"menu-item menu-item-type-post_type menu-item-object-post menu-item-7882\"><a href=\"https:\/\/www.pedagogia.it\/stripes\/centro-estivo-nerviano-2020\/\">Centro Estivo Nerviano 2020<\/a><\/li>\n<\/ul><\/div><\/div><\/div><\/div><\/div><\/div><\/div><\/div><script id=\"script-row-unique-0\" data-row=\"script-row-unique-0\" type=\"text\/javascript\" class=\"vc_controls\">UNCODE.initRow(document.getElementById(\"row-unique-0\"));<\/script><\/div><\/div><\/div><div data-parent=\"true\" class=\"vc_row row-container boomapps_vcrow\" id=\"row-unique-1\"><div class=\"row limit-width row-parent\"><div class=\"wpb_row row-inner\"><div class=\"wpb_column pos-top pos-center align_left column_parent col-lg-4 boomapps_vccolumn single-internal-gutter\"><div class=\"uncol style-light\"  ><div class=\"uncoltable\"><div class=\"uncell  boomapps_vccolumn no-block-padding\" ><div class=\"uncont\" ><div class=\"uncode-single-media  text-center\"><div class=\"single-wrapper\" style=\"max-width: 100%;\"><div class=\"tmb tmb-light  tmb-media-first tmb-media-last tmb-content-overlay tmb-no-bg\"><div class=\"t-inside\"><div class=\"t-entry-visual\"><div class=\"t-entry-visual-tc\"><div class=\"uncode-single-media-wrapper\"><img decoding=\"async\" class=\"wp-image-7388\" src=\"https:\/\/www.pedagogia.it\/stripes\/wp-content\/uploads\/sites\/7\/2020\/05\/isola-principale-bambini.png\" width=\"1769\" height=\"1511\" alt=\"\" srcset=\"https:\/\/www.pedagogia.it\/stripes\/wp-content\/uploads\/sites\/7\/2020\/05\/isola-principale-bambini.png 1769w, https:\/\/www.pedagogia.it\/stripes\/wp-content\/uploads\/sites\/7\/2020\/05\/isola-principale-bambini-300x256.png 300w, https:\/\/www.pedagogia.it\/stripes\/wp-content\/uploads\/sites\/7\/2020\/05\/isola-principale-bambini-768x656.png 768w, https:\/\/www.pedagogia.it\/stripes\/wp-content\/uploads\/sites\/7\/2020\/05\/isola-principale-bambini-1024x875.png 1024w, https:\/\/www.pedagogia.it\/stripes\/wp-content\/uploads\/sites\/7\/2020\/05\/isola-principale-bambini-600x512.png 600w\" sizes=\"(max-width: 1769px) 100vw, 1769px\" \/><\/div>\n\t\t\t\t\t<\/div>\n\t\t\t\t<\/div><\/div><\/div><\/div><\/div><\/div><\/div><\/div><\/div><\/div><div class=\"wpb_column pos-top pos-center align_left column_parent col-lg-4 boomapps_vccolumn single-internal-gutter\"><div class=\"uncol style-light\"  ><div class=\"uncoltable\"><div class=\"uncell  boomapps_vccolumn no-block-padding\" ><div class=\"uncont\" ><div class=\"vc_custom_heading_wrap \"><div class=\"heading-text el-text\" ><h2 class=\"h2\" ><span><span style=\"color: #ffffff;\">*<\/span><\/p><\/span><span><p><span style=\"color: #ffffff;\">*<\/span><\/p><\/span><span><p>PI\u00d9 ISOLE, MENO ISOLAMENTO<br \/><\/span><span>CENTRI ESTIVI 2020<br \/><\/span><span>L\u2019ARCIPELAGO PER I BAMBINI<\/span><\/h2><\/div><div class=\"clear\"><\/div><\/div><\/div><\/div><\/div><\/div><\/div><div class=\"wpb_column pos-top pos-center align_left column_parent col-lg-4 boomapps_vccolumn single-internal-gutter\"><div class=\"uncol style-light\"  ><div class=\"uncoltable\"><div class=\"uncell  boomapps_vccolumn no-block-padding\" ><div class=\"uncont\" ><div id=\"index-179593\" class=\"isotope-system isotope-general-light grid-general-light\" >\n\t\t\t\n\t\t\t\t\t\t\t\t\t\t\t\t\t\t<div class=\"isotope-wrapper grid-wrapper single-gutter\" >\t\t\t\t\t\t\t\t\t\t\t\t<div class=\"isotope-container grid-container isotope-layout style-masonry isotope-pagination grid-pagination\" data-type=\"masonry\" data-layout=\"masonry\" data-lg=\"1000\" data-md=\"600\" data-sm=\"480\" data-vp-height=\"\">\t\t\t<div class=\"tmb enhanced-atc atc-typography-inherit tmb-iso-w4 tmb-iso-h4 tmb-light tmb-overlay-text-anim tmb-overlay-anim tmb-content-left tmb-image-anim tmb-bordered  grid-cat-287 tmb-id-7575 tmb-content-under tmb-media-last tmb-no-bg\" ><div class=\"t-inside no-anim\" ><div class=\"t-entry-visual\"><div class=\"t-entry-visual-tc\"><div class=\"t-entry-visual-cont\"><div class=\"dummy\" style=\"padding-top: 83.9%;\"><\/div><a role=\"button\" tabindex=\"-1\" href=\"https:\/\/www.pedagogia.it\/stripes\/bonus-baby-sitter-2020\/\" class=\"pushed\" target=\"_self\" data-lb-index=\"0\"><div class=\"t-entry-visual-overlay\"><div class=\"t-entry-visual-overlay-in style-dark-bg\" style=\"opacity: 0.5;\"><\/div><\/div><img decoding=\"async\" class=\"wp-image-7576\" src=\"https:\/\/www.pedagogia.it\/stripes\/wp-content\/uploads\/sites\/7\/2020\/05\/bonus-baby-sitter-e56fe.jpg\" width=\"900\" height=\"755\" alt=\"\" srcset=\"https:\/\/www.pedagogia.it\/stripes\/wp-content\/uploads\/sites\/7\/2020\/05\/bonus-baby-sitter-e56fe.jpg 900w, https:\/\/www.pedagogia.it\/stripes\/wp-content\/uploads\/sites\/7\/2020\/05\/bonus-baby-sitter-e56fe-300x252.jpg 300w, https:\/\/www.pedagogia.it\/stripes\/wp-content\/uploads\/sites\/7\/2020\/05\/bonus-baby-sitter-e56fe-768x644.jpg 768w, https:\/\/www.pedagogia.it\/stripes\/wp-content\/uploads\/sites\/7\/2020\/05\/bonus-baby-sitter-e56fe-600x503.jpg 600w\" sizes=\"(max-width: 900px) 100vw, 900px\" \/><\/a><\/div>\n\t\t\t\t\t<\/div>\n\t\t\t\t<\/div><\/div><\/div>\t\t<\/div>\t\n\t\n\n\t<\/div>\t\t\t\t<\/div>\n<\/div><\/div><\/div><\/div><\/div><script id=\"script-row-unique-1\" data-row=\"script-row-unique-1\" type=\"text\/javascript\" class=\"vc_controls\">UNCODE.initRow(document.getElementById(\"row-unique-1\"));<\/script><\/div><\/div><\/div><div data-parent=\"true\" class=\"vc_row has-bg need-focus style-color-iopl-bg row-container has-dividers boomapps_vcrow\" id=\"row-unique-2\"><div class=\"uncode-divider-wrap uncode-divider-wrap-top z_index_0\" style=\"height: 150px;\" data-height=\"150\" data-unit=\"px\"><svg version=\"1.1\" class=\"uncode-row-divider uncode-row-divider-fan-opacity\" x=\"0px\" y=\"0px\" width=\"240px\" height=\"24px\" viewBox=\"0 0 240 24\" enable-background=\"new 0 0 240 24\" xml:space=\"preserve\" preserveAspectRatio=\"none\">\n\t\t<path fill=\"#ffffff\" fill-opacity=\"0.25\" d=\"M0,24h240V0L0,11.26V24z\"\/>\n\t\t<path fill=\"#ffffff\" d=\"M240,24H0V11.26L240,24z\"\/>\n\t\t<path fill=\"#ffffff\" fill-opacity=\"0.5\" d=\"M240,24H0V11.26h240V24z\"\/>\n\t\t<\/svg><\/div><div class=\"row limit-width row-parent\"><div class=\"wpb_row row-inner\"><div class=\"wpb_column pos-top pos-center align_left column_parent col-lg-12 boomapps_vccolumn single-internal-gutter\"><div class=\"uncol style-light\"  ><div class=\"uncoltable\"><div class=\"uncell  boomapps_vccolumn no-block-padding\" ><div class=\"uncont\" ><\/div><\/div><\/div><\/div><\/div><script id=\"script-row-unique-2\" data-row=\"script-row-unique-2\" type=\"text\/javascript\" class=\"vc_controls\">UNCODE.initRow(document.getElementById(\"row-unique-2\"));<\/script><\/div><\/div><\/div><div data-parent=\"true\" class=\"vc_row row-container boomapps_vcrow\" id=\"row-unique-3\"><div class=\"row limit-width row-parent\"><div class=\"wpb_row row-inner\"><div class=\"wpb_column pos-top pos-center align_left column_parent col-lg-12 boomapps_vccolumn single-internal-gutter\"><div class=\"uncol style-light\"  ><div class=\"uncoltable\"><div class=\"uncell  boomapps_vccolumn no-block-padding\" ><div class=\"uncont\" ><div class=\"uncode_text_column\" ><p>Oggi, ancora pi\u00f9 che negli scorsi anni, crediamo che data la situazione emergenziale sanitaria sia importante offrire ai bambini servizi educativi e ricreativi che permettano loro di vivere delle esperienze coni coetanei in compagnia di immagini, colori, forme oltre che di voci amiche. Allo stesso tempo riteniamo che sia importante offrire servizi di conciliazione vita-lavoro per le famiglie capaci di rispondere ai bisogni e alle necessit\u00e0 quotidiane ed emergenti.<\/p>\n<p><span style=\"font-weight: 400;\">Gli spazi scolastici offrono servizi, attrezzature, strutture, giardini adatti ad essere riutilizzati facilmente in ottica ricreativa, risultano per questo i luoghi pi\u00f9 adatti per predisporre Centri estivi (come evidenziato dalle linee guida ministeriali) da cui far partire questa riflessione per poi allargarla a tutto il territorio in un\u2019ottica di\u00a0 condivisione e comunit\u00e0.<\/span><\/p>\n<p><span style=\"font-weight: 400;\">Nella nostra proposta educativa teniamo in considerazione l\u2019importanza di creare spazi definiti, mantenendo un\u2019idea di esperienza comunitaria e sociale; per questo abbiamo immaginato come offrire opportunit\u00e0 di condivisione ed esperienza, nel rispetto delle normative, ponendo la massima attenzione alla prevenzione della diffusione del virus.<\/span><\/p>\n<p><span style=\"font-weight: 400;\">La nostra idea di <\/span><b><i>arcipelago per i bambini<\/i><\/b><span style=\"font-weight: 400;\"> si contraddistingue per essere un insieme di proposte, luoghi ben distinti, spazi delineati da colori, arredi e cartellonistica che ne identificano il tema, le regole di utilizzo, oltre alle norme igienico sanitarie previste; abbiamo scelto di definire questi spazi ISOLE.<\/span><\/p>\n<p><b>L\u2019ISOLA<\/b><span style=\"font-weight: 400;\"> si contraddistingue come uno <\/span><b>spazio del fare,<\/b><span style=\"font-weight: 400;\"> dove le proposte ingaggiano i bambini e li accompagnano nell\u2019universo delle esperienze. La proposta dovr\u00e0, oltre a tenere in considerazione il rispetto per la normativa in corso, mettere in campo accorgimenti e attenzioni che permetteranno da un lato di mantenere gli spazi di esperienza individuali ben strutturati e dall\u2019altro di partecipare aiutando i bambini al comprendere la presenza di un progetto condiviso. I bambini in rapporto 1\/5 (infanzia) 1\/7 ( primaria) 1\/10 ( secondaria di primo grado) con un educatore, avranno la possibilit\u00e0 di trascorrere tempi significativi, chiacchierare, condividere idee su come realizzare il progetto. Saranno sempre preferiti gli spazi all\u2019aperto, i giardini, i portici degli istituti scolastici e le isole potranno essere allestite in luoghi esterni, mantenendo comunque le caratteristiche di sicurezza e di utilizzo previste.<\/span><\/p>\n<\/div><\/div><\/div><\/div><\/div><\/div><script id=\"script-row-unique-3\" data-row=\"script-row-unique-3\" type=\"text\/javascript\" class=\"vc_controls\">UNCODE.initRow(document.getElementById(\"row-unique-3\"));<\/script><\/div><\/div><\/div><div data-parent=\"true\" class=\"vc_row has-bg need-focus style-color-iopl-bg row-container has-dividers boomapps_vcrow\" id=\"row-unique-4\"><div class=\"uncode-divider-wrap uncode-divider-wrap-top z_index_0\" style=\"height: 150px;\" data-height=\"150\" data-unit=\"px\"><svg version=\"1.1\" class=\"uncode-row-divider uncode-row-divider-fan-opacity\" x=\"0px\" y=\"0px\" width=\"240px\" height=\"24px\" viewBox=\"0 0 240 24\" enable-background=\"new 0 0 240 24\" xml:space=\"preserve\" preserveAspectRatio=\"none\">\n\t\t<path fill=\"#ffffff\" fill-opacity=\"0.25\" d=\"M0,24h240V0L0,11.26V24z\"\/>\n\t\t<path fill=\"#ffffff\" d=\"M240,24H0V11.26L240,24z\"\/>\n\t\t<path fill=\"#ffffff\" fill-opacity=\"0.5\" d=\"M240,24H0V11.26h240V24z\"\/>\n\t\t<\/svg><\/div><div class=\"row limit-width row-parent\"><div class=\"wpb_row row-inner\"><div class=\"wpb_column pos-top pos-center align_left column_parent col-lg-12 boomapps_vccolumn single-internal-gutter\"><div class=\"uncol style-light\"  ><div class=\"uncoltable\"><div class=\"uncell  boomapps_vccolumn no-block-padding\" ><div class=\"uncont\" ><\/div><\/div><\/div><\/div><\/div><script id=\"script-row-unique-4\" data-row=\"script-row-unique-4\" type=\"text\/javascript\" class=\"vc_controls\">UNCODE.initRow(document.getElementById(\"row-unique-4\"));<\/script><\/div><\/div><\/div><div data-parent=\"true\" class=\"vc_row row-container boomapps_vcrow\" id=\"row-unique-5\"><div class=\"row limit-width row-parent\"><div class=\"wpb_row row-inner\"><div class=\"wpb_column pos-top pos-center align_left column_parent col-lg-6 boomapps_vccolumn single-internal-gutter\"><div class=\"uncol style-light\"  ><div class=\"uncoltable\"><div class=\"uncell  boomapps_vccolumn no-block-padding\" ><div class=\"uncont\" ><div class=\"uncode-single-media  text-left\"><div class=\"single-wrapper\" style=\"max-width: 100%;\"><div class=\"tmb tmb-light  tmb-media-first tmb-media-last tmb-content-overlay tmb-no-bg\"><div class=\"t-inside\"><div class=\"t-entry-visual\"><div class=\"t-entry-visual-tc\"><div class=\"uncode-single-media-wrapper\"><img decoding=\"async\" class=\"wp-image-7365\" src=\"https:\/\/www.pedagogia.it\/stripes\/wp-content\/uploads\/sites\/7\/2020\/05\/grandi-4.png\" width=\"1159\" height=\"319\" alt=\"\" srcset=\"https:\/\/www.pedagogia.it\/stripes\/wp-content\/uploads\/sites\/7\/2020\/05\/grandi-4.png 1159w, https:\/\/www.pedagogia.it\/stripes\/wp-content\/uploads\/sites\/7\/2020\/05\/grandi-4-300x83.png 300w, https:\/\/www.pedagogia.it\/stripes\/wp-content\/uploads\/sites\/7\/2020\/05\/grandi-4-768x211.png 768w, https:\/\/www.pedagogia.it\/stripes\/wp-content\/uploads\/sites\/7\/2020\/05\/grandi-4-1024x282.png 1024w, https:\/\/www.pedagogia.it\/stripes\/wp-content\/uploads\/sites\/7\/2020\/05\/grandi-4-600x165.png 600w\" sizes=\"(max-width: 1159px) 100vw, 1159px\" \/><\/div>\n\t\t\t\t\t<\/div>\n\t\t\t\t<\/div><\/div><\/div><\/div><\/div><div class=\"uncode_text_column\" ><p><span style=\"font-weight: 400;\">La proposta per l\u2019estate 2020 si intitoler\u00e0 \u201cSUPER GREEN:\u00a0 grandi esploratori del mondo\u201d e proporr\u00e0 un percorso tematico legato all\u2019avventura, all\u2019esplorazione, alla conoscenza degli ambienti naturali ed alle potenzialit\u00e0 infinite del pianeta Terra. Prenderemo spunto dagli obiettivi di Sviluppo Sostenibile dell\u2019Agenda 2030 e renderemo i nostri centri estivi degli spazi di crescita, consapevolezza e sperimentazione.<strong> La parola d\u2019ordine sar\u00e0 outdoor education!<\/strong> <\/span><\/p>\n<p><span style=\"font-weight: 400;\">Sar\u00e0 un percorso attraverso i diversi ambienti naturali del Pianeta: la giungla, il deserto, le vette dell\u2019Himalaya, le cascate del Niagara\u2026 Viaggeremo ed esploreremo le nostre isole a bordo di mongolfiere ecologiche, voleremo sopra gli oceani, ci avventureremo nella foresta e con la fantasia raggiungeremo anche i confini pi\u00f9 remoti del mondo\u2026 fino alla gelida Antartide!\u00a0<\/span><\/p>\n<p>&nbsp;<\/p>\n<p><em><span style=\"font-weight: 400;\">Il progetto presentato, data la situazione attuale di emergenza, \u00e8 da ritenersi in \u201cwork in progress\u201d. Daremo spazio anche a modifiche e ridefinizione dello stesso a seconda dei desideri e proposte che raccoglieremo dai bambini e ragazzi che vi partecipano.<\/span><\/em><\/p>\n<\/div><\/div><\/div><\/div><\/div><\/div><div class=\"wpb_column pos-top pos-center align_left column_parent col-lg-6 boomapps_vccolumn single-internal-gutter\"><div class=\"uncol style-light\"  ><div class=\"uncoltable\"><div class=\"uncell  boomapps_vccolumn no-block-padding\" ><div class=\"uncont\" ><div class=\"uncode-single-media  text-left\"><div class=\"single-wrapper\" style=\"max-width: 100%;\"><div class=\"tmb tmb-light  tmb-media-first tmb-media-last tmb-content-overlay tmb-no-bg\"><div class=\"t-inside\"><div class=\"t-entry-visual\"><div class=\"t-entry-visual-tc\"><div class=\"uncode-single-media-wrapper\"><img decoding=\"async\" class=\"wp-image-7367\" src=\"https:\/\/www.pedagogia.it\/stripes\/wp-content\/uploads\/sites\/7\/2020\/05\/piccoli-4.png\" width=\"1134\" height=\"315\" alt=\"\" srcset=\"https:\/\/www.pedagogia.it\/stripes\/wp-content\/uploads\/sites\/7\/2020\/05\/piccoli-4.png 1134w, https:\/\/www.pedagogia.it\/stripes\/wp-content\/uploads\/sites\/7\/2020\/05\/piccoli-4-300x83.png 300w, https:\/\/www.pedagogia.it\/stripes\/wp-content\/uploads\/sites\/7\/2020\/05\/piccoli-4-768x213.png 768w, https:\/\/www.pedagogia.it\/stripes\/wp-content\/uploads\/sites\/7\/2020\/05\/piccoli-4-1024x284.png 1024w, https:\/\/www.pedagogia.it\/stripes\/wp-content\/uploads\/sites\/7\/2020\/05\/piccoli-4-600x167.png 600w\" sizes=\"(max-width: 1134px) 100vw, 1134px\" \/><\/div>\n\t\t\t\t\t<\/div>\n\t\t\t\t<\/div><\/div><\/div><\/div><\/div><div class=\"uncode_text_column\" ><p><span style=\"font-weight: 400;\">Il progetto che abbiamo pensato ha come filo conduttore la narrazione di storie e filastrocche de <strong>\u201cLe avventure di Giovannino Perdigiorno\u201d di Rodari.<\/strong> <\/span><\/p>\n<p><span style=\"font-weight: 400;\">I bambini saranno accompagnati alla scoperta di isole fantastiche a rappresentare possibili luoghi che Giovannino incontrer\u00e0 nei suoi viaggi, si potranno conoscere personaggi buffi e bizzarri che insegneranno loro la bellezza di vivere nel mondo reale, con relazioni e sentimenti autentici a questo si integra il tema legato alla scoperta del nostro giardino e della natura che lo abita. L\u2019<strong>outdoor education<\/strong> sar\u00e0 una delle metodologie utilizzate durante tutto il Centro estivo.<\/span><\/p>\n<p>\n<\/div><\/div><\/div><\/div><\/div><\/div><script id=\"script-row-unique-5\" data-row=\"script-row-unique-5\" type=\"text\/javascript\" class=\"vc_controls\">UNCODE.initRow(document.getElementById(\"row-unique-5\"));<\/script><\/div><\/div><\/div><div data-parent=\"true\" class=\"vc_row has-bg need-focus style-color-iopl-bg row-container has-dividers boomapps_vcrow\" id=\"row-unique-6\"><div class=\"uncode-divider-wrap uncode-divider-wrap-top z_index_0\" style=\"height: 150px;\" data-height=\"150\" data-unit=\"px\"><svg version=\"1.1\" class=\"uncode-row-divider uncode-row-divider-fan-opacity\" x=\"0px\" y=\"0px\" width=\"240px\" height=\"24px\" viewBox=\"0 0 240 24\" enable-background=\"new 0 0 240 24\" xml:space=\"preserve\" preserveAspectRatio=\"none\">\n\t\t<path fill=\"#ffffff\" fill-opacity=\"0.25\" d=\"M0,24h240V0L0,11.26V24z\"\/>\n\t\t<path fill=\"#ffffff\" d=\"M240,24H0V11.26L240,24z\"\/>\n\t\t<path fill=\"#ffffff\" fill-opacity=\"0.5\" d=\"M240,24H0V11.26h240V24z\"\/>\n\t\t<\/svg><\/div><div class=\"row limit-width row-parent\"><div class=\"wpb_row row-inner\"><div class=\"wpb_column pos-top pos-center align_left column_parent col-lg-12 boomapps_vccolumn single-internal-gutter\"><div class=\"uncol style-light\"  ><div class=\"uncoltable\"><div class=\"uncell  boomapps_vccolumn no-block-padding\" ><div class=\"uncont\" ><\/div><\/div><\/div><\/div><\/div><script id=\"script-row-unique-6\" data-row=\"script-row-unique-6\" type=\"text\/javascript\" class=\"vc_controls\">UNCODE.initRow(document.getElementById(\"row-unique-6\"));<\/script><\/div><\/div><\/div><div data-parent=\"true\" class=\"vc_row row-container boomapps_vcrow\" id=\"row-unique-7\"><div class=\"row limit-width row-parent\"><div class=\"wpb_row row-inner\"><div class=\"wpb_column pos-top pos-center align_left column_parent col-lg-12 boomapps_vccolumn single-internal-gutter\"><div class=\"uncol style-light\"  ><div class=\"uncoltable\"><div class=\"uncell  boomapps_vccolumn no-block-padding\" ><div class=\"uncont\" ><div class=\"uncode_text_column\" ><\/p>\n<h3><b>L\u2019ORGANIZZAZIONE\u00a0 DEGLI SPAZI: LE ISOLE<\/b><\/h3>\n<p><span style=\"font-weight: 400;\">Le isole verranno allestite all\u2019interno degli spazi disponibili e saranno definite sulle planimetrie fornite dal comune prediligendo aree ombreggiate; si provveder\u00e0 inoltre, ove necessario, alla delimitazione delle aree. <\/span><\/p>\n<p><span style=\"font-weight: 400;\">Ogni gruppo di bambini avr\u00e0 a disposizione del materiale specifico ad uso esclusivo debitamente igienizzato ad ogni utilizzo dal personale ausiliario.<\/span><\/p>\n<\/div><\/div><\/div><\/div><\/div><\/div><script id=\"script-row-unique-7\" data-row=\"script-row-unique-7\" type=\"text\/javascript\" class=\"vc_controls\">UNCODE.initRow(document.getElementById(\"row-unique-7\"));<\/script><\/div><\/div><\/div><div data-parent=\"true\" class=\"vc_row row-container has-dividers boomapps_vcrow\" id=\"row-unique-8\"><div class=\"row-background background-element\">\n\t\t\t\t\t\t\t\t\t\t\t<div class=\"background-wrapper\">\n\t\t\t\t\t\t\t\t\t\t\t\t<div class=\"background-inner\" style=\"background-image: url(https:\/\/www.pedagogia.it\/stripes\/wp-content\/uploads\/sites\/7\/2020\/05\/sfondo.png);background-repeat: no-repeat;background-position: center center;background-attachment: scroll;background-size: cover;\"><\/div>\n\t\t\t\t\t\t\t\t\t\t\t\t\n\t\t\t\t\t\t\t\t\t\t\t<\/div>\n\t\t\t\t\t\t\t\t\t\t<\/div><div class=\"uncode-divider-wrap uncode-divider-wrap-top z_index_0\" style=\"height: 150px;\" data-height=\"150\" data-unit=\"px\"><svg version=\"1.1\" class=\"uncode-row-divider uncode-row-divider-gradient\" x=\"0px\" y=\"0px\" width=\"240px\" height=\"24px\" viewBox=\"0 0 240 24\" enable-background=\"new 0 0 240 24\" xml:space=\"preserve\" preserveAspectRatio=\"none\">\n\t\t<linearGradient id=\"svg-gradient-194586\" gradientUnits=\"userSpaceOnUse\" x1=\"119.9995\" y1=\"0\" x2=\"119.9995\" y2=\"24.0005\">\n\t\t\t<stop  offset=\"0\" style=\"stop-color:#ffffff;stop-opacity:0\"\/>\n\t\t\t<stop  offset=\"1\" style=\"stop-color:#ffffff\"\/>\n\t\t<\/linearGradient>\n\t\t<path fill=\"url(#svg-gradient-194586)\" d=\"M240,24V0H0v24H240z\"\/>\n\t\t<\/svg><\/div><div class=\"uncode-divider-wrap uncode-divider-wrap-bottom z_index_0\" style=\"height: 150px;\" data-height=\"150\" data-unit=\"px\"><svg version=\"1.1\" class=\"uncode-row-divider uncode-row-divider-gradient\" x=\"0px\" y=\"0px\" width=\"240px\" height=\"24px\" viewBox=\"0 0 240 24\" enable-background=\"new 0 0 240 24\" xml:space=\"preserve\" preserveAspectRatio=\"none\">\n\t\t<linearGradient id=\"svg-gradient-158826\" gradientUnits=\"userSpaceOnUse\" x1=\"119.9995\" y1=\"0\" x2=\"119.9995\" y2=\"24.0005\">\n\t\t\t<stop  offset=\"0\" style=\"stop-color:#ffffff;stop-opacity:0\"\/>\n\t\t\t<stop  offset=\"1\" style=\"stop-color:#ffffff\"\/>\n\t\t<\/linearGradient>\n\t\t<path fill=\"url(#svg-gradient-158826)\" d=\"M240,24V0H0v24H240z\"\/>\n\t\t<\/svg><\/div><div class=\"row limit-width row-parent\"><div class=\"wpb_row row-inner\"><div class=\"wpb_column pos-top pos-center align_left column_parent col-lg-12 boomapps_vccolumn single-internal-gutter\"><div class=\"uncol style-light\"  ><div class=\"uncoltable\"><div class=\"uncell  boomapps_vccolumn no-block-padding\" ><div class=\"uncont\" ><div id=\"index-131381\" class=\"isotope-system isotope-general-light grid-general-light\" >\n\t\t\t\n\t\t\t\t\t\t\t\t\t\t\t\t\t\t<div class=\"isotope-wrapper grid-wrapper single-gutter\" >\t\t\t\t\t\t\t\t\t\t\t\t<div class=\"isotope-container grid-container isotope-layout style-masonry isotope-pagination grid-pagination\" data-type=\"masonry\" data-layout=\"masonry\" data-lg=\"1000\" data-md=\"600\" data-sm=\"480\" data-vp-height=\"\">\t\t\t<div class=\"tmb enhanced-atc atc-typography-inherit tmb-iso-w3 tmb-iso-h4 tmb-light tmb-overlay-text-anim tmb-overlay-anim tmb-content-left tmb-image-anim tmb-bordered  grid-cat-278 tmb-id-7349 tmb-content-under tmb-media-first tmb-no-bg\" ><div class=\"t-inside no-anim\" ><div class=\"t-entry-visual\"><div class=\"t-entry-visual-tc\"><div class=\"t-entry-visual-cont\"><div class=\"dummy\" style=\"padding-top: 85.4%;\"><\/div><a role=\"button\" tabindex=\"-1\" href=\"https:\/\/www.pedagogia.it\/stripes\/isola-della-natura\/\" class=\"pushed\" target=\"_self\" data-lb-index=\"0\"><div class=\"t-entry-visual-overlay\"><div class=\"t-entry-visual-overlay-in style-dark-bg\" style=\"opacity: 0.5;\"><\/div><\/div><img decoding=\"async\" class=\"wp-image-7331\" src=\"https:\/\/www.pedagogia.it\/stripes\/wp-content\/uploads\/sites\/7\/2020\/05\/isola-natura.png\" width=\"1769\" height=\"1511\" alt=\"\" srcset=\"https:\/\/www.pedagogia.it\/stripes\/wp-content\/uploads\/sites\/7\/2020\/05\/isola-natura.png 1769w, https:\/\/www.pedagogia.it\/stripes\/wp-content\/uploads\/sites\/7\/2020\/05\/isola-natura-300x256.png 300w, https:\/\/www.pedagogia.it\/stripes\/wp-content\/uploads\/sites\/7\/2020\/05\/isola-natura-768x656.png 768w, https:\/\/www.pedagogia.it\/stripes\/wp-content\/uploads\/sites\/7\/2020\/05\/isola-natura-1024x875.png 1024w, https:\/\/www.pedagogia.it\/stripes\/wp-content\/uploads\/sites\/7\/2020\/05\/isola-natura-600x512.png 600w\" sizes=\"(max-width: 1769px) 100vw, 1769px\" \/><\/a><\/div>\n\t\t\t\t\t<\/div>\n\t\t\t\t<\/div><div class=\"t-entry-text\">\n\t\t\t\t\t\t\t\t\t<div class=\"t-entry-text-tc single-block-padding\"><div class=\"t-entry\"><h3 class=\"t-entry-title h6 title-scale \"><a href=\"https:\/\/www.pedagogia.it\/stripes\/isola-della-natura\/\" target=\"_self\">ISOLA DELLA NATURA<\/a><\/h3><hr \/><\/div><\/div>\n\t\t\t\t\t\t\t<\/div><\/div><\/div><div class=\"tmb enhanced-atc atc-typography-inherit tmb-iso-w3 tmb-iso-h4 tmb-light tmb-overlay-text-anim tmb-overlay-anim tmb-content-left tmb-image-anim tmb-bordered  grid-cat-278 tmb-id-7347 tmb-content-under tmb-media-first tmb-no-bg\" ><div class=\"t-inside no-anim\" ><div class=\"t-entry-visual\"><div class=\"t-entry-visual-tc\"><div class=\"t-entry-visual-cont\"><div class=\"dummy\" style=\"padding-top: 85.4%;\"><\/div><a role=\"button\" tabindex=\"-1\" href=\"https:\/\/www.pedagogia.it\/stripes\/isola-del-benessere\/\" class=\"pushed\" target=\"_self\" data-lb-index=\"1\"><div class=\"t-entry-visual-overlay\"><div class=\"t-entry-visual-overlay-in style-dark-bg\" style=\"opacity: 0.5;\"><\/div><\/div><img decoding=\"async\" class=\"wp-image-7327\" src=\"https:\/\/www.pedagogia.it\/stripes\/wp-content\/uploads\/sites\/7\/2020\/05\/ISOLA-BENESSERE.png\" width=\"1769\" height=\"1511\" alt=\"\" srcset=\"https:\/\/www.pedagogia.it\/stripes\/wp-content\/uploads\/sites\/7\/2020\/05\/ISOLA-BENESSERE.png 1769w, https:\/\/www.pedagogia.it\/stripes\/wp-content\/uploads\/sites\/7\/2020\/05\/ISOLA-BENESSERE-300x256.png 300w, https:\/\/www.pedagogia.it\/stripes\/wp-content\/uploads\/sites\/7\/2020\/05\/ISOLA-BENESSERE-768x656.png 768w, https:\/\/www.pedagogia.it\/stripes\/wp-content\/uploads\/sites\/7\/2020\/05\/ISOLA-BENESSERE-1024x875.png 1024w, https:\/\/www.pedagogia.it\/stripes\/wp-content\/uploads\/sites\/7\/2020\/05\/ISOLA-BENESSERE-600x512.png 600w\" sizes=\"(max-width: 1769px) 100vw, 1769px\" \/><\/a><\/div>\n\t\t\t\t\t<\/div>\n\t\t\t\t<\/div><div class=\"t-entry-text\">\n\t\t\t\t\t\t\t\t\t<div class=\"t-entry-text-tc single-block-padding\"><div class=\"t-entry\"><h3 class=\"t-entry-title h6 title-scale \"><a href=\"https:\/\/www.pedagogia.it\/stripes\/isola-del-benessere\/\" target=\"_self\">ISOLA DEL BENESSERE<\/a><\/h3><hr \/><\/div><\/div>\n\t\t\t\t\t\t\t<\/div><\/div><\/div><div class=\"tmb enhanced-atc atc-typography-inherit tmb-iso-w3 tmb-iso-h4 tmb-light tmb-overlay-text-anim tmb-overlay-anim tmb-content-left tmb-image-anim tmb-bordered  grid-cat-278 tmb-id-7345 tmb-content-under tmb-media-first tmb-no-bg\" ><div class=\"t-inside no-anim\" ><div class=\"t-entry-visual\"><div class=\"t-entry-visual-tc\"><div class=\"t-entry-visual-cont\"><div class=\"dummy\" style=\"padding-top: 85.4%;\"><\/div><a role=\"button\" tabindex=\"-1\" href=\"https:\/\/www.pedagogia.it\/stripes\/isola-dellapprendimento\/\" class=\"pushed\" target=\"_self\" data-lb-index=\"2\"><div class=\"t-entry-visual-overlay\"><div class=\"t-entry-visual-overlay-in style-dark-bg\" style=\"opacity: 0.5;\"><\/div><\/div><img decoding=\"async\" class=\"wp-image-7326\" src=\"https:\/\/www.pedagogia.it\/stripes\/wp-content\/uploads\/sites\/7\/2020\/05\/ISOLA-APPRENDIMENTO.png\" width=\"1769\" height=\"1511\" alt=\"\" srcset=\"https:\/\/www.pedagogia.it\/stripes\/wp-content\/uploads\/sites\/7\/2020\/05\/ISOLA-APPRENDIMENTO.png 1769w, https:\/\/www.pedagogia.it\/stripes\/wp-content\/uploads\/sites\/7\/2020\/05\/ISOLA-APPRENDIMENTO-300x256.png 300w, https:\/\/www.pedagogia.it\/stripes\/wp-content\/uploads\/sites\/7\/2020\/05\/ISOLA-APPRENDIMENTO-768x656.png 768w, https:\/\/www.pedagogia.it\/stripes\/wp-content\/uploads\/sites\/7\/2020\/05\/ISOLA-APPRENDIMENTO-1024x875.png 1024w, https:\/\/www.pedagogia.it\/stripes\/wp-content\/uploads\/sites\/7\/2020\/05\/ISOLA-APPRENDIMENTO-600x512.png 600w\" sizes=\"(max-width: 1769px) 100vw, 1769px\" \/><\/a><\/div>\n\t\t\t\t\t<\/div>\n\t\t\t\t<\/div><div class=\"t-entry-text\">\n\t\t\t\t\t\t\t\t\t<div class=\"t-entry-text-tc single-block-padding\"><div class=\"t-entry\"><h3 class=\"t-entry-title h6 title-scale \"><a href=\"https:\/\/www.pedagogia.it\/stripes\/isola-dellapprendimento\/\" target=\"_self\">ISOLA DELL&#8217;APPRENDIMENTO<\/a><\/h3><hr \/><\/div><\/div>\n\t\t\t\t\t\t\t<\/div><\/div><\/div><div class=\"tmb enhanced-atc atc-typography-inherit tmb-iso-w3 tmb-iso-h4 tmb-light tmb-overlay-text-anim tmb-overlay-anim tmb-content-left tmb-image-anim tmb-bordered  grid-cat-278 tmb-id-7343 tmb-content-under tmb-media-first tmb-no-bg\" ><div class=\"t-inside no-anim\" ><div class=\"t-entry-visual\"><div class=\"t-entry-visual-tc\"><div class=\"t-entry-visual-cont\"><div class=\"dummy\" style=\"padding-top: 85.4%;\"><\/div><a role=\"button\" tabindex=\"-1\" href=\"https:\/\/www.pedagogia.it\/stripes\/isola-delle-scoperte\/\" class=\"pushed\" target=\"_self\" data-lb-index=\"3\"><div class=\"t-entry-visual-overlay\"><div class=\"t-entry-visual-overlay-in style-dark-bg\" style=\"opacity: 0.5;\"><\/div><\/div><img decoding=\"async\" class=\"wp-image-7332\" src=\"https:\/\/www.pedagogia.it\/stripes\/wp-content\/uploads\/sites\/7\/2020\/05\/ISOLA-SCOPERTE.png\" width=\"1769\" height=\"1511\" alt=\"\" srcset=\"https:\/\/www.pedagogia.it\/stripes\/wp-content\/uploads\/sites\/7\/2020\/05\/ISOLA-SCOPERTE.png 1769w, https:\/\/www.pedagogia.it\/stripes\/wp-content\/uploads\/sites\/7\/2020\/05\/ISOLA-SCOPERTE-300x256.png 300w, https:\/\/www.pedagogia.it\/stripes\/wp-content\/uploads\/sites\/7\/2020\/05\/ISOLA-SCOPERTE-768x656.png 768w, https:\/\/www.pedagogia.it\/stripes\/wp-content\/uploads\/sites\/7\/2020\/05\/ISOLA-SCOPERTE-1024x875.png 1024w, https:\/\/www.pedagogia.it\/stripes\/wp-content\/uploads\/sites\/7\/2020\/05\/ISOLA-SCOPERTE-600x512.png 600w\" sizes=\"(max-width: 1769px) 100vw, 1769px\" \/><\/a><\/div>\n\t\t\t\t\t<\/div>\n\t\t\t\t<\/div><div class=\"t-entry-text\">\n\t\t\t\t\t\t\t\t\t<div class=\"t-entry-text-tc single-block-padding\"><div class=\"t-entry\"><h3 class=\"t-entry-title h6 title-scale \"><a href=\"https:\/\/www.pedagogia.it\/stripes\/isola-delle-scoperte\/\" target=\"_self\">ISOLA DELLE SCOPERTE<\/a><\/h3><hr \/><\/div><\/div>\n\t\t\t\t\t\t\t<\/div><\/div><\/div><div class=\"tmb enhanced-atc atc-typography-inherit tmb-iso-w3 tmb-iso-h4 tmb-light tmb-overlay-text-anim tmb-overlay-anim tmb-content-left tmb-image-anim tmb-bordered  grid-cat-278 tmb-id-7341 tmb-content-under tmb-media-first tmb-no-bg\" ><div class=\"t-inside no-anim\" ><div class=\"t-entry-visual\"><div class=\"t-entry-visual-tc\"><div class=\"t-entry-visual-cont\"><div class=\"dummy\" style=\"padding-top: 85.4%;\"><\/div><a role=\"button\" tabindex=\"-1\" href=\"https:\/\/www.pedagogia.it\/stripes\/isola-del-cibo\/\" class=\"pushed\" target=\"_self\" data-lb-index=\"4\"><div class=\"t-entry-visual-overlay\"><div class=\"t-entry-visual-overlay-in style-dark-bg\" style=\"opacity: 0.5;\"><\/div><\/div><img decoding=\"async\" class=\"wp-image-7328\" src=\"https:\/\/www.pedagogia.it\/stripes\/wp-content\/uploads\/sites\/7\/2020\/05\/ISOLA-CIBO.png\" width=\"1769\" height=\"1511\" alt=\"\" srcset=\"https:\/\/www.pedagogia.it\/stripes\/wp-content\/uploads\/sites\/7\/2020\/05\/ISOLA-CIBO.png 1769w, https:\/\/www.pedagogia.it\/stripes\/wp-content\/uploads\/sites\/7\/2020\/05\/ISOLA-CIBO-300x256.png 300w, https:\/\/www.pedagogia.it\/stripes\/wp-content\/uploads\/sites\/7\/2020\/05\/ISOLA-CIBO-768x656.png 768w, https:\/\/www.pedagogia.it\/stripes\/wp-content\/uploads\/sites\/7\/2020\/05\/ISOLA-CIBO-1024x875.png 1024w, https:\/\/www.pedagogia.it\/stripes\/wp-content\/uploads\/sites\/7\/2020\/05\/ISOLA-CIBO-600x512.png 600w\" sizes=\"(max-width: 1769px) 100vw, 1769px\" \/><\/a><\/div>\n\t\t\t\t\t<\/div>\n\t\t\t\t<\/div><div class=\"t-entry-text\">\n\t\t\t\t\t\t\t\t\t<div class=\"t-entry-text-tc single-block-padding\"><div class=\"t-entry\"><h3 class=\"t-entry-title h6 title-scale \"><a href=\"https:\/\/www.pedagogia.it\/stripes\/isola-del-cibo\/\" target=\"_self\">ISOLA DEL CIBO<\/a><\/h3><hr \/><\/div><\/div>\n\t\t\t\t\t\t\t<\/div><\/div><\/div><div class=\"tmb enhanced-atc atc-typography-inherit tmb-iso-w3 tmb-iso-h4 tmb-light tmb-overlay-text-anim tmb-overlay-anim tmb-content-left tmb-image-anim tmb-bordered  grid-cat-1 grid-cat-278 tmb-id-7325 tmb-content-under tmb-media-first tmb-no-bg\" ><div class=\"t-inside no-anim\" ><div class=\"t-entry-visual\"><div class=\"t-entry-visual-tc\"><div class=\"t-entry-visual-cont\"><div class=\"dummy\" style=\"padding-top: 85.4%;\"><\/div><a role=\"button\" tabindex=\"-1\" href=\"https:\/\/www.pedagogia.it\/stripes\/isola-dellinnovazione\/\" class=\"pushed\" target=\"_self\" data-lb-index=\"5\"><div class=\"t-entry-visual-overlay\"><div class=\"t-entry-visual-overlay-in style-dark-bg\" style=\"opacity: 0.5;\"><\/div><\/div><img decoding=\"async\" class=\"wp-image-7330\" src=\"https:\/\/www.pedagogia.it\/stripes\/wp-content\/uploads\/sites\/7\/2020\/05\/ISOLA-INNOVAZIONE.png\" width=\"1769\" height=\"1511\" alt=\"\" srcset=\"https:\/\/www.pedagogia.it\/stripes\/wp-content\/uploads\/sites\/7\/2020\/05\/ISOLA-INNOVAZIONE.png 1769w, https:\/\/www.pedagogia.it\/stripes\/wp-content\/uploads\/sites\/7\/2020\/05\/ISOLA-INNOVAZIONE-300x256.png 300w, https:\/\/www.pedagogia.it\/stripes\/wp-content\/uploads\/sites\/7\/2020\/05\/ISOLA-INNOVAZIONE-768x656.png 768w, https:\/\/www.pedagogia.it\/stripes\/wp-content\/uploads\/sites\/7\/2020\/05\/ISOLA-INNOVAZIONE-1024x875.png 1024w, https:\/\/www.pedagogia.it\/stripes\/wp-content\/uploads\/sites\/7\/2020\/05\/ISOLA-INNOVAZIONE-600x512.png 600w\" sizes=\"(max-width: 1769px) 100vw, 1769px\" \/><\/a><\/div>\n\t\t\t\t\t<\/div>\n\t\t\t\t<\/div><div class=\"t-entry-text\">\n\t\t\t\t\t\t\t\t\t<div class=\"t-entry-text-tc single-block-padding\"><div class=\"t-entry\"><h3 class=\"t-entry-title h6 title-scale \"><a href=\"https:\/\/www.pedagogia.it\/stripes\/isola-dellinnovazione\/\" target=\"_self\">ISOLA DELL&#8217;INNOVAZIONE<\/a><\/h3><hr \/><\/div><\/div>\n\t\t\t\t\t\t\t<\/div><\/div><\/div><div class=\"tmb enhanced-atc atc-typography-inherit tmb-iso-w3 tmb-iso-h4 tmb-light tmb-overlay-text-anim tmb-overlay-anim tmb-content-left tmb-image-anim tmb-bordered  grid-cat-278 tmb-id-7321 tmb-content-under tmb-media-first tmb-no-bg\" ><div class=\"t-inside no-anim\" ><div class=\"t-entry-visual\"><div class=\"t-entry-visual-tc\"><div class=\"t-entry-visual-cont\"><div class=\"dummy\" style=\"padding-top: 85.4%;\"><\/div><a role=\"button\" tabindex=\"-1\" href=\"https:\/\/www.pedagogia.it\/stripes\/isola-dellenergia\/\" class=\"pushed\" target=\"_self\" data-lb-index=\"6\"><div class=\"t-entry-visual-overlay\"><div class=\"t-entry-visual-overlay-in style-dark-bg\" style=\"opacity: 0.5;\"><\/div><\/div><img decoding=\"async\" class=\"wp-image-7322\" src=\"https:\/\/www.pedagogia.it\/stripes\/wp-content\/uploads\/sites\/7\/2020\/05\/isola-energia.png\" width=\"1769\" height=\"1511\" alt=\"\" srcset=\"https:\/\/www.pedagogia.it\/stripes\/wp-content\/uploads\/sites\/7\/2020\/05\/isola-energia.png 1769w, https:\/\/www.pedagogia.it\/stripes\/wp-content\/uploads\/sites\/7\/2020\/05\/isola-energia-300x256.png 300w, https:\/\/www.pedagogia.it\/stripes\/wp-content\/uploads\/sites\/7\/2020\/05\/isola-energia-768x656.png 768w, https:\/\/www.pedagogia.it\/stripes\/wp-content\/uploads\/sites\/7\/2020\/05\/isola-energia-1024x875.png 1024w, https:\/\/www.pedagogia.it\/stripes\/wp-content\/uploads\/sites\/7\/2020\/05\/isola-energia-600x512.png 600w\" sizes=\"(max-width: 1769px) 100vw, 1769px\" \/><\/a><\/div>\n\t\t\t\t\t<\/div>\n\t\t\t\t<\/div><div class=\"t-entry-text\">\n\t\t\t\t\t\t\t\t\t<div class=\"t-entry-text-tc single-block-padding\"><div class=\"t-entry\"><h3 class=\"t-entry-title h6 title-scale \"><a href=\"https:\/\/www.pedagogia.it\/stripes\/isola-dellenergia\/\" target=\"_self\">ISOLA DELL&#8217;ENERGIA<\/a><\/h3><hr \/><\/div><\/div>\n\t\t\t\t\t\t\t<\/div><\/div><\/div><div class=\"tmb enhanced-atc atc-typography-inherit tmb-iso-w3 tmb-iso-h4 tmb-light tmb-overlay-text-anim tmb-overlay-anim tmb-content-left tmb-image-anim tmb-bordered  grid-cat-278 tmb-id-7288 tmb-content-under tmb-media-first tmb-no-bg\" ><div class=\"t-inside no-anim\" ><div class=\"t-entry-visual\"><div class=\"t-entry-visual-tc\"><div class=\"t-entry-visual-cont\"><div class=\"dummy\" style=\"padding-top: 85.4%;\"><\/div><a role=\"button\" tabindex=\"-1\" href=\"https:\/\/www.pedagogia.it\/stripes\/isola-della-vita\/\" class=\"pushed\" target=\"_self\" data-lb-index=\"7\"><div class=\"t-entry-visual-overlay\"><div class=\"t-entry-visual-overlay-in style-dark-bg\" style=\"opacity: 0.5;\"><\/div><\/div><img decoding=\"async\" class=\"wp-image-7333\" src=\"https:\/\/www.pedagogia.it\/stripes\/wp-content\/uploads\/sites\/7\/2020\/05\/isola-vita-2.png\" width=\"1769\" height=\"1511\" alt=\"\" srcset=\"https:\/\/www.pedagogia.it\/stripes\/wp-content\/uploads\/sites\/7\/2020\/05\/isola-vita-2.png 1769w, https:\/\/www.pedagogia.it\/stripes\/wp-content\/uploads\/sites\/7\/2020\/05\/isola-vita-2-300x256.png 300w, https:\/\/www.pedagogia.it\/stripes\/wp-content\/uploads\/sites\/7\/2020\/05\/isola-vita-2-768x656.png 768w, https:\/\/www.pedagogia.it\/stripes\/wp-content\/uploads\/sites\/7\/2020\/05\/isola-vita-2-1024x875.png 1024w, https:\/\/www.pedagogia.it\/stripes\/wp-content\/uploads\/sites\/7\/2020\/05\/isola-vita-2-600x512.png 600w\" sizes=\"(max-width: 1769px) 100vw, 1769px\" \/><\/a><\/div>\n\t\t\t\t\t<\/div>\n\t\t\t\t<\/div><div class=\"t-entry-text\">\n\t\t\t\t\t\t\t\t\t<div class=\"t-entry-text-tc single-block-padding\"><div class=\"t-entry\"><h3 class=\"t-entry-title h6 title-scale \"><a href=\"https:\/\/www.pedagogia.it\/stripes\/isola-della-vita\/\" target=\"_self\">ISOLA DELLA VITA<\/a><\/h3><hr \/><\/div><\/div>\n\t\t\t\t\t\t\t<\/div><\/div><\/div>\t\t<\/div>\t\n\t\n\n\t<\/div>\t\t\t\t<\/div>\n<\/div><\/div><\/div><\/div><\/div><script id=\"script-row-unique-8\" data-row=\"script-row-unique-8\" type=\"text\/javascript\" class=\"vc_controls\">UNCODE.initRow(document.getElementById(\"row-unique-8\"));<\/script><\/div><\/div><\/div><div data-parent=\"true\" class=\"vc_row has-bg need-focus style-color-iopl-bg row-container has-dividers boomapps_vcrow\" id=\"row-unique-9\"><div class=\"uncode-divider-wrap uncode-divider-wrap-top z_index_0\" style=\"height: 150px;\" data-height=\"150\" data-unit=\"px\"><svg version=\"1.1\" class=\"uncode-row-divider uncode-row-divider-fan-opacity\" x=\"0px\" y=\"0px\" width=\"240px\" height=\"24px\" viewBox=\"0 0 240 24\" enable-background=\"new 0 0 240 24\" xml:space=\"preserve\" preserveAspectRatio=\"none\">\n\t\t<path fill=\"#ffffff\" fill-opacity=\"0.25\" d=\"M0,24h240V0L0,11.26V24z\"\/>\n\t\t<path fill=\"#ffffff\" d=\"M240,24H0V11.26L240,24z\"\/>\n\t\t<path fill=\"#ffffff\" fill-opacity=\"0.5\" d=\"M240,24H0V11.26h240V24z\"\/>\n\t\t<\/svg><\/div><div class=\"row limit-width row-parent\"><div class=\"wpb_row row-inner\"><div class=\"wpb_column pos-top pos-center align_left column_parent col-lg-12 boomapps_vccolumn single-internal-gutter\"><div class=\"uncol style-light\"  ><div class=\"uncoltable\"><div class=\"uncell  boomapps_vccolumn no-block-padding\" ><div class=\"uncont\" ><div class=\"uncode-tabs wpb_content_element\" data-interval=\"\"  data-target=\"\"><div class=\"uncode-wrapper tab-container\"><div class=\"vc_tta-tabs-container\"><ul class=\"nav nav-tabs wpb_tabs_nav ui-tabs-nav vc_tta-tabs-list text-center\"><li data-tab-id=\"tab-1590398224-1-95\" data-tab-o-id=\"1590398224-1-95\" class=\"vc_tta-tab active\"><a href=\"#tab-1590398224-1-95\" data-toggle=\"tab\"><span><span><span class=\"\">OBIETTIVI<\/span><\/span><\/span><\/a><\/li><li data-tab-id=\"tab-1590398224-2-56\" data-tab-o-id=\"1590398224-2-56\" class=\"vc_tta-tab\"><a href=\"#tab-1590398224-2-56\" data-toggle=\"tab\"><span><span><span class=\"\">METODOLOGIA<\/span><\/span><\/span><\/a><\/li><li data-tab-id=\"tab-1590403136798-2-8\" data-tab-o-id=\"1590403136798-2-8\" class=\"vc_tta-tab\"><a href=\"#tab-1590403136798-2-8\" data-toggle=\"tab\"><span><span><span class=\"\">COMUNICAZIONE CON LE FAMIGLIE<\/span><\/span><\/span><\/a><\/li><li data-tab-id=\"tab-1590403284531-3-7\" data-tab-o-id=\"1590403284531-3-7\" class=\"vc_tta-tab\"><a href=\"#tab-1590403284531-3-7\" data-toggle=\"tab\"><span><span><span class=\"\">NORME SANITARIE GENERALI<\/span><\/span><\/span><\/a><\/li><\/ul><\/div><div class=\"tab-content wpb_wrapper\"><div id=\"tab-1590398224-1-95\" class=\"tab-pane in active fade half-internal-gutter single-block-padding\"><div>\n\t\t\t\t<div class=\"uncode_text_column\" ><p><span style=\"font-weight: 400; color: #000000;\">La nostra proposta educativa si sviluppa in tempi, luoghi e modalit\u00e0 frutto di un\u2019attenta e precisa progettazione. Quali sono i nostri obiettivi principali:<\/span><\/p>\n<ul>\n<li style=\"font-weight: 400;\"><span style=\"font-weight: 400; color: #000000;\">Sviluppare nuovi modelli di servizi per le famiglie, in rispetto delle norme igienico-sanitarie legate alla prevenzione, diffusione del Covid19<\/span><\/li>\n<li style=\"font-weight: 400;\"><span style=\"font-weight: 400; color: #000000;\">Creare le condizioni per nuove forme di aggregazione: reali e virtuali<\/span><\/li>\n<li style=\"font-weight: 400;\"><span style=\"font-weight: 400; color: #000000;\">Creare nei bambini\/ragazzi consapevolezze sulle distanze interpersonali e sulle nuove possibilit\u00e0 di attivazione e relazione con attenzione all\u2019utilizzo dei dispositivi di protezione (mascherine)<\/span><\/li>\n<li style=\"font-weight: 400;\"><span style=\"font-weight: 400; color: #000000;\">Creare contesti che favoriscono l\u2019apprendimento, la motivazione ed il benessere personale in risposta al periodo di lock down vissuto nei mesi precedenti<\/span><\/li>\n<li style=\"font-weight: 400;\"><span style=\"font-weight: 400; color: #000000;\">Promuovere la mobilit\u00e0 sostenibile (uso bicicletta per le i bambini\/ragazzi pi\u00f9 grandi) e l\u2019esplorazione del territorio<\/span><\/li>\n<li style=\"font-weight: 400;\"><span style=\"font-weight: 400; color: #000000;\">Sviluppo e promozione di contesti di outdoor education<\/span><\/li>\n<\/ul>\n<p>\n<\/div><\/div><\/div><div id=\"tab-1590398224-2-56\" class=\"tab-pane fade half-internal-gutter single-block-padding\"><div>\n\t\t\t\t<div class=\"uncode_text_column\" ><p><span style=\"color: #000000;\"><span style=\"font-weight: 400;\">La programmazione giornaliera e settimanale sar\u00e0 definita attraverso momenti strutturati (mattina, pomeriggio, prima e post mensa) all\u2019esplorazione di isole specifiche, <\/span><b>rassicurando le famiglie relativamente al rispetto delle regole igienico sanitarie, ma permettendo un\u2019esperienza ricca e di crescita, oltre che creativa e divertente.\u00a0<\/b><\/span><\/p>\n<p><span style=\"font-weight: 400; color: #000000;\">Tutte queste isole, da un lato ben definite e separate dalle altre, sono tuttavia in stretta connessione tra loro. L\u2019esperienza di piccolo gruppo dei bambini sar\u00e0 infatti interconnessa con l\u2019attivit\u00e0 degli altri gruppi, e questo permetter\u00e0 di coltivare il loro interesse e farli sentire parte di un progetto pi\u00f9 ampio. Ci verranno in aiuto da questo punto di vista i connettori multimediali come le piattaforme WE-SCHOOL, le community e l\u2019utilizzo di social network che diverranno spazi di condivisione dei prodotti e delle esperienze fatte e tracceranno lo storytelling dell\u2019esperienza e saranno vetrine dei lavori creati.<\/span><\/p>\n<p><span style=\"font-weight: 400; color: #000000;\">La stessa modalit\u00e0 social(e) di incontro sar\u00e0 proposta ogni giorno all&#8217;avvio ed alla chiusura delle attivit\u00e0: i bambini daranno avvio ai giochi ed ai laboratori espressivi incontrando gli altri virtualmente e si saluteranno a fine giornata in video-conference: un arcipelago dove la complementariet\u00e0 tra reale e virtuale diventa una possibilit\u00e0 concreta e gratificante.\u00a0<\/span><\/p>\n<p><span style=\"color: #000000;\"><b>La scuola, il territorio e le famiglie entreranno in una collaborazione fatta di attenzione, apertura, appoggio e condivisione prima di tutto delle regole e dei dispositivi utilizzati al fine di promuovere una <\/b><b>corresponsabilit\u00e0 educativa.<\/b><\/span><\/p>\n<\/div><\/div><\/div><div id=\"tab-1590403136798-2-8\" class=\"tab-pane fade half-internal-gutter single-block-padding\"><div>\n\t\t\t\t<div class=\"uncode_text_column\" ><p><span style=\"color: #000000;\"><b>COMUNICAZIONE CON LE FAMIGLIE<\/b><\/span><\/p>\n<p><span style=\"font-weight: 400; color: #000000;\">Il servizio di centro estivo sar\u00e0 presentato alle famiglie attraverso una riunione attraverso la piattaforma di <strong>video-conference MEET.<\/strong> Le educatrici e gli educatori di ogni gruppo contatteranno poi i bambini\/ragazzi e genitori per una micro-riunione di benvenuto. Le educatrici si presenteranno, mostreranno loro il volto senza e con la mascherina in modo che i bambini arrivino preparati, presenteranno il servizio mostrando gli spazi e incuriosendo i bambini e i ragazzi su quello che andranno a fare.<\/span><\/p>\n<p><span style=\"font-weight: 400; color: #000000;\">Anche quest\u2019anno verranno realizzate caselle e-mail specifiche per ogni CRE, alle quali i genitori potranno rivolgersi per eventuali informazioni e per ricevere materiale informativo circa le attivit\u00e0 svolte al centro estivo.\u00a0<\/span><\/p>\n<p><span style=\"font-weight: 400; color: #000000;\">Verranno allestite delle bacheche con affissi alcuni avvisi, in modo da rendere il genitore sempre informato circa la programmazione svolta, in un\u2019ottica di trasparenza e di coinvolgimento della famiglia nella nostra proposta educativa. Verr\u00e0 riproposta anche quest\u2019anno l\u2019affissione all\u2019esterno della scuola del programma giornaliero delle attivit\u00e0 oltre che all\u2019invio dello stesso per mail a tutte le famiglie.<\/span><\/p>\n<p><span style=\"color: #000000;\"><span style=\"font-weight: 400;\">Verr\u00e0 consegnata alle famiglie una<\/span><b> brochure <\/b><span style=\"font-weight: 400;\">contenente:<\/span><\/span><\/p>\n<ul>\n<li style=\"font-weight: 400;\"><span style=\"font-weight: 400; color: #000000;\">descrizione del progetto<\/span><\/li>\n<li style=\"font-weight: 400;\"><span style=\"font-weight: 400; color: #000000;\">dettaglio turni ingresso\/uscita<\/span><\/li>\n<li style=\"font-weight: 400;\"><span style=\"font-weight: 400; color: #000000;\">dati personali del minore e riferimenti dei genitori<\/span><\/li>\n<li style=\"font-weight: 400;\"><span style=\"font-weight: 400; color: #000000;\">indicazione sullo stato di salute del nucleo famigliare<\/span><\/li>\n<li style=\"font-weight: 400;\"><span style=\"font-weight: 400; color: #000000;\">patto di corresponsabilit\u00e0\u00a0<\/span><\/li>\n<li style=\"font-weight: 400;\"><span style=\"color: #000000;\"><span style=\"font-weight: 400;\">indicazione materiale personale: un materassino tipo yoga o un telo tipo spiaggia per sedersi per terra, borraccia,(<\/span><span style=\"font-weight: 400;\"> bicchiere, posate, asciugamano, tovagliolo, tovaglietta da valutare in base alla tipologia di mensa, servizio ristorazione<\/span><span style=\"font-weight: 400;\">), cambio completo, maglia pittura, antizanzare<\/span><\/span><\/li>\n<\/ul>\n<p>\n<\/div><\/div><\/div><div id=\"tab-1590403284531-3-7\" class=\"tab-pane fade half-internal-gutter single-block-padding\"><div>\n\t\t\t\t<div class=\"uncode_text_column\" ><p><span style=\"color: #000000;\"><b>Le norme di seguito descritte saranno integrate con il protocollo \u201cREGOLAMENTAZIONE RISCHIO COVID PER SERVIZIO CAMPUS ESTIVO\u201d<\/b><\/span><\/p>\n<p><span style=\"font-weight: 400; color: #000000;\">Norme specifiche saranno utilizzate per regolamentare gli spazi comuni (bagni, mensa, ingresso e uscita) e per la sanificazione degli stessi. Il personale ausiliario sar\u00e0 in numero sufficiente da poter permettere una pulizia idonea degli spazi e dovr\u00e0 seguire tutte le norme di regolamentazione previste.\u00a0<\/span><\/p>\n<p><span style=\"font-weight: 400; color: #000000;\"><strong>I momenti di ingresso e uscita dei bambini saranno accuratamente organizzati in modo da evitare l\u2019assembramento dei genitori all\u2019esterno delle strutture e evitare contatti diretti tra i bambini:gli ingressi\/uscite saranno organizzati su pi\u00f9 orari distanziati di circa 10 minuti.<\/strong> Sar\u00e0 necessario all\u2019esterno dei plessi scolastici tracciare sull\u2019asfalto indicazione per posizione bambini. Ogni famiglia dovr\u00e0 necessariamente rispettare l\u2019orario di ingresso e uscita cos\u00ec da non prevedere affollamento.\u00a0<\/span><\/p>\n<p><span style=\"font-weight: 400; color: #000000;\">Ai genitori \u00e8 richiesto di compilare in fase di iscrizione un\u2019autocertificazione che attesti lo stato di salute del bambino, redatto da Stripes in ottemperanza con le normative regionali e ministeriali. Inoltre, ogni giorno \u00e8 richiesta una certificazione giornaliera in cui si domanda ai genitori se il bambino abbia avuto la febbre, tosse, difficolt\u00e0 respiratoria o se \u00e8 stato male a casa. I bambini all\u2019ingresso vengono invitati a igienizzarsi le mani con gel idroalcolico. Verr\u00e0 verificata\u00a0 la temperatura corporea con termo scanner all\u2019ingresso.<\/span><\/p>\n<p><span style=\"font-weight: 400; color: #000000;\">Nel caso di accoglienza di bambini con disabilit\u00e0 o provenienti da contesti familiari caratterizzati da fragilit\u00e0, verranno concordate con la famiglia le forme di\u00a0 individualizzazione del progetto di attivit\u00e0 da proporre e realizzare. Il rapporto numerico come indicato dalle linee guida ministeriali sar\u00e0 in questo caso di 1 a 1 e il bambino verr\u00e0 incluso insieme alla sua educatrice in un altro gruppo.<\/span><\/p>\n<\/div><\/div><\/div><\/div><\/div><\/div><\/div><\/div><\/div><\/div><\/div><script id=\"script-row-unique-9\" data-row=\"script-row-unique-9\" type=\"text\/javascript\" class=\"vc_controls\">UNCODE.initRow(document.getElementById(\"row-unique-9\"));<\/script><\/div><\/div><\/div><div data-parent=\"true\" class=\"vc_row row-container boomapps_vcrow\" id=\"row-unique-10\"><div class=\"row limit-width row-parent\"><div class=\"wpb_row row-inner\"><div class=\"wpb_column pos-top pos-center align_left column_parent col-lg-12 boomapps_vccolumn single-internal-gutter\"><div class=\"uncol style-light\"  ><div class=\"uncoltable\"><div class=\"uncell  boomapps_vccolumn no-block-padding\" ><div class=\"uncont\" ><div class=\"divider-wrapper \"  >\n    <hr class=\"unseparator border-color-iopl-color separator-no-padding\"  \/>\n<\/div>\n<\/div><\/div><\/div><\/div><\/div><script id=\"script-row-unique-10\" data-row=\"script-row-unique-10\" type=\"text\/javascript\" class=\"vc_controls\">UNCODE.initRow(document.getElementById(\"row-unique-10\"));<\/script><\/div><\/div><\/div>\n<\/div>","protected":false},"excerpt":{"rendered":"ISOLA DELLA VITA Isola della VITA: caratterizzato per offrire ai bambini un incontro con il linguaggio dell\u2019arte a 360\u00b0, sar\u00e0 [...]","protected":false},"author":225,"featured_media":7389,"parent":0,"menu_order":0,"comment_status":"closed","ping_status":"closed","template":"","meta":{"give_campaign_id":0,"om_disable_all_campaigns":false,"_monsterinsights_skip_tracking":false,"_monsterinsights_sitenote_active":false,"_monsterinsights_sitenote_note":"","_monsterinsights_sitenote_category":0,"footnotes":""},"tags":[],"class_list":["post-10893","page","type-page","status-publish","has-post-thumbnail","hentry"],"aioseo_notices":[],"yoast_head":"<!-- This site is optimized with the Yoast SEO plugin v27.2 - https:\/\/yoast.com\/product\/yoast-seo-wordpress\/ -->\n<title>Centri Estivi 2020 - Stripes Cooperativa Sociale ONLUS<\/title>\n<meta name=\"robots\" content=\"index, follow, max-snippet:-1, max-image-preview:large, max-video-preview:-1\" \/>\n<link rel=\"canonical\" href=\"https:\/\/www.pedagogia.it\/stripes\/centri-estivi-2020\/\" \/>\n<meta property=\"og:locale\" content=\"it_IT\" \/>\n<meta property=\"og:type\" content=\"article\" \/>\n<meta property=\"og:title\" content=\"Centri Estivi 2020 - Stripes Cooperativa Sociale ONLUS\" \/>\n<meta property=\"og:url\" content=\"https:\/\/www.pedagogia.it\/stripes\/centri-estivi-2020\/\" \/>\n<meta property=\"og:site_name\" content=\"Stripes Cooperativa Sociale ONLUS\" \/>\n<meta property=\"article:modified_time\" content=\"2021-06-11T08:32:36+00:00\" \/>\n<meta property=\"og:image\" content=\"https:\/\/www.pedagogia.it\/stripes\/wp-content\/uploads\/sites\/7\/2020\/05\/cover-bambini.png\" \/>\n\t<meta property=\"og:image:width\" content=\"2478\" \/>\n\t<meta property=\"og:image:height\" content=\"770\" \/>\n\t<meta property=\"og:image:type\" content=\"image\/png\" \/>\n<meta name=\"twitter:card\" content=\"summary_large_image\" \/>\n<meta name=\"twitter:label1\" content=\"Tempo di lettura stimato\" \/>\n\t<meta name=\"twitter:data1\" content=\"11 minuti\" \/>\n<script type=\"application\/ld+json\" class=\"yoast-schema-graph\">{\"@context\":\"https:\/\/schema.org\",\"@graph\":[{\"@type\":\"WebPage\",\"@id\":\"https:\/\/www.pedagogia.it\/stripes\/centri-estivi-2020\/\",\"url\":\"https:\/\/www.pedagogia.it\/stripes\/centri-estivi-2020\/\",\"name\":\"Centri Estivi 2020 - Stripes Cooperativa Sociale ONLUS\",\"isPartOf\":{\"@id\":\"https:\/\/www.pedagogia.it\/stripes\/#website\"},\"primaryImageOfPage\":{\"@id\":\"https:\/\/www.pedagogia.it\/stripes\/centri-estivi-2020\/#primaryimage\"},\"image\":{\"@id\":\"https:\/\/www.pedagogia.it\/stripes\/centri-estivi-2020\/#primaryimage\"},\"thumbnailUrl\":\"https:\/\/www.pedagogia.it\/stripes\/wp-content\/uploads\/sites\/7\/2020\/05\/cover-bambini.png\",\"datePublished\":\"2020-05-25T10:20:30+00:00\",\"dateModified\":\"2021-06-11T08:32:36+00:00\",\"breadcrumb\":{\"@id\":\"https:\/\/www.pedagogia.it\/stripes\/centri-estivi-2020\/#breadcrumb\"},\"inLanguage\":\"it-IT\",\"potentialAction\":[{\"@type\":\"ReadAction\",\"target\":[\"https:\/\/www.pedagogia.it\/stripes\/centri-estivi-2020\/\"]}]},{\"@type\":\"ImageObject\",\"inLanguage\":\"it-IT\",\"@id\":\"https:\/\/www.pedagogia.it\/stripes\/centri-estivi-2020\/#primaryimage\",\"url\":\"https:\/\/www.pedagogia.it\/stripes\/wp-content\/uploads\/sites\/7\/2020\/05\/cover-bambini.png\",\"contentUrl\":\"https:\/\/www.pedagogia.it\/stripes\/wp-content\/uploads\/sites\/7\/2020\/05\/cover-bambini.png\",\"width\":2478,\"height\":770},{\"@type\":\"BreadcrumbList\",\"@id\":\"https:\/\/www.pedagogia.it\/stripes\/centri-estivi-2020\/#breadcrumb\",\"itemListElement\":[{\"@type\":\"ListItem\",\"position\":1,\"name\":\"Home\",\"item\":\"https:\/\/www.pedagogia.it\/stripes\/\"},{\"@type\":\"ListItem\",\"position\":2,\"name\":\"Centri Estivi 2020\"}]},{\"@type\":\"WebSite\",\"@id\":\"https:\/\/www.pedagogia.it\/stripes\/#website\",\"url\":\"https:\/\/www.pedagogia.it\/stripes\/\",\"name\":\"Stripes Cooperativa Sociale ONLUS\",\"description\":\"\",\"potentialAction\":[{\"@type\":\"SearchAction\",\"target\":{\"@type\":\"EntryPoint\",\"urlTemplate\":\"https:\/\/www.pedagogia.it\/stripes\/?s={search_term_string}\"},\"query-input\":{\"@type\":\"PropertyValueSpecification\",\"valueRequired\":true,\"valueName\":\"search_term_string\"}}],\"inLanguage\":\"it-IT\"}]}<\/script>\n<!-- \/ Yoast SEO plugin. -->","yoast_head_json":{"title":"Centri Estivi 2020 - Stripes Cooperativa Sociale ONLUS","robots":{"index":"index","follow":"follow","max-snippet":"max-snippet:-1","max-image-preview":"max-image-preview:large","max-video-preview":"max-video-preview:-1"},"canonical":"https:\/\/www.pedagogia.it\/stripes\/centri-estivi-2020\/","og_locale":"it_IT","og_type":"article","og_title":"Centri Estivi 2020 - Stripes Cooperativa Sociale ONLUS","og_url":"https:\/\/www.pedagogia.it\/stripes\/centri-estivi-2020\/","og_site_name":"Stripes Cooperativa Sociale ONLUS","article_modified_time":"2021-06-11T08:32:36+00:00","og_image":[{"width":2478,"height":770,"url":"https:\/\/www.pedagogia.it\/stripes\/wp-content\/uploads\/sites\/7\/2020\/05\/cover-bambini.png","type":"image\/png"}],"twitter_card":"summary_large_image","twitter_misc":{"Tempo di lettura stimato":"11 minuti"},"schema":{"@context":"https:\/\/schema.org","@graph":[{"@type":"WebPage","@id":"https:\/\/www.pedagogia.it\/stripes\/centri-estivi-2020\/","url":"https:\/\/www.pedagogia.it\/stripes\/centri-estivi-2020\/","name":"Centri Estivi 2020 - Stripes Cooperativa Sociale ONLUS","isPartOf":{"@id":"https:\/\/www.pedagogia.it\/stripes\/#website"},"primaryImageOfPage":{"@id":"https:\/\/www.pedagogia.it\/stripes\/centri-estivi-2020\/#primaryimage"},"image":{"@id":"https:\/\/www.pedagogia.it\/stripes\/centri-estivi-2020\/#primaryimage"},"thumbnailUrl":"https:\/\/www.pedagogia.it\/stripes\/wp-content\/uploads\/sites\/7\/2020\/05\/cover-bambini.png","datePublished":"2020-05-25T10:20:30+00:00","dateModified":"2021-06-11T08:32:36+00:00","breadcrumb":{"@id":"https:\/\/www.pedagogia.it\/stripes\/centri-estivi-2020\/#breadcrumb"},"inLanguage":"it-IT","potentialAction":[{"@type":"ReadAction","target":["https:\/\/www.pedagogia.it\/stripes\/centri-estivi-2020\/"]}]},{"@type":"ImageObject","inLanguage":"it-IT","@id":"https:\/\/www.pedagogia.it\/stripes\/centri-estivi-2020\/#primaryimage","url":"https:\/\/www.pedagogia.it\/stripes\/wp-content\/uploads\/sites\/7\/2020\/05\/cover-bambini.png","contentUrl":"https:\/\/www.pedagogia.it\/stripes\/wp-content\/uploads\/sites\/7\/2020\/05\/cover-bambini.png","width":2478,"height":770},{"@type":"BreadcrumbList","@id":"https:\/\/www.pedagogia.it\/stripes\/centri-estivi-2020\/#breadcrumb","itemListElement":[{"@type":"ListItem","position":1,"name":"Home","item":"https:\/\/www.pedagogia.it\/stripes\/"},{"@type":"ListItem","position":2,"name":"Centri Estivi 2020"}]},{"@type":"WebSite","@id":"https:\/\/www.pedagogia.it\/stripes\/#website","url":"https:\/\/www.pedagogia.it\/stripes\/","name":"Stripes Cooperativa Sociale ONLUS","description":"","potentialAction":[{"@type":"SearchAction","target":{"@type":"EntryPoint","urlTemplate":"https:\/\/www.pedagogia.it\/stripes\/?s={search_term_string}"},"query-input":{"@type":"PropertyValueSpecification","valueRequired":true,"valueName":"search_term_string"}}],"inLanguage":"it-IT"}]}},"campaignId":"","_links":{"self":[{"href":"https:\/\/www.pedagogia.it\/stripes\/wp-json\/wp\/v2\/pages\/10893","targetHints":{"allow":["GET"]}}],"collection":[{"href":"https:\/\/www.pedagogia.it\/stripes\/wp-json\/wp\/v2\/pages"}],"about":[{"href":"https:\/\/www.pedagogia.it\/stripes\/wp-json\/wp\/v2\/types\/page"}],"author":[{"embeddable":true,"href":"https:\/\/www.pedagogia.it\/stripes\/wp-json\/wp\/v2\/users\/225"}],"replies":[{"embeddable":true,"href":"https:\/\/www.pedagogia.it\/stripes\/wp-json\/wp\/v2\/comments?post=10893"}],"version-history":[{"count":0,"href":"https:\/\/www.pedagogia.it\/stripes\/wp-json\/wp\/v2\/pages\/10893\/revisions"}],"wp:featuredmedia":[{"embeddable":true,"href":"https:\/\/www.pedagogia.it\/stripes\/wp-json\/wp\/v2\/media\/7389"}],"wp:attachment":[{"href":"https:\/\/www.pedagogia.it\/stripes\/wp-json\/wp\/v2\/media?parent=10893"}],"wp:term":[{"taxonomy":"post_tag","embeddable":true,"href":"https:\/\/www.pedagogia.it\/stripes\/wp-json\/wp\/v2\/tags?post=10893"}],"curies":[{"name":"wp","href":"https:\/\/api.w.org\/{rel}","templated":true}]}}