{"id":11497,"date":"2021-06-21T16:12:23","date_gmt":"2021-06-21T14:12:23","guid":{"rendered":"https:\/\/www.pedagogia.it\/stripes\/?page_id=11497"},"modified":"2021-10-29T09:11:30","modified_gmt":"2021-10-29T07:11:30","slug":"il-giardino-della-legalita-dona-ora","status":"publish","type":"page","link":"https:\/\/www.pedagogia.it\/stripes\/il-giardino-della-legalita-dona-ora\/","title":{"rendered":"Il giardino della legalit\u00e0. Dona per riempire il mondo di bellezza"},"content":{"rendered":"<div class=\"wpb-content-wrapper\"><div data-parent=\"true\" class=\"vc_row row-container desktop-hidden tablet-hidden boomapps_vcrow\" id=\"row-unique-0\"><div class=\"row limit-width row-parent\"><div class=\"wpb_row row-inner\"><div class=\"wpb_column pos-top pos-center align_left column_parent col-lg-12 boomapps_vccolumn single-internal-gutter\"><div class=\"uncol style-light shift_y_neg_quad\"  ><div class=\"uncoltable\"><div class=\"uncell  boomapps_vccolumn no-block-padding\" ><div class=\"uncont\" ><div class=\"uncode-single-media  text-left\"><div class=\"single-wrapper\" style=\"max-width: 100%;\"><a class=\"single-media-link\" href=\"https:\/\/www.paypal.com\/donate?hosted_button_id=SAVU3D3VGNTLG\" target=\"_blank\"><div class=\"tmb tmb-light  tmb-media-first tmb-media-last tmb-content-overlay tmb-no-bg\"><div class=\"t-inside\"><div class=\"t-entry-visual\"><div class=\"t-entry-visual-tc\"><div class=\"uncode-single-media-wrapper\"><img decoding=\"async\" class=\"wp-image-11644\" src=\"https:\/\/www.pedagogia.it\/stripes\/wp-content\/uploads\/sites\/7\/2021\/06\/giardino_legalita.jpg\" width=\"960\" height=\"960\" alt=\"\" srcset=\"https:\/\/www.pedagogia.it\/stripes\/wp-content\/uploads\/sites\/7\/2021\/06\/giardino_legalita.jpg 960w, https:\/\/www.pedagogia.it\/stripes\/wp-content\/uploads\/sites\/7\/2021\/06\/giardino_legalita-300x300.jpg 300w, https:\/\/www.pedagogia.it\/stripes\/wp-content\/uploads\/sites\/7\/2021\/06\/giardino_legalita-150x150.jpg 150w, https:\/\/www.pedagogia.it\/stripes\/wp-content\/uploads\/sites\/7\/2021\/06\/giardino_legalita-768x768.jpg 768w, https:\/\/www.pedagogia.it\/stripes\/wp-content\/uploads\/sites\/7\/2021\/06\/giardino_legalita-600x600.jpg 600w, https:\/\/www.pedagogia.it\/stripes\/wp-content\/uploads\/sites\/7\/2021\/06\/giardino_legalita-100x100.jpg 100w\" sizes=\"(max-width: 960px) 100vw, 960px\" \/><\/div>\n\t\t\t\t\t<\/div>\n\t\t\t\t<\/div><\/div><\/div><\/a><\/div><\/div><\/div><\/div><\/div><\/div><\/div><script id=\"script-row-unique-0\" data-row=\"script-row-unique-0\" type=\"text\/javascript\" class=\"vc_controls\">UNCODE.initRow(document.getElementById(\"row-unique-0\"));<\/script><\/div><\/div><\/div><div data-parent=\"true\" class=\"vc_row row-container mobile-hidden boomapps_vcrow\" id=\"row-unique-1\"><div class=\"row full-width row-parent\"><div class=\"wpb_row row-inner\"><div class=\"wpb_column pos-top pos-center align_left column_parent col-lg-12 boomapps_vccolumn mobile-hidden no-internal-gutter\"><div class=\"uncol style-light\"  ><div class=\"uncoltable\"><div class=\"uncell  boomapps_vccolumn no-block-padding\" ><div class=\"uncont\" ><div class=\"uncode-single-media  text-left\"><div class=\"single-wrapper\" style=\"max-width: 100%;\"><a class=\"single-media-link\" href=\"https:\/\/www.paypal.com\/donate?hosted_button_id=SAVU3D3VGNTLG\" target=\"_blank\"><div class=\"tmb tmb-light  tmb-media-first tmb-media-last tmb-content-overlay tmb-no-bg\"><div class=\"t-inside\"><div class=\"t-entry-visual\"><div class=\"t-entry-visual-tc\"><div class=\"uncode-single-media-wrapper\"><img decoding=\"async\" class=\"wp-image-11603\" src=\"https:\/\/www.pedagogia.it\/stripes\/wp-content\/uploads\/sites\/7\/2021\/06\/unnamed.jpg\" width=\"1920\" height=\"540\" alt=\"\" srcset=\"https:\/\/www.pedagogia.it\/stripes\/wp-content\/uploads\/sites\/7\/2021\/06\/unnamed.jpg 1920w, https:\/\/www.pedagogia.it\/stripes\/wp-content\/uploads\/sites\/7\/2021\/06\/unnamed-300x84.jpg 300w, https:\/\/www.pedagogia.it\/stripes\/wp-content\/uploads\/sites\/7\/2021\/06\/unnamed-1024x288.jpg 1024w, https:\/\/www.pedagogia.it\/stripes\/wp-content\/uploads\/sites\/7\/2021\/06\/unnamed-768x216.jpg 768w, https:\/\/www.pedagogia.it\/stripes\/wp-content\/uploads\/sites\/7\/2021\/06\/unnamed-1536x432.jpg 1536w, https:\/\/www.pedagogia.it\/stripes\/wp-content\/uploads\/sites\/7\/2021\/06\/unnamed-600x169.jpg 600w\" sizes=\"(max-width: 1920px) 100vw, 1920px\" \/><\/div>\n\t\t\t\t\t<\/div>\n\t\t\t\t<\/div><\/div><\/div><\/a><\/div><\/div><\/div><\/div><\/div><\/div><\/div><script id=\"script-row-unique-1\" data-row=\"script-row-unique-1\" type=\"text\/javascript\" class=\"vc_controls\">UNCODE.initRow(document.getElementById(\"row-unique-1\"));<\/script><\/div><\/div><\/div><div data-parent=\"true\" class=\"vc_row row-container boomapps_vcrow\" id=\"row-unique-2\"><div class=\"row limit-width row-parent\"><div class=\"wpb_row row-inner\"><div class=\"wpb_column pos-top pos-center align_left column_parent col-lg-8 boomapps_vccolumn single-internal-gutter\"><div class=\"uncol style-light\"  ><div class=\"uncoltable\"><div class=\"uncell  boomapps_vccolumn no-block-padding\" ><div class=\"uncont\" ><div class=\"vc_custom_heading_wrap \"><div class=\"heading-text el-text\" ><\/p>\n<h2><span style=\"color: #fe2051;\">DONA ORA PER CREARE IL GIARDINO DELLA LEGALITA&#8217;<\/span><\/h2>\n<p>\n<\/div><div class=\"clear\"><\/div><\/div><div class=\"uncode_text_column\" ><p><span style=\"font-weight: 400;\">Gettiamo insieme i semi di un progetto ambizioso che, usando le parole di Peppino Impastato, vuol <strong>\u201ceducare alla bellezza\u201d<\/strong> creando un ambiente esterno funzionale e accogliete dove i bambini e le loro famiglie potranno giocare e divertirsi, senza distinzioni.<\/span><\/p>\n<p><span style=\"font-weight: 400;\">Uno spazio dedicato alla legalit\u00e0, nelle sue accezioni di bellezza, di <strong>cura dei beni comuni<\/strong> e di <strong>testimonianza concreta<\/strong> e di<strong> impegno verso tutta la comunit\u00e0<\/strong>.<\/span><\/p>\n<p>&nbsp;<\/p>\n<p><img decoding=\"async\" class=\" wp-image-11535 aligncenter\" src=\"https:\/\/www.pedagogia.it\/stripes\/wp-content\/uploads\/sites\/7\/2021\/06\/unnamed.png\" alt=\"\" width=\"278\" height=\"207\" srcset=\"https:\/\/www.pedagogia.it\/stripes\/wp-content\/uploads\/sites\/7\/2021\/06\/unnamed.png 1242w, https:\/\/www.pedagogia.it\/stripes\/wp-content\/uploads\/sites\/7\/2021\/06\/unnamed-300x222.png 300w, https:\/\/www.pedagogia.it\/stripes\/wp-content\/uploads\/sites\/7\/2021\/06\/unnamed-1024x759.png 1024w, https:\/\/www.pedagogia.it\/stripes\/wp-content\/uploads\/sites\/7\/2021\/06\/unnamed-768x570.png 768w, https:\/\/www.pedagogia.it\/stripes\/wp-content\/uploads\/sites\/7\/2021\/06\/unnamed-600x445.png 600w\" sizes=\"(max-width: 278px) 100vw, 278px\" \/><\/p>\n<\/div><\/div><\/div><\/div><\/div><\/div><div class=\"wpb_column pos-top pos-center align_left column_parent col-lg-4 boomapps_vccolumn single-internal-gutter\"><div class=\"uncol style-light\"  ><div class=\"uncoltable\"><div class=\"uncell  vc_custom_1624375908405 boomapps_vccolumn vc_custom_preserve_tablet vc_custom_preserve_mobile border-color-148263-color single-block-padding style-color-lxmt-bg has-bg\" style=\"border-style: solid;border-top-width: 15px ;border-right-width: 15px ;border-bottom-width: 15px ;border-left-width: 15px ;\" ><div class=\"column-background background-element\">\n\t\t\t\t\t\t\t\t\t\t\t<div class=\"background-wrapper\">\n\t\t\t\t\t\t\t\t\t\t\t\t<div class=\"background-inner\" style=\"background-image: url(https:\/\/www.pedagogia.it\/stripes\/wp-content\/uploads\/sites\/7\/2021\/06\/donazionegiardino.png);background-repeat: no-repeat;background-position: right bottom;background-size: cover;\" data-o_src=\"https:\/\/www.pedagogia.it\/stripes\/wp-content\/uploads\/sites\/7\/2021\/06\/donazionegiardino.png\"><\/div>\n\t\t\t\t\t\t\t\t\t\t\t\t\n\t\t\t\t\t\t\t\t\t\t\t<\/div>\n\t\t\t\t\t\t\t\t\t\t<\/div><div class=\"uncont\" ><div class=\"uncode_text_column\" ><\/p>\n<h2 style=\"text-align: center;\"><span style=\"color: #fe2051;\"><strong>FAI LA TUA DONAZIONE <\/strong><\/span><\/h2>\n<p style=\"text-align: center;\"><span style=\"font-size: 10pt;\"><strong>con PayPal o con carta di credito<br \/>\nanche se non possiedi un account PayPal<\/strong><\/span><\/p>\n<p style=\"text-align: center;\"><span style=\"font-size: 14pt;\">Clicca sul tasto <strong>&#8220;Dona ora&#8221;<\/strong><br \/>\ne scegli quanto vuoi donare<\/span><\/p>\n<p>\n<\/div>\n\t<div class=\"wpb_raw_code wpb_raw_html \" >\n\t\t<div class=\"wpb_wrapper\">\n\t\t\t<form action=\"https:\/\/www.paypal.com\/donate\" method=\"post\" target=\"_top\">\n<input type=\"hidden\" name=\"hosted_button_id\" value=\"SAVU3D3VGNTLG\" \/>\n<input type=\"image\" style=\"width: 100%; background: transparent; border: none;\" src=\"https:\/\/www.pedagogia.it\/stripes\/wp-content\/uploads\/sites\/7\/2021\/06\/paypal_button_2.png\" border=\"0\" name=\"submit\" title=\"PayPal - Il modo pi\u00f9 sicuro e semplice per pagare online!\" alt=\"Donate with PayPal button\" \/>\n<img decoding=\"async\" alt=\"\" border=\"0\" src=\"https:\/\/www.paypal.com\/it_IT\/i\/scr\/pixel.gif\" width=\"1\" height=\"1\" \/>\n<\/form>\n\n\t\t<\/div>\n\t<\/div>\n<\/div><\/div><\/div><\/div><\/div><script id=\"script-row-unique-2\" data-row=\"script-row-unique-2\" type=\"text\/javascript\" class=\"vc_controls\">UNCODE.initRow(document.getElementById(\"row-unique-2\"));<\/script><\/div><\/div><\/div><div data-parent=\"true\" class=\"vc_row row-container boomapps_vcrow\" id=\"row-unique-3\"><div class=\"row limit-width row-parent\"><div class=\"wpb_row row-inner\"><div class=\"wpb_column pos-middle pos-center align_center column_parent col-lg-2 boomapps_vccolumn single-internal-gutter\"><div class=\"uncol style-light\"  ><div class=\"uncoltable\"><div class=\"uncell  boomapps_vccolumn no-block-padding\" ><div class=\"uncont\" ><div class=\"vc_custom_heading_wrap \"><div class=\"heading-text el-text\" ><h2 class=\"h5 text-color-148263-color\" ><span>Sono stati donati<\/span><\/h2><\/div><div class=\"clear\"><\/div><\/div><div class=\"vc_progress_label vc_pie_chart wpb_content_element\"  data-pie-value=\"93\" data-pie-label-value=\"930\" data-pie-units=\"\u20ac\" data-pie-color=\"#fe2051\" data-pie-width=\"10\" ><div class=\"wpb_wrapper\"><div class=\"vc_pie_wrapper\"><span class=\"vc_pie_chart_back\" style=\"border-width: 11px\"><\/span><span class=\"vc_pie_chart_value\"><\/span><canvas width=\"101\" height=\"101\"><\/canvas><\/div><\/div><\/div><\/div><\/div><\/div><\/div><\/div><div class=\"wpb_column pos-top pos-center align_left column_parent col-lg-10 boomapps_vccolumn single-internal-gutter\"><div class=\"uncol style-light\"  ><div class=\"uncoltable\"><div class=\"uncell  boomapps_vccolumn no-block-padding\" ><div class=\"uncont\" ><div class=\"uncode_text_column\" ><p>In un luogo speciale e dal profondo significato, Stripes si vuole impegnare nella realizzazione del Giardino della legalit\u00e0 che vedr\u00e0 la luce nel <strong>Centro per l&#8217;infanzia e la famiglia Biobab presso la II Casa di Reclusione di Milano-Bollate<\/strong>, un luogo da sempre attento ai processi ri-educativi e al rispetto della persona.<\/p>\n<p><span style=\"font-weight: 400;\">I primi semi del giardino verranno gettati dal 15 al 18 luglio durante il <span style=\"color: #333399;\"><a style=\"color: #333399;\" href=\"https:\/\/www.libera.it\/schede-1757-campo_per_singoli_a_garbagnate\" target=\"_blank\" rel=\"noopener\">campo di impegno e formazione \u201cOltre Milano\u201d del progetto \u201cE!State Liberi\u201d organizzato da Libera<\/a><\/span> per valorizzare il riutilizzo sociale dei beni confiscati alle mafie e per trasmettere i valori della legalit\u00e0 e dell\u2019antimafia. I volontari del Campo faranno tappa anche al Biobab con l&#8217;intento di sporcarsi le mani e la testa per <strong>ridare splendore alle aree verdi dell&#8217;asilo nido creando uno spazio all&#8217;aperto in cui i bambini possano assaporare fin da piccoli il profumo della bellezza, dell&#8217;accoglienza e dell&#8217;inclusione<\/strong>.<\/span><\/p>\n<\/div><\/div><\/div><\/div><\/div><\/div><script id=\"script-row-unique-3\" data-row=\"script-row-unique-3\" type=\"text\/javascript\" class=\"vc_controls\">UNCODE.initRow(document.getElementById(\"row-unique-3\"));<\/script><\/div><\/div><\/div><div data-parent=\"true\" class=\"vc_row row-container boomapps_vcrow\" id=\"row-unique-4\"><div class=\"row limit-width row-parent\"><div class=\"wpb_row row-inner\"><div class=\"wpb_column pos-top pos-center align_center column_parent col-lg-12 boomapps_vccolumn single-internal-gutter\"><div class=\"uncol style-light\"  ><div class=\"uncoltable\"><div class=\"uncell  boomapps_vccolumn no-block-padding\" ><div class=\"uncont\" ><span class=\"btn-container btn-block\" ><a role=\"button\"  href=\"https:\/\/www.pedagogia.it\/stripes\/il-giardino-della-legalita-dona-ora\/#seminiamo_parole\" class=\"custom-link btn border-width-0 btn-color-148263 btn-block btn-icon-left\">SEMINIAMO PAROLE DI LEGALITA\u2019<\/a><\/span><\/div><\/div><\/div><\/div><\/div><script id=\"script-row-unique-4\" data-row=\"script-row-unique-4\" type=\"text\/javascript\" class=\"vc_controls\">UNCODE.initRow(document.getElementById(\"row-unique-4\"));<\/script><\/div><\/div><\/div><div data-parent=\"true\" class=\"vc_row has-bg need-focus style-color-lxmt-bg row-container boomapps_vcrow\" id=\"row-unique-5\"><div class=\"row limit-width row-parent\"><div class=\"wpb_row row-inner\"><div class=\"wpb_column pos-top pos-center align_left column_parent col-lg-12 boomapps_vccolumn single-internal-gutter\"><div class=\"uncol style-light\"  ><div class=\"uncoltable\"><div class=\"uncell  boomapps_vccolumn no-block-padding\" ><div class=\"uncont\" ><div class=\"vc_custom_heading_wrap \"><div class=\"heading-text el-text\" ><\/p>\n<h3><span style=\"color: #fe2051;\">A cosa servir\u00e0 il tuo contributo?<\/span><\/h3>\n<p>\n<\/div><div class=\"clear\"><\/div><\/div><div class=\"uncode_text_column\" ><p>Il giardino dell&#8217;asilo nido verr\u00e0 completamente rinnovato per creare un<span style=\"font-weight: 400;\"> nuovo luogo educativo dove consentire ai bambini di sperimentare insieme nuove attivit\u00e0, muoversi e giocare liberamente all\u2019aria aperta, dedicandosi all\u2019esplorazione della natura e dando spazio alla fantasia.<\/span><\/p>\n<p>In particolare <strong>verranno realizzate 3 aree in cui vedranno la luce questi 3 elementi<\/strong>:<\/p>\n<\/div><\/div><\/div><\/div><\/div><\/div><script id=\"script-row-unique-5\" data-row=\"script-row-unique-5\" type=\"text\/javascript\" class=\"vc_controls\">UNCODE.initRow(document.getElementById(\"row-unique-5\"));<\/script><\/div><\/div><\/div><div data-parent=\"true\" class=\"vc_row has-bg need-focus style-color-lxmt-bg row-container boomapps_vcrow\" id=\"row-unique-6\"><div class=\"row limit-width row-parent\"><div class=\"wpb_row row-inner\"><div class=\"wpb_column pos-top pos-center align_left column_parent col-lg-12 boomapps_vccolumn single-internal-gutter\"><div class=\"uncol style-light\"  ><div class=\"uncoltable\"><div class=\"uncell  boomapps_vccolumn no-block-padding\" ><div class=\"uncont\" ><div class=\"divider-wrapper \"  >\n    <hr class=\"unseparator border-color-wvjs-color separator-no-padding\"  \/>\n<\/div>\n<\/div><\/div><\/div><\/div><\/div><script id=\"script-row-unique-6\" data-row=\"script-row-unique-6\" type=\"text\/javascript\" class=\"vc_controls\">UNCODE.initRow(document.getElementById(\"row-unique-6\"));<\/script><\/div><\/div><\/div><div data-parent=\"true\" class=\"vc_row has-bg need-focus style-color-lxmt-bg row-container boomapps_vcrow\" id=\"row-unique-7\"><div class=\"row no-top-padding no-bottom-padding single-h-padding limit-width row-parent\"><div class=\"wpb_row row-inner\"><div class=\"wpb_column pos-middle pos-center align_left column_parent col-lg-6 boomapps_vccolumn single-internal-gutter\"><div class=\"uncol style-light\"  ><div class=\"uncoltable\"><div class=\"uncell  boomapps_vccolumn no-block-padding\" ><div class=\"uncont\" ><div class=\"uncode_text_column\" ><\/p>\n<h5><\/h5>\n<h4 style=\"text-align: center;\"><span style=\"color: #fe2051; font-size: 12pt;\"><b><i>La nave della libert\u00e0<\/i><\/b><\/span><\/h4>\n<p style=\"text-align: center;\"><span style=\"font-weight: 400;\">Simbolo del coraggio, della curiosit\u00e0<br \/>\ne dell&#8217;intraprendenza<br \/>\ndi cui ogni bambino e bambina<br \/>\nfaranno esperienza per muoversi<br \/>\nnel mondo in piena libert\u00e0<\/span><\/p>\n<p>\n<\/div><\/div><\/div><\/div><\/div><\/div><div class=\"wpb_column pos-top pos-center align_left column_parent col-lg-6 boomapps_vccolumn single-internal-gutter\"><div class=\"uncol style-light\"  ><div class=\"uncoltable\"><div class=\"uncell  boomapps_vccolumn no-block-padding\" ><div class=\"uncont\" ><div class=\"uncode-single-media  text-center\"><div class=\"single-wrapper\" style=\"max-width: 55%;\"><div class=\"tmb tmb-light  tmb-media-first tmb-media-last tmb-content-overlay tmb-no-bg\"><div class=\"t-inside\"><div class=\"t-entry-visual\"><div class=\"t-entry-visual-tc\"><div class=\"uncode-single-media-wrapper\"><img decoding=\"async\" class=\"wp-image-11701\" src=\"https:\/\/www.pedagogia.it\/stripes\/wp-content\/uploads\/sites\/7\/2021\/06\/La-nave-della-liberta%CC%80-2-e1624455334634.png\" width=\"878\" height=\"742\" alt=\"\"><\/div>\n\t\t\t\t\t<\/div>\n\t\t\t\t<\/div><\/div><\/div><\/div><\/div><\/div><\/div><\/div><\/div><\/div><script id=\"script-row-unique-7\" data-row=\"script-row-unique-7\" type=\"text\/javascript\" class=\"vc_controls\">UNCODE.initRow(document.getElementById(\"row-unique-7\"));<\/script><\/div><\/div><\/div><div data-parent=\"true\" class=\"vc_row has-bg need-focus style-color-lxmt-bg row-container boomapps_vcrow\" id=\"row-unique-8\"><div class=\"row limit-width row-parent\"><div class=\"wpb_row row-inner\"><div class=\"wpb_column pos-top pos-center align_left column_parent col-lg-12 boomapps_vccolumn single-internal-gutter\"><div class=\"uncol style-light\"  ><div class=\"uncoltable\"><div class=\"uncell  boomapps_vccolumn no-block-padding\" ><div class=\"uncont\" ><div class=\"divider-wrapper \"  >\n    <hr class=\"unseparator border-color-wvjs-color separator-no-padding\"  \/>\n<\/div>\n<\/div><\/div><\/div><\/div><\/div><script id=\"script-row-unique-8\" data-row=\"script-row-unique-8\" type=\"text\/javascript\" class=\"vc_controls\">UNCODE.initRow(document.getElementById(\"row-unique-8\"));<\/script><\/div><\/div><\/div><div data-parent=\"true\" class=\"vc_row has-bg need-focus style-color-lxmt-bg row-container boomapps_vcrow\" id=\"row-unique-9\"><div class=\"row no-top-padding no-bottom-padding single-h-padding limit-width row-parent\"><div class=\"wpb_row row-inner\"><div class=\"wpb_column pos-middle pos-center align_left column_parent col-lg-6 boomapps_vccolumn single-internal-gutter\"><div class=\"uncol style-light\"  ><div class=\"uncoltable\"><div class=\"uncell  boomapps_vccolumn no-block-padding\" ><div class=\"uncont\" ><div class=\"uncode_text_column\" ><\/p>\n<h4 style=\"text-align: center;\"><span style=\"color: #fe2051; font-size: 12pt;\"><b><i>La casa dell\u2019uguaglianza<\/i><\/b><\/span><\/h4>\n<p style=\"text-align: center;\"><span style=\"font-weight: 400;\">Spazio di accoglienza,<br \/>\ndove i bambini possono giocare al riparo dal sole<br \/>\ne al contempo luogo di incontro e confronto<br \/>\ndove le educatrici insieme alle famiglie<br \/>\npossono ritrovarsi per raccontare esperienze e condividere emozioni<\/span><\/p>\n<p>\n<\/div><\/div><\/div><\/div><\/div><\/div><div class=\"wpb_column pos-top pos-center align_left column_parent col-lg-6 boomapps_vccolumn single-internal-gutter\"><div class=\"uncol style-light\"  ><div class=\"uncoltable\"><div class=\"uncell  boomapps_vccolumn no-block-padding\" ><div class=\"uncont\" ><div class=\"uncode-single-media  text-center\"><div class=\"single-wrapper\" style=\"max-width: 55%;\"><div class=\"tmb tmb-light  tmb-media-first tmb-media-last tmb-content-overlay tmb-no-bg\"><div class=\"t-inside\"><div class=\"t-entry-visual\"><div class=\"t-entry-visual-tc\"><div class=\"uncode-single-media-wrapper\"><img decoding=\"async\" class=\"wp-image-11666\" src=\"https:\/\/www.pedagogia.it\/stripes\/wp-content\/uploads\/sites\/7\/2021\/06\/La-casa-delluguaglianza-e1624440229283.png\" width=\"833\" height=\"783\" alt=\"\" srcset=\"https:\/\/www.pedagogia.it\/stripes\/wp-content\/uploads\/sites\/7\/2021\/06\/La-casa-delluguaglianza-e1624440229283.png 833w, https:\/\/www.pedagogia.it\/stripes\/wp-content\/uploads\/sites\/7\/2021\/06\/La-casa-delluguaglianza-e1624440229283-300x282.png 300w, https:\/\/www.pedagogia.it\/stripes\/wp-content\/uploads\/sites\/7\/2021\/06\/La-casa-delluguaglianza-e1624440229283-768x722.png 768w, https:\/\/www.pedagogia.it\/stripes\/wp-content\/uploads\/sites\/7\/2021\/06\/La-casa-delluguaglianza-e1624440229283-600x564.png 600w\" sizes=\"(max-width: 833px) 100vw, 833px\" \/><\/div>\n\t\t\t\t\t<\/div>\n\t\t\t\t<\/div><\/div><\/div><\/div><\/div><\/div><\/div><\/div><\/div><\/div><script id=\"script-row-unique-9\" data-row=\"script-row-unique-9\" type=\"text\/javascript\" class=\"vc_controls\">UNCODE.initRow(document.getElementById(\"row-unique-9\"));<\/script><\/div><\/div><\/div><div data-parent=\"true\" class=\"vc_row has-bg need-focus style-color-lxmt-bg row-container boomapps_vcrow\" id=\"row-unique-10\"><div class=\"row limit-width row-parent\"><div class=\"wpb_row row-inner\"><div class=\"wpb_column pos-top pos-center align_left column_parent col-lg-12 boomapps_vccolumn single-internal-gutter\"><div class=\"uncol style-light\"  ><div class=\"uncoltable\"><div class=\"uncell  boomapps_vccolumn no-block-padding\" ><div class=\"uncont\" ><div class=\"divider-wrapper \"  >\n    <hr class=\"unseparator border-color-wvjs-color separator-no-padding\"  \/>\n<\/div>\n<\/div><\/div><\/div><\/div><\/div><script id=\"script-row-unique-10\" data-row=\"script-row-unique-10\" type=\"text\/javascript\" class=\"vc_controls\">UNCODE.initRow(document.getElementById(\"row-unique-10\"));<\/script><\/div><\/div><\/div><div data-parent=\"true\" class=\"vc_row has-bg need-focus style-color-lxmt-bg row-container boomapps_vcrow\" id=\"row-unique-11\"><div class=\"row no-top-padding no-bottom-padding single-h-padding limit-width row-parent\"><div class=\"wpb_row row-inner\"><div class=\"wpb_column pos-middle pos-center align_center column_parent col-lg-6 boomapps_vccolumn single-internal-gutter\"><div class=\"uncol style-light\"  ><div class=\"uncoltable\"><div class=\"uncell  boomapps_vccolumn no-block-padding\" ><div class=\"uncont\" ><div class=\"uncode_text_column\" ><\/p>\n<h5><span style=\"color: #fe2051;\"><b><i>Le fioriere della sostenibilit\u00e0<\/i><\/b><\/span><\/h5>\n<p><span style=\"font-weight: 400;\">Fiori, piante e verdure:<br \/>\nuna fioriera realizzata con materiali bio e riciclati<br \/>\nper insegnare alle nuove generazioni<br \/>\nl\u2019arte della sostenibilit\u00e0.<br \/>\nSeminiamo insieme per il futuro!<\/span><\/p>\n<\/div><\/div><\/div><\/div><\/div><\/div><div class=\"wpb_column pos-top pos-center align_left column_parent col-lg-6 boomapps_vccolumn single-internal-gutter\"><div class=\"uncol style-light\"  ><div class=\"uncoltable\"><div class=\"uncell  boomapps_vccolumn no-block-padding\" ><div class=\"uncont\" ><div class=\"uncode-single-media  text-center\"><div class=\"single-wrapper\" style=\"max-width: 55%;\"><div class=\"tmb tmb-light  tmb-media-first tmb-media-last tmb-content-overlay tmb-no-bg\"><div class=\"t-inside\"><div class=\"t-entry-visual\"><div class=\"t-entry-visual-tc\"><div class=\"uncode-single-media-wrapper\"><img decoding=\"async\" class=\"wp-image-11703\" src=\"https:\/\/www.pedagogia.it\/stripes\/wp-content\/uploads\/sites\/7\/2021\/06\/Le-fioriere-della-sostenibilita%CC%80-e1624455537179.png\" width=\"856\" height=\"823\" alt=\"\"><\/div>\n\t\t\t\t\t<\/div>\n\t\t\t\t<\/div><\/div><\/div><\/div><\/div><\/div><\/div><\/div><\/div><\/div><script id=\"script-row-unique-11\" data-row=\"script-row-unique-11\" type=\"text\/javascript\" class=\"vc_controls\">UNCODE.initRow(document.getElementById(\"row-unique-11\"));<\/script><\/div><\/div><\/div><div data-parent=\"true\" class=\"vc_row has-bg need-focus style-color-lxmt-bg row-container boomapps_vcrow\" id=\"row-unique-12\"><div class=\"row limit-width row-parent\"><div class=\"wpb_row row-inner\"><div class=\"wpb_column pos-top pos-center align_left column_parent col-lg-12 boomapps_vccolumn single-internal-gutter\"><div class=\"uncol style-light\"  ><div class=\"uncoltable\"><div class=\"uncell  boomapps_vccolumn no-block-padding\" ><div class=\"uncont\" ><div class=\"divider-wrapper \"  >\n    <hr class=\"unseparator border-color-wvjs-color separator-no-padding\"  \/>\n<\/div>\n<\/div><\/div><\/div><\/div><\/div><script id=\"script-row-unique-12\" data-row=\"script-row-unique-12\" type=\"text\/javascript\" class=\"vc_controls\">UNCODE.initRow(document.getElementById(\"row-unique-12\"));<\/script><\/div><\/div><\/div><div data-parent=\"true\" class=\"vc_row has-bg need-focus style-color-lxmt-bg row-container boomapps_vcrow\" id=\"row-unique-13\"><div class=\"row no-top-padding single-bottom-padding single-h-padding limit-width row-parent\"><div class=\"wpb_row row-inner\"><div class=\"wpb_column pos-top pos-center align_left column_parent col-lg-12 boomapps_vccolumn mobile-hidden single-internal-gutter\"><div class=\"uncol style-light\"  ><div class=\"uncoltable\"><div class=\"uncell  boomapps_vccolumn no-block-padding\" ><div class=\"uncont\" ><div class=\"uncode-single-media  text-center\"><div class=\"single-wrapper\" style=\"max-width: 50%;\"><div class=\"uncode-single-media-wrapper single-advanced\"><div class=\"tmb tmb-light tmb-overlay-text-anim tmb-overlay-anim tmb-overlay-text-left tmb-image-anim  tmb-media-first tmb-media-last tmb-content-overlay tmb-no-bg\" ><div class=\"t-inside\" ><div class=\"t-entry-visual\"><div class=\"t-entry-visual-tc\"><div class=\"t-entry-visual-cont\"><div class=\"dummy\" style=\"padding-top: 12.1%;\"><\/div><a href=\"https:\/\/www.paypal.com\/donate?hosted_button_id=SAVU3D3VGNTLG\"  class=\"pushed\" target=\"_blank\"><div class=\"t-entry-visual-overlay\"><div class=\"t-entry-visual-overlay-in color-xsdn style-color-xsdn-bg\" style=\"opacity: 0.5;\"><\/div><\/div><img decoding=\"async\" class=\"wp-image-11651\" src=\"https:\/\/www.pedagogia.it\/stripes\/wp-content\/uploads\/sites\/7\/2021\/06\/dona_ora_giardino_ok.png\" width=\"1029\" height=\"125\" alt=\"\" srcset=\"https:\/\/www.pedagogia.it\/stripes\/wp-content\/uploads\/sites\/7\/2021\/06\/dona_ora_giardino_ok.png 1029w, https:\/\/www.pedagogia.it\/stripes\/wp-content\/uploads\/sites\/7\/2021\/06\/dona_ora_giardino_ok-300x36.png 300w, https:\/\/www.pedagogia.it\/stripes\/wp-content\/uploads\/sites\/7\/2021\/06\/dona_ora_giardino_ok-1024x124.png 1024w, https:\/\/www.pedagogia.it\/stripes\/wp-content\/uploads\/sites\/7\/2021\/06\/dona_ora_giardino_ok-768x93.png 768w, https:\/\/www.pedagogia.it\/stripes\/wp-content\/uploads\/sites\/7\/2021\/06\/dona_ora_giardino_ok-600x73.png 600w\" sizes=\"(max-width: 1029px) 100vw, 1029px\" \/><\/a><\/div>\n\t\t\t\t\t<\/div>\n\t\t\t\t<\/div><\/div><\/div><\/div><\/div><\/div><\/div><\/div><\/div><\/div><\/div><script id=\"script-row-unique-13\" data-row=\"script-row-unique-13\" type=\"text\/javascript\" class=\"vc_controls\">UNCODE.initRow(document.getElementById(\"row-unique-13\"));<\/script><\/div><\/div><\/div><div data-parent=\"true\" class=\"vc_row has-bg need-focus style-color-lxmt-bg row-container boomapps_vcrow\" id=\"row-unique-14\"><div class=\"row no-top-padding single-bottom-padding single-h-padding limit-width row-parent\"><div class=\"wpb_row row-inner\"><div class=\"wpb_column pos-top pos-center align_left column_parent col-lg-12 boomapps_vccolumn desktop-hidden tablet-hidden single-internal-gutter\"><div class=\"uncol style-light\"  ><div class=\"uncoltable\"><div class=\"uncell  boomapps_vccolumn no-block-padding\" ><div class=\"uncont\" ><div class=\"uncode-single-media  text-center\"><div class=\"single-wrapper\" style=\"max-width: 100%;\"><a class=\"single-media-link\" href=\"https:\/\/www.paypal.com\/donate?hosted_button_id=SAVU3D3VGNTLG\" target=\"_blank\"><div class=\"tmb tmb-light  tmb-media-first tmb-media-last tmb-content-overlay tmb-no-bg\"><div class=\"t-inside\"><div class=\"t-entry-visual\"><div class=\"t-entry-visual-tc\"><div class=\"uncode-single-media-wrapper\"><img decoding=\"async\" class=\"wp-image-11651\" src=\"https:\/\/www.pedagogia.it\/stripes\/wp-content\/uploads\/sites\/7\/2021\/06\/dona_ora_giardino_ok.png\" width=\"1029\" height=\"125\" alt=\"\" srcset=\"https:\/\/www.pedagogia.it\/stripes\/wp-content\/uploads\/sites\/7\/2021\/06\/dona_ora_giardino_ok.png 1029w, https:\/\/www.pedagogia.it\/stripes\/wp-content\/uploads\/sites\/7\/2021\/06\/dona_ora_giardino_ok-300x36.png 300w, https:\/\/www.pedagogia.it\/stripes\/wp-content\/uploads\/sites\/7\/2021\/06\/dona_ora_giardino_ok-1024x124.png 1024w, https:\/\/www.pedagogia.it\/stripes\/wp-content\/uploads\/sites\/7\/2021\/06\/dona_ora_giardino_ok-768x93.png 768w, https:\/\/www.pedagogia.it\/stripes\/wp-content\/uploads\/sites\/7\/2021\/06\/dona_ora_giardino_ok-600x73.png 600w\" sizes=\"(max-width: 1029px) 100vw, 1029px\" \/><\/div>\n\t\t\t\t\t<\/div>\n\t\t\t\t<\/div><\/div><\/div><\/a><\/div><\/div><\/div><\/div><\/div><\/div><\/div><script id=\"script-row-unique-14\" data-row=\"script-row-unique-14\" type=\"text\/javascript\" class=\"vc_controls\">UNCODE.initRow(document.getElementById(\"row-unique-14\"));<\/script><\/div><\/div><\/div><div data-parent=\"true\" class=\"vc_row row-container boomapps_vcrow\" id=\"row-unique-15\"><div class=\"row limit-width row-parent\"><div class=\"wpb_row row-inner\"><div class=\"wpb_column pos-top pos-center align_left column_parent col-lg-6 boomapps_vccolumn single-internal-gutter\"><div class=\"uncol style-light\"  ><div class=\"uncoltable\"><div class=\"uncell  vc_custom_1624438558832 boomapps_vccolumn vc_custom_preserve_tablet vc_custom_preserve_mobile border-color-148263-color single-block-padding style-color-lxmt-bg has-bg\" style=\"border-style: solid;border-top-width: 5px ;border-right-width: 5px ;border-bottom-width: 5px ;border-left-width: 5px ;\" ><div class=\"column-background background-element\">\n\t\t\t\t\t\t\t\t\t\t\t<div class=\"background-wrapper\">\n\t\t\t\t\t\t\t\t\t\t\t\t<div class=\"background-inner\" style=\"background-image: url(https:\/\/www.pedagogia.it\/stripes\/wp-content\/uploads\/sites\/7\/2021\/06\/citaz.png.png);background-repeat: no-repeat;background-position: right bottom;background-size: contain;\" data-o_src=\"https:\/\/www.pedagogia.it\/stripes\/wp-content\/uploads\/sites\/7\/2021\/06\/citaz.png.png\"><\/div>\n\t\t\t\t\t\t\t\t\t\t\t\t\n\t\t\t\t\t\t\t\t\t\t\t<\/div>\n\t\t\t\t\t\t\t\t\t\t<\/div><div class=\"uncont\" ><div class=\"uncode_text_column\" ><\/p>\n<p style=\"text-align: center;\"><span style=\"font-family: georgia, palatino, serif; font-size: 10pt; color: #000000;\"><em><span style=\"font-weight: 400;\">\u201c<\/span><span style=\"font-weight: 400;\">Per Stripes la legalit\u00e0 ha rappresentato da sempre un principio irrinunciabile nell\u2019azione della cooperativa e valore fondamentale su cui si fondano le nostre proposte educative. <\/span><span style=\"font-weight: 400;\">Vogliamo andare oltre questi tempi difficili della pandemia e vogliamo farlo insieme ai giovani in un\u2019esperienza di Memoria e Impegno. Vogliamo andare oltre Milano, facendo conoscere luoghi di bellezza e beni comuni dell\u2019hinterland, tra cui proprio il nostro Biobab, segno di come si possano oltrepassare i pregiudizi e costruire comunit\u00e0 aperte al futuro<\/span><span style=\"font-weight: 400;\">\u201d.<\/span><span style=\"font-weight: 400;\">\u00a0<\/span><\/em><\/span><\/p>\n<p style=\"text-align: left;\"><span style=\"color: #000000;\">Dafne Guida<br \/>\nPresidente Stripes Coop<\/span><\/p>\n<p>\n<\/div><\/div><\/div><\/div><\/div><\/div><div class=\"wpb_column pos-top pos-center align_left column_parent col-lg-6 boomapps_vccolumn single-internal-gutter\"><div class=\"uncol style-light\"  ><div class=\"uncoltable\"><div class=\"uncell  boomapps_vccolumn no-block-padding\" ><div class=\"uncont\" ><div class=\"uncode_text_column\" ><\/p>\n<h3><span style=\"color: #fe2051;\">Un giardino per tutti<\/span><\/h3>\n<p><span style=\"font-weight: 400;\">Il \u201cGiardino della Legalit\u00e0\u201d prender\u00e0 vita durante il campo di E!State Liberi ma continuer\u00e0 ad essere un bene comune per il territorio da coltivare, nei mesi a venire, insieme alle famiglie e ai bambini che potranno godere di uno spazio verde curato e colorato, simbolo della legalit\u00e0 e luogo di comunit\u00e0.\u00a0<\/span><\/p>\n<p>Ma non finisce qui!<\/p>\n<p>L&#8217;obiettivo \u00e8 quello di <strong>far sbocciare legalit\u00e0 e bellezza in vari comuni dell&#8217;hinterland di Milano seminando parole di legalit\u00e0<\/strong> nei luoghi coinvolti nel campo estate dell&#8217;associazione Libera.<\/p>\n<\/div><\/div><\/div><\/div><\/div><\/div><script id=\"script-row-unique-15\" data-row=\"script-row-unique-15\" type=\"text\/javascript\" class=\"vc_controls\">UNCODE.initRow(document.getElementById(\"row-unique-15\"));<\/script><\/div><\/div><\/div><div data-parent=\"true\" class=\"vc_row row-container onepage-section boomapps_vcrow\" data-label=\"seminiamo_parole\" data-name=\"seminiamo_parole\" id=\"row-unique-16\"><div class=\"row limit-width row-parent\"><div class=\"wpb_row row-inner\"><div class=\"wpb_column pos-top pos-center align_left column_parent col-lg-8 boomapps_vccolumn single-internal-gutter\"><div class=\"uncol style-light\"  ><div class=\"uncoltable\"><div class=\"uncell  boomapps_vccolumn no-block-padding\" ><div class=\"uncont\" ><div class=\"uncode_text_column\" ><\/p>\n<h2><span style=\"color: #fe2051;\"><b>SEMINIAMO PAROLE DI LEGALITA&#8217;<\/b><\/span><\/h2>\n<p><span style=\"font-weight: 400;\">Con una donazione di <strong>10\u00a0euro<\/strong> potrai scegliere una parola legata al tema della legalit\u00e0 e potrai lasciarla come testimonianza e contributo nei luoghi che conosceremo con il Campo di Libera \u201cOltre Milano\u201d. Per ogni parola &#8220;donata&#8221; verr\u00e0 creata dai volontari del campo una targa di legno che verr\u00e0 esposta come simbolo di bellezza e cura del bene comune nei 3 luoghi fulcro del Campo.<\/span><\/p>\n<p><span style=\"font-weight: 400;\"><strong>La Tela, Osteria sociale del buon essere<\/strong>: bene confiscato alla criminalit\u00e0 organizzata, patrimonio del comune di <strong>Rescaldina,<\/strong><\/span><span style=\"font-weight: 400;\">\u00a0luogo di lavoro e convivialit\u00e0, perch\u00e9 le mafie si sconfiggono anche a tavola!<\/span><\/p>\n<p><span style=\"font-weight: 400;\"><strong>Biobab<\/strong> : Asilo nido, centro per l\u2019infanzia e le famiglie situato all\u2019interno della <strong>II casa circondariale di Milano-Bollate<\/strong>, luogo dove i bambini e le loro famiglie sperimentano quotidianamente l\u2019importanza della libert\u00e0 e dell\u2019inclusione di tutti<\/span><\/p>\n<p><span style=\"font-weight: 400;\"><strong>La Bottega del Grillo<\/strong>: bene confiscato alla mafia nel comune di <strong>Garbagnate Milanese<\/strong>, bottega del commercio equo e solidale e bar \u201cIl caff\u00e8 semplicemente\u201d. Luogo riconsegnato alla cittadinanza per scambio di sapori e saperi come presidio di legalit\u00e0.<\/span><\/p>\n<h3><span style=\"color: #fe2051;\"><a style=\"color: #fe2051;\" href=\"https:\/\/www.paypal.com\/donate?hosted_button_id=8EWGHZ25YTHFN\" target=\"_blank\" rel=\"noopener\"><span style=\"font-size: 12pt;\"><strong><img decoding=\"async\" class=\" wp-image-11623 alignleft\" src=\"https:\/\/www.pedagogia.it\/stripes\/wp-content\/uploads\/sites\/7\/2021\/06\/targa2.png\" alt=\"\" width=\"253\" height=\"106\" srcset=\"https:\/\/www.pedagogia.it\/stripes\/wp-content\/uploads\/sites\/7\/2021\/06\/targa2.png 1200w, https:\/\/www.pedagogia.it\/stripes\/wp-content\/uploads\/sites\/7\/2021\/06\/targa2-300x125.png 300w, https:\/\/www.pedagogia.it\/stripes\/wp-content\/uploads\/sites\/7\/2021\/06\/targa2-1024x427.png 1024w, https:\/\/www.pedagogia.it\/stripes\/wp-content\/uploads\/sites\/7\/2021\/06\/targa2-768x320.png 768w, https:\/\/www.pedagogia.it\/stripes\/wp-content\/uploads\/sites\/7\/2021\/06\/targa2-600x250.png 600w\" sizes=\"(max-width: 253px) 100vw, 253px\" \/>Dona ora e scegli la parola che vuoi lasciare come testimonianza per la tua comunit\u00e0!<\/strong><\/span><\/a><\/span><\/h3>\n<p><span style=\"font-size: 12pt;\"><strong>Scrivila nella sezione &#8220;Messaggio&#8221; al momento del pagamento<\/strong><\/span><\/p>\n<p><span style=\"font-weight: 400;\">Al termine del progetto ti invieremo la foto della targa con la tua parola e il nome di chi l&#8217;ha donata e potrai recarti di persona per vederla appesa alle pareti di questi luoghi di legalit\u00e0!<\/span><\/p>\n<\/div><\/div><\/div><\/div><\/div><\/div><div class=\"wpb_column pos-top pos-center align_left column_parent col-lg-4 boomapps_vccolumn single-internal-gutter\"><div class=\"uncol style-light\"  ><div class=\"uncoltable\"><div class=\"uncell  vc_custom_1624375947832 boomapps_vccolumn vc_custom_preserve_tablet vc_custom_preserve_mobile border-color-148263-color single-block-padding style-color-lxmt-bg has-bg\" style=\"border-style: solid;border-top-width: 15px ;border-right-width: 15px ;border-bottom-width: 15px ;border-left-width: 15px ;\" ><div class=\"column-background background-element\">\n\t\t\t\t\t\t\t\t\t\t\t<div class=\"background-wrapper\">\n\t\t\t\t\t\t\t\t\t\t\t\t<div class=\"background-inner\" style=\"background-image: url(https:\/\/www.pedagogia.it\/stripes\/wp-content\/uploads\/sites\/7\/2021\/06\/donazionegiardino.png);background-repeat: no-repeat;background-position: right bottom;background-size: cover;\" data-o_src=\"https:\/\/www.pedagogia.it\/stripes\/wp-content\/uploads\/sites\/7\/2021\/06\/donazionegiardino.png\"><\/div>\n\t\t\t\t\t\t\t\t\t\t\t\t\n\t\t\t\t\t\t\t\t\t\t\t<\/div>\n\t\t\t\t\t\t\t\t\t\t<\/div><div class=\"uncont\" ><div class=\"uncode_text_column\" ><\/p>\n<h2 style=\"text-align: center;\"><span style=\"color: #fe2051;\"><strong>FAI LA TUA DONAZIONE<\/strong><\/span><br \/>\n<span style=\"font-size: 10pt;\"><strong>con PayPal o con carta di credito<br \/>\nanche se non possiedi un account PayPal<\/strong><\/span><\/h2>\n<p style=\"text-align: center;\"><span style=\"font-size: 14pt;\">Clicca sul tasto <strong>&#8220;Dona ora&#8221;<\/strong> e nella seconda schermata sotto la cifra inserisci nel messaggio la parola della legalit\u00e0 che vuoi donare<\/span><\/p>\n<p>\n<\/div>\n\t<div class=\"wpb_raw_code wpb_raw_html \" >\n\t\t<div class=\"wpb_wrapper\">\n\t\t\t<form action=\"https:\/\/www.paypal.com\/donate\" method=\"post\" target=\"_top\">\n<input type=\"hidden\" name=\"hosted_button_id\" value=\"8EWGHZ25YTHFN\" \/>\n<input type=\"image\" style=\"width: 100%; background: transparent; border: none;\" src=\"https:\/\/www.pedagogia.it\/stripes\/wp-content\/uploads\/sites\/7\/2021\/06\/paypal_button_2.png\"  border=\"0\" name=\"submit\" title=\"PayPal - Il modo pi\u00f9 sicuro e semplice per pagare online!\" alt=\"Donate with PayPal button\" \/>\n<img decoding=\"async\" alt=\"\" border=\"0\" src=\"https:\/\/www.paypal.com\/it_IT\/i\/scr\/pixel.gif\" width=\"1\" height=\"1\" \/>\n<\/form>\n\n\t\t<\/div>\n\t<\/div>\n<\/div><\/div><\/div><\/div><\/div><script id=\"script-row-unique-16\" data-row=\"script-row-unique-16\" type=\"text\/javascript\" class=\"vc_controls\">UNCODE.initRow(document.getElementById(\"row-unique-16\"));<\/script><\/div><\/div><\/div><div data-parent=\"true\" class=\"vc_row row-container boomapps_vcrow\" id=\"row-unique-17\"><div class=\"row limit-width row-parent\"><div class=\"wpb_row row-inner\"><div class=\"wpb_column pos-top pos-center align_left column_parent col-lg-12 boomapps_vccolumn single-internal-gutter\"><div class=\"uncol style-light\"  ><div class=\"uncoltable\"><div class=\"uncell  boomapps_vccolumn no-block-padding\" ><div class=\"uncont\" ><div class=\"uncode_text_column\" ><\/p>\n<p style=\"text-align: center;\"><span style=\"font-size: 10pt; color: #fe2051;\"><strong>PER MAGGIORI INFORMAZIONI SCRIVI A <a style=\"color: #fe2051;\" href=\"mailto:DONAZIONI.STRIPES@PEDAGOGIA.IT\">DONAZIONI.STRIPES@PEDAGOGIA.IT<\/a><\/strong><\/span><\/p>\n<p>\n<\/div><\/div><\/div><\/div><\/div><\/div><script id=\"script-row-unique-17\" data-row=\"script-row-unique-17\" type=\"text\/javascript\" class=\"vc_controls\">UNCODE.initRow(document.getElementById(\"row-unique-17\"));<\/script><\/div><\/div><\/div>\n<\/div>","protected":false},"excerpt":{"rendered":"DONA ORA PER CREARE IL GIARDINO DELLA LEGALITA' Gettiamo insieme i semi di un progetto ambizioso che, usando le parole [...]","protected":false},"author":70,"featured_media":11598,"parent":0,"menu_order":0,"comment_status":"closed","ping_status":"closed","template":"","meta":{"give_campaign_id":0,"om_disable_all_campaigns":false,"_monsterinsights_skip_tracking":false,"_monsterinsights_sitenote_active":false,"_monsterinsights_sitenote_note":"","_monsterinsights_sitenote_category":0,"footnotes":""},"tags":[],"class_list":["post-11497","page","type-page","status-publish","has-post-thumbnail","hentry","page_category-donazioni"],"aioseo_notices":[],"yoast_head":"<!-- This site is optimized with the Yoast SEO plugin v27.2 - https:\/\/yoast.com\/product\/yoast-seo-wordpress\/ -->\n<title>Il giardino della legalit\u00e0. Dona per riempire il mondo di bellezza - Stripes Cooperativa Sociale ONLUS<\/title>\n<meta name=\"robots\" content=\"index, follow, max-snippet:-1, max-image-preview:large, max-video-preview:-1\" \/>\n<link rel=\"canonical\" href=\"https:\/\/www.pedagogia.it\/stripes\/il-giardino-della-legalita-dona-ora\/\" \/>\n<meta property=\"og:locale\" content=\"it_IT\" \/>\n<meta property=\"og:type\" content=\"article\" \/>\n<meta property=\"og:title\" content=\"Il giardino della legalit\u00e0. Dona per riempire il mondo di bellezza - Stripes Cooperativa Sociale ONLUS\" \/>\n<meta property=\"og:url\" content=\"https:\/\/www.pedagogia.it\/stripes\/il-giardino-della-legalita-dona-ora\/\" \/>\n<meta property=\"og:site_name\" content=\"Stripes Cooperativa Sociale ONLUS\" \/>\n<meta property=\"article:modified_time\" content=\"2021-10-29T07:11:30+00:00\" \/>\n<meta property=\"og:image\" content=\"https:\/\/www.pedagogia.it\/stripes\/wp-content\/uploads\/sites\/7\/2021\/06\/giardino_legalita_landscape-scaled.jpg\" \/>\n\t<meta property=\"og:image:width\" content=\"2560\" \/>\n\t<meta property=\"og:image:height\" content=\"1440\" \/>\n\t<meta property=\"og:image:type\" content=\"image\/jpeg\" \/>\n<meta name=\"twitter:card\" content=\"summary_large_image\" \/>\n<meta name=\"twitter:label1\" content=\"Tempo di lettura stimato\" \/>\n\t<meta name=\"twitter:data1\" content=\"6 minuti\" \/>\n<script type=\"application\/ld+json\" class=\"yoast-schema-graph\">{\"@context\":\"https:\/\/schema.org\",\"@graph\":[{\"@type\":\"WebPage\",\"@id\":\"https:\/\/www.pedagogia.it\/stripes\/il-giardino-della-legalita-dona-ora\/\",\"url\":\"https:\/\/www.pedagogia.it\/stripes\/il-giardino-della-legalita-dona-ora\/\",\"name\":\"Il giardino della legalit\u00e0. Dona per riempire il mondo di bellezza - Stripes Cooperativa Sociale ONLUS\",\"isPartOf\":{\"@id\":\"https:\/\/www.pedagogia.it\/stripes\/#website\"},\"primaryImageOfPage\":{\"@id\":\"https:\/\/www.pedagogia.it\/stripes\/il-giardino-della-legalita-dona-ora\/#primaryimage\"},\"image\":{\"@id\":\"https:\/\/www.pedagogia.it\/stripes\/il-giardino-della-legalita-dona-ora\/#primaryimage\"},\"thumbnailUrl\":\"https:\/\/www.pedagogia.it\/stripes\/wp-content\/uploads\/sites\/7\/2021\/06\/giardino_legalita_landscape-scaled.jpg\",\"datePublished\":\"2021-06-21T14:12:23+00:00\",\"dateModified\":\"2021-10-29T07:11:30+00:00\",\"breadcrumb\":{\"@id\":\"https:\/\/www.pedagogia.it\/stripes\/il-giardino-della-legalita-dona-ora\/#breadcrumb\"},\"inLanguage\":\"it-IT\",\"potentialAction\":[{\"@type\":\"ReadAction\",\"target\":[\"https:\/\/www.pedagogia.it\/stripes\/il-giardino-della-legalita-dona-ora\/\"]}]},{\"@type\":\"ImageObject\",\"inLanguage\":\"it-IT\",\"@id\":\"https:\/\/www.pedagogia.it\/stripes\/il-giardino-della-legalita-dona-ora\/#primaryimage\",\"url\":\"https:\/\/www.pedagogia.it\/stripes\/wp-content\/uploads\/sites\/7\/2021\/06\/giardino_legalita_landscape-scaled.jpg\",\"contentUrl\":\"https:\/\/www.pedagogia.it\/stripes\/wp-content\/uploads\/sites\/7\/2021\/06\/giardino_legalita_landscape-scaled.jpg\",\"width\":2560,\"height\":1440},{\"@type\":\"BreadcrumbList\",\"@id\":\"https:\/\/www.pedagogia.it\/stripes\/il-giardino-della-legalita-dona-ora\/#breadcrumb\",\"itemListElement\":[{\"@type\":\"ListItem\",\"position\":1,\"name\":\"Home\",\"item\":\"https:\/\/www.pedagogia.it\/stripes\/\"},{\"@type\":\"ListItem\",\"position\":2,\"name\":\"Il giardino della legalit\u00e0. Dona per riempire il mondo di bellezza\"}]},{\"@type\":\"WebSite\",\"@id\":\"https:\/\/www.pedagogia.it\/stripes\/#website\",\"url\":\"https:\/\/www.pedagogia.it\/stripes\/\",\"name\":\"Stripes Cooperativa Sociale ONLUS\",\"description\":\"\",\"potentialAction\":[{\"@type\":\"SearchAction\",\"target\":{\"@type\":\"EntryPoint\",\"urlTemplate\":\"https:\/\/www.pedagogia.it\/stripes\/?s={search_term_string}\"},\"query-input\":{\"@type\":\"PropertyValueSpecification\",\"valueRequired\":true,\"valueName\":\"search_term_string\"}}],\"inLanguage\":\"it-IT\"}]}<\/script>\n<!-- \/ Yoast SEO plugin. -->","yoast_head_json":{"title":"Il giardino della legalit\u00e0. Dona per riempire il mondo di bellezza - Stripes Cooperativa Sociale ONLUS","robots":{"index":"index","follow":"follow","max-snippet":"max-snippet:-1","max-image-preview":"max-image-preview:large","max-video-preview":"max-video-preview:-1"},"canonical":"https:\/\/www.pedagogia.it\/stripes\/il-giardino-della-legalita-dona-ora\/","og_locale":"it_IT","og_type":"article","og_title":"Il giardino della legalit\u00e0. Dona per riempire il mondo di bellezza - Stripes Cooperativa Sociale ONLUS","og_url":"https:\/\/www.pedagogia.it\/stripes\/il-giardino-della-legalita-dona-ora\/","og_site_name":"Stripes Cooperativa Sociale ONLUS","article_modified_time":"2021-10-29T07:11:30+00:00","og_image":[{"width":2560,"height":1440,"url":"https:\/\/www.pedagogia.it\/stripes\/wp-content\/uploads\/sites\/7\/2021\/06\/giardino_legalita_landscape-scaled.jpg","type":"image\/jpeg"}],"twitter_card":"summary_large_image","twitter_misc":{"Tempo di lettura stimato":"6 minuti"},"schema":{"@context":"https:\/\/schema.org","@graph":[{"@type":"WebPage","@id":"https:\/\/www.pedagogia.it\/stripes\/il-giardino-della-legalita-dona-ora\/","url":"https:\/\/www.pedagogia.it\/stripes\/il-giardino-della-legalita-dona-ora\/","name":"Il giardino della legalit\u00e0. Dona per riempire il mondo di bellezza - Stripes Cooperativa Sociale ONLUS","isPartOf":{"@id":"https:\/\/www.pedagogia.it\/stripes\/#website"},"primaryImageOfPage":{"@id":"https:\/\/www.pedagogia.it\/stripes\/il-giardino-della-legalita-dona-ora\/#primaryimage"},"image":{"@id":"https:\/\/www.pedagogia.it\/stripes\/il-giardino-della-legalita-dona-ora\/#primaryimage"},"thumbnailUrl":"https:\/\/www.pedagogia.it\/stripes\/wp-content\/uploads\/sites\/7\/2021\/06\/giardino_legalita_landscape-scaled.jpg","datePublished":"2021-06-21T14:12:23+00:00","dateModified":"2021-10-29T07:11:30+00:00","breadcrumb":{"@id":"https:\/\/www.pedagogia.it\/stripes\/il-giardino-della-legalita-dona-ora\/#breadcrumb"},"inLanguage":"it-IT","potentialAction":[{"@type":"ReadAction","target":["https:\/\/www.pedagogia.it\/stripes\/il-giardino-della-legalita-dona-ora\/"]}]},{"@type":"ImageObject","inLanguage":"it-IT","@id":"https:\/\/www.pedagogia.it\/stripes\/il-giardino-della-legalita-dona-ora\/#primaryimage","url":"https:\/\/www.pedagogia.it\/stripes\/wp-content\/uploads\/sites\/7\/2021\/06\/giardino_legalita_landscape-scaled.jpg","contentUrl":"https:\/\/www.pedagogia.it\/stripes\/wp-content\/uploads\/sites\/7\/2021\/06\/giardino_legalita_landscape-scaled.jpg","width":2560,"height":1440},{"@type":"BreadcrumbList","@id":"https:\/\/www.pedagogia.it\/stripes\/il-giardino-della-legalita-dona-ora\/#breadcrumb","itemListElement":[{"@type":"ListItem","position":1,"name":"Home","item":"https:\/\/www.pedagogia.it\/stripes\/"},{"@type":"ListItem","position":2,"name":"Il giardino della legalit\u00e0. Dona per riempire il mondo di bellezza"}]},{"@type":"WebSite","@id":"https:\/\/www.pedagogia.it\/stripes\/#website","url":"https:\/\/www.pedagogia.it\/stripes\/","name":"Stripes Cooperativa Sociale ONLUS","description":"","potentialAction":[{"@type":"SearchAction","target":{"@type":"EntryPoint","urlTemplate":"https:\/\/www.pedagogia.it\/stripes\/?s={search_term_string}"},"query-input":{"@type":"PropertyValueSpecification","valueRequired":true,"valueName":"search_term_string"}}],"inLanguage":"it-IT"}]}},"campaignId":"","_links":{"self":[{"href":"https:\/\/www.pedagogia.it\/stripes\/wp-json\/wp\/v2\/pages\/11497","targetHints":{"allow":["GET"]}}],"collection":[{"href":"https:\/\/www.pedagogia.it\/stripes\/wp-json\/wp\/v2\/pages"}],"about":[{"href":"https:\/\/www.pedagogia.it\/stripes\/wp-json\/wp\/v2\/types\/page"}],"author":[{"embeddable":true,"href":"https:\/\/www.pedagogia.it\/stripes\/wp-json\/wp\/v2\/users\/70"}],"replies":[{"embeddable":true,"href":"https:\/\/www.pedagogia.it\/stripes\/wp-json\/wp\/v2\/comments?post=11497"}],"version-history":[{"count":0,"href":"https:\/\/www.pedagogia.it\/stripes\/wp-json\/wp\/v2\/pages\/11497\/revisions"}],"wp:featuredmedia":[{"embeddable":true,"href":"https:\/\/www.pedagogia.it\/stripes\/wp-json\/wp\/v2\/media\/11598"}],"wp:attachment":[{"href":"https:\/\/www.pedagogia.it\/stripes\/wp-json\/wp\/v2\/media?parent=11497"}],"wp:term":[{"taxonomy":"post_tag","embeddable":true,"href":"https:\/\/www.pedagogia.it\/stripes\/wp-json\/wp\/v2\/tags?post=11497"}],"curies":[{"name":"wp","href":"https:\/\/api.w.org\/{rel}","templated":true}]}}