{"id":22576,"date":"2024-11-19T14:29:04","date_gmt":"2024-11-19T13:29:04","guid":{"rendered":"https:\/\/www.pedagogia.it\/stripes\/?page_id=22576"},"modified":"2025-11-07T15:05:58","modified_gmt":"2025-11-07T14:05:58","slug":"diritti-in-festa-una-citta-per-fare-giocare-parlare","status":"publish","type":"page","link":"https:\/\/www.pedagogia.it\/stripes\/diritti-in-festa-una-citta-per-fare-giocare-parlare\/","title":{"rendered":"Diritti in festa: una citt\u00e0 per&#8230;  fare, giocare, parlare"},"content":{"rendered":"<div class=\"wpb-content-wrapper\"><div data-parent=\"true\" class=\"vc_row row-container boomapps_vcrow\" id=\"row-unique-0\"><div class=\"row limit-width row-parent\"><div class=\"wpb_row row-inner\"><div class=\"wpb_column pos-top pos-center align_left column_parent col-lg-12 boomapps_vccolumn single-internal-gutter\"><div class=\"uncol style-light\"  ><div class=\"uncoltable\"><div class=\"uncell  boomapps_vccolumn no-block-padding\" ><div class=\"uncont\" ><div class=\"vc_custom_heading_wrap \"><div class=\"heading-text el-text\" ><h1 class=\"h1\" ><span><\/p><\/span><span><h1 style=\"text-align: center;\"><a href=\"https:\/\/www.pedagogia.it\/stripes\/diritti-in-festa-una-citta-per-seminare-crescere-immaginare\/\"><strong>Vai all&#8217;edizione 2025<\/strong><\/a><\/h1><\/span><span><p><\/span><\/h1><\/div><div class=\"clear\"><\/div><\/div><div class=\"uncode-single-media  text-left\"><div class=\"single-wrapper\" style=\"max-width: 100%;\"><a class=\"single-media-link\" href=\"https:\/\/www.pedagogia.it\/stripes\/diritti-in-festa-una-citta-per-seminare-crescere-immaginare\/\"><div class=\"tmb tmb-light  tmb-media-first tmb-media-last tmb-content-overlay tmb-no-bg\"><div class=\"t-inside\"><div class=\"t-entry-visual\"><div class=\"t-entry-visual-tc\"><div class=\"uncode-single-media-wrapper\"><img decoding=\"async\" class=\"wp-image-25267\" src=\"https:\/\/www.pedagogia.it\/stripes\/wp-content\/uploads\/sites\/7\/2025\/10\/LEGNANO_FESTIVAL_2025_banner-1.jpg\" width=\"1920\" height=\"600\" alt=\"\" srcset=\"https:\/\/www.pedagogia.it\/stripes\/wp-content\/uploads\/sites\/7\/2025\/10\/LEGNANO_FESTIVAL_2025_banner-1.jpg 1920w, https:\/\/www.pedagogia.it\/stripes\/wp-content\/uploads\/sites\/7\/2025\/10\/LEGNANO_FESTIVAL_2025_banner-1-300x94.jpg 300w, https:\/\/www.pedagogia.it\/stripes\/wp-content\/uploads\/sites\/7\/2025\/10\/LEGNANO_FESTIVAL_2025_banner-1-1024x320.jpg 1024w, https:\/\/www.pedagogia.it\/stripes\/wp-content\/uploads\/sites\/7\/2025\/10\/LEGNANO_FESTIVAL_2025_banner-1-768x240.jpg 768w, https:\/\/www.pedagogia.it\/stripes\/wp-content\/uploads\/sites\/7\/2025\/10\/LEGNANO_FESTIVAL_2025_banner-1-1536x480.jpg 1536w, https:\/\/www.pedagogia.it\/stripes\/wp-content\/uploads\/sites\/7\/2025\/10\/LEGNANO_FESTIVAL_2025_banner-1-350x109.jpg 350w, https:\/\/www.pedagogia.it\/stripes\/wp-content\/uploads\/sites\/7\/2025\/10\/LEGNANO_FESTIVAL_2025_banner-1-600x188.jpg 600w\" sizes=\"(max-width: 1920px) 100vw, 1920px\" \/><\/div>\n\t\t\t\t\t<\/div>\n\t\t\t\t<\/div><\/div><\/div><\/a><\/div><\/div><\/div><\/div><\/div><\/div><\/div><script id=\"script-row-unique-0\" data-row=\"script-row-unique-0\" type=\"text\/javascript\" class=\"vc_controls\">UNCODE.initRow(document.getElementById(\"row-unique-0\"));<\/script><\/div><\/div><\/div><div data-parent=\"true\" class=\"vc_row row-container boomapps_vcrow\" id=\"row-unique-1\"><div class=\"row limit-width row-parent\"><div class=\"wpb_row row-inner\"><div class=\"wpb_column pos-top pos-center align_left column_parent col-lg-12 boomapps_vccolumn single-internal-gutter\"><div class=\"uncol style-light\"  ><div class=\"uncoltable\"><div class=\"uncell  boomapps_vccolumn no-block-padding\" ><div class=\"uncont\" ><div class=\"uncode-single-media  text-right\"><div class=\"single-wrapper\" style=\"max-width: 40%;\"><div class=\"tmb tmb-light  tmb-media-first tmb-media-last tmb-content-overlay tmb-no-bg\"><div class=\"t-inside\"><div class=\"t-entry-visual\"><div class=\"t-entry-visual-tc\"><div class=\"uncode-single-media-wrapper\"><img decoding=\"async\" class=\"wp-image-22635\" src=\"https:\/\/www.pedagogia.it\/stripes\/wp-content\/uploads\/sites\/7\/2024\/11\/hubout.jpg\" width=\"600\" height=\"140\" alt=\"\" srcset=\"https:\/\/www.pedagogia.it\/stripes\/wp-content\/uploads\/sites\/7\/2024\/11\/hubout.jpg 600w, https:\/\/www.pedagogia.it\/stripes\/wp-content\/uploads\/sites\/7\/2024\/11\/hubout-300x70.jpg 300w, https:\/\/www.pedagogia.it\/stripes\/wp-content\/uploads\/sites\/7\/2024\/11\/hubout-350x82.jpg 350w, https:\/\/www.pedagogia.it\/stripes\/wp-content\/uploads\/sites\/7\/2024\/11\/hubout-190x44.jpg 190w, https:\/\/www.pedagogia.it\/stripes\/wp-content\/uploads\/sites\/7\/2024\/11\/hubout-386x90.jpg 386w\" sizes=\"(max-width: 600px) 100vw, 600px\" \/><\/div>\n\t\t\t\t\t<\/div>\n\t\t\t\t<\/div><\/div><\/div><\/div><\/div><div class=\"uncode_text_column\" ><\/p>\n<p style=\"font-weight: 400;\">\u201c<strong><em>Diritti In Festa: una citt\u00e0 per &#8230;Fare, Giocare, Parlare<\/em><\/strong>\u201d, realizzato in occasione della Giornata Internazionale per i diritti dell\u2019Infanzia e dell\u2019Adolescenza, \u00e8 un\u2019azione del progetto <strong><em>\u201cHub Out \u2013 Luoghi di educazione sconfinata\u201d<\/em><\/strong>.<\/p>\n<p style=\"font-weight: 400;\">Il progetto, finanziato dalla Presidenza del Consiglio dei Ministri &#8211; Dipartimento per le Politiche della Famiglia con capofila Stripes, punta a contrastare la povert\u00e0 educativa e a sostenere le opportunit\u00e0 culturali dedicate alle <strong>famiglie e ai bambini da 0 a 6 anni del territorio legnanese<\/strong>.<\/p>\n<p style=\"font-weight: 400;\">Vi aspettiamo <strong>sabato 30 novembre e domenica 1\u00b0 dicembre presso la scuola primaria De Amicis del Comune di Legnano<\/strong> con un programma ricco di laboratori <strong>GRATUITI<\/strong> dedicati alla sostenibilit\u00e0, al benessere, all\u2019immaginazione e alla creativit\u00e0, vede il coinvolgimento di partner, asili nido, scuole dell\u2019infanzia e primaria, biblioteca e altri attori del territorio e non solo!<\/p>\n<p>\n<\/div><\/div><\/div><\/div><\/div><\/div><script id=\"script-row-unique-1\" data-row=\"script-row-unique-1\" type=\"text\/javascript\" class=\"vc_controls\">UNCODE.initRow(document.getElementById(\"row-unique-1\"));<\/script><\/div><\/div><\/div><div data-parent=\"true\" class=\"vc_row has-bg need-focus style-color-gyho-bg row-container boomapps_vcrow\" id=\"row-unique-2\"><div class=\"row limit-width row-parent\"><div class=\"wpb_row row-inner\"><div class=\"wpb_column pos-top pos-center align_left column_parent col-lg-12 boomapps_vccolumn single-internal-gutter\"><div class=\"uncol style-light\"  ><div class=\"uncoltable\"><div class=\"uncell  boomapps_vccolumn no-block-padding\" ><div class=\"uncont\" ><div class=\"divider-wrapper \"  >\n    <hr class=\"unseparator border-sep_color-352864-color separator-no-padding\"  \/>\n<\/div>\n<div class=\"uncode_text_column\" ><\/p>\n<div><span style=\"color: #e83a7c; font-size: 18pt;\"><strong>TUTTI I LABORATORI SONO GRATUITI<\/strong><\/span><\/div>\n<div><span style=\"color: #e83a7c; font-size: 12pt;\"><strong>Indicazioni per iscrizioni:<\/strong><\/span><\/div>\n<div><\/div>\n<div><span style=\"font-size: 12pt;\">Le iscrizioni vanno effettuate inserendo nome e cognome del genitori\/adulto che procede con l&#8217;ordine. Vi invitiamo a inserire il nome del bambino\/della bambina nel campo note. In caso di pi\u00f9 di un&#8217;iscrizione segnalare anche i nomi di tutti i bambini\/le bambine che si intende iscrivere.<\/span><\/div>\n<p>\n<\/div><div class=\"divider-wrapper \"  >\n    <hr class=\"unseparator border-sep_color-352864-color separator-no-padding\"  \/>\n<\/div>\n<\/div><\/div><\/div><\/div><\/div><script id=\"script-row-unique-2\" data-row=\"script-row-unique-2\" type=\"text\/javascript\" class=\"vc_controls\">UNCODE.initRow(document.getElementById(\"row-unique-2\"));<\/script><\/div><\/div><\/div><div data-parent=\"true\" class=\"vc_row has-bg need-focus style-back_color-169903-bg row-container boomapps_vcrow\" id=\"row-unique-3\"><div class=\"row limit-width row-parent\"><div class=\"wpb_row row-inner\"><div class=\"wpb_column pos-top pos-center align_left column_parent col-lg-12 boomapps_vccolumn single-internal-gutter\"><div class=\"uncol style-light\"  ><div class=\"uncoltable\"><div class=\"uncell  boomapps_vccolumn no-block-padding\" ><div class=\"uncont\" ><div class=\"vc_custom_heading_wrap \"><div class=\"heading-text el-text\" ><h1 class=\"h1 text-color-xsdn-color\" ><span>PROGRAMMA SABATO 30 NOVEMBRE 2024<\/span><\/h1><\/div><div class=\"clear\"><\/div><\/div><\/div><\/div><\/div><\/div><\/div><script id=\"script-row-unique-3\" data-row=\"script-row-unique-3\" type=\"text\/javascript\" class=\"vc_controls\">UNCODE.initRow(document.getElementById(\"row-unique-3\"));<\/script><\/div><\/div><\/div><div data-parent=\"true\" class=\"vc_row has-bg need-focus style-color-lxmt-bg row-container boomapps_vcrow\" id=\"row-unique-4\"><div class=\"row limit-width row-parent\"><div class=\"wpb_row row-inner\"><div class=\"wpb_column pos-top pos-center align_left column_parent col-lg-12 boomapps_vccolumn single-internal-gutter\"><div class=\"uncol style-light\"  ><div class=\"uncoltable\"><div class=\"uncell  boomapps_vccolumn no-block-padding\" ><div class=\"uncont\" ><div class=\"vc_custom_heading_wrap \"><div class=\"heading-text el-text\" ><h2 class=\"h2\" ><span>Eventi ad accesso libero e gratuito<br \/><\/span><span><span style=\"font-size: 10pt;\">(non necessitano di iscrizione)<\/span><\/span><\/h2><\/div><div class=\"clear\"><\/div><\/div><div class=\"vc_row row-internal row-container boomapps_vcrow\"><div class=\"row row-child\"><div class=\"wpb_row row-inner\"><div class=\"wpb_column pos-top pos-center align_left column_child col-lg-3 boomapps_vccolumn single-internal-gutter\"><div class=\"uncol style-light\" ><div class=\"uncoltable\"><div class=\"uncell  boomapps_vccolumn no-block-padding\" ><div class=\"uncont\" ><div class=\"uncode-single-media  text-left\"><div class=\"single-wrapper\" style=\"max-width: 100%;\"><div class=\"tmb tmb-light  tmb-media-first tmb-media-last tmb-content-overlay tmb-no-bg\"><div class=\"t-inside\"><div class=\"t-entry-visual\"><div class=\"t-entry-visual-tc\"><div class=\"uncode-single-media-wrapper\"><img decoding=\"async\" class=\"wp-image-22591\" src=\"https:\/\/www.pedagogia.it\/stripes\/wp-content\/uploads\/sites\/7\/2024\/11\/square_rev2-scaled.jpg\" width=\"2560\" height=\"2560\" alt=\"\" srcset=\"https:\/\/www.pedagogia.it\/stripes\/wp-content\/uploads\/sites\/7\/2024\/11\/square_rev2-scaled.jpg 2560w, https:\/\/www.pedagogia.it\/stripes\/wp-content\/uploads\/sites\/7\/2024\/11\/square_rev2-300x300.jpg 300w, https:\/\/www.pedagogia.it\/stripes\/wp-content\/uploads\/sites\/7\/2024\/11\/square_rev2-1024x1024.jpg 1024w, https:\/\/www.pedagogia.it\/stripes\/wp-content\/uploads\/sites\/7\/2024\/11\/square_rev2-150x150.jpg 150w, https:\/\/www.pedagogia.it\/stripes\/wp-content\/uploads\/sites\/7\/2024\/11\/square_rev2-768x768.jpg 768w, https:\/\/www.pedagogia.it\/stripes\/wp-content\/uploads\/sites\/7\/2024\/11\/square_rev2-400x400.jpg 400w, https:\/\/www.pedagogia.it\/stripes\/wp-content\/uploads\/sites\/7\/2024\/11\/square_rev2-1536x1536.jpg 1536w, https:\/\/www.pedagogia.it\/stripes\/wp-content\/uploads\/sites\/7\/2024\/11\/square_rev2-2048x2048.jpg 2048w, https:\/\/www.pedagogia.it\/stripes\/wp-content\/uploads\/sites\/7\/2024\/11\/square_rev2-350x350.jpg 350w, https:\/\/www.pedagogia.it\/stripes\/wp-content\/uploads\/sites\/7\/2024\/11\/square_rev2-348x348.jpg 348w, https:\/\/www.pedagogia.it\/stripes\/wp-content\/uploads\/sites\/7\/2024\/11\/square_rev2-600x600.jpg 600w, https:\/\/www.pedagogia.it\/stripes\/wp-content\/uploads\/sites\/7\/2024\/11\/square_rev2-100x100.jpg 100w, https:\/\/www.pedagogia.it\/stripes\/wp-content\/uploads\/sites\/7\/2024\/11\/square_rev2-60x60.jpg 60w, https:\/\/www.pedagogia.it\/stripes\/wp-content\/uploads\/sites\/7\/2024\/11\/square_rev2-90x90.jpg 90w\" sizes=\"(max-width: 2560px) 100vw, 2560px\" \/><\/div>\n\t\t\t\t\t<\/div>\n\t\t\t\t<\/div><\/div><\/div><\/div><\/div><\/div><\/div><\/div><\/div><\/div><div class=\"wpb_column pos-top pos-center align_left column_child col-lg-3 boomapps_vccolumn single-internal-gutter\"><div class=\"uncol style-light\" ><div class=\"uncoltable\"><div class=\"uncell  boomapps_vccolumn no-block-padding\" ><div class=\"uncont\" ><div class=\"uncode_text_column\" ><\/p>\n<h3 class=\"t-entry-title h6 title-scale\">STANZA IMMERSIVA \u201cRI-USAMI: fantasia e materiali si incontrano\u201d (0\/6 anni)<\/h3>\n<p><strong>SABATO 30 NOVEMBRE 2024<\/strong><br \/>\n<strong>Dalle 10.00 alle 12.30<br \/>\ne dalle 14.30 alle 17.00<\/strong><\/p>\n<p class=\"p3\">Materiali di recupero naturale e di riciclo che daranno la possibilit\u00e0 ai bambini e alle bambine di sperimentare per la creazione di tutto ci\u00f2 che la loro fantasia propone.<span class=\"Apple-converted-space\">\u00a0<\/span><\/p>\n<p class=\"p4\"><i>Di Deborah Raimondi ed educatrici Stripes Coop-Nidi comune di Legnano<\/i><\/p>\n<p>\n<\/div><\/div><\/div><\/div><\/div><\/div><div class=\"wpb_column pos-top pos-center align_left column_child col-lg-3 boomapps_vccolumn single-internal-gutter\"><div class=\"uncol style-light\" ><div class=\"uncoltable\"><div class=\"uncell  boomapps_vccolumn no-block-padding\" ><div class=\"uncont\" ><div class=\"uncode-single-media  text-left\"><div class=\"single-wrapper\" style=\"max-width: 100%;\"><div class=\"tmb tmb-light  tmb-media-first tmb-media-last tmb-content-overlay tmb-no-bg\"><div class=\"t-inside\"><div class=\"t-entry-visual\"><div class=\"t-entry-visual-tc\"><div class=\"uncode-single-media-wrapper\"><img decoding=\"async\" class=\"wp-image-22591\" src=\"https:\/\/www.pedagogia.it\/stripes\/wp-content\/uploads\/sites\/7\/2024\/11\/square_rev2-scaled.jpg\" width=\"2560\" height=\"2560\" alt=\"\" srcset=\"https:\/\/www.pedagogia.it\/stripes\/wp-content\/uploads\/sites\/7\/2024\/11\/square_rev2-scaled.jpg 2560w, https:\/\/www.pedagogia.it\/stripes\/wp-content\/uploads\/sites\/7\/2024\/11\/square_rev2-300x300.jpg 300w, https:\/\/www.pedagogia.it\/stripes\/wp-content\/uploads\/sites\/7\/2024\/11\/square_rev2-1024x1024.jpg 1024w, https:\/\/www.pedagogia.it\/stripes\/wp-content\/uploads\/sites\/7\/2024\/11\/square_rev2-150x150.jpg 150w, https:\/\/www.pedagogia.it\/stripes\/wp-content\/uploads\/sites\/7\/2024\/11\/square_rev2-768x768.jpg 768w, https:\/\/www.pedagogia.it\/stripes\/wp-content\/uploads\/sites\/7\/2024\/11\/square_rev2-400x400.jpg 400w, https:\/\/www.pedagogia.it\/stripes\/wp-content\/uploads\/sites\/7\/2024\/11\/square_rev2-1536x1536.jpg 1536w, https:\/\/www.pedagogia.it\/stripes\/wp-content\/uploads\/sites\/7\/2024\/11\/square_rev2-2048x2048.jpg 2048w, https:\/\/www.pedagogia.it\/stripes\/wp-content\/uploads\/sites\/7\/2024\/11\/square_rev2-350x350.jpg 350w, https:\/\/www.pedagogia.it\/stripes\/wp-content\/uploads\/sites\/7\/2024\/11\/square_rev2-348x348.jpg 348w, https:\/\/www.pedagogia.it\/stripes\/wp-content\/uploads\/sites\/7\/2024\/11\/square_rev2-600x600.jpg 600w, https:\/\/www.pedagogia.it\/stripes\/wp-content\/uploads\/sites\/7\/2024\/11\/square_rev2-100x100.jpg 100w, https:\/\/www.pedagogia.it\/stripes\/wp-content\/uploads\/sites\/7\/2024\/11\/square_rev2-60x60.jpg 60w, https:\/\/www.pedagogia.it\/stripes\/wp-content\/uploads\/sites\/7\/2024\/11\/square_rev2-90x90.jpg 90w\" sizes=\"(max-width: 2560px) 100vw, 2560px\" \/><\/div>\n\t\t\t\t\t<\/div>\n\t\t\t\t<\/div><\/div><\/div><\/div><\/div><\/div><\/div><\/div><\/div><\/div><div class=\"wpb_column pos-top pos-center align_left column_child col-lg-3 boomapps_vccolumn single-internal-gutter\"><div class=\"uncol style-light\" ><div class=\"uncoltable\"><div class=\"uncell  boomapps_vccolumn no-block-padding\" ><div class=\"uncont\" ><div class=\"uncode_text_column\" ><\/p>\n<h3 class=\"t-entry-title h6 title-scale\">OFFICINA CLANDESTINA GIOCHI (0-99 anni)<\/h3>\n<p><strong>SABATO 30 NOVEMBRE 2024<\/strong><br \/>\n<strong>Dalle 10.00 alle 12.30<br \/>\ne dalle 14.30 alle 17.00<\/strong><\/p>\n<p class=\"p1\">Uno spazio allestito con giochi costruiti artigianalmente con legno riciclato che danno nuova vita al materiale di scarto. Un\u2019esplorazione divertente per adulti e bambini di ogni et\u00e0.<\/p>\n<p class=\"p1\"><span class=\"s1\"><i>A cura di Officina Clandestina<\/i><\/span><\/p>\n<p>\n<\/div><\/div><\/div><\/div><\/div><\/div><\/div><\/div><\/div><\/div><\/div><\/div><\/div><\/div><script id=\"script-row-unique-4\" data-row=\"script-row-unique-4\" type=\"text\/javascript\" class=\"vc_controls\">UNCODE.initRow(document.getElementById(\"row-unique-4\"));<\/script><\/div><\/div><\/div><div data-parent=\"true\" class=\"vc_row row-container boomapps_vcrow\" id=\"row-unique-5\"><div class=\"row unequal limit-width row-parent\"><div class=\"wpb_row row-inner\"><div class=\"wpb_column pos-top pos-center align_left column_parent col-lg-12 boomapps_vccolumn single-internal-gutter\"><div class=\"uncol style-light\"  ><div class=\"uncoltable\"><div class=\"uncell  boomapps_vccolumn no-block-padding\" ><div class=\"uncont\" ><div class=\"vc_custom_heading_wrap \"><div class=\"heading-text el-text\" ><h2 class=\"h2\" ><span>Laboratori gratuiti<\/span><\/h2><\/div><div class=\"clear\"><\/div><\/div><div id=\"index-100162\" class=\"cssgrid-system cssgrid-general-light grid-general-light cssgrid-127284\" >\n\t\t\t\n\t\t\t\t\t\t\t\t\t\t\t\t\t\t<div class=\"cssgrid-wrapper grid-wrapper cssgrid-single-gutter\" >\t\t\t\t\t\t\t\t\t\t\t\t<div class=\"cssgrid-container grid-container cssgrid-layout cssgrid-pagination grid-pagination\" >\t\t\t<div class=\"tmb tmb-woocommerce enhanced-atc atc-typography-inherit tmb-grid tmb-iso-h4 tmb-light tmb-overlay-text-anim tmb-overlay-anim tmb-content-left tmb-image-anim tmb-bordered  grid-cat-483 tmb-id-22601 tmb-content-under tmb-media-first tmb-no-bg\" ><div class=\"t-inside no-anim\" ><div class=\"t-entry-visual\"><div class=\"t-entry-visual-tc\"><div class=\"t-entry-visual-cont\"><div class=\"dummy\" style=\"padding-top: 100%;\"><\/div><a role=\"button\" tabindex=\"-1\" href=\"https:\/\/www.pedagogia.it\/stripes\/prodotto\/musica-in-culla-0-3-anni\/\" class=\"pushed\" target=\"_self\" data-lb-index=\"0\"><div class=\"t-entry-visual-overlay\"><div class=\"t-entry-visual-overlay-in style-dark-bg\" style=\"opacity: 0.5;\"><\/div><\/div><img decoding=\"async\" class=\"wp-image-22591\" src=\"https:\/\/www.pedagogia.it\/stripes\/wp-content\/uploads\/sites\/7\/2024\/11\/square_rev2-scaled.jpg\" width=\"2560\" height=\"2560\" alt=\"\" srcset=\"https:\/\/www.pedagogia.it\/stripes\/wp-content\/uploads\/sites\/7\/2024\/11\/square_rev2-scaled.jpg 2560w, https:\/\/www.pedagogia.it\/stripes\/wp-content\/uploads\/sites\/7\/2024\/11\/square_rev2-300x300.jpg 300w, https:\/\/www.pedagogia.it\/stripes\/wp-content\/uploads\/sites\/7\/2024\/11\/square_rev2-1024x1024.jpg 1024w, https:\/\/www.pedagogia.it\/stripes\/wp-content\/uploads\/sites\/7\/2024\/11\/square_rev2-150x150.jpg 150w, https:\/\/www.pedagogia.it\/stripes\/wp-content\/uploads\/sites\/7\/2024\/11\/square_rev2-768x768.jpg 768w, https:\/\/www.pedagogia.it\/stripes\/wp-content\/uploads\/sites\/7\/2024\/11\/square_rev2-400x400.jpg 400w, https:\/\/www.pedagogia.it\/stripes\/wp-content\/uploads\/sites\/7\/2024\/11\/square_rev2-1536x1536.jpg 1536w, https:\/\/www.pedagogia.it\/stripes\/wp-content\/uploads\/sites\/7\/2024\/11\/square_rev2-2048x2048.jpg 2048w, https:\/\/www.pedagogia.it\/stripes\/wp-content\/uploads\/sites\/7\/2024\/11\/square_rev2-350x350.jpg 350w, https:\/\/www.pedagogia.it\/stripes\/wp-content\/uploads\/sites\/7\/2024\/11\/square_rev2-348x348.jpg 348w, https:\/\/www.pedagogia.it\/stripes\/wp-content\/uploads\/sites\/7\/2024\/11\/square_rev2-600x600.jpg 600w, https:\/\/www.pedagogia.it\/stripes\/wp-content\/uploads\/sites\/7\/2024\/11\/square_rev2-100x100.jpg 100w, https:\/\/www.pedagogia.it\/stripes\/wp-content\/uploads\/sites\/7\/2024\/11\/square_rev2-60x60.jpg 60w, https:\/\/www.pedagogia.it\/stripes\/wp-content\/uploads\/sites\/7\/2024\/11\/square_rev2-90x90.jpg 90w\" sizes=\"(max-width: 2560px) 100vw, 2560px\" \/><\/a><div class=\"add-to-cart-overlay\"><a href=\"https:\/\/www.pedagogia.it\/stripes\/prodotto\/musica-in-culla-0-3-anni\/\" aria-describedby=\"woocommerce_loop_add_to_cart_link_describedby_22601\" data-quantity=\"1\" class=\"product_type_simple product_button_loop\" data-product_id=\"22601\" data-product_sku=\"\" aria-label=\"Leggi di pi\u00f9 su &quot;MUSICA IN CULLA (0\/3 anni)&quot;\" rel=\"nofollow\" data-success_message=\"\"><span class=\"add_to_cart_text\">Leggi tutto<\/span><span class=\"view-cart added_to_cart\"><\/span><\/a>\n\t<span id=\"woocommerce_loop_add_to_cart_link_describedby_22601\" class=\"screen-reader-text\">\n\t\t\t<\/span>\n<\/div><\/div>\n\t\t\t\t\t<\/div>\n\t\t\t\t<\/div><div class=\"t-entry-text\">\n\t\t\t\t\t\t\t\t\t<div class=\"t-entry-text-tc single-block-padding\"><div class=\"t-entry\"><h3 class=\"t-entry-title h6 title-scale \"><a href=\"https:\/\/www.pedagogia.it\/stripes\/prodotto\/musica-in-culla-0-3-anni\/\" target=\"_self\">MUSICA IN CULLA (0\/3 anni)<\/a><\/h3><p>SABATO 30 NOVEMBRE 2024<br \/>\ndalle 10.00 alle 11.00<\/p>\n<p class=\"p1\"><span class=\"s1\">Alla scoperta della musica per stimolare lo sviluppo dei bimbi fin dalla pi\u00f9 tenera et\u00e0 e rafforzare il legame famigliare in un momento di condivisione unico.<span class=\"Apple-converted-space\">\u00a0<\/span><\/span><\/p>\n<p class=\"p2\"><i>Di Arianna Ravera, educatrice Stripes diplomata al Conservatorio<\/i><\/p>\n<\/div><\/div>\n\t\t\t\t\t\t\t<\/div><\/div><\/div><div class=\"tmb tmb-woocommerce enhanced-atc atc-typography-inherit tmb-grid tmb-iso-h4 tmb-light tmb-overlay-text-anim tmb-overlay-anim tmb-content-left tmb-image-anim tmb-bordered  grid-cat-483 tmb-id-22602 tmb-content-under tmb-media-first tmb-no-bg\" ><div class=\"t-inside no-anim\" ><div class=\"t-entry-visual\"><div class=\"t-entry-visual-tc\"><div class=\"t-entry-visual-cont\"><div class=\"dummy\" style=\"padding-top: 100%;\"><\/div><a role=\"button\" tabindex=\"-1\" href=\"https:\/\/www.pedagogia.it\/stripes\/prodotto\/re-e-regine-alla-corte-3-6-anni\/\" class=\"pushed\" target=\"_self\" data-lb-index=\"1\"><div class=\"t-entry-visual-overlay\"><div class=\"t-entry-visual-overlay-in style-dark-bg\" style=\"opacity: 0.5;\"><\/div><\/div><img decoding=\"async\" class=\"wp-image-22591\" src=\"https:\/\/www.pedagogia.it\/stripes\/wp-content\/uploads\/sites\/7\/2024\/11\/square_rev2-scaled.jpg\" width=\"2560\" height=\"2560\" alt=\"\" srcset=\"https:\/\/www.pedagogia.it\/stripes\/wp-content\/uploads\/sites\/7\/2024\/11\/square_rev2-scaled.jpg 2560w, https:\/\/www.pedagogia.it\/stripes\/wp-content\/uploads\/sites\/7\/2024\/11\/square_rev2-300x300.jpg 300w, https:\/\/www.pedagogia.it\/stripes\/wp-content\/uploads\/sites\/7\/2024\/11\/square_rev2-1024x1024.jpg 1024w, https:\/\/www.pedagogia.it\/stripes\/wp-content\/uploads\/sites\/7\/2024\/11\/square_rev2-150x150.jpg 150w, https:\/\/www.pedagogia.it\/stripes\/wp-content\/uploads\/sites\/7\/2024\/11\/square_rev2-768x768.jpg 768w, https:\/\/www.pedagogia.it\/stripes\/wp-content\/uploads\/sites\/7\/2024\/11\/square_rev2-400x400.jpg 400w, https:\/\/www.pedagogia.it\/stripes\/wp-content\/uploads\/sites\/7\/2024\/11\/square_rev2-1536x1536.jpg 1536w, https:\/\/www.pedagogia.it\/stripes\/wp-content\/uploads\/sites\/7\/2024\/11\/square_rev2-2048x2048.jpg 2048w, https:\/\/www.pedagogia.it\/stripes\/wp-content\/uploads\/sites\/7\/2024\/11\/square_rev2-350x350.jpg 350w, https:\/\/www.pedagogia.it\/stripes\/wp-content\/uploads\/sites\/7\/2024\/11\/square_rev2-348x348.jpg 348w, https:\/\/www.pedagogia.it\/stripes\/wp-content\/uploads\/sites\/7\/2024\/11\/square_rev2-600x600.jpg 600w, https:\/\/www.pedagogia.it\/stripes\/wp-content\/uploads\/sites\/7\/2024\/11\/square_rev2-100x100.jpg 100w, https:\/\/www.pedagogia.it\/stripes\/wp-content\/uploads\/sites\/7\/2024\/11\/square_rev2-60x60.jpg 60w, https:\/\/www.pedagogia.it\/stripes\/wp-content\/uploads\/sites\/7\/2024\/11\/square_rev2-90x90.jpg 90w\" sizes=\"(max-width: 2560px) 100vw, 2560px\" \/><\/a><div class=\"add-to-cart-overlay\"><a href=\"https:\/\/www.pedagogia.it\/stripes\/prodotto\/re-e-regine-alla-corte-3-6-anni\/\" aria-describedby=\"woocommerce_loop_add_to_cart_link_describedby_22602\" data-quantity=\"1\" class=\"product_type_simple product_button_loop\" data-product_id=\"22602\" data-product_sku=\"\" aria-label=\"Leggi di pi\u00f9 su &quot;RE E REGINE ALLA CORTE (3\/6 anni)&quot;\" rel=\"nofollow\" data-success_message=\"\"><span class=\"add_to_cart_text\">Leggi tutto<\/span><span class=\"view-cart added_to_cart\"><\/span><\/a>\n\t<span id=\"woocommerce_loop_add_to_cart_link_describedby_22602\" class=\"screen-reader-text\">\n\t\t\t<\/span>\n<\/div><\/div>\n\t\t\t\t\t<\/div>\n\t\t\t\t<\/div><div class=\"t-entry-text\">\n\t\t\t\t\t\t\t\t\t<div class=\"t-entry-text-tc single-block-padding\"><div class=\"t-entry\"><h3 class=\"t-entry-title h6 title-scale \"><a href=\"https:\/\/www.pedagogia.it\/stripes\/prodotto\/re-e-regine-alla-corte-3-6-anni\/\" target=\"_self\">RE E REGINE ALLA CORTE (3\/6 anni)<\/a><\/h3><p>SABATO 30 NOVEMBRE 2024<br \/>\ndalle 10.00 alle 11.00<\/p>\n<p class=\"p1\"><span class=\"s1\">Creazione di corone con cartoncini e altri materiali.<br \/>\n<\/span><i>Della dott.ssa Giulia Tremolada, archeologa Stripes Coop- Museo Civico G. Sutermeister di Legnano<\/i><\/p>\n<\/div><\/div>\n\t\t\t\t\t\t\t<\/div><\/div><\/div><div class=\"tmb tmb-woocommerce enhanced-atc atc-typography-inherit tmb-grid tmb-iso-h4 tmb-light tmb-overlay-text-anim tmb-overlay-anim tmb-content-left tmb-image-anim tmb-bordered  grid-cat-483 tmb-id-22603 tmb-content-under tmb-media-first tmb-no-bg\" ><div class=\"t-inside no-anim\" ><div class=\"t-entry-visual\"><div class=\"t-entry-visual-tc\"><div class=\"t-entry-visual-cont\"><div class=\"dummy\" style=\"padding-top: 100%;\"><\/div><a role=\"button\" tabindex=\"-1\" href=\"https:\/\/www.pedagogia.it\/stripes\/prodotto\/lisola-delle-lucciole-3-6-anni\/\" class=\"pushed\" target=\"_self\" data-lb-index=\"2\"><div class=\"t-entry-visual-overlay\"><div class=\"t-entry-visual-overlay-in style-dark-bg\" style=\"opacity: 0.5;\"><\/div><\/div><img decoding=\"async\" class=\"wp-image-22591\" src=\"https:\/\/www.pedagogia.it\/stripes\/wp-content\/uploads\/sites\/7\/2024\/11\/square_rev2-scaled.jpg\" width=\"2560\" height=\"2560\" alt=\"\" srcset=\"https:\/\/www.pedagogia.it\/stripes\/wp-content\/uploads\/sites\/7\/2024\/11\/square_rev2-scaled.jpg 2560w, https:\/\/www.pedagogia.it\/stripes\/wp-content\/uploads\/sites\/7\/2024\/11\/square_rev2-300x300.jpg 300w, https:\/\/www.pedagogia.it\/stripes\/wp-content\/uploads\/sites\/7\/2024\/11\/square_rev2-1024x1024.jpg 1024w, https:\/\/www.pedagogia.it\/stripes\/wp-content\/uploads\/sites\/7\/2024\/11\/square_rev2-150x150.jpg 150w, https:\/\/www.pedagogia.it\/stripes\/wp-content\/uploads\/sites\/7\/2024\/11\/square_rev2-768x768.jpg 768w, https:\/\/www.pedagogia.it\/stripes\/wp-content\/uploads\/sites\/7\/2024\/11\/square_rev2-400x400.jpg 400w, https:\/\/www.pedagogia.it\/stripes\/wp-content\/uploads\/sites\/7\/2024\/11\/square_rev2-1536x1536.jpg 1536w, https:\/\/www.pedagogia.it\/stripes\/wp-content\/uploads\/sites\/7\/2024\/11\/square_rev2-2048x2048.jpg 2048w, https:\/\/www.pedagogia.it\/stripes\/wp-content\/uploads\/sites\/7\/2024\/11\/square_rev2-350x350.jpg 350w, https:\/\/www.pedagogia.it\/stripes\/wp-content\/uploads\/sites\/7\/2024\/11\/square_rev2-348x348.jpg 348w, https:\/\/www.pedagogia.it\/stripes\/wp-content\/uploads\/sites\/7\/2024\/11\/square_rev2-600x600.jpg 600w, https:\/\/www.pedagogia.it\/stripes\/wp-content\/uploads\/sites\/7\/2024\/11\/square_rev2-100x100.jpg 100w, https:\/\/www.pedagogia.it\/stripes\/wp-content\/uploads\/sites\/7\/2024\/11\/square_rev2-60x60.jpg 60w, https:\/\/www.pedagogia.it\/stripes\/wp-content\/uploads\/sites\/7\/2024\/11\/square_rev2-90x90.jpg 90w\" sizes=\"(max-width: 2560px) 100vw, 2560px\" \/><\/a><div class=\"add-to-cart-overlay\"><a href=\"https:\/\/www.pedagogia.it\/stripes\/prodotto\/lisola-delle-lucciole-3-6-anni\/\" aria-describedby=\"woocommerce_loop_add_to_cart_link_describedby_22603\" data-quantity=\"1\" class=\"product_type_simple product_button_loop\" data-product_id=\"22603\" data-product_sku=\"\" aria-label=\"Leggi di pi\u00f9 su &quot;L\u2019ISOLA DELLE LUCCIOLE (3\/6 anni)&quot;\" rel=\"nofollow\" data-success_message=\"\"><span class=\"add_to_cart_text\">Leggi tutto<\/span><span class=\"view-cart added_to_cart\"><\/span><\/a>\n\t<span id=\"woocommerce_loop_add_to_cart_link_describedby_22603\" class=\"screen-reader-text\">\n\t\t\t<\/span>\n<\/div><\/div>\n\t\t\t\t\t<\/div>\n\t\t\t\t<\/div><div class=\"t-entry-text\">\n\t\t\t\t\t\t\t\t\t<div class=\"t-entry-text-tc single-block-padding\"><div class=\"t-entry\"><h3 class=\"t-entry-title h6 title-scale \"><a href=\"https:\/\/www.pedagogia.it\/stripes\/prodotto\/lisola-delle-lucciole-3-6-anni\/\" target=\"_self\">L\u2019ISOLA DELLE LUCCIOLE (3\/6 anni)<\/a><\/h3><p>SABATO 30 NOVEMBRE 2024<br \/>\ndalle 10.00 alle 11.00<\/p>\n<p class=\"p1\">Spettacolo condotto alla maniera degli antichi cantastorie con illustrazioni e sagome dipinte come personaggi. Con la partecipazione attiva dei bambini. Una tappa del progetto ScenAmbiente, con il sostegno della Fondazione Ticino Olona e del Comune di Legnano.<br \/>\n<i>ScenAperta in collaborazione con Ditta Gioco Fiaba<\/i><\/p>\n<\/div><\/div>\n\t\t\t\t\t\t\t<\/div><\/div><\/div><div class=\"tmb tmb-woocommerce enhanced-atc atc-typography-inherit tmb-grid tmb-iso-h4 tmb-light tmb-overlay-text-anim tmb-overlay-anim tmb-content-left tmb-image-anim tmb-bordered  grid-cat-483 tmb-id-22604 tmb-content-under tmb-media-first tmb-no-bg\" ><div class=\"t-inside no-anim\" ><div class=\"t-entry-visual\"><div class=\"t-entry-visual-tc\"><div class=\"t-entry-visual-cont\"><div class=\"dummy\" style=\"padding-top: 100%;\"><\/div><a role=\"button\" tabindex=\"-1\" href=\"https:\/\/www.pedagogia.it\/stripes\/prodotto\/musichiamo-il-diritto-di-far-rumore-0-3-anni\/\" class=\"pushed\" target=\"_self\" data-lb-index=\"3\"><div class=\"t-entry-visual-overlay\"><div class=\"t-entry-visual-overlay-in style-dark-bg\" style=\"opacity: 0.5;\"><\/div><\/div><img decoding=\"async\" class=\"wp-image-22591\" src=\"https:\/\/www.pedagogia.it\/stripes\/wp-content\/uploads\/sites\/7\/2024\/11\/square_rev2-scaled.jpg\" width=\"2560\" height=\"2560\" alt=\"\" srcset=\"https:\/\/www.pedagogia.it\/stripes\/wp-content\/uploads\/sites\/7\/2024\/11\/square_rev2-scaled.jpg 2560w, https:\/\/www.pedagogia.it\/stripes\/wp-content\/uploads\/sites\/7\/2024\/11\/square_rev2-300x300.jpg 300w, https:\/\/www.pedagogia.it\/stripes\/wp-content\/uploads\/sites\/7\/2024\/11\/square_rev2-1024x1024.jpg 1024w, https:\/\/www.pedagogia.it\/stripes\/wp-content\/uploads\/sites\/7\/2024\/11\/square_rev2-150x150.jpg 150w, https:\/\/www.pedagogia.it\/stripes\/wp-content\/uploads\/sites\/7\/2024\/11\/square_rev2-768x768.jpg 768w, https:\/\/www.pedagogia.it\/stripes\/wp-content\/uploads\/sites\/7\/2024\/11\/square_rev2-400x400.jpg 400w, https:\/\/www.pedagogia.it\/stripes\/wp-content\/uploads\/sites\/7\/2024\/11\/square_rev2-1536x1536.jpg 1536w, https:\/\/www.pedagogia.it\/stripes\/wp-content\/uploads\/sites\/7\/2024\/11\/square_rev2-2048x2048.jpg 2048w, https:\/\/www.pedagogia.it\/stripes\/wp-content\/uploads\/sites\/7\/2024\/11\/square_rev2-350x350.jpg 350w, https:\/\/www.pedagogia.it\/stripes\/wp-content\/uploads\/sites\/7\/2024\/11\/square_rev2-348x348.jpg 348w, https:\/\/www.pedagogia.it\/stripes\/wp-content\/uploads\/sites\/7\/2024\/11\/square_rev2-600x600.jpg 600w, https:\/\/www.pedagogia.it\/stripes\/wp-content\/uploads\/sites\/7\/2024\/11\/square_rev2-100x100.jpg 100w, https:\/\/www.pedagogia.it\/stripes\/wp-content\/uploads\/sites\/7\/2024\/11\/square_rev2-60x60.jpg 60w, https:\/\/www.pedagogia.it\/stripes\/wp-content\/uploads\/sites\/7\/2024\/11\/square_rev2-90x90.jpg 90w\" sizes=\"(max-width: 2560px) 100vw, 2560px\" \/><\/a><div class=\"add-to-cart-overlay\"><a href=\"https:\/\/www.pedagogia.it\/stripes\/prodotto\/musichiamo-il-diritto-di-far-rumore-0-3-anni\/\" aria-describedby=\"woocommerce_loop_add_to_cart_link_describedby_22604\" data-quantity=\"1\" class=\"product_type_simple product_button_loop\" data-product_id=\"22604\" data-product_sku=\"\" aria-label=\"Leggi di pi\u00f9 su &quot;MUSICHIAMO: il diritto di far rumore (0\/3 anni)&quot;\" rel=\"nofollow\" data-success_message=\"\"><span class=\"add_to_cart_text\">Leggi tutto<\/span><span class=\"view-cart added_to_cart\"><\/span><\/a>\n\t<span id=\"woocommerce_loop_add_to_cart_link_describedby_22604\" class=\"screen-reader-text\">\n\t\t\t<\/span>\n<\/div><\/div>\n\t\t\t\t\t<\/div>\n\t\t\t\t<\/div><div class=\"t-entry-text\">\n\t\t\t\t\t\t\t\t\t<div class=\"t-entry-text-tc single-block-padding\"><div class=\"t-entry\"><h3 class=\"t-entry-title h6 title-scale \"><a href=\"https:\/\/www.pedagogia.it\/stripes\/prodotto\/musichiamo-il-diritto-di-far-rumore-0-3-anni\/\" target=\"_self\">MUSICHIAMO: il diritto di far rumore (0\/3 anni)<\/a><\/h3><p>SABATO 30 NOVEMBRE 2024<br \/>\ndalle 11.30 alle 12.30<\/p>\n<p class=\"p1\"><span class=\"s1\">Alla scoperta dei diversi strumenti a percussione per realizzare un\u2019orchestra che suona insieme.<\/span><span class=\"s2\"><i><br \/>\nDi Arianna Ravera, educatrice Stripes diplomata al Conservatorio<\/i><\/span><\/p>\n<\/div><\/div>\n\t\t\t\t\t\t\t<\/div><\/div><\/div><div class=\"tmb tmb-woocommerce enhanced-atc atc-typography-inherit tmb-grid tmb-iso-h4 tmb-light tmb-overlay-text-anim tmb-overlay-anim tmb-content-left tmb-image-anim tmb-bordered  grid-cat-483 tmb-id-22606 tmb-content-under tmb-media-first tmb-no-bg\" ><div class=\"t-inside no-anim\" ><div class=\"t-entry-visual\"><div class=\"t-entry-visual-tc\"><div class=\"t-entry-visual-cont\"><div class=\"dummy\" style=\"padding-top: 100%;\"><\/div><a role=\"button\" tabindex=\"-1\" href=\"https:\/\/www.pedagogia.it\/stripes\/prodotto\/il-cielo-e-di-tutti-3-6-anni\/\" class=\"pushed\" target=\"_self\" data-lb-index=\"4\"><div class=\"t-entry-visual-overlay\"><div class=\"t-entry-visual-overlay-in style-dark-bg\" style=\"opacity: 0.5;\"><\/div><\/div><img decoding=\"async\" class=\"wp-image-22591\" src=\"https:\/\/www.pedagogia.it\/stripes\/wp-content\/uploads\/sites\/7\/2024\/11\/square_rev2-scaled.jpg\" width=\"2560\" height=\"2560\" alt=\"\" srcset=\"https:\/\/www.pedagogia.it\/stripes\/wp-content\/uploads\/sites\/7\/2024\/11\/square_rev2-scaled.jpg 2560w, https:\/\/www.pedagogia.it\/stripes\/wp-content\/uploads\/sites\/7\/2024\/11\/square_rev2-300x300.jpg 300w, https:\/\/www.pedagogia.it\/stripes\/wp-content\/uploads\/sites\/7\/2024\/11\/square_rev2-1024x1024.jpg 1024w, https:\/\/www.pedagogia.it\/stripes\/wp-content\/uploads\/sites\/7\/2024\/11\/square_rev2-150x150.jpg 150w, https:\/\/www.pedagogia.it\/stripes\/wp-content\/uploads\/sites\/7\/2024\/11\/square_rev2-768x768.jpg 768w, https:\/\/www.pedagogia.it\/stripes\/wp-content\/uploads\/sites\/7\/2024\/11\/square_rev2-400x400.jpg 400w, https:\/\/www.pedagogia.it\/stripes\/wp-content\/uploads\/sites\/7\/2024\/11\/square_rev2-1536x1536.jpg 1536w, https:\/\/www.pedagogia.it\/stripes\/wp-content\/uploads\/sites\/7\/2024\/11\/square_rev2-2048x2048.jpg 2048w, https:\/\/www.pedagogia.it\/stripes\/wp-content\/uploads\/sites\/7\/2024\/11\/square_rev2-350x350.jpg 350w, https:\/\/www.pedagogia.it\/stripes\/wp-content\/uploads\/sites\/7\/2024\/11\/square_rev2-348x348.jpg 348w, https:\/\/www.pedagogia.it\/stripes\/wp-content\/uploads\/sites\/7\/2024\/11\/square_rev2-600x600.jpg 600w, https:\/\/www.pedagogia.it\/stripes\/wp-content\/uploads\/sites\/7\/2024\/11\/square_rev2-100x100.jpg 100w, https:\/\/www.pedagogia.it\/stripes\/wp-content\/uploads\/sites\/7\/2024\/11\/square_rev2-60x60.jpg 60w, https:\/\/www.pedagogia.it\/stripes\/wp-content\/uploads\/sites\/7\/2024\/11\/square_rev2-90x90.jpg 90w\" sizes=\"(max-width: 2560px) 100vw, 2560px\" \/><\/a><div class=\"add-to-cart-overlay\"><a href=\"https:\/\/www.pedagogia.it\/stripes\/prodotto\/il-cielo-e-di-tutti-3-6-anni\/\" aria-describedby=\"woocommerce_loop_add_to_cart_link_describedby_22606\" data-quantity=\"1\" class=\"product_type_simple product_button_loop\" data-product_id=\"22606\" data-product_sku=\"\" aria-label=\"Leggi di pi\u00f9 su &quot;IL CIELO E\u2019 DI TUTTI (3\/6 anni)&quot;\" rel=\"nofollow\" data-success_message=\"\"><span class=\"add_to_cart_text\">Leggi tutto<\/span><span class=\"view-cart added_to_cart\"><\/span><\/a>\n\t<span id=\"woocommerce_loop_add_to_cart_link_describedby_22606\" class=\"screen-reader-text\">\n\t\t\t<\/span>\n<\/div><\/div>\n\t\t\t\t\t<\/div>\n\t\t\t\t<\/div><div class=\"t-entry-text\">\n\t\t\t\t\t\t\t\t\t<div class=\"t-entry-text-tc single-block-padding\"><div class=\"t-entry\"><h3 class=\"t-entry-title h6 title-scale \"><a href=\"https:\/\/www.pedagogia.it\/stripes\/prodotto\/il-cielo-e-di-tutti-3-6-anni\/\" target=\"_self\">IL CIELO E\u2019 DI TUTTI (3\/6 anni)<\/a><\/h3><p>SABATO 30 NOVEMBRE 2024<br \/>\ndalle 11.30 alle 12.30<\/p>\n<p class=\"p1\">Laboratorio sulle nuvole alla maniera di Magritte. La magia del cielo e della carta, in un\u2019esperienza tra arte, fantasia e manipolazione.<span class=\"Apple-converted-space\"><br \/>\n<\/span><span class=\"s1\"><i>A cura delle docenti della scuola dell\u2019infanzia Collodi ICS Via dei Salici, Legnano<\/i><\/span><\/p>\n<\/div><\/div>\n\t\t\t\t\t\t\t<\/div><\/div><\/div><div class=\"tmb tmb-woocommerce enhanced-atc atc-typography-inherit tmb-grid tmb-iso-h4 tmb-light tmb-overlay-text-anim tmb-overlay-anim tmb-content-left tmb-image-anim tmb-bordered  grid-cat-483 tmb-id-22607 tmb-content-under tmb-media-first tmb-no-bg\" ><div class=\"t-inside no-anim\" ><div class=\"t-entry-visual\"><div class=\"t-entry-visual-tc\"><div class=\"t-entry-visual-cont\"><div class=\"dummy\" style=\"padding-top: 100%;\"><\/div><a role=\"button\" tabindex=\"-1\" href=\"https:\/\/www.pedagogia.it\/stripes\/prodotto\/laboratorio-di-introduzione-al-disegno-manga-6-anni\/\" class=\"pushed\" target=\"_self\" data-lb-index=\"5\"><div class=\"t-entry-visual-overlay\"><div class=\"t-entry-visual-overlay-in style-dark-bg\" style=\"opacity: 0.5;\"><\/div><\/div><img decoding=\"async\" class=\"wp-image-22591\" src=\"https:\/\/www.pedagogia.it\/stripes\/wp-content\/uploads\/sites\/7\/2024\/11\/square_rev2-scaled.jpg\" width=\"2560\" height=\"2560\" alt=\"\" srcset=\"https:\/\/www.pedagogia.it\/stripes\/wp-content\/uploads\/sites\/7\/2024\/11\/square_rev2-scaled.jpg 2560w, https:\/\/www.pedagogia.it\/stripes\/wp-content\/uploads\/sites\/7\/2024\/11\/square_rev2-300x300.jpg 300w, https:\/\/www.pedagogia.it\/stripes\/wp-content\/uploads\/sites\/7\/2024\/11\/square_rev2-1024x1024.jpg 1024w, https:\/\/www.pedagogia.it\/stripes\/wp-content\/uploads\/sites\/7\/2024\/11\/square_rev2-150x150.jpg 150w, https:\/\/www.pedagogia.it\/stripes\/wp-content\/uploads\/sites\/7\/2024\/11\/square_rev2-768x768.jpg 768w, https:\/\/www.pedagogia.it\/stripes\/wp-content\/uploads\/sites\/7\/2024\/11\/square_rev2-400x400.jpg 400w, https:\/\/www.pedagogia.it\/stripes\/wp-content\/uploads\/sites\/7\/2024\/11\/square_rev2-1536x1536.jpg 1536w, https:\/\/www.pedagogia.it\/stripes\/wp-content\/uploads\/sites\/7\/2024\/11\/square_rev2-2048x2048.jpg 2048w, https:\/\/www.pedagogia.it\/stripes\/wp-content\/uploads\/sites\/7\/2024\/11\/square_rev2-350x350.jpg 350w, https:\/\/www.pedagogia.it\/stripes\/wp-content\/uploads\/sites\/7\/2024\/11\/square_rev2-348x348.jpg 348w, https:\/\/www.pedagogia.it\/stripes\/wp-content\/uploads\/sites\/7\/2024\/11\/square_rev2-600x600.jpg 600w, https:\/\/www.pedagogia.it\/stripes\/wp-content\/uploads\/sites\/7\/2024\/11\/square_rev2-100x100.jpg 100w, https:\/\/www.pedagogia.it\/stripes\/wp-content\/uploads\/sites\/7\/2024\/11\/square_rev2-60x60.jpg 60w, https:\/\/www.pedagogia.it\/stripes\/wp-content\/uploads\/sites\/7\/2024\/11\/square_rev2-90x90.jpg 90w\" sizes=\"(max-width: 2560px) 100vw, 2560px\" \/><\/a><div class=\"add-to-cart-overlay\"><a href=\"https:\/\/www.pedagogia.it\/stripes\/prodotto\/laboratorio-di-introduzione-al-disegno-manga-6-anni\/\" aria-describedby=\"woocommerce_loop_add_to_cart_link_describedby_22607\" data-quantity=\"1\" class=\"product_type_simple product_button_loop\" data-product_id=\"22607\" data-product_sku=\"\" aria-label=\"Leggi di pi\u00f9 su &quot;LABORATORIO DI INTRODUZIONE AL DISEGNO MANGA (6+ anni)&quot;\" rel=\"nofollow\" data-success_message=\"\"><span class=\"add_to_cart_text\">Leggi tutto<\/span><span class=\"view-cart added_to_cart\"><\/span><\/a>\n\t<span id=\"woocommerce_loop_add_to_cart_link_describedby_22607\" class=\"screen-reader-text\">\n\t\t\t<\/span>\n<\/div><\/div>\n\t\t\t\t\t<\/div>\n\t\t\t\t<\/div><div class=\"t-entry-text\">\n\t\t\t\t\t\t\t\t\t<div class=\"t-entry-text-tc single-block-padding\"><div class=\"t-entry\"><h3 class=\"t-entry-title h6 title-scale \"><a href=\"https:\/\/www.pedagogia.it\/stripes\/prodotto\/laboratorio-di-introduzione-al-disegno-manga-6-anni\/\" target=\"_self\">LABORATORIO DI INTRODUZIONE AL DISEGNO MANGA (6+ anni)<\/a><\/h3><p>SABATO 30 NOVEMBRE 2024<br \/>\ndalle 11.30 alle 12.30<\/p>\n<p class=\"p1\"><span class=\"s1\">Laboratorio per introdurre al mondo del fumetto giapponese, con la presentazione di alcune tecniche per impostare la creazione di un volto e corpo in stile Manga. Sar\u00e0 allestito un bookcorner con i libri della Biblioteca, disponibili al prestito.<span class=\"Apple-converted-space\"><br \/>\n<\/span><\/span><i>Di Badr Hamse e Alessandra Infante Canchanya, illustratori e operatori del Servizio Civile della Biblioteca Civica di Legnano<\/i><\/p>\n<\/div><\/div>\n\t\t\t\t\t\t\t<\/div><\/div><\/div><div class=\"tmb tmb-woocommerce enhanced-atc atc-typography-inherit tmb-grid tmb-iso-h4 tmb-light tmb-overlay-text-anim tmb-overlay-anim tmb-content-left tmb-image-anim tmb-bordered  grid-cat-483 tmb-id-22608 tmb-content-under tmb-media-first tmb-no-bg\" ><div class=\"t-inside no-anim\" ><div class=\"t-entry-visual\"><div class=\"t-entry-visual-tc\"><div class=\"t-entry-visual-cont\"><div class=\"dummy\" style=\"padding-top: 100%;\"><\/div><a role=\"button\" tabindex=\"-1\" href=\"https:\/\/www.pedagogia.it\/stripes\/prodotto\/trasformazione-tra-forma-e-immaginazione-mamme-in-gravidanza-da-1-a-9-mesi\/\" class=\"pushed\" target=\"_self\" data-lb-index=\"6\"><div class=\"t-entry-visual-overlay\"><div class=\"t-entry-visual-overlay-in style-dark-bg\" style=\"opacity: 0.5;\"><\/div><\/div><img decoding=\"async\" class=\"wp-image-22591\" src=\"https:\/\/www.pedagogia.it\/stripes\/wp-content\/uploads\/sites\/7\/2024\/11\/square_rev2-scaled.jpg\" width=\"2560\" height=\"2560\" alt=\"\" srcset=\"https:\/\/www.pedagogia.it\/stripes\/wp-content\/uploads\/sites\/7\/2024\/11\/square_rev2-scaled.jpg 2560w, https:\/\/www.pedagogia.it\/stripes\/wp-content\/uploads\/sites\/7\/2024\/11\/square_rev2-300x300.jpg 300w, https:\/\/www.pedagogia.it\/stripes\/wp-content\/uploads\/sites\/7\/2024\/11\/square_rev2-1024x1024.jpg 1024w, https:\/\/www.pedagogia.it\/stripes\/wp-content\/uploads\/sites\/7\/2024\/11\/square_rev2-150x150.jpg 150w, https:\/\/www.pedagogia.it\/stripes\/wp-content\/uploads\/sites\/7\/2024\/11\/square_rev2-768x768.jpg 768w, https:\/\/www.pedagogia.it\/stripes\/wp-content\/uploads\/sites\/7\/2024\/11\/square_rev2-400x400.jpg 400w, https:\/\/www.pedagogia.it\/stripes\/wp-content\/uploads\/sites\/7\/2024\/11\/square_rev2-1536x1536.jpg 1536w, https:\/\/www.pedagogia.it\/stripes\/wp-content\/uploads\/sites\/7\/2024\/11\/square_rev2-2048x2048.jpg 2048w, https:\/\/www.pedagogia.it\/stripes\/wp-content\/uploads\/sites\/7\/2024\/11\/square_rev2-350x350.jpg 350w, https:\/\/www.pedagogia.it\/stripes\/wp-content\/uploads\/sites\/7\/2024\/11\/square_rev2-348x348.jpg 348w, https:\/\/www.pedagogia.it\/stripes\/wp-content\/uploads\/sites\/7\/2024\/11\/square_rev2-600x600.jpg 600w, https:\/\/www.pedagogia.it\/stripes\/wp-content\/uploads\/sites\/7\/2024\/11\/square_rev2-100x100.jpg 100w, https:\/\/www.pedagogia.it\/stripes\/wp-content\/uploads\/sites\/7\/2024\/11\/square_rev2-60x60.jpg 60w, https:\/\/www.pedagogia.it\/stripes\/wp-content\/uploads\/sites\/7\/2024\/11\/square_rev2-90x90.jpg 90w\" sizes=\"(max-width: 2560px) 100vw, 2560px\" \/><\/a><div class=\"add-to-cart-overlay\"><a href=\"https:\/\/www.pedagogia.it\/stripes\/prodotto\/trasformazione-tra-forma-e-immaginazione-mamme-in-gravidanza-da-1-a-9-mesi\/\" aria-describedby=\"woocommerce_loop_add_to_cart_link_describedby_22608\" data-quantity=\"1\" class=\"product_type_simple product_button_loop\" data-product_id=\"22608\" data-product_sku=\"\" aria-label=\"Leggi di pi\u00f9 su &quot;TRASFORMAZIONE, TRA FORMA E IMMAGINAZIONE (mamme in gravidanza da 1 a 9 mesi)&quot;\" rel=\"nofollow\" data-success_message=\"\"><span class=\"add_to_cart_text\">Leggi tutto<\/span><span class=\"view-cart added_to_cart\"><\/span><\/a>\n\t<span id=\"woocommerce_loop_add_to_cart_link_describedby_22608\" class=\"screen-reader-text\">\n\t\t\t<\/span>\n<\/div><\/div>\n\t\t\t\t\t<\/div>\n\t\t\t\t<\/div><div class=\"t-entry-text\">\n\t\t\t\t\t\t\t\t\t<div class=\"t-entry-text-tc single-block-padding\"><div class=\"t-entry\"><h3 class=\"t-entry-title h6 title-scale \"><a href=\"https:\/\/www.pedagogia.it\/stripes\/prodotto\/trasformazione-tra-forma-e-immaginazione-mamme-in-gravidanza-da-1-a-9-mesi\/\" target=\"_self\">TRASFORMAZIONE, TRA FORMA E IMMAGINAZIONE (mamme in gravidanza da 1 a 9 mesi)<\/a><\/h3><p>SABATO 30 NOVEMBRE 2024<br \/>\ndalle 14.30 alle 15.30<\/p>\n<p class=\"p1\"><span class=\"s1\">La lettura della storia poetica di un viaggio ci permetter\u00e0 di immergerci in un universo di forme e di sguardi che cambiano. Trasformiamo una striscia di cartoncino bianco in un piccolo libro in cui le forme cambiano e si trasformano<\/span>.<i><br \/>\n<\/i><span class=\"s2\"><i>Di Nicoletta Meloncelli, arteterapista Associazione spazio Ars<\/i><\/span><\/p>\n<\/div><\/div>\n\t\t\t\t\t\t\t<\/div><\/div><\/div><div class=\"tmb tmb-woocommerce enhanced-atc atc-typography-inherit tmb-grid tmb-iso-h4 tmb-light tmb-overlay-text-anim tmb-overlay-anim tmb-content-left tmb-image-anim tmb-bordered  grid-cat-483 tmb-id-22609 tmb-content-under tmb-media-first tmb-no-bg\" ><div class=\"t-inside no-anim\" ><div class=\"t-entry-visual\"><div class=\"t-entry-visual-tc\"><div class=\"t-entry-visual-cont\"><div class=\"dummy\" style=\"padding-top: 100%;\"><\/div><a role=\"button\" tabindex=\"-1\" href=\"https:\/\/www.pedagogia.it\/stripes\/prodotto\/e-piu-bello-insieme-3-6-anni\/\" class=\"pushed\" target=\"_self\" data-lb-index=\"7\"><div class=\"t-entry-visual-overlay\"><div class=\"t-entry-visual-overlay-in style-dark-bg\" style=\"opacity: 0.5;\"><\/div><\/div><img decoding=\"async\" class=\"wp-image-22591\" src=\"https:\/\/www.pedagogia.it\/stripes\/wp-content\/uploads\/sites\/7\/2024\/11\/square_rev2-scaled.jpg\" width=\"2560\" height=\"2560\" alt=\"\" srcset=\"https:\/\/www.pedagogia.it\/stripes\/wp-content\/uploads\/sites\/7\/2024\/11\/square_rev2-scaled.jpg 2560w, https:\/\/www.pedagogia.it\/stripes\/wp-content\/uploads\/sites\/7\/2024\/11\/square_rev2-300x300.jpg 300w, https:\/\/www.pedagogia.it\/stripes\/wp-content\/uploads\/sites\/7\/2024\/11\/square_rev2-1024x1024.jpg 1024w, https:\/\/www.pedagogia.it\/stripes\/wp-content\/uploads\/sites\/7\/2024\/11\/square_rev2-150x150.jpg 150w, https:\/\/www.pedagogia.it\/stripes\/wp-content\/uploads\/sites\/7\/2024\/11\/square_rev2-768x768.jpg 768w, https:\/\/www.pedagogia.it\/stripes\/wp-content\/uploads\/sites\/7\/2024\/11\/square_rev2-400x400.jpg 400w, https:\/\/www.pedagogia.it\/stripes\/wp-content\/uploads\/sites\/7\/2024\/11\/square_rev2-1536x1536.jpg 1536w, https:\/\/www.pedagogia.it\/stripes\/wp-content\/uploads\/sites\/7\/2024\/11\/square_rev2-2048x2048.jpg 2048w, https:\/\/www.pedagogia.it\/stripes\/wp-content\/uploads\/sites\/7\/2024\/11\/square_rev2-350x350.jpg 350w, https:\/\/www.pedagogia.it\/stripes\/wp-content\/uploads\/sites\/7\/2024\/11\/square_rev2-348x348.jpg 348w, https:\/\/www.pedagogia.it\/stripes\/wp-content\/uploads\/sites\/7\/2024\/11\/square_rev2-600x600.jpg 600w, https:\/\/www.pedagogia.it\/stripes\/wp-content\/uploads\/sites\/7\/2024\/11\/square_rev2-100x100.jpg 100w, https:\/\/www.pedagogia.it\/stripes\/wp-content\/uploads\/sites\/7\/2024\/11\/square_rev2-60x60.jpg 60w, https:\/\/www.pedagogia.it\/stripes\/wp-content\/uploads\/sites\/7\/2024\/11\/square_rev2-90x90.jpg 90w\" sizes=\"(max-width: 2560px) 100vw, 2560px\" \/><\/a><div class=\"add-to-cart-overlay\"><a href=\"https:\/\/www.pedagogia.it\/stripes\/prodotto\/e-piu-bello-insieme-3-6-anni\/\" aria-describedby=\"woocommerce_loop_add_to_cart_link_describedby_22609\" data-quantity=\"1\" class=\"product_type_simple product_button_loop\" data-product_id=\"22609\" data-product_sku=\"\" aria-label=\"Leggi di pi\u00f9 su &quot;E\u2019 PIU\u2019 BELLO INSIEME (3\/6 anni)&quot;\" rel=\"nofollow\" data-success_message=\"\"><span class=\"add_to_cart_text\">Leggi tutto<\/span><span class=\"view-cart added_to_cart\"><\/span><\/a>\n\t<span id=\"woocommerce_loop_add_to_cart_link_describedby_22609\" class=\"screen-reader-text\">\n\t\t\t<\/span>\n<\/div><\/div>\n\t\t\t\t\t<\/div>\n\t\t\t\t<\/div><div class=\"t-entry-text\">\n\t\t\t\t\t\t\t\t\t<div class=\"t-entry-text-tc single-block-padding\"><div class=\"t-entry\"><h3 class=\"t-entry-title h6 title-scale \"><a href=\"https:\/\/www.pedagogia.it\/stripes\/prodotto\/e-piu-bello-insieme-3-6-anni\/\" target=\"_self\">E\u2019 PIU\u2019 BELLO INSIEME (3\/6 anni)<\/a><\/h3><p>SABATO 30 NOVEMBRE 2024<br \/>\ndalle 14.30 alle 15.30<\/p>\n<p class=\"p1\">Laboratorio di robotica educativa a partire dall\u2019albo illustrato \u201cLa torta \u00e8 troppo in alto\u201d per scoprire come l\u2019unione fa la forza e ci consente di raggiungere traguardi difficili.<span class=\"Apple-converted-space\"><br \/>\n<\/span><i>Di Elisa Pigazzini e Martina Fumagalli, educatrici specializzate in coding e robotica educativa per l\u2019infanzia Stripes Digitus Lab<\/i><\/p>\n<\/div><\/div>\n\t\t\t\t\t\t\t<\/div><\/div><\/div><div class=\"tmb tmb-woocommerce enhanced-atc atc-typography-inherit tmb-grid tmb-iso-h4 tmb-light tmb-overlay-text-anim tmb-overlay-anim tmb-content-left tmb-image-anim tmb-bordered  grid-cat-483 tmb-id-22610 tmb-content-under tmb-media-first tmb-no-bg\" ><div class=\"t-inside no-anim\" ><div class=\"t-entry-visual\"><div class=\"t-entry-visual-tc\"><div class=\"t-entry-visual-cont\"><div class=\"dummy\" style=\"padding-top: 100%;\"><\/div><a role=\"button\" tabindex=\"-1\" href=\"https:\/\/www.pedagogia.it\/stripes\/prodotto\/giochi-sul-tavolo-6-anni\/\" class=\"pushed\" target=\"_self\" data-lb-index=\"8\"><div class=\"t-entry-visual-overlay\"><div class=\"t-entry-visual-overlay-in style-dark-bg\" style=\"opacity: 0.5;\"><\/div><\/div><img decoding=\"async\" class=\"wp-image-22591\" src=\"https:\/\/www.pedagogia.it\/stripes\/wp-content\/uploads\/sites\/7\/2024\/11\/square_rev2-scaled.jpg\" width=\"2560\" height=\"2560\" alt=\"\" srcset=\"https:\/\/www.pedagogia.it\/stripes\/wp-content\/uploads\/sites\/7\/2024\/11\/square_rev2-scaled.jpg 2560w, https:\/\/www.pedagogia.it\/stripes\/wp-content\/uploads\/sites\/7\/2024\/11\/square_rev2-300x300.jpg 300w, https:\/\/www.pedagogia.it\/stripes\/wp-content\/uploads\/sites\/7\/2024\/11\/square_rev2-1024x1024.jpg 1024w, https:\/\/www.pedagogia.it\/stripes\/wp-content\/uploads\/sites\/7\/2024\/11\/square_rev2-150x150.jpg 150w, https:\/\/www.pedagogia.it\/stripes\/wp-content\/uploads\/sites\/7\/2024\/11\/square_rev2-768x768.jpg 768w, https:\/\/www.pedagogia.it\/stripes\/wp-content\/uploads\/sites\/7\/2024\/11\/square_rev2-400x400.jpg 400w, https:\/\/www.pedagogia.it\/stripes\/wp-content\/uploads\/sites\/7\/2024\/11\/square_rev2-1536x1536.jpg 1536w, https:\/\/www.pedagogia.it\/stripes\/wp-content\/uploads\/sites\/7\/2024\/11\/square_rev2-2048x2048.jpg 2048w, https:\/\/www.pedagogia.it\/stripes\/wp-content\/uploads\/sites\/7\/2024\/11\/square_rev2-350x350.jpg 350w, https:\/\/www.pedagogia.it\/stripes\/wp-content\/uploads\/sites\/7\/2024\/11\/square_rev2-348x348.jpg 348w, https:\/\/www.pedagogia.it\/stripes\/wp-content\/uploads\/sites\/7\/2024\/11\/square_rev2-600x600.jpg 600w, https:\/\/www.pedagogia.it\/stripes\/wp-content\/uploads\/sites\/7\/2024\/11\/square_rev2-100x100.jpg 100w, https:\/\/www.pedagogia.it\/stripes\/wp-content\/uploads\/sites\/7\/2024\/11\/square_rev2-60x60.jpg 60w, https:\/\/www.pedagogia.it\/stripes\/wp-content\/uploads\/sites\/7\/2024\/11\/square_rev2-90x90.jpg 90w\" sizes=\"(max-width: 2560px) 100vw, 2560px\" \/><\/a><div class=\"add-to-cart-overlay\"><a href=\"https:\/\/www.pedagogia.it\/stripes\/prodotto\/giochi-sul-tavolo-6-anni\/\" aria-describedby=\"woocommerce_loop_add_to_cart_link_describedby_22610\" data-quantity=\"1\" class=\"product_type_simple product_button_loop\" data-product_id=\"22610\" data-product_sku=\"\" aria-label=\"Leggi di pi\u00f9 su &quot;GIOCHI SUL TAVOLO (6+ anni)&quot;\" rel=\"nofollow\" data-success_message=\"\"><span class=\"add_to_cart_text\">Leggi tutto<\/span><span class=\"view-cart added_to_cart\"><\/span><\/a>\n\t<span id=\"woocommerce_loop_add_to_cart_link_describedby_22610\" class=\"screen-reader-text\">\n\t\t\t<\/span>\n<\/div><\/div>\n\t\t\t\t\t<\/div>\n\t\t\t\t<\/div><div class=\"t-entry-text\">\n\t\t\t\t\t\t\t\t\t<div class=\"t-entry-text-tc single-block-padding\"><div class=\"t-entry\"><h3 class=\"t-entry-title h6 title-scale \"><a href=\"https:\/\/www.pedagogia.it\/stripes\/prodotto\/giochi-sul-tavolo-6-anni\/\" target=\"_self\">GIOCHI SUL TAVOLO (6+ anni)<\/a><\/h3><p>SABATO 30 NOVEMBRE 2024<br \/>\ndalle 14.30 alle 15.30<\/p>\n<p class=\"p1\">I giochi da tavolo sono un grande strumento per avvicinare generazioni, grandi e piccoli possono giocare tutti attorno ad un tavolo e sfidarsi lealmente! Vieni a conoscere giochi adatti a tutte le et\u00e0!<span class=\"Apple-converted-space\"><br \/>\n<\/span><i>Spazio gestito da Ludoteca Altomilanese<\/i><\/p>\n<\/div><\/div>\n\t\t\t\t\t\t\t<\/div><\/div><\/div><div class=\"tmb tmb-woocommerce enhanced-atc atc-typography-inherit tmb-grid tmb-iso-h4 tmb-light tmb-overlay-text-anim tmb-overlay-anim tmb-content-left tmb-image-anim tmb-bordered  grid-cat-483 tmb-id-22611 tmb-content-under tmb-media-first tmb-no-bg\" ><div class=\"t-inside no-anim\" ><div class=\"t-entry-visual\"><div class=\"t-entry-visual-tc\"><div class=\"t-entry-visual-cont\"><div class=\"dummy\" style=\"padding-top: 100%;\"><\/div><a role=\"button\" tabindex=\"-1\" href=\"https:\/\/www.pedagogia.it\/stripes\/prodotto\/lab-lib-dautunno-0-3-anni\/\" class=\"pushed\" target=\"_self\" data-lb-index=\"9\"><div class=\"t-entry-visual-overlay\"><div class=\"t-entry-visual-overlay-in style-dark-bg\" style=\"opacity: 0.5;\"><\/div><\/div><img decoding=\"async\" class=\"wp-image-22591\" src=\"https:\/\/www.pedagogia.it\/stripes\/wp-content\/uploads\/sites\/7\/2024\/11\/square_rev2-scaled.jpg\" width=\"2560\" height=\"2560\" alt=\"\" srcset=\"https:\/\/www.pedagogia.it\/stripes\/wp-content\/uploads\/sites\/7\/2024\/11\/square_rev2-scaled.jpg 2560w, https:\/\/www.pedagogia.it\/stripes\/wp-content\/uploads\/sites\/7\/2024\/11\/square_rev2-300x300.jpg 300w, https:\/\/www.pedagogia.it\/stripes\/wp-content\/uploads\/sites\/7\/2024\/11\/square_rev2-1024x1024.jpg 1024w, https:\/\/www.pedagogia.it\/stripes\/wp-content\/uploads\/sites\/7\/2024\/11\/square_rev2-150x150.jpg 150w, https:\/\/www.pedagogia.it\/stripes\/wp-content\/uploads\/sites\/7\/2024\/11\/square_rev2-768x768.jpg 768w, https:\/\/www.pedagogia.it\/stripes\/wp-content\/uploads\/sites\/7\/2024\/11\/square_rev2-400x400.jpg 400w, https:\/\/www.pedagogia.it\/stripes\/wp-content\/uploads\/sites\/7\/2024\/11\/square_rev2-1536x1536.jpg 1536w, https:\/\/www.pedagogia.it\/stripes\/wp-content\/uploads\/sites\/7\/2024\/11\/square_rev2-2048x2048.jpg 2048w, https:\/\/www.pedagogia.it\/stripes\/wp-content\/uploads\/sites\/7\/2024\/11\/square_rev2-350x350.jpg 350w, https:\/\/www.pedagogia.it\/stripes\/wp-content\/uploads\/sites\/7\/2024\/11\/square_rev2-348x348.jpg 348w, https:\/\/www.pedagogia.it\/stripes\/wp-content\/uploads\/sites\/7\/2024\/11\/square_rev2-600x600.jpg 600w, https:\/\/www.pedagogia.it\/stripes\/wp-content\/uploads\/sites\/7\/2024\/11\/square_rev2-100x100.jpg 100w, https:\/\/www.pedagogia.it\/stripes\/wp-content\/uploads\/sites\/7\/2024\/11\/square_rev2-60x60.jpg 60w, https:\/\/www.pedagogia.it\/stripes\/wp-content\/uploads\/sites\/7\/2024\/11\/square_rev2-90x90.jpg 90w\" sizes=\"(max-width: 2560px) 100vw, 2560px\" \/><\/a><div class=\"add-to-cart-overlay\"><a href=\"https:\/\/www.pedagogia.it\/stripes\/prodotto\/lab-lib-dautunno-0-3-anni\/\" aria-describedby=\"woocommerce_loop_add_to_cart_link_describedby_22611\" data-quantity=\"1\" class=\"product_type_simple product_button_loop\" data-product_id=\"22611\" data-product_sku=\"\" aria-label=\"Leggi di pi\u00f9 su &quot;LAB LIB D\u2019AUTUNNO (0\/3 anni)&quot;\" rel=\"nofollow\" data-success_message=\"\"><span class=\"add_to_cart_text\">Leggi tutto<\/span><span class=\"view-cart added_to_cart\"><\/span><\/a>\n\t<span id=\"woocommerce_loop_add_to_cart_link_describedby_22611\" class=\"screen-reader-text\">\n\t\t\t<\/span>\n<\/div><\/div>\n\t\t\t\t\t<\/div>\n\t\t\t\t<\/div><div class=\"t-entry-text\">\n\t\t\t\t\t\t\t\t\t<div class=\"t-entry-text-tc single-block-padding\"><div class=\"t-entry\"><h3 class=\"t-entry-title h6 title-scale \"><a href=\"https:\/\/www.pedagogia.it\/stripes\/prodotto\/lab-lib-dautunno-0-3-anni\/\" target=\"_self\">LAB LIB D\u2019AUTUNNO (0\/3 anni)<\/a><\/h3><p>SABATO 30 NOVEMBRE 2024<br \/>\ndalle 16.00 alle 17.00<\/p>\n<p class=\"p1\">Laboratorio creativo-manipolativo con pasta di sale e materiali naturali per creare con i colori e le forme dell\u2019autunno, e per i pi\u00f9 piccini girotondo tattile sensoriale autunnale nel quale tuffarsi.<span class=\"Apple-converted-space\"><br \/>\n<\/span><i>Di Annarita Matichecchia, educatrice Stripes Coop<\/i><\/p>\n<\/div><\/div>\n\t\t\t\t\t\t\t<\/div><\/div><\/div><div class=\"tmb tmb-woocommerce enhanced-atc atc-typography-inherit tmb-grid tmb-iso-h4 tmb-light tmb-overlay-text-anim tmb-overlay-anim tmb-content-left tmb-image-anim tmb-bordered  grid-cat-483 tmb-id-22612 tmb-content-under tmb-media-first tmb-no-bg\" ><div class=\"t-inside no-anim\" ><div class=\"t-entry-visual\"><div class=\"t-entry-visual-tc\"><div class=\"t-entry-visual-cont\"><div class=\"dummy\" style=\"padding-top: 100%;\"><\/div><a role=\"button\" tabindex=\"-1\" href=\"https:\/\/www.pedagogia.it\/stripes\/prodotto\/cosa-ti-sembra-3-6-anni\/\" class=\"pushed\" target=\"_self\" data-lb-index=\"10\"><div class=\"t-entry-visual-overlay\"><div class=\"t-entry-visual-overlay-in style-dark-bg\" style=\"opacity: 0.5;\"><\/div><\/div><img decoding=\"async\" class=\"wp-image-22591\" src=\"https:\/\/www.pedagogia.it\/stripes\/wp-content\/uploads\/sites\/7\/2024\/11\/square_rev2-scaled.jpg\" width=\"2560\" height=\"2560\" alt=\"\" srcset=\"https:\/\/www.pedagogia.it\/stripes\/wp-content\/uploads\/sites\/7\/2024\/11\/square_rev2-scaled.jpg 2560w, https:\/\/www.pedagogia.it\/stripes\/wp-content\/uploads\/sites\/7\/2024\/11\/square_rev2-300x300.jpg 300w, https:\/\/www.pedagogia.it\/stripes\/wp-content\/uploads\/sites\/7\/2024\/11\/square_rev2-1024x1024.jpg 1024w, https:\/\/www.pedagogia.it\/stripes\/wp-content\/uploads\/sites\/7\/2024\/11\/square_rev2-150x150.jpg 150w, https:\/\/www.pedagogia.it\/stripes\/wp-content\/uploads\/sites\/7\/2024\/11\/square_rev2-768x768.jpg 768w, https:\/\/www.pedagogia.it\/stripes\/wp-content\/uploads\/sites\/7\/2024\/11\/square_rev2-400x400.jpg 400w, https:\/\/www.pedagogia.it\/stripes\/wp-content\/uploads\/sites\/7\/2024\/11\/square_rev2-1536x1536.jpg 1536w, https:\/\/www.pedagogia.it\/stripes\/wp-content\/uploads\/sites\/7\/2024\/11\/square_rev2-2048x2048.jpg 2048w, https:\/\/www.pedagogia.it\/stripes\/wp-content\/uploads\/sites\/7\/2024\/11\/square_rev2-350x350.jpg 350w, https:\/\/www.pedagogia.it\/stripes\/wp-content\/uploads\/sites\/7\/2024\/11\/square_rev2-348x348.jpg 348w, https:\/\/www.pedagogia.it\/stripes\/wp-content\/uploads\/sites\/7\/2024\/11\/square_rev2-600x600.jpg 600w, https:\/\/www.pedagogia.it\/stripes\/wp-content\/uploads\/sites\/7\/2024\/11\/square_rev2-100x100.jpg 100w, https:\/\/www.pedagogia.it\/stripes\/wp-content\/uploads\/sites\/7\/2024\/11\/square_rev2-60x60.jpg 60w, https:\/\/www.pedagogia.it\/stripes\/wp-content\/uploads\/sites\/7\/2024\/11\/square_rev2-90x90.jpg 90w\" sizes=\"(max-width: 2560px) 100vw, 2560px\" \/><\/a><div class=\"add-to-cart-overlay\"><a href=\"https:\/\/www.pedagogia.it\/stripes\/prodotto\/cosa-ti-sembra-3-6-anni\/\" aria-describedby=\"woocommerce_loop_add_to_cart_link_describedby_22612\" data-quantity=\"1\" class=\"product_type_simple product_button_loop\" data-product_id=\"22612\" data-product_sku=\"\" aria-label=\"Leggi di pi\u00f9 su &quot;COSA TI SEMBRA? (3\/6 anni)&quot;\" rel=\"nofollow\" data-success_message=\"\"><span class=\"add_to_cart_text\">Leggi tutto<\/span><span class=\"view-cart added_to_cart\"><\/span><\/a>\n\t<span id=\"woocommerce_loop_add_to_cart_link_describedby_22612\" class=\"screen-reader-text\">\n\t\t\t<\/span>\n<\/div><\/div>\n\t\t\t\t\t<\/div>\n\t\t\t\t<\/div><div class=\"t-entry-text\">\n\t\t\t\t\t\t\t\t\t<div class=\"t-entry-text-tc single-block-padding\"><div class=\"t-entry\"><h3 class=\"t-entry-title h6 title-scale \"><a href=\"https:\/\/www.pedagogia.it\/stripes\/prodotto\/cosa-ti-sembra-3-6-anni\/\" target=\"_self\">COSA TI SEMBRA? (3\/6 anni)<\/a><\/h3><p>SABATO 30 NOVEMBRE 2024<br \/>\ndalle 16.00 alle 17.00<\/p>\n<p class=\"p1\">Laboratorio di invenzione di piccole storie di carta. Un cerchio di carta rossa su un foglio bianco. Cosa ci vedi tu? Raccontalo disegnando con altri pezzetti di carta strappati o tagliati e, se ti va, aggiungendo segni coi pastelli colorati.<span class=\"Apple-converted-space\"><br \/>\n<\/span><i>Di Nicoletta Meloncelli, arteterapista Associazione spazio Ars<\/i><\/p>\n<\/div><\/div>\n\t\t\t\t\t\t\t<\/div><\/div><\/div><div class=\"tmb tmb-woocommerce enhanced-atc atc-typography-inherit tmb-grid tmb-iso-h4 tmb-light tmb-overlay-text-anim tmb-overlay-anim tmb-content-left tmb-image-anim tmb-bordered  grid-cat-483 tmb-id-22613 tmb-content-under tmb-media-first tmb-no-bg\" ><div class=\"t-inside no-anim\" ><div class=\"t-entry-visual\"><div class=\"t-entry-visual-tc\"><div class=\"t-entry-visual-cont\"><div class=\"dummy\" style=\"padding-top: 100%;\"><\/div><a role=\"button\" tabindex=\"-1\" href=\"https:\/\/www.pedagogia.it\/stripes\/prodotto\/il-cielo-e-di-tutti-3-6-anni-2\/\" class=\"pushed\" target=\"_self\" data-lb-index=\"11\"><div class=\"t-entry-visual-overlay\"><div class=\"t-entry-visual-overlay-in style-dark-bg\" style=\"opacity: 0.5;\"><\/div><\/div><img decoding=\"async\" class=\"wp-image-22591\" src=\"https:\/\/www.pedagogia.it\/stripes\/wp-content\/uploads\/sites\/7\/2024\/11\/square_rev2-scaled.jpg\" width=\"2560\" height=\"2560\" alt=\"\" srcset=\"https:\/\/www.pedagogia.it\/stripes\/wp-content\/uploads\/sites\/7\/2024\/11\/square_rev2-scaled.jpg 2560w, https:\/\/www.pedagogia.it\/stripes\/wp-content\/uploads\/sites\/7\/2024\/11\/square_rev2-300x300.jpg 300w, https:\/\/www.pedagogia.it\/stripes\/wp-content\/uploads\/sites\/7\/2024\/11\/square_rev2-1024x1024.jpg 1024w, https:\/\/www.pedagogia.it\/stripes\/wp-content\/uploads\/sites\/7\/2024\/11\/square_rev2-150x150.jpg 150w, https:\/\/www.pedagogia.it\/stripes\/wp-content\/uploads\/sites\/7\/2024\/11\/square_rev2-768x768.jpg 768w, https:\/\/www.pedagogia.it\/stripes\/wp-content\/uploads\/sites\/7\/2024\/11\/square_rev2-400x400.jpg 400w, https:\/\/www.pedagogia.it\/stripes\/wp-content\/uploads\/sites\/7\/2024\/11\/square_rev2-1536x1536.jpg 1536w, https:\/\/www.pedagogia.it\/stripes\/wp-content\/uploads\/sites\/7\/2024\/11\/square_rev2-2048x2048.jpg 2048w, https:\/\/www.pedagogia.it\/stripes\/wp-content\/uploads\/sites\/7\/2024\/11\/square_rev2-350x350.jpg 350w, https:\/\/www.pedagogia.it\/stripes\/wp-content\/uploads\/sites\/7\/2024\/11\/square_rev2-348x348.jpg 348w, https:\/\/www.pedagogia.it\/stripes\/wp-content\/uploads\/sites\/7\/2024\/11\/square_rev2-600x600.jpg 600w, https:\/\/www.pedagogia.it\/stripes\/wp-content\/uploads\/sites\/7\/2024\/11\/square_rev2-100x100.jpg 100w, https:\/\/www.pedagogia.it\/stripes\/wp-content\/uploads\/sites\/7\/2024\/11\/square_rev2-60x60.jpg 60w, https:\/\/www.pedagogia.it\/stripes\/wp-content\/uploads\/sites\/7\/2024\/11\/square_rev2-90x90.jpg 90w\" sizes=\"(max-width: 2560px) 100vw, 2560px\" \/><\/a><div class=\"add-to-cart-overlay\"><a href=\"https:\/\/www.pedagogia.it\/stripes\/prodotto\/il-cielo-e-di-tutti-3-6-anni-2\/\" aria-describedby=\"woocommerce_loop_add_to_cart_link_describedby_22613\" data-quantity=\"1\" class=\"product_type_simple product_button_loop\" data-product_id=\"22613\" data-product_sku=\"\" aria-label=\"Leggi di pi\u00f9 su &quot;IL CIELO E\u2019 DI TUTTI (3\/6 anni)&quot;\" rel=\"nofollow\" data-success_message=\"\"><span class=\"add_to_cart_text\">Leggi tutto<\/span><span class=\"view-cart added_to_cart\"><\/span><\/a>\n\t<span id=\"woocommerce_loop_add_to_cart_link_describedby_22613\" class=\"screen-reader-text\">\n\t\t\t<\/span>\n<\/div><\/div>\n\t\t\t\t\t<\/div>\n\t\t\t\t<\/div><div class=\"t-entry-text\">\n\t\t\t\t\t\t\t\t\t<div class=\"t-entry-text-tc single-block-padding\"><div class=\"t-entry\"><h3 class=\"t-entry-title h6 title-scale \"><a href=\"https:\/\/www.pedagogia.it\/stripes\/prodotto\/il-cielo-e-di-tutti-3-6-anni-2\/\" target=\"_self\">IL CIELO E\u2019 DI TUTTI (3\/6 anni)<\/a><\/h3><p>SABATO 30 NOVEMBRE 2024<br \/>\ndalle 16.00 alle 17.00<\/p>\n<p class=\"p1\">Laboratorio sulle nuvole alla maniera di Magritte. La magia del cielo e della carta, in un\u2019esperienza tra arte, fantasia e manipolazione.<span class=\"Apple-converted-space\"><br \/>\n<\/span><span class=\"s1\"><i>A cura delle docenti della scuola dell\u2019infanzia Collodi ICS Via dei Salici, Legnano<\/i><\/span><\/p>\n<\/div><\/div>\n\t\t\t\t\t\t\t<\/div><\/div><\/div>\t\t<\/div>\t\n\t\n\n\t<\/div>\t\t\t\t<\/div>\n<div class=\"divider-wrapper \"  >\n    <hr class=\"unseparator border-sep_color-352864-color separator-no-padding\"  \/>\n<\/div>\n<\/div><\/div><\/div><\/div><\/div><script id=\"script-row-unique-5\" data-row=\"script-row-unique-5\" type=\"text\/javascript\" class=\"vc_controls\">UNCODE.initRow(document.getElementById(\"row-unique-5\"));<\/script><\/div><\/div><\/div><div data-parent=\"true\" class=\"vc_row has-bg need-focus style-back_color-194537-bg row-container boomapps_vcrow\" id=\"row-unique-6\"><div class=\"row limit-width row-parent\"><div class=\"wpb_row row-inner\"><div class=\"wpb_column pos-top pos-center align_left column_parent col-lg-12 boomapps_vccolumn single-internal-gutter\"><div class=\"uncol style-light\"  ><div class=\"uncoltable\"><div class=\"uncell  boomapps_vccolumn no-block-padding\" ><div class=\"uncont\" ><div class=\"vc_custom_heading_wrap \"><div class=\"heading-text el-text\" ><h1 class=\"h1 text-color-xsdn-color\" ><span>PROGRAMMA DOMENICA 1 DICEMBRE 2024<\/span><\/h1><\/div><div class=\"clear\"><\/div><\/div><\/div><\/div><\/div><\/div><\/div><script id=\"script-row-unique-6\" data-row=\"script-row-unique-6\" type=\"text\/javascript\" class=\"vc_controls\">UNCODE.initRow(document.getElementById(\"row-unique-6\"));<\/script><\/div><\/div><\/div><div data-parent=\"true\" class=\"vc_row has-bg need-focus style-color-lxmt-bg row-container boomapps_vcrow\" id=\"row-unique-7\"><div class=\"row limit-width row-parent\"><div class=\"wpb_row row-inner\"><div class=\"wpb_column pos-top pos-center align_left column_parent col-lg-12 boomapps_vccolumn single-internal-gutter\"><div class=\"uncol style-light\"  ><div class=\"uncoltable\"><div class=\"uncell  boomapps_vccolumn no-block-padding\" ><div class=\"uncont\" ><div class=\"vc_custom_heading_wrap \"><div class=\"heading-text el-text\" ><h2 class=\"h2\" ><span>Eventi ad accesso libero e gratuito<br \/><\/span><span><span style=\"font-size: 10pt;\">(non necessitano di iscrizione)<\/span><\/span><\/h2><\/div><div class=\"clear\"><\/div><\/div><div class=\"vc_row row-internal row-container boomapps_vcrow\"><div class=\"row row-child\"><div class=\"wpb_row row-inner\"><div class=\"wpb_column pos-top pos-center align_left column_child col-lg-3 boomapps_vccolumn single-internal-gutter\"><div class=\"uncol style-light\" ><div class=\"uncoltable\"><div class=\"uncell  boomapps_vccolumn no-block-padding\" ><div class=\"uncont\" ><div class=\"uncode-single-media  text-left\"><div class=\"single-wrapper\" style=\"max-width: 100%;\"><div class=\"tmb tmb-light  tmb-media-first tmb-media-last tmb-content-overlay tmb-no-bg\"><div class=\"t-inside\"><div class=\"t-entry-visual\"><div class=\"t-entry-visual-tc\"><div class=\"uncode-single-media-wrapper\"><img decoding=\"async\" class=\"wp-image-22591\" src=\"https:\/\/www.pedagogia.it\/stripes\/wp-content\/uploads\/sites\/7\/2024\/11\/square_rev2-scaled.jpg\" width=\"2560\" height=\"2560\" alt=\"\" srcset=\"https:\/\/www.pedagogia.it\/stripes\/wp-content\/uploads\/sites\/7\/2024\/11\/square_rev2-scaled.jpg 2560w, https:\/\/www.pedagogia.it\/stripes\/wp-content\/uploads\/sites\/7\/2024\/11\/square_rev2-300x300.jpg 300w, https:\/\/www.pedagogia.it\/stripes\/wp-content\/uploads\/sites\/7\/2024\/11\/square_rev2-1024x1024.jpg 1024w, https:\/\/www.pedagogia.it\/stripes\/wp-content\/uploads\/sites\/7\/2024\/11\/square_rev2-150x150.jpg 150w, https:\/\/www.pedagogia.it\/stripes\/wp-content\/uploads\/sites\/7\/2024\/11\/square_rev2-768x768.jpg 768w, https:\/\/www.pedagogia.it\/stripes\/wp-content\/uploads\/sites\/7\/2024\/11\/square_rev2-400x400.jpg 400w, https:\/\/www.pedagogia.it\/stripes\/wp-content\/uploads\/sites\/7\/2024\/11\/square_rev2-1536x1536.jpg 1536w, https:\/\/www.pedagogia.it\/stripes\/wp-content\/uploads\/sites\/7\/2024\/11\/square_rev2-2048x2048.jpg 2048w, https:\/\/www.pedagogia.it\/stripes\/wp-content\/uploads\/sites\/7\/2024\/11\/square_rev2-350x350.jpg 350w, https:\/\/www.pedagogia.it\/stripes\/wp-content\/uploads\/sites\/7\/2024\/11\/square_rev2-348x348.jpg 348w, https:\/\/www.pedagogia.it\/stripes\/wp-content\/uploads\/sites\/7\/2024\/11\/square_rev2-600x600.jpg 600w, https:\/\/www.pedagogia.it\/stripes\/wp-content\/uploads\/sites\/7\/2024\/11\/square_rev2-100x100.jpg 100w, https:\/\/www.pedagogia.it\/stripes\/wp-content\/uploads\/sites\/7\/2024\/11\/square_rev2-60x60.jpg 60w, https:\/\/www.pedagogia.it\/stripes\/wp-content\/uploads\/sites\/7\/2024\/11\/square_rev2-90x90.jpg 90w\" sizes=\"(max-width: 2560px) 100vw, 2560px\" \/><\/div>\n\t\t\t\t\t<\/div>\n\t\t\t\t<\/div><\/div><\/div><\/div><\/div><\/div><\/div><\/div><\/div><\/div><div class=\"wpb_column pos-top pos-center align_left column_child col-lg-3 boomapps_vccolumn single-internal-gutter\"><div class=\"uncol style-light\" ><div class=\"uncoltable\"><div class=\"uncell  boomapps_vccolumn no-block-padding\" ><div class=\"uncont\" ><div class=\"uncode_text_column\" ><\/p>\n<h3 class=\"t-entry-title h6 title-scale\">STANZA IMMERSIVA \u201cRI-USAMI: fantasia e materiali si incontrano\u201d (0\/6 anni)<\/h3>\n<p><strong>DOMENICA 1 DICEMBRE 2024<\/strong><br \/>\n<strong>dalle 10.00 alle 12.30<\/strong><\/p>\n<p class=\"p3\">Materiali di recupero naturale e di riciclo che daranno la possibilit\u00e0 ai bambini e alle bambine di sperimentare per la creazione di tutto ci\u00f2 che la loro fantasia propone.<span class=\"Apple-converted-space\">\u00a0<\/span><\/p>\n<p class=\"p4\"><i>Di Deborah Raimondi ed educatrici Stripes Coop-Nidi comune di Legnano<\/i><\/p>\n<p>\n<\/div><\/div><\/div><\/div><\/div><\/div><div class=\"wpb_column pos-top pos-center align_left column_child col-lg-3 boomapps_vccolumn single-internal-gutter\"><div class=\"uncol style-light\" ><div class=\"uncoltable\"><div class=\"uncell  boomapps_vccolumn no-block-padding\" ><div class=\"uncont\" ><div class=\"uncode-single-media  text-left\"><div class=\"single-wrapper\" style=\"max-width: 100%;\"><div class=\"tmb tmb-light  tmb-media-first tmb-media-last tmb-content-overlay tmb-no-bg\"><div class=\"t-inside\"><div class=\"t-entry-visual\"><div class=\"t-entry-visual-tc\"><div class=\"uncode-single-media-wrapper\"><img decoding=\"async\" class=\"wp-image-22591\" src=\"https:\/\/www.pedagogia.it\/stripes\/wp-content\/uploads\/sites\/7\/2024\/11\/square_rev2-scaled.jpg\" width=\"2560\" height=\"2560\" alt=\"\" srcset=\"https:\/\/www.pedagogia.it\/stripes\/wp-content\/uploads\/sites\/7\/2024\/11\/square_rev2-scaled.jpg 2560w, https:\/\/www.pedagogia.it\/stripes\/wp-content\/uploads\/sites\/7\/2024\/11\/square_rev2-300x300.jpg 300w, https:\/\/www.pedagogia.it\/stripes\/wp-content\/uploads\/sites\/7\/2024\/11\/square_rev2-1024x1024.jpg 1024w, https:\/\/www.pedagogia.it\/stripes\/wp-content\/uploads\/sites\/7\/2024\/11\/square_rev2-150x150.jpg 150w, https:\/\/www.pedagogia.it\/stripes\/wp-content\/uploads\/sites\/7\/2024\/11\/square_rev2-768x768.jpg 768w, https:\/\/www.pedagogia.it\/stripes\/wp-content\/uploads\/sites\/7\/2024\/11\/square_rev2-400x400.jpg 400w, https:\/\/www.pedagogia.it\/stripes\/wp-content\/uploads\/sites\/7\/2024\/11\/square_rev2-1536x1536.jpg 1536w, https:\/\/www.pedagogia.it\/stripes\/wp-content\/uploads\/sites\/7\/2024\/11\/square_rev2-2048x2048.jpg 2048w, https:\/\/www.pedagogia.it\/stripes\/wp-content\/uploads\/sites\/7\/2024\/11\/square_rev2-350x350.jpg 350w, https:\/\/www.pedagogia.it\/stripes\/wp-content\/uploads\/sites\/7\/2024\/11\/square_rev2-348x348.jpg 348w, https:\/\/www.pedagogia.it\/stripes\/wp-content\/uploads\/sites\/7\/2024\/11\/square_rev2-600x600.jpg 600w, https:\/\/www.pedagogia.it\/stripes\/wp-content\/uploads\/sites\/7\/2024\/11\/square_rev2-100x100.jpg 100w, https:\/\/www.pedagogia.it\/stripes\/wp-content\/uploads\/sites\/7\/2024\/11\/square_rev2-60x60.jpg 60w, https:\/\/www.pedagogia.it\/stripes\/wp-content\/uploads\/sites\/7\/2024\/11\/square_rev2-90x90.jpg 90w\" sizes=\"(max-width: 2560px) 100vw, 2560px\" \/><\/div>\n\t\t\t\t\t<\/div>\n\t\t\t\t<\/div><\/div><\/div><\/div><\/div><\/div><\/div><\/div><\/div><\/div><div class=\"wpb_column pos-top pos-center align_left column_child col-lg-3 boomapps_vccolumn single-internal-gutter\"><div class=\"uncol style-light\" ><div class=\"uncoltable\"><div class=\"uncell  boomapps_vccolumn no-block-padding\" ><div class=\"uncont\" ><div class=\"uncode_text_column\" ><\/p>\n<h3 class=\"t-entry-title h6 title-scale\">LE RICETTE DEL CENTENARIO<\/h3>\n<p><strong>DOMENICA 1 DICEMBRE 2024<br \/>\ndalle 14.30 alle 15.30<\/strong><\/p>\n<p class=\"p1\"><span class=\"s1\">Verranno premiate le famiglie che hanno proposto ricette e che hanno ottenuto pi\u00f9 voti tra i menu proposti a inizio ottobre a tutti gli studenti e gli insegnanti delle scuole dell\u2019infanzia, primaria e secondaria di Legnano. Verr\u00e0 anche consegnata una targa e un premio alla scuola che ha proposto pi\u00f9 ricette.<span class=\"Apple-converted-space\">\u00a0<\/span><\/span><\/p>\n<p class=\"p2\"><span class=\"s2\"><i>A cura di Sodexo (gestori del servizio di refezione scolastica sul comune di Legnano)<\/i><\/span><\/p>\n<p>\n<\/div><\/div><\/div><\/div><\/div><\/div><\/div><\/div><\/div><div class=\"vc_row row-internal row-container boomapps_vcrow\"><div class=\"row row-child\"><div class=\"wpb_row row-inner\"><div class=\"wpb_column pos-top pos-center align_left column_child col-lg-3 boomapps_vccolumn single-internal-gutter\"><div class=\"uncol style-light\" ><div class=\"uncoltable\"><div class=\"uncell  boomapps_vccolumn no-block-padding\" ><div class=\"uncont\" ><div class=\"uncode-single-media  text-left\"><div class=\"single-wrapper\" style=\"max-width: 100%;\"><div class=\"tmb tmb-light  tmb-media-first tmb-media-last tmb-content-overlay tmb-no-bg\"><div class=\"t-inside\"><div class=\"t-entry-visual\"><div class=\"t-entry-visual-tc\"><div class=\"uncode-single-media-wrapper\"><img decoding=\"async\" class=\"wp-image-22591\" src=\"https:\/\/www.pedagogia.it\/stripes\/wp-content\/uploads\/sites\/7\/2024\/11\/square_rev2-scaled.jpg\" width=\"2560\" height=\"2560\" alt=\"\" srcset=\"https:\/\/www.pedagogia.it\/stripes\/wp-content\/uploads\/sites\/7\/2024\/11\/square_rev2-scaled.jpg 2560w, https:\/\/www.pedagogia.it\/stripes\/wp-content\/uploads\/sites\/7\/2024\/11\/square_rev2-300x300.jpg 300w, https:\/\/www.pedagogia.it\/stripes\/wp-content\/uploads\/sites\/7\/2024\/11\/square_rev2-1024x1024.jpg 1024w, https:\/\/www.pedagogia.it\/stripes\/wp-content\/uploads\/sites\/7\/2024\/11\/square_rev2-150x150.jpg 150w, https:\/\/www.pedagogia.it\/stripes\/wp-content\/uploads\/sites\/7\/2024\/11\/square_rev2-768x768.jpg 768w, https:\/\/www.pedagogia.it\/stripes\/wp-content\/uploads\/sites\/7\/2024\/11\/square_rev2-400x400.jpg 400w, https:\/\/www.pedagogia.it\/stripes\/wp-content\/uploads\/sites\/7\/2024\/11\/square_rev2-1536x1536.jpg 1536w, https:\/\/www.pedagogia.it\/stripes\/wp-content\/uploads\/sites\/7\/2024\/11\/square_rev2-2048x2048.jpg 2048w, https:\/\/www.pedagogia.it\/stripes\/wp-content\/uploads\/sites\/7\/2024\/11\/square_rev2-350x350.jpg 350w, https:\/\/www.pedagogia.it\/stripes\/wp-content\/uploads\/sites\/7\/2024\/11\/square_rev2-348x348.jpg 348w, https:\/\/www.pedagogia.it\/stripes\/wp-content\/uploads\/sites\/7\/2024\/11\/square_rev2-600x600.jpg 600w, https:\/\/www.pedagogia.it\/stripes\/wp-content\/uploads\/sites\/7\/2024\/11\/square_rev2-100x100.jpg 100w, https:\/\/www.pedagogia.it\/stripes\/wp-content\/uploads\/sites\/7\/2024\/11\/square_rev2-60x60.jpg 60w, https:\/\/www.pedagogia.it\/stripes\/wp-content\/uploads\/sites\/7\/2024\/11\/square_rev2-90x90.jpg 90w\" sizes=\"(max-width: 2560px) 100vw, 2560px\" \/><\/div>\n\t\t\t\t\t<\/div>\n\t\t\t\t<\/div><\/div><\/div><\/div><\/div><\/div><\/div><\/div><\/div><\/div><div class=\"wpb_column pos-top pos-center align_left column_child col-lg-3 boomapps_vccolumn single-internal-gutter\"><div class=\"uncol style-light\" ><div class=\"uncoltable\"><div class=\"uncell  boomapps_vccolumn no-block-padding\" ><div class=\"uncont\" ><div class=\"uncode_text_column\" ><\/p>\n<h3 class=\"t-entry-title h6 title-scale\"><strong>PREMIAZIONE OLIMPIEDIBUS &#8211; L\u2019 Alto Milanese va in mobilita\u0300 sostenibile-<\/strong><\/h3>\n<p><strong>DOMENICA 1 DICEMBRE 2024<br \/>\ndalle 16.00 alle 17.00<\/strong><\/p>\n<p>Saluti del Sindaco Lorenzo Radice e Assessora Ilaria Maffei. Premiazione I edizione delle Olimpiadi del Piedibus.<br \/>\nIn collaborazione con scuole Rodari, Don Milani e Mazzini.<\/p>\n<\/div><\/div><\/div><\/div><\/div><\/div><div class=\"wpb_column pos-top pos-center align_left column_child col-lg-3 boomapps_vccolumn single-internal-gutter\"><div class=\"uncol style-light\" ><div class=\"uncoltable\"><div class=\"uncell  boomapps_vccolumn no-block-padding\" ><div class=\"uncont\" ><\/div><\/div><\/div><\/div><\/div><div class=\"wpb_column pos-top pos-center align_left column_child col-lg-3 boomapps_vccolumn single-internal-gutter\"><div class=\"uncol style-light\" ><div class=\"uncoltable\"><div class=\"uncell  boomapps_vccolumn no-block-padding\" ><div class=\"uncont\" ><\/div><\/div><\/div><\/div><\/div><\/div><\/div><\/div><\/div><\/div><\/div><\/div><\/div><script id=\"script-row-unique-7\" data-row=\"script-row-unique-7\" type=\"text\/javascript\" class=\"vc_controls\">UNCODE.initRow(document.getElementById(\"row-unique-7\"));<\/script><\/div><\/div><\/div><div data-parent=\"true\" class=\"vc_row row-container boomapps_vcrow\" id=\"row-unique-8\"><div class=\"row unequal limit-width row-parent\"><div class=\"wpb_row row-inner\"><div class=\"wpb_column pos-top pos-center align_left column_parent col-lg-12 boomapps_vccolumn single-internal-gutter\"><div class=\"uncol style-light\"  ><div class=\"uncoltable\"><div class=\"uncell  boomapps_vccolumn no-block-padding\" ><div class=\"uncont\" ><div class=\"vc_custom_heading_wrap \"><div class=\"heading-text el-text\" ><h2 class=\"h2\" ><span>Laboratori gratuiti<\/span><\/h2><\/div><div class=\"clear\"><\/div><\/div><div id=\"index-1001621\" class=\"cssgrid-system cssgrid-general-light grid-general-light cssgrid-188073\" >\n\t\t\t\n\t\t\t\t\t\t\t\t\t\t\t\t\t\t<div class=\"cssgrid-wrapper grid-wrapper cssgrid-single-gutter\" >\t\t\t\t\t\t\t\t\t\t\t\t<div class=\"cssgrid-container grid-container cssgrid-layout cssgrid-pagination grid-pagination\" >\t\t\t<div class=\"tmb tmb-woocommerce enhanced-atc atc-typography-inherit tmb-grid tmb-iso-h4 tmb-light tmb-overlay-text-anim tmb-overlay-anim tmb-content-left tmb-image-anim tmb-bordered  grid-cat-484 tmb-id-22618 tmb-content-under tmb-media-first tmb-no-bg\" ><div class=\"t-inside no-anim\" ><div class=\"t-entry-visual\"><div class=\"t-entry-visual-tc\"><div class=\"t-entry-visual-cont\"><div class=\"dummy\" style=\"padding-top: 100%;\"><\/div><a role=\"button\" tabindex=\"-1\" href=\"https:\/\/www.pedagogia.it\/stripes\/prodotto\/spazio-morbido-mamme-e-bambini-0-9-mesi\/\" class=\"pushed\" target=\"_self\" data-lb-index=\"0\"><div class=\"t-entry-visual-overlay\"><div class=\"t-entry-visual-overlay-in style-dark-bg\" style=\"opacity: 0.5;\"><\/div><\/div><img decoding=\"async\" class=\"wp-image-22591\" src=\"https:\/\/www.pedagogia.it\/stripes\/wp-content\/uploads\/sites\/7\/2024\/11\/square_rev2-scaled.jpg\" width=\"2560\" height=\"2560\" alt=\"\" srcset=\"https:\/\/www.pedagogia.it\/stripes\/wp-content\/uploads\/sites\/7\/2024\/11\/square_rev2-scaled.jpg 2560w, https:\/\/www.pedagogia.it\/stripes\/wp-content\/uploads\/sites\/7\/2024\/11\/square_rev2-300x300.jpg 300w, https:\/\/www.pedagogia.it\/stripes\/wp-content\/uploads\/sites\/7\/2024\/11\/square_rev2-1024x1024.jpg 1024w, https:\/\/www.pedagogia.it\/stripes\/wp-content\/uploads\/sites\/7\/2024\/11\/square_rev2-150x150.jpg 150w, https:\/\/www.pedagogia.it\/stripes\/wp-content\/uploads\/sites\/7\/2024\/11\/square_rev2-768x768.jpg 768w, https:\/\/www.pedagogia.it\/stripes\/wp-content\/uploads\/sites\/7\/2024\/11\/square_rev2-400x400.jpg 400w, https:\/\/www.pedagogia.it\/stripes\/wp-content\/uploads\/sites\/7\/2024\/11\/square_rev2-1536x1536.jpg 1536w, https:\/\/www.pedagogia.it\/stripes\/wp-content\/uploads\/sites\/7\/2024\/11\/square_rev2-2048x2048.jpg 2048w, https:\/\/www.pedagogia.it\/stripes\/wp-content\/uploads\/sites\/7\/2024\/11\/square_rev2-350x350.jpg 350w, https:\/\/www.pedagogia.it\/stripes\/wp-content\/uploads\/sites\/7\/2024\/11\/square_rev2-348x348.jpg 348w, https:\/\/www.pedagogia.it\/stripes\/wp-content\/uploads\/sites\/7\/2024\/11\/square_rev2-600x600.jpg 600w, https:\/\/www.pedagogia.it\/stripes\/wp-content\/uploads\/sites\/7\/2024\/11\/square_rev2-100x100.jpg 100w, https:\/\/www.pedagogia.it\/stripes\/wp-content\/uploads\/sites\/7\/2024\/11\/square_rev2-60x60.jpg 60w, https:\/\/www.pedagogia.it\/stripes\/wp-content\/uploads\/sites\/7\/2024\/11\/square_rev2-90x90.jpg 90w\" sizes=\"(max-width: 2560px) 100vw, 2560px\" \/><\/a><div class=\"add-to-cart-overlay\"><a href=\"\/stripes\/wp-json\/wp\/v2\/pages\/22576?add-to-cart=22618\" aria-describedby=\"woocommerce_loop_add_to_cart_link_describedby_22618\" data-quantity=\"1\" class=\"product_type_simple add_to_cart_button ajax_add_to_cart product_button_loop\" data-product_id=\"22618\" data-product_sku=\"\" aria-label=\"Aggiungi al carrello: &quot;SPAZIO MORBIDO (mamme e bambini 0\/9 mesi)&quot;\" rel=\"nofollow\" data-success_message=\"&quot;SPAZIO MORBIDO (mamme e bambini 0\/9 mesi)&quot; \u00e8 stato aggiunto al tuo carrello\"><span class=\"add_to_cart_text\">Aggiungi al carrello<\/span><span class=\"view-cart added_to_cart\"><\/span><\/a>\n\t<span id=\"woocommerce_loop_add_to_cart_link_describedby_22618\" class=\"screen-reader-text\">\n\t\t\t<\/span>\n<\/div><\/div>\n\t\t\t\t\t<\/div>\n\t\t\t\t<\/div><div class=\"t-entry-text\">\n\t\t\t\t\t\t\t\t\t<div class=\"t-entry-text-tc single-block-padding\"><div class=\"t-entry\"><h3 class=\"t-entry-title h6 title-scale \"><a href=\"https:\/\/www.pedagogia.it\/stripes\/prodotto\/spazio-morbido-mamme-e-bambini-0-9-mesi\/\" target=\"_self\">SPAZIO MORBIDO (mamme e bambini 0\/9 mesi)<\/a><\/h3><p>DOMENICA 1 DICEMBRE 2024<b><br \/>\n<\/b>dalle 10.00 alle 11.00<\/p>\n<p class=\"p1\">Un posto sicuro per le mamme e i loro piccoli. Un momento per prendersi cura del corpo e armonizzare tensioni ed energie. Infine, piccole esperienze di arteterapia per lasciare un \u201csegno\u201d.<span class=\"Apple-converted-space\"><br \/>\n<\/span><i>Di Elisa Zappa, arteterapista e operatore shiatsu Associazione spazio Ars<\/i><\/p>\n<\/div><\/div>\n\t\t\t\t\t\t\t<\/div><\/div><\/div><div class=\"tmb tmb-woocommerce enhanced-atc atc-typography-inherit tmb-grid tmb-iso-h4 tmb-light tmb-overlay-text-anim tmb-overlay-anim tmb-content-left tmb-image-anim tmb-bordered  grid-cat-484 tmb-id-22619 tmb-content-under tmb-media-first tmb-no-bg\" ><div class=\"t-inside no-anim\" ><div class=\"t-entry-visual\"><div class=\"t-entry-visual-tc\"><div class=\"t-entry-visual-cont\"><div class=\"dummy\" style=\"padding-top: 100%;\"><\/div><a role=\"button\" tabindex=\"-1\" href=\"https:\/\/www.pedagogia.it\/stripes\/prodotto\/coloriamo-con-largilla-0-3-anni\/\" class=\"pushed\" target=\"_self\" data-lb-index=\"1\"><div class=\"t-entry-visual-overlay\"><div class=\"t-entry-visual-overlay-in style-dark-bg\" style=\"opacity: 0.5;\"><\/div><\/div><img decoding=\"async\" class=\"wp-image-22591\" src=\"https:\/\/www.pedagogia.it\/stripes\/wp-content\/uploads\/sites\/7\/2024\/11\/square_rev2-scaled.jpg\" width=\"2560\" height=\"2560\" alt=\"\" srcset=\"https:\/\/www.pedagogia.it\/stripes\/wp-content\/uploads\/sites\/7\/2024\/11\/square_rev2-scaled.jpg 2560w, https:\/\/www.pedagogia.it\/stripes\/wp-content\/uploads\/sites\/7\/2024\/11\/square_rev2-300x300.jpg 300w, https:\/\/www.pedagogia.it\/stripes\/wp-content\/uploads\/sites\/7\/2024\/11\/square_rev2-1024x1024.jpg 1024w, https:\/\/www.pedagogia.it\/stripes\/wp-content\/uploads\/sites\/7\/2024\/11\/square_rev2-150x150.jpg 150w, https:\/\/www.pedagogia.it\/stripes\/wp-content\/uploads\/sites\/7\/2024\/11\/square_rev2-768x768.jpg 768w, https:\/\/www.pedagogia.it\/stripes\/wp-content\/uploads\/sites\/7\/2024\/11\/square_rev2-400x400.jpg 400w, https:\/\/www.pedagogia.it\/stripes\/wp-content\/uploads\/sites\/7\/2024\/11\/square_rev2-1536x1536.jpg 1536w, https:\/\/www.pedagogia.it\/stripes\/wp-content\/uploads\/sites\/7\/2024\/11\/square_rev2-2048x2048.jpg 2048w, https:\/\/www.pedagogia.it\/stripes\/wp-content\/uploads\/sites\/7\/2024\/11\/square_rev2-350x350.jpg 350w, https:\/\/www.pedagogia.it\/stripes\/wp-content\/uploads\/sites\/7\/2024\/11\/square_rev2-348x348.jpg 348w, https:\/\/www.pedagogia.it\/stripes\/wp-content\/uploads\/sites\/7\/2024\/11\/square_rev2-600x600.jpg 600w, https:\/\/www.pedagogia.it\/stripes\/wp-content\/uploads\/sites\/7\/2024\/11\/square_rev2-100x100.jpg 100w, https:\/\/www.pedagogia.it\/stripes\/wp-content\/uploads\/sites\/7\/2024\/11\/square_rev2-60x60.jpg 60w, https:\/\/www.pedagogia.it\/stripes\/wp-content\/uploads\/sites\/7\/2024\/11\/square_rev2-90x90.jpg 90w\" sizes=\"(max-width: 2560px) 100vw, 2560px\" \/><\/a><div class=\"add-to-cart-overlay\"><a href=\"https:\/\/www.pedagogia.it\/stripes\/prodotto\/coloriamo-con-largilla-0-3-anni\/\" aria-describedby=\"woocommerce_loop_add_to_cart_link_describedby_22619\" data-quantity=\"1\" class=\"product_type_simple product_button_loop\" data-product_id=\"22619\" data-product_sku=\"\" aria-label=\"Leggi di pi\u00f9 su &quot;COLORIAMO CON L\u2019ARGILLA (0\/3 anni)&quot;\" rel=\"nofollow\" data-success_message=\"\"><span class=\"add_to_cart_text\">Leggi tutto<\/span><span class=\"view-cart added_to_cart\"><\/span><\/a>\n\t<span id=\"woocommerce_loop_add_to_cart_link_describedby_22619\" class=\"screen-reader-text\">\n\t\t\t<\/span>\n<\/div><\/div>\n\t\t\t\t\t<\/div>\n\t\t\t\t<\/div><div class=\"t-entry-text\">\n\t\t\t\t\t\t\t\t\t<div class=\"t-entry-text-tc single-block-padding\"><div class=\"t-entry\"><h3 class=\"t-entry-title h6 title-scale \"><a href=\"https:\/\/www.pedagogia.it\/stripes\/prodotto\/coloriamo-con-largilla-0-3-anni\/\" target=\"_self\">COLORIAMO CON L\u2019ARGILLA (0\/3 anni)<\/a><\/h3><p>DOMENICA 1 DICEMBRE 2024<b><br \/>\n<\/b>dalle 10.00 alle 11.00<\/p>\n<p class=\"p1\">Alla scoperta dell\u2019argilla: usiamola per dipingere tutto ci\u00f2 che la fantasia ci suggerisce.<span class=\"s1\"><i><br \/>\nDi Joseline Mera Martinez, educatrice Stripes Coop<\/i><\/span><\/p>\n<\/div><\/div>\n\t\t\t\t\t\t\t<\/div><\/div><\/div><div class=\"tmb tmb-woocommerce enhanced-atc atc-typography-inherit tmb-grid tmb-iso-h4 tmb-light tmb-overlay-text-anim tmb-overlay-anim tmb-content-left tmb-image-anim tmb-bordered  grid-cat-484 tmb-id-22620 tmb-content-under tmb-media-first tmb-no-bg\" ><div class=\"t-inside no-anim\" ><div class=\"t-entry-visual\"><div class=\"t-entry-visual-tc\"><div class=\"t-entry-visual-cont\"><div class=\"dummy\" style=\"padding-top: 100%;\"><\/div><a role=\"button\" tabindex=\"-1\" href=\"https:\/\/www.pedagogia.it\/stripes\/prodotto\/il-cielo-e-di-tutti-3-6-anni-3\/\" class=\"pushed\" target=\"_self\" data-lb-index=\"2\"><div class=\"t-entry-visual-overlay\"><div class=\"t-entry-visual-overlay-in style-dark-bg\" style=\"opacity: 0.5;\"><\/div><\/div><img decoding=\"async\" class=\"wp-image-22591\" src=\"https:\/\/www.pedagogia.it\/stripes\/wp-content\/uploads\/sites\/7\/2024\/11\/square_rev2-scaled.jpg\" width=\"2560\" height=\"2560\" alt=\"\" srcset=\"https:\/\/www.pedagogia.it\/stripes\/wp-content\/uploads\/sites\/7\/2024\/11\/square_rev2-scaled.jpg 2560w, https:\/\/www.pedagogia.it\/stripes\/wp-content\/uploads\/sites\/7\/2024\/11\/square_rev2-300x300.jpg 300w, https:\/\/www.pedagogia.it\/stripes\/wp-content\/uploads\/sites\/7\/2024\/11\/square_rev2-1024x1024.jpg 1024w, https:\/\/www.pedagogia.it\/stripes\/wp-content\/uploads\/sites\/7\/2024\/11\/square_rev2-150x150.jpg 150w, https:\/\/www.pedagogia.it\/stripes\/wp-content\/uploads\/sites\/7\/2024\/11\/square_rev2-768x768.jpg 768w, https:\/\/www.pedagogia.it\/stripes\/wp-content\/uploads\/sites\/7\/2024\/11\/square_rev2-400x400.jpg 400w, https:\/\/www.pedagogia.it\/stripes\/wp-content\/uploads\/sites\/7\/2024\/11\/square_rev2-1536x1536.jpg 1536w, https:\/\/www.pedagogia.it\/stripes\/wp-content\/uploads\/sites\/7\/2024\/11\/square_rev2-2048x2048.jpg 2048w, https:\/\/www.pedagogia.it\/stripes\/wp-content\/uploads\/sites\/7\/2024\/11\/square_rev2-350x350.jpg 350w, https:\/\/www.pedagogia.it\/stripes\/wp-content\/uploads\/sites\/7\/2024\/11\/square_rev2-348x348.jpg 348w, https:\/\/www.pedagogia.it\/stripes\/wp-content\/uploads\/sites\/7\/2024\/11\/square_rev2-600x600.jpg 600w, https:\/\/www.pedagogia.it\/stripes\/wp-content\/uploads\/sites\/7\/2024\/11\/square_rev2-100x100.jpg 100w, https:\/\/www.pedagogia.it\/stripes\/wp-content\/uploads\/sites\/7\/2024\/11\/square_rev2-60x60.jpg 60w, https:\/\/www.pedagogia.it\/stripes\/wp-content\/uploads\/sites\/7\/2024\/11\/square_rev2-90x90.jpg 90w\" sizes=\"(max-width: 2560px) 100vw, 2560px\" \/><\/a><div class=\"add-to-cart-overlay\"><a href=\"https:\/\/www.pedagogia.it\/stripes\/prodotto\/il-cielo-e-di-tutti-3-6-anni-3\/\" aria-describedby=\"woocommerce_loop_add_to_cart_link_describedby_22620\" data-quantity=\"1\" class=\"product_type_simple product_button_loop\" data-product_id=\"22620\" data-product_sku=\"\" aria-label=\"Leggi di pi\u00f9 su &quot;IL CIELO E\u2019 DI TUTTI (3\/6 anni)&quot;\" rel=\"nofollow\" data-success_message=\"\"><span class=\"add_to_cart_text\">Leggi tutto<\/span><span class=\"view-cart added_to_cart\"><\/span><\/a>\n\t<span id=\"woocommerce_loop_add_to_cart_link_describedby_22620\" class=\"screen-reader-text\">\n\t\t\t<\/span>\n<\/div><\/div>\n\t\t\t\t\t<\/div>\n\t\t\t\t<\/div><div class=\"t-entry-text\">\n\t\t\t\t\t\t\t\t\t<div class=\"t-entry-text-tc single-block-padding\"><div class=\"t-entry\"><h3 class=\"t-entry-title h6 title-scale \"><a href=\"https:\/\/www.pedagogia.it\/stripes\/prodotto\/il-cielo-e-di-tutti-3-6-anni-3\/\" target=\"_self\">IL CIELO E\u2019 DI TUTTI (3\/6 anni)<\/a><\/h3><p>DOMENICA 1 DICEMBRE 2024<b><br \/>\n<\/b>dalle 10.00 alle 11.00<\/p>\n<p class=\"p1\">Laboratorio sulle nuvole alla maniera di Magritte. La magia del cielo e della carta, in un\u2019esperienza tra arte, fantasia e manipolazione.<i><span class=\"Apple-converted-space\"><br \/>\n<\/span><\/i><span class=\"s1\"><i>A cura delle docenti della scuola dell\u2019infanzia Collodi ICS Via dei Salici, Legnano<\/i><\/span><\/p>\n<\/div><\/div>\n\t\t\t\t\t\t\t<\/div><\/div><\/div><div class=\"tmb tmb-woocommerce enhanced-atc atc-typography-inherit tmb-grid tmb-iso-h4 tmb-light tmb-overlay-text-anim tmb-overlay-anim tmb-content-left tmb-image-anim tmb-bordered  grid-cat-484 tmb-id-22621 tmb-woocommerce-variable-product tmb-content-under tmb-media-first tmb-no-bg\" ><div class=\"t-inside no-anim\" ><div class=\"t-entry-visual\"><div class=\"t-entry-visual-tc\"><div class=\"t-entry-visual-cont\"><div class=\"dummy\" style=\"padding-top: 100%;\"><\/div><a role=\"button\" tabindex=\"-1\" href=\"https:\/\/www.pedagogia.it\/stripes\/prodotto\/spazio-morbido-mamme-e-bambini-0-9-mesi-2\/\" class=\"pushed\" target=\"_self\" data-lb-index=\"3\"><div class=\"t-entry-visual-overlay\"><div class=\"t-entry-visual-overlay-in style-dark-bg\" style=\"opacity: 0.5;\"><\/div><\/div><img decoding=\"async\" class=\"wp-image-22591\" src=\"https:\/\/www.pedagogia.it\/stripes\/wp-content\/uploads\/sites\/7\/2024\/11\/square_rev2-scaled.jpg\" width=\"2560\" height=\"2560\" alt=\"\" srcset=\"https:\/\/www.pedagogia.it\/stripes\/wp-content\/uploads\/sites\/7\/2024\/11\/square_rev2-scaled.jpg 2560w, https:\/\/www.pedagogia.it\/stripes\/wp-content\/uploads\/sites\/7\/2024\/11\/square_rev2-300x300.jpg 300w, https:\/\/www.pedagogia.it\/stripes\/wp-content\/uploads\/sites\/7\/2024\/11\/square_rev2-1024x1024.jpg 1024w, https:\/\/www.pedagogia.it\/stripes\/wp-content\/uploads\/sites\/7\/2024\/11\/square_rev2-150x150.jpg 150w, https:\/\/www.pedagogia.it\/stripes\/wp-content\/uploads\/sites\/7\/2024\/11\/square_rev2-768x768.jpg 768w, https:\/\/www.pedagogia.it\/stripes\/wp-content\/uploads\/sites\/7\/2024\/11\/square_rev2-400x400.jpg 400w, https:\/\/www.pedagogia.it\/stripes\/wp-content\/uploads\/sites\/7\/2024\/11\/square_rev2-1536x1536.jpg 1536w, https:\/\/www.pedagogia.it\/stripes\/wp-content\/uploads\/sites\/7\/2024\/11\/square_rev2-2048x2048.jpg 2048w, https:\/\/www.pedagogia.it\/stripes\/wp-content\/uploads\/sites\/7\/2024\/11\/square_rev2-350x350.jpg 350w, https:\/\/www.pedagogia.it\/stripes\/wp-content\/uploads\/sites\/7\/2024\/11\/square_rev2-348x348.jpg 348w, https:\/\/www.pedagogia.it\/stripes\/wp-content\/uploads\/sites\/7\/2024\/11\/square_rev2-600x600.jpg 600w, https:\/\/www.pedagogia.it\/stripes\/wp-content\/uploads\/sites\/7\/2024\/11\/square_rev2-100x100.jpg 100w, https:\/\/www.pedagogia.it\/stripes\/wp-content\/uploads\/sites\/7\/2024\/11\/square_rev2-60x60.jpg 60w, https:\/\/www.pedagogia.it\/stripes\/wp-content\/uploads\/sites\/7\/2024\/11\/square_rev2-90x90.jpg 90w\" sizes=\"(max-width: 2560px) 100vw, 2560px\" \/><\/a><div class=\"add-to-cart-overlay\"><a href=\"https:\/\/www.pedagogia.it\/stripes\/prodotto\/spazio-morbido-mamme-e-bambini-0-9-mesi-2\/\" aria-describedby=\"woocommerce_loop_add_to_cart_link_describedby_22621\" data-quantity=\"1\" class=\"product_type_variable product_button_loop\" data-product_id=\"22621\" data-product_sku=\"\" aria-label=\"Seleziona le opzioni per &ldquo;SPAZIO MORBIDO (mamme e bambini 0\/9 mesi)&rdquo;\" rel=\"nofollow\"><span class=\"add_to_cart_text\">Scegli<\/span><span class=\"view-cart added_to_cart\"><\/span><\/a>\n\t<span id=\"woocommerce_loop_add_to_cart_link_describedby_22621\" class=\"screen-reader-text\">\n\t\tQuesto prodotto ha pi\u00f9 varianti. Le opzioni possono essere scelte nella pagina del prodotto\t<\/span>\n<\/div><\/div>\n\t\t\t\t\t<\/div>\n\t\t\t\t<\/div><div class=\"t-entry-text\">\n\t\t\t\t\t\t\t\t\t<div class=\"t-entry-text-tc single-block-padding\"><div class=\"t-entry\"><h3 class=\"t-entry-title h6 title-scale \"><a href=\"https:\/\/www.pedagogia.it\/stripes\/prodotto\/spazio-morbido-mamme-e-bambini-0-9-mesi-2\/\" target=\"_self\">SPAZIO MORBIDO (mamme e bambini 0\/9 mesi)<\/a><\/h3><p>DOMENICA 1 DICEMBRE 2024<b><br \/>\n<\/b>dalle 10:00 alle 11:00 e dalle 11.30 alle 12.30<\/p>\n<p class=\"p1\">Un posto sicuro per le mamme e i loro piccoli. Un momento per prendersi cura del corpo e armonizzare tensioni ed energie. Infine, piccole esperienze di arteterapia per lasciare un \u201csegno\u201d.<span class=\"Apple-converted-space\"><br \/>\n<\/span><i>Di Elisa Zappa, arteterapista e operatore shiatsu Associazione spazio Ars<\/i><\/p>\n<\/div><\/div>\n\t\t\t\t\t\t\t<\/div><\/div><\/div><div class=\"tmb tmb-woocommerce enhanced-atc atc-typography-inherit tmb-grid tmb-iso-h4 tmb-light tmb-overlay-text-anim tmb-overlay-anim tmb-content-left tmb-image-anim tmb-bordered  grid-cat-484 tmb-id-22622 tmb-content-under tmb-media-first tmb-no-bg\" ><div class=\"t-inside no-anim\" ><div class=\"t-entry-visual\"><div class=\"t-entry-visual-tc\"><div class=\"t-entry-visual-cont\"><div class=\"dummy\" style=\"padding-top: 100%;\"><\/div><a role=\"button\" tabindex=\"-1\" href=\"https:\/\/www.pedagogia.it\/stripes\/prodotto\/in-viaggio-3-6-anni\/\" class=\"pushed\" target=\"_self\" data-lb-index=\"4\"><div class=\"t-entry-visual-overlay\"><div class=\"t-entry-visual-overlay-in style-dark-bg\" style=\"opacity: 0.5;\"><\/div><\/div><img decoding=\"async\" class=\"wp-image-22591\" src=\"https:\/\/www.pedagogia.it\/stripes\/wp-content\/uploads\/sites\/7\/2024\/11\/square_rev2-scaled.jpg\" width=\"2560\" height=\"2560\" alt=\"\" srcset=\"https:\/\/www.pedagogia.it\/stripes\/wp-content\/uploads\/sites\/7\/2024\/11\/square_rev2-scaled.jpg 2560w, https:\/\/www.pedagogia.it\/stripes\/wp-content\/uploads\/sites\/7\/2024\/11\/square_rev2-300x300.jpg 300w, https:\/\/www.pedagogia.it\/stripes\/wp-content\/uploads\/sites\/7\/2024\/11\/square_rev2-1024x1024.jpg 1024w, https:\/\/www.pedagogia.it\/stripes\/wp-content\/uploads\/sites\/7\/2024\/11\/square_rev2-150x150.jpg 150w, https:\/\/www.pedagogia.it\/stripes\/wp-content\/uploads\/sites\/7\/2024\/11\/square_rev2-768x768.jpg 768w, https:\/\/www.pedagogia.it\/stripes\/wp-content\/uploads\/sites\/7\/2024\/11\/square_rev2-400x400.jpg 400w, https:\/\/www.pedagogia.it\/stripes\/wp-content\/uploads\/sites\/7\/2024\/11\/square_rev2-1536x1536.jpg 1536w, https:\/\/www.pedagogia.it\/stripes\/wp-content\/uploads\/sites\/7\/2024\/11\/square_rev2-2048x2048.jpg 2048w, https:\/\/www.pedagogia.it\/stripes\/wp-content\/uploads\/sites\/7\/2024\/11\/square_rev2-350x350.jpg 350w, https:\/\/www.pedagogia.it\/stripes\/wp-content\/uploads\/sites\/7\/2024\/11\/square_rev2-348x348.jpg 348w, https:\/\/www.pedagogia.it\/stripes\/wp-content\/uploads\/sites\/7\/2024\/11\/square_rev2-600x600.jpg 600w, https:\/\/www.pedagogia.it\/stripes\/wp-content\/uploads\/sites\/7\/2024\/11\/square_rev2-100x100.jpg 100w, https:\/\/www.pedagogia.it\/stripes\/wp-content\/uploads\/sites\/7\/2024\/11\/square_rev2-60x60.jpg 60w, https:\/\/www.pedagogia.it\/stripes\/wp-content\/uploads\/sites\/7\/2024\/11\/square_rev2-90x90.jpg 90w\" sizes=\"(max-width: 2560px) 100vw, 2560px\" \/><\/a><div class=\"add-to-cart-overlay\"><a href=\"https:\/\/www.pedagogia.it\/stripes\/prodotto\/in-viaggio-3-6-anni\/\" aria-describedby=\"woocommerce_loop_add_to_cart_link_describedby_22622\" data-quantity=\"1\" class=\"product_type_simple product_button_loop\" data-product_id=\"22622\" data-product_sku=\"\" aria-label=\"Leggi di pi\u00f9 su &quot;IN VIAGGIO (3\/6 anni)&quot;\" rel=\"nofollow\" data-success_message=\"\"><span class=\"add_to_cart_text\">Leggi tutto<\/span><span class=\"view-cart added_to_cart\"><\/span><\/a>\n\t<span id=\"woocommerce_loop_add_to_cart_link_describedby_22622\" class=\"screen-reader-text\">\n\t\t\t<\/span>\n<\/div><\/div>\n\t\t\t\t\t<\/div>\n\t\t\t\t<\/div><div class=\"t-entry-text\">\n\t\t\t\t\t\t\t\t\t<div class=\"t-entry-text-tc single-block-padding\"><div class=\"t-entry\"><h3 class=\"t-entry-title h6 title-scale \"><a href=\"https:\/\/www.pedagogia.it\/stripes\/prodotto\/in-viaggio-3-6-anni\/\" target=\"_self\">IN VIAGGIO (3\/6 anni)<\/a><\/h3><p>DOMENICA 1 DICEMBRE 2024<b><br \/>\n<\/b>dalle 11.30 alle 12.30<\/p>\n<p class=\"p1\"><span class=\"s1\">Attraverso la storia dell\u2019incredibile viaggio di ranocchio e porcospino si realizzer\u00e0 un\u2019opera collettiva che rappresenta il viaggio di ogni bambino. Al termine l\u2019opera sar\u00e0 tagliata in pezzi perch\u00e9 ogni bambino possa conservarne una parte.<span class=\"Apple-converted-space\"><br \/>\n<\/span><\/span><i>Di Marika Violatto e Sara Fer\u00e8 educatrici Kinesis<\/i><\/p>\n<\/div><\/div>\n\t\t\t\t\t\t\t<\/div><\/div><\/div><div class=\"tmb tmb-woocommerce enhanced-atc atc-typography-inherit tmb-grid tmb-iso-h4 tmb-light tmb-overlay-text-anim tmb-overlay-anim tmb-content-left tmb-image-anim tmb-bordered  grid-cat-484 tmb-id-22623 tmb-content-under tmb-media-first tmb-no-bg\" ><div class=\"t-inside no-anim\" ><div class=\"t-entry-visual\"><div class=\"t-entry-visual-tc\"><div class=\"t-entry-visual-cont\"><div class=\"dummy\" style=\"padding-top: 100%;\"><\/div><a role=\"button\" tabindex=\"-1\" href=\"https:\/\/www.pedagogia.it\/stripes\/prodotto\/introduzione-al-disegno-manga-6-anni\/\" class=\"pushed\" target=\"_self\" data-lb-index=\"5\"><div class=\"t-entry-visual-overlay\"><div class=\"t-entry-visual-overlay-in style-dark-bg\" style=\"opacity: 0.5;\"><\/div><\/div><img decoding=\"async\" class=\"wp-image-22591\" src=\"https:\/\/www.pedagogia.it\/stripes\/wp-content\/uploads\/sites\/7\/2024\/11\/square_rev2-scaled.jpg\" width=\"2560\" height=\"2560\" alt=\"\" srcset=\"https:\/\/www.pedagogia.it\/stripes\/wp-content\/uploads\/sites\/7\/2024\/11\/square_rev2-scaled.jpg 2560w, https:\/\/www.pedagogia.it\/stripes\/wp-content\/uploads\/sites\/7\/2024\/11\/square_rev2-300x300.jpg 300w, https:\/\/www.pedagogia.it\/stripes\/wp-content\/uploads\/sites\/7\/2024\/11\/square_rev2-1024x1024.jpg 1024w, https:\/\/www.pedagogia.it\/stripes\/wp-content\/uploads\/sites\/7\/2024\/11\/square_rev2-150x150.jpg 150w, https:\/\/www.pedagogia.it\/stripes\/wp-content\/uploads\/sites\/7\/2024\/11\/square_rev2-768x768.jpg 768w, https:\/\/www.pedagogia.it\/stripes\/wp-content\/uploads\/sites\/7\/2024\/11\/square_rev2-400x400.jpg 400w, https:\/\/www.pedagogia.it\/stripes\/wp-content\/uploads\/sites\/7\/2024\/11\/square_rev2-1536x1536.jpg 1536w, https:\/\/www.pedagogia.it\/stripes\/wp-content\/uploads\/sites\/7\/2024\/11\/square_rev2-2048x2048.jpg 2048w, https:\/\/www.pedagogia.it\/stripes\/wp-content\/uploads\/sites\/7\/2024\/11\/square_rev2-350x350.jpg 350w, https:\/\/www.pedagogia.it\/stripes\/wp-content\/uploads\/sites\/7\/2024\/11\/square_rev2-348x348.jpg 348w, https:\/\/www.pedagogia.it\/stripes\/wp-content\/uploads\/sites\/7\/2024\/11\/square_rev2-600x600.jpg 600w, https:\/\/www.pedagogia.it\/stripes\/wp-content\/uploads\/sites\/7\/2024\/11\/square_rev2-100x100.jpg 100w, https:\/\/www.pedagogia.it\/stripes\/wp-content\/uploads\/sites\/7\/2024\/11\/square_rev2-60x60.jpg 60w, https:\/\/www.pedagogia.it\/stripes\/wp-content\/uploads\/sites\/7\/2024\/11\/square_rev2-90x90.jpg 90w\" sizes=\"(max-width: 2560px) 100vw, 2560px\" \/><\/a><div class=\"add-to-cart-overlay\"><a href=\"https:\/\/www.pedagogia.it\/stripes\/prodotto\/introduzione-al-disegno-manga-6-anni\/\" aria-describedby=\"woocommerce_loop_add_to_cart_link_describedby_22623\" data-quantity=\"1\" class=\"product_type_simple product_button_loop\" data-product_id=\"22623\" data-product_sku=\"\" aria-label=\"Leggi di pi\u00f9 su &quot;INTRODUZIONE AL DISEGNO MANGA (6+ anni)&quot;\" rel=\"nofollow\" data-success_message=\"\"><span class=\"add_to_cart_text\">Leggi tutto<\/span><span class=\"view-cart added_to_cart\"><\/span><\/a>\n\t<span id=\"woocommerce_loop_add_to_cart_link_describedby_22623\" class=\"screen-reader-text\">\n\t\t\t<\/span>\n<\/div><\/div>\n\t\t\t\t\t<\/div>\n\t\t\t\t<\/div><div class=\"t-entry-text\">\n\t\t\t\t\t\t\t\t\t<div class=\"t-entry-text-tc single-block-padding\"><div class=\"t-entry\"><h3 class=\"t-entry-title h6 title-scale \"><a href=\"https:\/\/www.pedagogia.it\/stripes\/prodotto\/introduzione-al-disegno-manga-6-anni\/\" target=\"_self\">INTRODUZIONE AL DISEGNO MANGA (6+ anni)<\/a><\/h3><p>DOMENICA 1 DICEMBRE 2024<b><br \/>\n<\/b>dalle 11.30 alle 12.30<\/p>\n<p class=\"p1\">Laboratorio per introdurre al mondo del fumetto giapponese, con la presentazione di alcune tecniche per impostare la creazione di un volto e corpo in stile Manga. Sar\u00e0 allestito un bookcorner con i libri della Biblioteca, disponibili al prestito.<br \/>\n<span class=\"s1\"><i>Di Badr Hamse e Alessandra Infante Canchanya, illustratori e operatori del Servizio Civile della Biblioteca Civica di Legnano<\/i><\/span><\/p>\n<\/div><\/div>\n\t\t\t\t\t\t\t<\/div><\/div><\/div><div class=\"tmb tmb-woocommerce enhanced-atc atc-typography-inherit tmb-grid tmb-iso-h4 tmb-light tmb-overlay-text-anim tmb-overlay-anim tmb-content-left tmb-image-anim tmb-bordered  grid-cat-484 tmb-id-22624 tmb-content-under tmb-media-first tmb-no-bg\" ><div class=\"t-inside no-anim\" ><div class=\"t-entry-visual\"><div class=\"t-entry-visual-tc\"><div class=\"t-entry-visual-cont\"><div class=\"dummy\" style=\"padding-top: 100%;\"><\/div><a role=\"button\" tabindex=\"-1\" href=\"https:\/\/www.pedagogia.it\/stripes\/prodotto\/lab-piedibus-6-10-anni\/\" class=\"pushed\" target=\"_self\" data-lb-index=\"6\"><div class=\"t-entry-visual-overlay\"><div class=\"t-entry-visual-overlay-in style-dark-bg\" style=\"opacity: 0.5;\"><\/div><\/div><img decoding=\"async\" class=\"wp-image-22591\" src=\"https:\/\/www.pedagogia.it\/stripes\/wp-content\/uploads\/sites\/7\/2024\/11\/square_rev2-scaled.jpg\" width=\"2560\" height=\"2560\" alt=\"\" srcset=\"https:\/\/www.pedagogia.it\/stripes\/wp-content\/uploads\/sites\/7\/2024\/11\/square_rev2-scaled.jpg 2560w, https:\/\/www.pedagogia.it\/stripes\/wp-content\/uploads\/sites\/7\/2024\/11\/square_rev2-300x300.jpg 300w, https:\/\/www.pedagogia.it\/stripes\/wp-content\/uploads\/sites\/7\/2024\/11\/square_rev2-1024x1024.jpg 1024w, https:\/\/www.pedagogia.it\/stripes\/wp-content\/uploads\/sites\/7\/2024\/11\/square_rev2-150x150.jpg 150w, https:\/\/www.pedagogia.it\/stripes\/wp-content\/uploads\/sites\/7\/2024\/11\/square_rev2-768x768.jpg 768w, https:\/\/www.pedagogia.it\/stripes\/wp-content\/uploads\/sites\/7\/2024\/11\/square_rev2-400x400.jpg 400w, https:\/\/www.pedagogia.it\/stripes\/wp-content\/uploads\/sites\/7\/2024\/11\/square_rev2-1536x1536.jpg 1536w, https:\/\/www.pedagogia.it\/stripes\/wp-content\/uploads\/sites\/7\/2024\/11\/square_rev2-2048x2048.jpg 2048w, https:\/\/www.pedagogia.it\/stripes\/wp-content\/uploads\/sites\/7\/2024\/11\/square_rev2-350x350.jpg 350w, https:\/\/www.pedagogia.it\/stripes\/wp-content\/uploads\/sites\/7\/2024\/11\/square_rev2-348x348.jpg 348w, https:\/\/www.pedagogia.it\/stripes\/wp-content\/uploads\/sites\/7\/2024\/11\/square_rev2-600x600.jpg 600w, https:\/\/www.pedagogia.it\/stripes\/wp-content\/uploads\/sites\/7\/2024\/11\/square_rev2-100x100.jpg 100w, https:\/\/www.pedagogia.it\/stripes\/wp-content\/uploads\/sites\/7\/2024\/11\/square_rev2-60x60.jpg 60w, https:\/\/www.pedagogia.it\/stripes\/wp-content\/uploads\/sites\/7\/2024\/11\/square_rev2-90x90.jpg 90w\" sizes=\"(max-width: 2560px) 100vw, 2560px\" \/><\/a><div class=\"add-to-cart-overlay\"><a href=\"https:\/\/www.pedagogia.it\/stripes\/prodotto\/lab-piedibus-6-10-anni\/\" aria-describedby=\"woocommerce_loop_add_to_cart_link_describedby_22624\" data-quantity=\"1\" class=\"product_type_simple product_button_loop\" data-product_id=\"22624\" data-product_sku=\"\" aria-label=\"Leggi di pi\u00f9 su &quot;LAB PIEDIBUS (6\/10 anni)&quot;\" rel=\"nofollow\" data-success_message=\"\"><span class=\"add_to_cart_text\">Leggi tutto<\/span><span class=\"view-cart added_to_cart\"><\/span><\/a>\n\t<span id=\"woocommerce_loop_add_to_cart_link_describedby_22624\" class=\"screen-reader-text\">\n\t\t\t<\/span>\n<\/div><\/div>\n\t\t\t\t\t<\/div>\n\t\t\t\t<\/div><div class=\"t-entry-text\">\n\t\t\t\t\t\t\t\t\t<div class=\"t-entry-text-tc single-block-padding\"><div class=\"t-entry\"><h3 class=\"t-entry-title h6 title-scale \"><a href=\"https:\/\/www.pedagogia.it\/stripes\/prodotto\/lab-piedibus-6-10-anni\/\" target=\"_self\">LAB PIEDIBUS (6\/10 anni)<\/a><\/h3><p>DOMENICA 1 DICEMBRE 2024<b><br \/>\n<\/b>dalle 11.30 alle 12.30<\/p>\n<p class=\"p1\">Un laboratorio pratico e divertente per la costruzione dei segnali stradali e dei percorsi svolti quotidianamente per andare da casa a scuola.<span class=\"s1\"><i><span class=\"Apple-converted-space\"><br \/>\n<\/span><\/i><\/span><i>A cura di tecnici esperti di Elaborazioni Srl, promotori del progetto di Piedibus \u201ciBraviPiedoni\u201d e delle \u201cOlimpiedibus\u201d<\/i><\/p>\n<\/div><\/div>\n\t\t\t\t\t\t\t<\/div><\/div><\/div><div class=\"tmb tmb-woocommerce enhanced-atc atc-typography-inherit tmb-grid tmb-iso-h4 tmb-light tmb-overlay-text-anim tmb-overlay-anim tmb-content-left tmb-image-anim tmb-bordered  grid-cat-484 tmb-id-22625 tmb-content-under tmb-media-first tmb-no-bg\" ><div class=\"t-inside no-anim\" ><div class=\"t-entry-visual\"><div class=\"t-entry-visual-tc\"><div class=\"t-entry-visual-cont\"><div class=\"dummy\" style=\"padding-top: 100%;\"><\/div><a role=\"button\" tabindex=\"-1\" href=\"https:\/\/www.pedagogia.it\/stripes\/prodotto\/il-sonno-mamme-in-gravidanza-e-o-con-bambini-fino-ai-4-mesi\/\" class=\"pushed\" target=\"_self\" data-lb-index=\"7\"><div class=\"t-entry-visual-overlay\"><div class=\"t-entry-visual-overlay-in style-dark-bg\" style=\"opacity: 0.5;\"><\/div><\/div><img decoding=\"async\" class=\"wp-image-22591\" src=\"https:\/\/www.pedagogia.it\/stripes\/wp-content\/uploads\/sites\/7\/2024\/11\/square_rev2-scaled.jpg\" width=\"2560\" height=\"2560\" alt=\"\" srcset=\"https:\/\/www.pedagogia.it\/stripes\/wp-content\/uploads\/sites\/7\/2024\/11\/square_rev2-scaled.jpg 2560w, https:\/\/www.pedagogia.it\/stripes\/wp-content\/uploads\/sites\/7\/2024\/11\/square_rev2-300x300.jpg 300w, https:\/\/www.pedagogia.it\/stripes\/wp-content\/uploads\/sites\/7\/2024\/11\/square_rev2-1024x1024.jpg 1024w, https:\/\/www.pedagogia.it\/stripes\/wp-content\/uploads\/sites\/7\/2024\/11\/square_rev2-150x150.jpg 150w, https:\/\/www.pedagogia.it\/stripes\/wp-content\/uploads\/sites\/7\/2024\/11\/square_rev2-768x768.jpg 768w, https:\/\/www.pedagogia.it\/stripes\/wp-content\/uploads\/sites\/7\/2024\/11\/square_rev2-400x400.jpg 400w, https:\/\/www.pedagogia.it\/stripes\/wp-content\/uploads\/sites\/7\/2024\/11\/square_rev2-1536x1536.jpg 1536w, https:\/\/www.pedagogia.it\/stripes\/wp-content\/uploads\/sites\/7\/2024\/11\/square_rev2-2048x2048.jpg 2048w, https:\/\/www.pedagogia.it\/stripes\/wp-content\/uploads\/sites\/7\/2024\/11\/square_rev2-350x350.jpg 350w, https:\/\/www.pedagogia.it\/stripes\/wp-content\/uploads\/sites\/7\/2024\/11\/square_rev2-348x348.jpg 348w, https:\/\/www.pedagogia.it\/stripes\/wp-content\/uploads\/sites\/7\/2024\/11\/square_rev2-600x600.jpg 600w, https:\/\/www.pedagogia.it\/stripes\/wp-content\/uploads\/sites\/7\/2024\/11\/square_rev2-100x100.jpg 100w, https:\/\/www.pedagogia.it\/stripes\/wp-content\/uploads\/sites\/7\/2024\/11\/square_rev2-60x60.jpg 60w, https:\/\/www.pedagogia.it\/stripes\/wp-content\/uploads\/sites\/7\/2024\/11\/square_rev2-90x90.jpg 90w\" sizes=\"(max-width: 2560px) 100vw, 2560px\" \/><\/a><div class=\"add-to-cart-overlay\"><a href=\"https:\/\/www.pedagogia.it\/stripes\/prodotto\/il-sonno-mamme-in-gravidanza-e-o-con-bambini-fino-ai-4-mesi\/\" aria-describedby=\"woocommerce_loop_add_to_cart_link_describedby_22625\" data-quantity=\"1\" class=\"product_type_simple product_button_loop\" data-product_id=\"22625\" data-product_sku=\"\" aria-label=\"Leggi di pi\u00f9 su &quot;IL SONNO (mamme in gravidanza e\/o con bambini fino ai 4 mesi)&quot;\" rel=\"nofollow\" data-success_message=\"\"><span class=\"add_to_cart_text\">Leggi tutto<\/span><span class=\"view-cart added_to_cart\"><\/span><\/a>\n\t<span id=\"woocommerce_loop_add_to_cart_link_describedby_22625\" class=\"screen-reader-text\">\n\t\t\t<\/span>\n<\/div><\/div>\n\t\t\t\t\t<\/div>\n\t\t\t\t<\/div><div class=\"t-entry-text\">\n\t\t\t\t\t\t\t\t\t<div class=\"t-entry-text-tc single-block-padding\"><div class=\"t-entry\"><h3 class=\"t-entry-title h6 title-scale \"><a href=\"https:\/\/www.pedagogia.it\/stripes\/prodotto\/il-sonno-mamme-in-gravidanza-e-o-con-bambini-fino-ai-4-mesi\/\" target=\"_self\">IL SONNO (mamme in gravidanza e\/o con bambini fino ai 4 mesi)<\/a><\/h3><p>DOMENICA 1 DICEMBRE 2024<b><br \/>\n<\/b>dalle 14.30 alle 15.30<\/p>\n<p class=\"p1\">Un momento di condivisione e scambio sulla fisiologia del sonno del neonato. Incontro dedicato ai genitori<span class=\"Apple-converted-space\">\u00a0 <\/span>in dolce attesa per prepararsi e affrontare con consapevolezza il delicato momento del sonno.<span class=\"Apple-converted-space\"><br \/>\n<\/span><span class=\"s1\"><i>Di Federica Caramia, coordinatrice Stripes Coop e consulente del sonno certificata<\/i><\/span><\/p>\n<\/div><\/div>\n\t\t\t\t\t\t\t<\/div><\/div><\/div><div class=\"tmb tmb-woocommerce enhanced-atc atc-typography-inherit tmb-grid tmb-iso-h4 tmb-light tmb-overlay-text-anim tmb-overlay-anim tmb-content-left tmb-image-anim tmb-bordered  grid-cat-484 tmb-id-22626 tmb-content-under tmb-media-first tmb-no-bg\" ><div class=\"t-inside no-anim\" ><div class=\"t-entry-visual\"><div class=\"t-entry-visual-tc\"><div class=\"t-entry-visual-cont\"><div class=\"dummy\" style=\"padding-top: 100%;\"><\/div><a role=\"button\" tabindex=\"-1\" href=\"https:\/\/www.pedagogia.it\/stripes\/prodotto\/giocando-con-lo-yoga-3-6-anni\/\" class=\"pushed\" target=\"_self\" data-lb-index=\"8\"><div class=\"t-entry-visual-overlay\"><div class=\"t-entry-visual-overlay-in style-dark-bg\" style=\"opacity: 0.5;\"><\/div><\/div><img decoding=\"async\" class=\"wp-image-22591\" src=\"https:\/\/www.pedagogia.it\/stripes\/wp-content\/uploads\/sites\/7\/2024\/11\/square_rev2-scaled.jpg\" width=\"2560\" height=\"2560\" alt=\"\" srcset=\"https:\/\/www.pedagogia.it\/stripes\/wp-content\/uploads\/sites\/7\/2024\/11\/square_rev2-scaled.jpg 2560w, https:\/\/www.pedagogia.it\/stripes\/wp-content\/uploads\/sites\/7\/2024\/11\/square_rev2-300x300.jpg 300w, https:\/\/www.pedagogia.it\/stripes\/wp-content\/uploads\/sites\/7\/2024\/11\/square_rev2-1024x1024.jpg 1024w, https:\/\/www.pedagogia.it\/stripes\/wp-content\/uploads\/sites\/7\/2024\/11\/square_rev2-150x150.jpg 150w, https:\/\/www.pedagogia.it\/stripes\/wp-content\/uploads\/sites\/7\/2024\/11\/square_rev2-768x768.jpg 768w, https:\/\/www.pedagogia.it\/stripes\/wp-content\/uploads\/sites\/7\/2024\/11\/square_rev2-400x400.jpg 400w, https:\/\/www.pedagogia.it\/stripes\/wp-content\/uploads\/sites\/7\/2024\/11\/square_rev2-1536x1536.jpg 1536w, https:\/\/www.pedagogia.it\/stripes\/wp-content\/uploads\/sites\/7\/2024\/11\/square_rev2-2048x2048.jpg 2048w, https:\/\/www.pedagogia.it\/stripes\/wp-content\/uploads\/sites\/7\/2024\/11\/square_rev2-350x350.jpg 350w, https:\/\/www.pedagogia.it\/stripes\/wp-content\/uploads\/sites\/7\/2024\/11\/square_rev2-348x348.jpg 348w, https:\/\/www.pedagogia.it\/stripes\/wp-content\/uploads\/sites\/7\/2024\/11\/square_rev2-600x600.jpg 600w, https:\/\/www.pedagogia.it\/stripes\/wp-content\/uploads\/sites\/7\/2024\/11\/square_rev2-100x100.jpg 100w, https:\/\/www.pedagogia.it\/stripes\/wp-content\/uploads\/sites\/7\/2024\/11\/square_rev2-60x60.jpg 60w, https:\/\/www.pedagogia.it\/stripes\/wp-content\/uploads\/sites\/7\/2024\/11\/square_rev2-90x90.jpg 90w\" sizes=\"(max-width: 2560px) 100vw, 2560px\" \/><\/a><div class=\"add-to-cart-overlay\"><a href=\"https:\/\/www.pedagogia.it\/stripes\/prodotto\/giocando-con-lo-yoga-3-6-anni\/\" aria-describedby=\"woocommerce_loop_add_to_cart_link_describedby_22626\" data-quantity=\"1\" class=\"product_type_simple product_button_loop\" data-product_id=\"22626\" data-product_sku=\"\" aria-label=\"Leggi di pi\u00f9 su &quot;GIOCANDO CON LO YOGA (3\/6 anni)&quot;\" rel=\"nofollow\" data-success_message=\"\"><span class=\"add_to_cart_text\">Leggi tutto<\/span><span class=\"view-cart added_to_cart\"><\/span><\/a>\n\t<span id=\"woocommerce_loop_add_to_cart_link_describedby_22626\" class=\"screen-reader-text\">\n\t\t\t<\/span>\n<\/div><\/div>\n\t\t\t\t\t<\/div>\n\t\t\t\t<\/div><div class=\"t-entry-text\">\n\t\t\t\t\t\t\t\t\t<div class=\"t-entry-text-tc single-block-padding\"><div class=\"t-entry\"><h3 class=\"t-entry-title h6 title-scale \"><a href=\"https:\/\/www.pedagogia.it\/stripes\/prodotto\/giocando-con-lo-yoga-3-6-anni\/\" target=\"_self\">GIOCANDO CON LO YOGA (3\/6 anni)<\/a><\/h3><p>DOMENICA 1 DICEMBRE 2024<b><br \/>\n<\/b>dalle 14.30 alle 15.30<\/p>\n<p class=\"p1\">Giochi e racconti di storie per conoscere le posizioni yoga con momenti dedicati all\u2019arte e alle emozioni, come il disegno e la colorazione dei mandala. Portare delle calze antiscivolo e un tappetino.<br \/>\n<i>Di Cristina Stallone, educatrice Stripes Coop e insegnante AIYB (Associazione italiana yoga per bambini)<\/i><\/p>\n<\/div><\/div>\n\t\t\t\t\t\t\t<\/div><\/div><\/div><div class=\"tmb tmb-woocommerce enhanced-atc atc-typography-inherit tmb-grid tmb-iso-h4 tmb-light tmb-overlay-text-anim tmb-overlay-anim tmb-content-left tmb-image-anim tmb-bordered  grid-cat-484 tmb-id-22627 tmb-content-under tmb-media-first tmb-no-bg\" ><div class=\"t-inside no-anim\" ><div class=\"t-entry-visual\"><div class=\"t-entry-visual-tc\"><div class=\"t-entry-visual-cont\"><div class=\"dummy\" style=\"padding-top: 100%;\"><\/div><a role=\"button\" tabindex=\"-1\" href=\"https:\/\/www.pedagogia.it\/stripes\/prodotto\/giocare-e-una-cosa-seria-3-6-anni\/\" class=\"pushed\" target=\"_self\" data-lb-index=\"9\"><div class=\"t-entry-visual-overlay\"><div class=\"t-entry-visual-overlay-in style-dark-bg\" style=\"opacity: 0.5;\"><\/div><\/div><img decoding=\"async\" class=\"wp-image-22591\" src=\"https:\/\/www.pedagogia.it\/stripes\/wp-content\/uploads\/sites\/7\/2024\/11\/square_rev2-scaled.jpg\" width=\"2560\" height=\"2560\" alt=\"\" srcset=\"https:\/\/www.pedagogia.it\/stripes\/wp-content\/uploads\/sites\/7\/2024\/11\/square_rev2-scaled.jpg 2560w, https:\/\/www.pedagogia.it\/stripes\/wp-content\/uploads\/sites\/7\/2024\/11\/square_rev2-300x300.jpg 300w, https:\/\/www.pedagogia.it\/stripes\/wp-content\/uploads\/sites\/7\/2024\/11\/square_rev2-1024x1024.jpg 1024w, https:\/\/www.pedagogia.it\/stripes\/wp-content\/uploads\/sites\/7\/2024\/11\/square_rev2-150x150.jpg 150w, https:\/\/www.pedagogia.it\/stripes\/wp-content\/uploads\/sites\/7\/2024\/11\/square_rev2-768x768.jpg 768w, https:\/\/www.pedagogia.it\/stripes\/wp-content\/uploads\/sites\/7\/2024\/11\/square_rev2-400x400.jpg 400w, https:\/\/www.pedagogia.it\/stripes\/wp-content\/uploads\/sites\/7\/2024\/11\/square_rev2-1536x1536.jpg 1536w, https:\/\/www.pedagogia.it\/stripes\/wp-content\/uploads\/sites\/7\/2024\/11\/square_rev2-2048x2048.jpg 2048w, https:\/\/www.pedagogia.it\/stripes\/wp-content\/uploads\/sites\/7\/2024\/11\/square_rev2-350x350.jpg 350w, https:\/\/www.pedagogia.it\/stripes\/wp-content\/uploads\/sites\/7\/2024\/11\/square_rev2-348x348.jpg 348w, https:\/\/www.pedagogia.it\/stripes\/wp-content\/uploads\/sites\/7\/2024\/11\/square_rev2-600x600.jpg 600w, https:\/\/www.pedagogia.it\/stripes\/wp-content\/uploads\/sites\/7\/2024\/11\/square_rev2-100x100.jpg 100w, https:\/\/www.pedagogia.it\/stripes\/wp-content\/uploads\/sites\/7\/2024\/11\/square_rev2-60x60.jpg 60w, https:\/\/www.pedagogia.it\/stripes\/wp-content\/uploads\/sites\/7\/2024\/11\/square_rev2-90x90.jpg 90w\" sizes=\"(max-width: 2560px) 100vw, 2560px\" \/><\/a><div class=\"add-to-cart-overlay\"><a href=\"https:\/\/www.pedagogia.it\/stripes\/prodotto\/giocare-e-una-cosa-seria-3-6-anni\/\" aria-describedby=\"woocommerce_loop_add_to_cart_link_describedby_22627\" data-quantity=\"1\" class=\"product_type_simple product_button_loop\" data-product_id=\"22627\" data-product_sku=\"\" aria-label=\"Leggi di pi\u00f9 su &quot;Giocare \u00e8 una cosa seria (3\/6 anni)&quot;\" rel=\"nofollow\" data-success_message=\"\"><span class=\"add_to_cart_text\">Leggi tutto<\/span><span class=\"view-cart added_to_cart\"><\/span><\/a>\n\t<span id=\"woocommerce_loop_add_to_cart_link_describedby_22627\" class=\"screen-reader-text\">\n\t\t\t<\/span>\n<\/div><\/div>\n\t\t\t\t\t<\/div>\n\t\t\t\t<\/div><div class=\"t-entry-text\">\n\t\t\t\t\t\t\t\t\t<div class=\"t-entry-text-tc single-block-padding\"><div class=\"t-entry\"><h3 class=\"t-entry-title h6 title-scale \"><a href=\"https:\/\/www.pedagogia.it\/stripes\/prodotto\/giocare-e-una-cosa-seria-3-6-anni\/\" target=\"_self\">Giocare \u00e8 una cosa seria (3\/6 anni)<\/a><\/h3><p>DOMENICA 1 DICEMBRE 2024<b><br \/>\n<\/b>dalle 14.30 alle 15.30<\/p>\n<p class=\"p1\"><span class=\"s1\">Sullo sfondo della promozione dei diritti, a partire dal diritto al gioco, i bambini saranno invitati a costruire e inventare e a cimentarsi in un grande gioco dell\u2019oca.<br \/>\n<\/span><span class=\"s2\"><i>Di Elvira Pacenza, Emilia Palmisano, Antonella Garofalo della scuola dell\u2019infanzia Anna Frank<\/i><\/span><\/p>\n<\/div><\/div>\n\t\t\t\t\t\t\t<\/div><\/div><\/div><div class=\"tmb tmb-woocommerce enhanced-atc atc-typography-inherit tmb-grid tmb-iso-h4 tmb-light tmb-overlay-text-anim tmb-overlay-anim tmb-content-left tmb-image-anim tmb-bordered  grid-cat-484 tmb-id-22629 tmb-content-under tmb-media-first tmb-no-bg\" ><div class=\"t-inside no-anim\" ><div class=\"t-entry-visual\"><div class=\"t-entry-visual-tc\"><div class=\"t-entry-visual-cont\"><div class=\"dummy\" style=\"padding-top: 100%;\"><\/div><a role=\"button\" tabindex=\"-1\" href=\"https:\/\/www.pedagogia.it\/stripes\/prodotto\/labbraccio-della-famiglia-3-6-anni\/\" class=\"pushed\" target=\"_self\" data-lb-index=\"10\"><div class=\"t-entry-visual-overlay\"><div class=\"t-entry-visual-overlay-in style-dark-bg\" style=\"opacity: 0.5;\"><\/div><\/div><img decoding=\"async\" class=\"wp-image-22591\" src=\"https:\/\/www.pedagogia.it\/stripes\/wp-content\/uploads\/sites\/7\/2024\/11\/square_rev2-scaled.jpg\" width=\"2560\" height=\"2560\" alt=\"\" srcset=\"https:\/\/www.pedagogia.it\/stripes\/wp-content\/uploads\/sites\/7\/2024\/11\/square_rev2-scaled.jpg 2560w, https:\/\/www.pedagogia.it\/stripes\/wp-content\/uploads\/sites\/7\/2024\/11\/square_rev2-300x300.jpg 300w, https:\/\/www.pedagogia.it\/stripes\/wp-content\/uploads\/sites\/7\/2024\/11\/square_rev2-1024x1024.jpg 1024w, https:\/\/www.pedagogia.it\/stripes\/wp-content\/uploads\/sites\/7\/2024\/11\/square_rev2-150x150.jpg 150w, https:\/\/www.pedagogia.it\/stripes\/wp-content\/uploads\/sites\/7\/2024\/11\/square_rev2-768x768.jpg 768w, https:\/\/www.pedagogia.it\/stripes\/wp-content\/uploads\/sites\/7\/2024\/11\/square_rev2-400x400.jpg 400w, https:\/\/www.pedagogia.it\/stripes\/wp-content\/uploads\/sites\/7\/2024\/11\/square_rev2-1536x1536.jpg 1536w, https:\/\/www.pedagogia.it\/stripes\/wp-content\/uploads\/sites\/7\/2024\/11\/square_rev2-2048x2048.jpg 2048w, https:\/\/www.pedagogia.it\/stripes\/wp-content\/uploads\/sites\/7\/2024\/11\/square_rev2-350x350.jpg 350w, https:\/\/www.pedagogia.it\/stripes\/wp-content\/uploads\/sites\/7\/2024\/11\/square_rev2-348x348.jpg 348w, https:\/\/www.pedagogia.it\/stripes\/wp-content\/uploads\/sites\/7\/2024\/11\/square_rev2-600x600.jpg 600w, https:\/\/www.pedagogia.it\/stripes\/wp-content\/uploads\/sites\/7\/2024\/11\/square_rev2-100x100.jpg 100w, https:\/\/www.pedagogia.it\/stripes\/wp-content\/uploads\/sites\/7\/2024\/11\/square_rev2-60x60.jpg 60w, https:\/\/www.pedagogia.it\/stripes\/wp-content\/uploads\/sites\/7\/2024\/11\/square_rev2-90x90.jpg 90w\" sizes=\"(max-width: 2560px) 100vw, 2560px\" \/><\/a><div class=\"add-to-cart-overlay\"><a href=\"https:\/\/www.pedagogia.it\/stripes\/prodotto\/labbraccio-della-famiglia-3-6-anni\/\" aria-describedby=\"woocommerce_loop_add_to_cart_link_describedby_22629\" data-quantity=\"1\" class=\"product_type_simple product_button_loop\" data-product_id=\"22629\" data-product_sku=\"\" aria-label=\"Leggi di pi\u00f9 su &quot;L\u2019ABBRACCIO DELLA FAMIGLIA (3\/6 anni)&quot;\" rel=\"nofollow\" data-success_message=\"\"><span class=\"add_to_cart_text\">Leggi tutto<\/span><span class=\"view-cart added_to_cart\"><\/span><\/a>\n\t<span id=\"woocommerce_loop_add_to_cart_link_describedby_22629\" class=\"screen-reader-text\">\n\t\t\t<\/span>\n<\/div><\/div>\n\t\t\t\t\t<\/div>\n\t\t\t\t<\/div><div class=\"t-entry-text\">\n\t\t\t\t\t\t\t\t\t<div class=\"t-entry-text-tc single-block-padding\"><div class=\"t-entry\"><h3 class=\"t-entry-title h6 title-scale \"><a href=\"https:\/\/www.pedagogia.it\/stripes\/prodotto\/labbraccio-della-famiglia-3-6-anni\/\" target=\"_self\">L\u2019ABBRACCIO DELLA FAMIGLIA (3\/6 anni)<\/a><\/h3><p>DOMENICA 1 DICEMBRE 2024<b><br \/>\n<\/b>dalle 16.00 alle 17.00<\/p>\n<p class=\"p1\">Intrecci di mani e grovigli di braccia per ritrovare la forma del cerchio. Da questo abbraccio gigante e collettivo ognuno disegner\u00e0 e decorrer\u00e0 il proprio cuore con le ali, suddiviso in pezzetti perch\u00e9 ognuno di noi pu\u00f2 voler bene a tantissime persone.<span class=\"Apple-converted-space\"><br \/>\n<\/span><i>Di Sofia Menchise e Giorgia Guidi, educatrice cooperativa Kinesis<\/i><\/p>\n<\/div><\/div>\n\t\t\t\t\t\t\t<\/div><\/div><\/div><div class=\"tmb tmb-woocommerce enhanced-atc atc-typography-inherit tmb-grid tmb-iso-h4 tmb-light tmb-overlay-text-anim tmb-overlay-anim tmb-content-left tmb-image-anim tmb-bordered  grid-cat-484 tmb-id-22630 tmb-content-under tmb-media-first tmb-no-bg\" ><div class=\"t-inside no-anim\" ><div class=\"t-entry-visual\"><div class=\"t-entry-visual-tc\"><div class=\"t-entry-visual-cont\"><div class=\"dummy\" style=\"padding-top: 100%;\"><\/div><a role=\"button\" tabindex=\"-1\" href=\"https:\/\/www.pedagogia.it\/stripes\/prodotto\/una-citta-per-tutti-i-bambini-6-7-anni\/\" class=\"pushed\" target=\"_self\" data-lb-index=\"11\"><div class=\"t-entry-visual-overlay\"><div class=\"t-entry-visual-overlay-in style-dark-bg\" style=\"opacity: 0.5;\"><\/div><\/div><img decoding=\"async\" class=\"wp-image-22591\" src=\"https:\/\/www.pedagogia.it\/stripes\/wp-content\/uploads\/sites\/7\/2024\/11\/square_rev2-scaled.jpg\" width=\"2560\" height=\"2560\" alt=\"\" srcset=\"https:\/\/www.pedagogia.it\/stripes\/wp-content\/uploads\/sites\/7\/2024\/11\/square_rev2-scaled.jpg 2560w, https:\/\/www.pedagogia.it\/stripes\/wp-content\/uploads\/sites\/7\/2024\/11\/square_rev2-300x300.jpg 300w, https:\/\/www.pedagogia.it\/stripes\/wp-content\/uploads\/sites\/7\/2024\/11\/square_rev2-1024x1024.jpg 1024w, https:\/\/www.pedagogia.it\/stripes\/wp-content\/uploads\/sites\/7\/2024\/11\/square_rev2-150x150.jpg 150w, https:\/\/www.pedagogia.it\/stripes\/wp-content\/uploads\/sites\/7\/2024\/11\/square_rev2-768x768.jpg 768w, https:\/\/www.pedagogia.it\/stripes\/wp-content\/uploads\/sites\/7\/2024\/11\/square_rev2-400x400.jpg 400w, https:\/\/www.pedagogia.it\/stripes\/wp-content\/uploads\/sites\/7\/2024\/11\/square_rev2-1536x1536.jpg 1536w, https:\/\/www.pedagogia.it\/stripes\/wp-content\/uploads\/sites\/7\/2024\/11\/square_rev2-2048x2048.jpg 2048w, https:\/\/www.pedagogia.it\/stripes\/wp-content\/uploads\/sites\/7\/2024\/11\/square_rev2-350x350.jpg 350w, https:\/\/www.pedagogia.it\/stripes\/wp-content\/uploads\/sites\/7\/2024\/11\/square_rev2-348x348.jpg 348w, https:\/\/www.pedagogia.it\/stripes\/wp-content\/uploads\/sites\/7\/2024\/11\/square_rev2-600x600.jpg 600w, https:\/\/www.pedagogia.it\/stripes\/wp-content\/uploads\/sites\/7\/2024\/11\/square_rev2-100x100.jpg 100w, https:\/\/www.pedagogia.it\/stripes\/wp-content\/uploads\/sites\/7\/2024\/11\/square_rev2-60x60.jpg 60w, https:\/\/www.pedagogia.it\/stripes\/wp-content\/uploads\/sites\/7\/2024\/11\/square_rev2-90x90.jpg 90w\" sizes=\"(max-width: 2560px) 100vw, 2560px\" \/><\/a><div class=\"add-to-cart-overlay\"><a href=\"https:\/\/www.pedagogia.it\/stripes\/prodotto\/una-citta-per-tutti-i-bambini-6-7-anni\/\" aria-describedby=\"woocommerce_loop_add_to_cart_link_describedby_22630\" data-quantity=\"1\" class=\"product_type_simple product_button_loop\" data-product_id=\"22630\" data-product_sku=\"\" aria-label=\"Leggi di pi\u00f9 su &quot;UNA CITTA\u2019 PER TUTTI I BAMBINI (6\/7 anni)&quot;\" rel=\"nofollow\" data-success_message=\"\"><span class=\"add_to_cart_text\">Leggi tutto<\/span><span class=\"view-cart added_to_cart\"><\/span><\/a>\n\t<span id=\"woocommerce_loop_add_to_cart_link_describedby_22630\" class=\"screen-reader-text\">\n\t\t\t<\/span>\n<\/div><\/div>\n\t\t\t\t\t<\/div>\n\t\t\t\t<\/div><div class=\"t-entry-text\">\n\t\t\t\t\t\t\t\t\t<div class=\"t-entry-text-tc single-block-padding\"><div class=\"t-entry\"><h3 class=\"t-entry-title h6 title-scale \"><a href=\"https:\/\/www.pedagogia.it\/stripes\/prodotto\/una-citta-per-tutti-i-bambini-6-7-anni\/\" target=\"_self\">UNA CITTA\u2019 PER TUTTI I BAMBINI (6\/7 anni)<\/a><\/h3><p>DOMENICA 1 DICEMBRE 2024<b><br \/>\n<\/b>dalle 16.00 alle 17.00<\/p>\n<p class=\"p1\">Costruendo una \u201ccitt\u00e0 ideale\u201d con materiali semplici i bambini esploreranno il tema dei diritti fondamentali. Ogni bambino creer\u00e0 uno spazio della citt\u00e0 dove i diritti sono garantiti per tutti.<span class=\"s1\"><i><span class=\"Apple-converted-space\"><br \/>\n<\/span><\/i><\/span><i>Di Lijljana Simunovic, Silvia Fabiano e Valeria Tonelli, docenti della scuola primaria A. Manzoni, plesso Pascoli, Legnano<\/i><\/p>\n<\/div><\/div>\n\t\t\t\t\t\t\t<\/div><\/div><\/div><div class=\"tmb tmb-woocommerce enhanced-atc atc-typography-inherit tmb-grid tmb-iso-h4 tmb-light tmb-overlay-text-anim tmb-overlay-anim tmb-content-left tmb-image-anim tmb-bordered  grid-cat-484 tmb-id-22647 tmb-content-under tmb-media-first tmb-no-bg\" ><div class=\"t-inside no-anim\" ><div class=\"t-entry-visual\"><div class=\"t-entry-visual-tc\"><div class=\"t-entry-visual-cont\"><div class=\"dummy\" style=\"padding-top: 100%;\"><\/div><a role=\"button\" tabindex=\"-1\" href=\"https:\/\/www.pedagogia.it\/stripes\/prodotto\/liberi-di-giocare-6-10-anni\/\" class=\"pushed\" target=\"_self\" data-lb-index=\"12\"><div class=\"t-entry-visual-overlay\"><div class=\"t-entry-visual-overlay-in style-dark-bg\" style=\"opacity: 0.5;\"><\/div><\/div><img decoding=\"async\" class=\"wp-image-22591\" src=\"https:\/\/www.pedagogia.it\/stripes\/wp-content\/uploads\/sites\/7\/2024\/11\/square_rev2-scaled.jpg\" width=\"2560\" height=\"2560\" alt=\"\" srcset=\"https:\/\/www.pedagogia.it\/stripes\/wp-content\/uploads\/sites\/7\/2024\/11\/square_rev2-scaled.jpg 2560w, https:\/\/www.pedagogia.it\/stripes\/wp-content\/uploads\/sites\/7\/2024\/11\/square_rev2-300x300.jpg 300w, https:\/\/www.pedagogia.it\/stripes\/wp-content\/uploads\/sites\/7\/2024\/11\/square_rev2-1024x1024.jpg 1024w, https:\/\/www.pedagogia.it\/stripes\/wp-content\/uploads\/sites\/7\/2024\/11\/square_rev2-150x150.jpg 150w, https:\/\/www.pedagogia.it\/stripes\/wp-content\/uploads\/sites\/7\/2024\/11\/square_rev2-768x768.jpg 768w, https:\/\/www.pedagogia.it\/stripes\/wp-content\/uploads\/sites\/7\/2024\/11\/square_rev2-400x400.jpg 400w, https:\/\/www.pedagogia.it\/stripes\/wp-content\/uploads\/sites\/7\/2024\/11\/square_rev2-1536x1536.jpg 1536w, https:\/\/www.pedagogia.it\/stripes\/wp-content\/uploads\/sites\/7\/2024\/11\/square_rev2-2048x2048.jpg 2048w, https:\/\/www.pedagogia.it\/stripes\/wp-content\/uploads\/sites\/7\/2024\/11\/square_rev2-350x350.jpg 350w, https:\/\/www.pedagogia.it\/stripes\/wp-content\/uploads\/sites\/7\/2024\/11\/square_rev2-348x348.jpg 348w, https:\/\/www.pedagogia.it\/stripes\/wp-content\/uploads\/sites\/7\/2024\/11\/square_rev2-600x600.jpg 600w, https:\/\/www.pedagogia.it\/stripes\/wp-content\/uploads\/sites\/7\/2024\/11\/square_rev2-100x100.jpg 100w, https:\/\/www.pedagogia.it\/stripes\/wp-content\/uploads\/sites\/7\/2024\/11\/square_rev2-60x60.jpg 60w, https:\/\/www.pedagogia.it\/stripes\/wp-content\/uploads\/sites\/7\/2024\/11\/square_rev2-90x90.jpg 90w\" sizes=\"(max-width: 2560px) 100vw, 2560px\" \/><\/a><div class=\"add-to-cart-overlay\"><a href=\"https:\/\/www.pedagogia.it\/stripes\/prodotto\/liberi-di-giocare-6-10-anni\/\" aria-describedby=\"woocommerce_loop_add_to_cart_link_describedby_22647\" data-quantity=\"1\" class=\"product_type_simple product_button_loop\" data-product_id=\"22647\" data-product_sku=\"\" aria-label=\"Leggi di pi\u00f9 su &quot;LIBERI DI GIOCARE (6\/10 anni)&quot;\" rel=\"nofollow\" data-success_message=\"\"><span class=\"add_to_cart_text\">Leggi tutto<\/span><span class=\"view-cart added_to_cart\"><\/span><\/a>\n\t<span id=\"woocommerce_loop_add_to_cart_link_describedby_22647\" class=\"screen-reader-text\">\n\t\t\t<\/span>\n<\/div><\/div>\n\t\t\t\t\t<\/div>\n\t\t\t\t<\/div><div class=\"t-entry-text\">\n\t\t\t\t\t\t\t\t\t<div class=\"t-entry-text-tc single-block-padding\"><div class=\"t-entry\"><h3 class=\"t-entry-title h6 title-scale \"><a href=\"https:\/\/www.pedagogia.it\/stripes\/prodotto\/liberi-di-giocare-6-10-anni\/\" target=\"_self\">LIBERI DI GIOCARE (6\/10 anni)<\/a><\/h3><p>DOMENICA 1 DICEMBRE 2024<b><br \/>\n<\/b>dalle 16.00 alle 17.00<\/p>\n<p class=\"p1\">Laboratorio costruiamo insieme il nostro puzzle.<br \/>\n<i>A cura delle docenti del ICS Bonvesin, Legnano<\/i><\/p>\n<\/div><\/div>\n\t\t\t\t\t\t\t<\/div><\/div><\/div>\t\t<\/div>\t\n\t\n\n\t<\/div>\t\t\t\t<\/div>\n<\/div><\/div><\/div><\/div><\/div><script id=\"script-row-unique-8\" data-row=\"script-row-unique-8\" type=\"text\/javascript\" class=\"vc_controls\">UNCODE.initRow(document.getElementById(\"row-unique-8\"));<\/script><\/div><\/div><\/div><div data-parent=\"true\" class=\"vc_row row-container boomapps_vcrow\" id=\"row-unique-9\"><div class=\"row limit-width row-parent\"><div class=\"wpb_row row-inner\"><div class=\"wpb_column pos-top pos-center align_left column_parent col-lg-12 boomapps_vccolumn single-internal-gutter\"><div class=\"uncol style-light\"  ><div class=\"uncoltable\"><div class=\"uncell  boomapps_vccolumn no-block-padding\" ><div class=\"uncont\" ><div class=\"divider-wrapper \"  >\n    <hr class=\"unseparator border-sep_color-352864-color separator-no-padding\"  \/>\n<\/div>\n<div class=\"uncode-single-media  text-left\"><div class=\"single-wrapper\" style=\"max-width: 100%;\"><div class=\"tmb tmb-light  tmb-media-first tmb-media-last tmb-content-overlay tmb-no-bg\"><div class=\"t-inside\"><div class=\"t-entry-visual\"><div class=\"t-entry-visual-tc\"><div class=\"uncode-single-media-wrapper\"><img decoding=\"async\" class=\"wp-image-22708\" src=\"https:\/\/www.pedagogia.it\/stripes\/wp-content\/uploads\/sites\/7\/2024\/11\/footerloghi2.jpg\" width=\"1920\" height=\"705\" alt=\"\" srcset=\"https:\/\/www.pedagogia.it\/stripes\/wp-content\/uploads\/sites\/7\/2024\/11\/footerloghi2.jpg 1920w, https:\/\/www.pedagogia.it\/stripes\/wp-content\/uploads\/sites\/7\/2024\/11\/footerloghi2-300x110.jpg 300w, https:\/\/www.pedagogia.it\/stripes\/wp-content\/uploads\/sites\/7\/2024\/11\/footerloghi2-1024x376.jpg 1024w, https:\/\/www.pedagogia.it\/stripes\/wp-content\/uploads\/sites\/7\/2024\/11\/footerloghi2-768x282.jpg 768w, https:\/\/www.pedagogia.it\/stripes\/wp-content\/uploads\/sites\/7\/2024\/11\/footerloghi2-1536x564.jpg 1536w, https:\/\/www.pedagogia.it\/stripes\/wp-content\/uploads\/sites\/7\/2024\/11\/footerloghi2-350x129.jpg 350w, https:\/\/www.pedagogia.it\/stripes\/wp-content\/uploads\/sites\/7\/2024\/11\/footerloghi2-600x220.jpg 600w, https:\/\/www.pedagogia.it\/stripes\/wp-content\/uploads\/sites\/7\/2024\/11\/footerloghi2-163x60.jpg 163w, https:\/\/www.pedagogia.it\/stripes\/wp-content\/uploads\/sites\/7\/2024\/11\/footerloghi2-245x90.jpg 245w\" sizes=\"(max-width: 1920px) 100vw, 1920px\" \/><\/div>\n\t\t\t\t\t<\/div>\n\t\t\t\t<\/div><\/div><\/div><\/div><\/div><\/div><\/div><\/div><\/div><\/div><script id=\"script-row-unique-9\" data-row=\"script-row-unique-9\" type=\"text\/javascript\" class=\"vc_controls\">UNCODE.initRow(document.getElementById(\"row-unique-9\"));<\/script><\/div><\/div><\/div>\n<\/div>","protected":false},"excerpt":{"rendered":"DOMENICA 1 DICEMBRE 2024 dalle 16.00 alle 17.00 Laboratorio costruiamo insieme il nostro puzzle. A cura delle docenti del ICS [...]","protected":false},"author":1,"featured_media":0,"parent":0,"menu_order":0,"comment_status":"closed","ping_status":"closed","template":"","meta":{"give_campaign_id":0,"om_disable_all_campaigns":false,"_monsterinsights_skip_tracking":false,"_monsterinsights_sitenote_active":false,"_monsterinsights_sitenote_note":"","_monsterinsights_sitenote_category":0,"footnotes":""},"tags":[],"class_list":["post-22576","page","type-page","status-publish","hentry"],"aioseo_notices":[],"yoast_head":"<!-- This site is optimized with the Yoast SEO plugin v27.2 - https:\/\/yoast.com\/product\/yoast-seo-wordpress\/ -->\n<title>Diritti in festa: una citt\u00e0 per... fare, giocare, parlare - Stripes Cooperativa Sociale ONLUS<\/title>\n<meta name=\"robots\" content=\"index, follow, max-snippet:-1, max-image-preview:large, max-video-preview:-1\" \/>\n<link rel=\"canonical\" href=\"https:\/\/www.pedagogia.it\/stripes\/diritti-in-festa-una-citta-per-fare-giocare-parlare\/\" \/>\n<meta property=\"og:locale\" content=\"it_IT\" \/>\n<meta property=\"og:type\" content=\"article\" \/>\n<meta property=\"og:title\" content=\"Diritti in festa: una citt\u00e0 per... fare, giocare, parlare - Stripes Cooperativa Sociale ONLUS\" \/>\n<meta property=\"og:url\" content=\"https:\/\/www.pedagogia.it\/stripes\/diritti-in-festa-una-citta-per-fare-giocare-parlare\/\" \/>\n<meta property=\"og:site_name\" content=\"Stripes Cooperativa Sociale ONLUS\" \/>\n<meta property=\"article:modified_time\" content=\"2025-11-07T14:05:58+00:00\" \/>\n<meta name=\"twitter:card\" content=\"summary_large_image\" \/>\n<meta name=\"twitter:label1\" content=\"Tempo di lettura stimato\" \/>\n\t<meta name=\"twitter:data1\" content=\"4 minuti\" \/>\n<script type=\"application\/ld+json\" class=\"yoast-schema-graph\">{\"@context\":\"https:\/\/schema.org\",\"@graph\":[{\"@type\":\"WebPage\",\"@id\":\"https:\/\/www.pedagogia.it\/stripes\/diritti-in-festa-una-citta-per-fare-giocare-parlare\/\",\"url\":\"https:\/\/www.pedagogia.it\/stripes\/diritti-in-festa-una-citta-per-fare-giocare-parlare\/\",\"name\":\"Diritti in festa: una citt\u00e0 per... fare, giocare, parlare - Stripes Cooperativa Sociale ONLUS\",\"isPartOf\":{\"@id\":\"https:\/\/www.pedagogia.it\/stripes\/#website\"},\"datePublished\":\"2024-11-19T13:29:04+00:00\",\"dateModified\":\"2025-11-07T14:05:58+00:00\",\"breadcrumb\":{\"@id\":\"https:\/\/www.pedagogia.it\/stripes\/diritti-in-festa-una-citta-per-fare-giocare-parlare\/#breadcrumb\"},\"inLanguage\":\"it-IT\",\"potentialAction\":[{\"@type\":\"ReadAction\",\"target\":[\"https:\/\/www.pedagogia.it\/stripes\/diritti-in-festa-una-citta-per-fare-giocare-parlare\/\"]}]},{\"@type\":\"BreadcrumbList\",\"@id\":\"https:\/\/www.pedagogia.it\/stripes\/diritti-in-festa-una-citta-per-fare-giocare-parlare\/#breadcrumb\",\"itemListElement\":[{\"@type\":\"ListItem\",\"position\":1,\"name\":\"Home\",\"item\":\"https:\/\/www.pedagogia.it\/stripes\/\"},{\"@type\":\"ListItem\",\"position\":2,\"name\":\"Diritti in festa: una citt\u00e0 per&#8230; fare, giocare, parlare\"}]},{\"@type\":\"WebSite\",\"@id\":\"https:\/\/www.pedagogia.it\/stripes\/#website\",\"url\":\"https:\/\/www.pedagogia.it\/stripes\/\",\"name\":\"Stripes Cooperativa Sociale ONLUS\",\"description\":\"\",\"potentialAction\":[{\"@type\":\"SearchAction\",\"target\":{\"@type\":\"EntryPoint\",\"urlTemplate\":\"https:\/\/www.pedagogia.it\/stripes\/?s={search_term_string}\"},\"query-input\":{\"@type\":\"PropertyValueSpecification\",\"valueRequired\":true,\"valueName\":\"search_term_string\"}}],\"inLanguage\":\"it-IT\"}]}<\/script>\n<!-- \/ Yoast SEO plugin. -->","yoast_head_json":{"title":"Diritti in festa: una citt\u00e0 per... fare, giocare, parlare - Stripes Cooperativa Sociale ONLUS","robots":{"index":"index","follow":"follow","max-snippet":"max-snippet:-1","max-image-preview":"max-image-preview:large","max-video-preview":"max-video-preview:-1"},"canonical":"https:\/\/www.pedagogia.it\/stripes\/diritti-in-festa-una-citta-per-fare-giocare-parlare\/","og_locale":"it_IT","og_type":"article","og_title":"Diritti in festa: una citt\u00e0 per... fare, giocare, parlare - Stripes Cooperativa Sociale ONLUS","og_url":"https:\/\/www.pedagogia.it\/stripes\/diritti-in-festa-una-citta-per-fare-giocare-parlare\/","og_site_name":"Stripes Cooperativa Sociale ONLUS","article_modified_time":"2025-11-07T14:05:58+00:00","twitter_card":"summary_large_image","twitter_misc":{"Tempo di lettura stimato":"4 minuti"},"schema":{"@context":"https:\/\/schema.org","@graph":[{"@type":"WebPage","@id":"https:\/\/www.pedagogia.it\/stripes\/diritti-in-festa-una-citta-per-fare-giocare-parlare\/","url":"https:\/\/www.pedagogia.it\/stripes\/diritti-in-festa-una-citta-per-fare-giocare-parlare\/","name":"Diritti in festa: una citt\u00e0 per... fare, giocare, parlare - Stripes Cooperativa Sociale ONLUS","isPartOf":{"@id":"https:\/\/www.pedagogia.it\/stripes\/#website"},"datePublished":"2024-11-19T13:29:04+00:00","dateModified":"2025-11-07T14:05:58+00:00","breadcrumb":{"@id":"https:\/\/www.pedagogia.it\/stripes\/diritti-in-festa-una-citta-per-fare-giocare-parlare\/#breadcrumb"},"inLanguage":"it-IT","potentialAction":[{"@type":"ReadAction","target":["https:\/\/www.pedagogia.it\/stripes\/diritti-in-festa-una-citta-per-fare-giocare-parlare\/"]}]},{"@type":"BreadcrumbList","@id":"https:\/\/www.pedagogia.it\/stripes\/diritti-in-festa-una-citta-per-fare-giocare-parlare\/#breadcrumb","itemListElement":[{"@type":"ListItem","position":1,"name":"Home","item":"https:\/\/www.pedagogia.it\/stripes\/"},{"@type":"ListItem","position":2,"name":"Diritti in festa: una citt\u00e0 per&#8230; fare, giocare, parlare"}]},{"@type":"WebSite","@id":"https:\/\/www.pedagogia.it\/stripes\/#website","url":"https:\/\/www.pedagogia.it\/stripes\/","name":"Stripes Cooperativa Sociale ONLUS","description":"","potentialAction":[{"@type":"SearchAction","target":{"@type":"EntryPoint","urlTemplate":"https:\/\/www.pedagogia.it\/stripes\/?s={search_term_string}"},"query-input":{"@type":"PropertyValueSpecification","valueRequired":true,"valueName":"search_term_string"}}],"inLanguage":"it-IT"}]}},"campaignId":"","_links":{"self":[{"href":"https:\/\/www.pedagogia.it\/stripes\/wp-json\/wp\/v2\/pages\/22576","targetHints":{"allow":["GET"]}}],"collection":[{"href":"https:\/\/www.pedagogia.it\/stripes\/wp-json\/wp\/v2\/pages"}],"about":[{"href":"https:\/\/www.pedagogia.it\/stripes\/wp-json\/wp\/v2\/types\/page"}],"author":[{"embeddable":true,"href":"https:\/\/www.pedagogia.it\/stripes\/wp-json\/wp\/v2\/users\/1"}],"replies":[{"embeddable":true,"href":"https:\/\/www.pedagogia.it\/stripes\/wp-json\/wp\/v2\/comments?post=22576"}],"version-history":[{"count":46,"href":"https:\/\/www.pedagogia.it\/stripes\/wp-json\/wp\/v2\/pages\/22576\/revisions"}],"predecessor-version":[{"id":25558,"href":"https:\/\/www.pedagogia.it\/stripes\/wp-json\/wp\/v2\/pages\/22576\/revisions\/25558"}],"wp:attachment":[{"href":"https:\/\/www.pedagogia.it\/stripes\/wp-json\/wp\/v2\/media?parent=22576"}],"wp:term":[{"taxonomy":"post_tag","embeddable":true,"href":"https:\/\/www.pedagogia.it\/stripes\/wp-json\/wp\/v2\/tags?post=22576"}],"curies":[{"name":"wp","href":"https:\/\/api.w.org\/{rel}","templated":true}]}}